{"id":22226,"date":"2025-02-15T17:20:30","date_gmt":"2025-02-15T16:20:30","guid":{"rendered":"https:\/\/wearevillage.org\/?page_id=22226"},"modified":"2025-02-15T17:22:49","modified_gmt":"2025-02-15T16:22:49","slug":"kalender-fuer-app","status":"publish","type":"page","link":"https:\/\/wearevillage.org\/kalender4app\/","title":{"rendered":"Kalender f\u00fcr App"},"content":{"rendered":"<div class=\"wpb-content-wrapper\"><div class=\"vc_row wpb_row vc_row-fluid\"><div class=\"wpb_column vc_column_container vc_col-sm-12\"><div class=\"vc_column-inner\"><div class=\"wpb_wrapper\"><div class=\"vc_empty_space\"   style=\"height: 40px\"><span class=\"vc_empty_space_inner\"><\/span><\/div><\/div><\/div><\/div><\/div><div class=\"vc_row wpb_row vc_row-fluid\"><div class=\"wpb_column vc_column_container vc_col-sm-12\"><div class=\"vc_column-inner\"><div class=\"wpb_wrapper\"><div class=\"vc_row wpb_row vc_inner vc_row-fluid vc_custom_1667571986717 vc_row-has-fill\"><div class=\"wpb_column vc_column_container vc_col-sm-10\"><div class=\"vc_column-inner vc_custom_1664785179906\"><div class=\"wpb_wrapper\"><div class=\"vc_empty_space\"   style=\"height: 20px\"><span class=\"vc_empty_space_inner\"><\/span><\/div><h2 style=\"font-size: 4rem;text-align: left\" class=\"vc_custom_heading vc_do_custom_heading\" >Upcoming Events<\/h2><\/div><\/div><\/div><div class=\"wpb_column vc_column_container vc_col-sm-2 vc_hidden-sm vc_hidden-xs\"><div class=\"vc_column-inner\"><div class=\"wpb_wrapper\"><div class=\"ult-just-icon-wrapper  \"><div class=\"align-icon\" style=\"text-align:center;\">\n<div class=\"aio-icon none \"  style=\"color:#000000;font-size:60px;display:inline-block;\">\n\t<i class=\"Defaults-calendar\"><\/i>\n<\/div><\/div><\/div><\/div><\/div><\/div><\/div><div class=\"vc_empty_space\"   style=\"height: 60px\"><span class=\"vc_empty_space_inner\"><\/span><\/div><\/div><\/div><\/div><\/div><div class=\"vc_row wpb_row vc_row-fluid\"><div class=\"wpb_column vc_column_container vc_col-sm-12\"><div class=\"vc_column-inner\"><div class=\"wpb_wrapper\">\n\t<div class=\"wpb_text_column wpb_content_element\" >\n\t\t<div class=\"wpb_wrapper\">\n\t\t\t\n    <div class=\"wav-events events-list init\" data-duplicates=\"true\" data-type=\"list\"\n         data-date=\"\" data-num=\"50\" data-cat=\"\" data-tag=\"\"\n         data-orderby=\"post_date\" data-order=\"ASC\" data-offset=\"0\" data-page=\"1\">\n                    <div class=\"wav-events-filter\">\n                <!--<p class=\"h2\"><strong><\/strong><\/p>-->\n                <label>\n                    <strong>Kategorie<\/strong><br\/>\n                    <select name=\"event-cat\" data-type=\"cat\">\n                        <option value=\"\">Alle<\/option>\n                        <option value='online-event' id='online-event'>Online Event<\/option><option value='radical-empathy' id='radical-empathy'>Radical empathy<\/option><option value='queer-connect' id='queer-connect'>Queer Connect<\/option><option value='village' id='village'>village*<\/option><option value='buddy-program' id='buddy-program'>Buddy Program<\/option><option value='hiden' id='hiden'>hiden<\/option><option value='authentic-eros' id='authentic-eros'>authentic eros<\/option><option value='membershipstretch' id='membershipstretch'>MembershipStretch<\/option><option value='authentic-eros-events-qbtq-men' id='authentic-eros-events-qbtq-men'>Authentic Eros Events f\u00fcr GBTQ+ m\u00e4nner*<\/option><option value='community-events' id='community-events'>Community Events<\/option><option value='einmalige-events' id='einmalige-events'>Einmalige Events<\/option><option value='festivals' id='festivals'>Festivals<\/option><option value='gemeinsam-statt-einsam' id='gemeinsam-statt-einsam'>Gemeinsam statt einsam<\/option><option value='ausstellung' id='ausstellung'>Instinct Kunst & Kulturevents<\/option><option value='kostenloser-zugang' id='kostenloser-zugang'>Kostenloser Zugang<\/option><option value='monatliche-events' id='monatliche-events'>Monatliche Events<\/option><option value='queer-bridges-events-2' id='queer-bridges-events-2'>Queer Bridges Events<\/option><option value='queer-matters' id='queer-matters'>Queer Matters Events<\/option><option value='soul-of-skin-massage-touch-training' id='soul-of-skin-massage-touch-training'>Soul of Skin - Massage & Touch Training<\/option><option value='trainings' id='trainings'>Trainings<\/option><option value='mitgliedschaften' id='mitgliedschaften'>Werde Mitglied<\/option><option value='woechentliche-klassen' id='woechentliche-klassen'>W\u00f6chentliche Klassen<\/option><option value='workshops' id='workshops'>Workshops<\/option><option value='zweiwoechentlich' id='zweiwoechentlich'>Zweiw\u00f6chentliche Klassen<\/option><option value='unkategorisiert' id='unkategorisiert'>Unkategorisiert<\/option>                    <\/select>\n                <\/label>\n                <label>\n                    <strong>F\u00fcr wen<\/strong><br\/>\n                    <select name=\"event-tag\" data-type=\"tag\">\n                        <option value=\"\">Alle<\/option>\n                        <option value='gbtq-men' id='gbtq-men'>GBTQ men*<\/option><option value='trans-fem' id='trans-fem'>Trans Fem*<\/option><option value='trans-masc' id='trans-masc'>Trans Masc*<\/option><option value='lgbtqiaplus' id='lgbtqiaplus'>LGBTQIA+<\/option><option value='queer-femmes' id='queer-femmes'>Queer Femmes*<\/option><option value='trans-inter-non-binary' id='trans-inter-non-binary'>TIN<\/option>                    <\/select>\n                <\/label>\n                <label>\n                    <strong>Datum<\/strong><br\/>\n                    <select id=\"event-dates-list\" data-type=\"date\" name=\"event-date\">\n                        <option value=\"\">Alle<\/option>\n                        <option value='May 2026'>May 2026<\/option><option value='June 2026'>June 2026<\/option><option value='July 2026'>July 2026<\/option><option value='August 2026'>August 2026<\/option><option value='September 2026'>September 2026<\/option><option value='October 2026'>October 2026<\/option><option value='November 2026'>November 2026<\/option><option value='January 2027'>January 2027<\/option><option value='March 2027'>March 2027<\/option><option value='April 2027'>April 2027<\/option><option value='May 2027'>May 2027<\/option><option value='June 2027'>June 2027<\/option><option value='August 2027'>August 2027<\/option><option value='September 2027'>September 2027<\/option><option value='October 2027'>October 2027<\/option><option value='December 2027'>December 2027<\/option><option value='February 2028'>February 2028<\/option>                    <\/select>\n                <\/label>\n            <\/div>\n                <div class=\"wav-events-results\">\n                            <div class=\"wav-fooevents-calendar-list fooevents-calendar-list\">\n                                                        <div id=\"event-16593\"\n                                             class=\"wav-fooevents-calendar-list-item fooevents-calendar-list-item\">\n                                            <h3 class=\"fooevents-shortcode-title\"><a\n                                                        href=\"https:\/\/wearevillage.org\/shop\/one-year-training-2025\/\">Jahrestraining 2025\/26<\/a>\n                                            <\/h3>\n                                            <span class=\"date\" style=\"text-align: left\">23.09.2025<\/span>\n                                            <div class=\"fooevents-row\">\n                                                                                                    <a class=\"fooevents-calendar-list-thumb\"\n                                                       href=\"https:\/\/wearevillage.org\/shop\/one-year-training-2025\/\"><img decoding=\"async\"\n                                                                src=\"https:\/\/wearevillage.org\/wp-content\/uploads\/2022\/11\/template-blau-1YT-624x624.png\"\/><\/a>\n                                                                                                <div class=\"fooevents-content\">\n                                                                                                            <p class=\"fooevents-calendar-list-desc\"><p class=\"vc_custom_heading\">Authentic Eros Jahrestraining\r\n1 Jahr \u2013 5 Module \u2013 1 Gruppe\r\n\r\n<strong>The next Training start APRIL 2027<\/strong><\/p>\r\n<p class=\"vc_custom_heading\">Modul 1: <strong>EROS<\/strong> \u2013 initiiere \u2013\r\nModul 2: <strong>BEZIEHUNGEN<\/strong> \u2013 kommuniziere \u2013\r\nModul 3: <strong>COMMUNITY<\/strong> \u2013 teile \u2013\r\nModul 4: <strong>POTENTIAL<\/strong> \u2013 vertiefe \u2013\r\nModul 5: <strong>LIEBE<\/strong> \u2013 vertraue \u2013<\/p>\r\n<p class=\"p1\"><strong>| <span style=\"color: #ec6c23\">GBTQ men*<\/span>\u00a0|<\/strong><\/p>\r\nRichte dein Leben, deine Sexualit\u00e4t und deine Beziehungen an deinen Werten und Bed\u00fcrfnissen aus.\r\nFinde heraus, was wesentlich ist. Wage es, pr\u00e4sent, wahrhaftig und lebendig zu sein. Wage es, zu lieben!<\/p>\n                                                                                                                                                        <\/div>\n                                            <\/div>\n                                        <\/div>\n                                                                            <div id=\"event-42985\"\n                                         class=\"wav-fooevents-calendar-list-item fooevents-calendar-list-item\">\n                                        <h3 class=\"fooevents-shortcode-title\"><a\n                                                    href=\"https:\/\/wearevillage.org\/shop\/queer-bridges-monday\/w19-2026\/\">Weirding Practice<\/a>\n                                        <\/h3>\n                                        <span class=\"date\"\n                                              style=\"text-align: left\">04.05.2026 - 18:00<\/span>\n                                        <div class=\"fooevents-row\">\n                                                                                            <a class=\"fooevents-calendar-list-thumb\"\n                                                   href=\"https:\/\/wearevillage.org\/shop\/queer-bridges-monday\/w19-2026\/\"><img decoding=\"async\"\n                                                            src=\"https:\/\/wearevillage.org\/wp-content\/uploads\/2026\/04\/20260406-QB-monday-624x624.png\"\/><\/a>\n                                                                                        <div class=\"fooevents-content\">\n                                                                                                    <p class=\"fooevents-calendar-list-desc\"><h5>Montag\r\n18:00-19:30\r\nKostenlos mit Anmeldung<\/h5>\r\n<strong> | <span style=\"color: #ec6c23\"> LGBTQIA+ <\/span> |\u00a0 \u00a0 Queere Migranten<\/strong>\r\n\r\nDie Arbeit erforscht Bewegung und st\u00e4ndige Transformation, gepr\u00e4gt von vielf\u00e4ltigen Lebenserfahrungen. Ein Gef\u00fchl des \u201eWeirding\u201c; Unsicherheit, Neugier und Verwirrung; wird als vertrauter Raum f\u00fcr queere Menschen mit Migrationserfahrungen verstanden, in dem unerwartete Verbindungen entstehen k\u00f6nnen.\r\nDie Teilnehmenden experimentieren mit Bewegungsscores und lassen Tanz organisch entstehen. Ausgehend von Drag, verk\u00f6rpertem Wissen und sensorischer Erinnerung entwickeln sie Performing Artifacts; greifbare, wiederverwendbare Formen von Bewegungsforschung.<\/p>\n                                                                                                                                                    <p><a class=\"button\" href=\"https:\/\/wearevillage.org\/shop\/queer-bridges-monday\/w19-2026\/\"\n                                                          rel=\"nofollow\">\n                                                            Zur Anmeldung                                                        <\/a>\n                                                    <\/p>\n                                                                                            <\/div>\n                                        <\/div>\n                                    <\/div>\n                                                                        <div id=\"event-40700\"\n                                         class=\"wav-fooevents-calendar-list-item fooevents-calendar-list-item\">\n                                        <h3 class=\"fooevents-shortcode-title\"><a\n                                                    href=\"https:\/\/wearevillage.org\/shop\/touch-and-move\/w19-2026\/\">*Touch and Move: Kontakt improvisieren, Community schaffen<\/a>\n                                        <\/h3>\n                                        <span class=\"date\"\n                                              style=\"text-align: left\">04.05.2026 - 20:00<\/span>\n                                        <div class=\"fooevents-row\">\n                                                                                            <a class=\"fooevents-calendar-list-thumb\"\n                                                   href=\"https:\/\/wearevillage.org\/shop\/touch-and-move\/w19-2026\/\"><img decoding=\"async\"\n                                                            src=\"https:\/\/wearevillage.org\/wp-content\/uploads\/2025\/12\/event-waw-touch-and-move-624x624.png\"\/><\/a>\n                                                                                        <div class=\"fooevents-content\">\n                                                                                                    <p class=\"fooevents-calendar-list-desc\"><h5>Montags\r\n20:00 - 21:30<\/h5>\r\n<strong>| <span style=\"color: #ec6c23\">GBTQ men*<\/span>\u00a0|<\/strong>\r\n\r\nTanz ist unsere Art, einen Raum f\u00fcr Erkundungen zu schaffen: Was passiert, wenn sich die K\u00f6rper queerer M\u00e4nner* treffen und ohne Erwartungen und Absichten in Ber\u00fchrung kommen? In der Contact Improvisation ist die Ber\u00fchrung der Ursprung, um Tanzbewegungen zu entdecken.<\/p>\n                                                                                                                                                    <p><a class=\"button\" href=\"https:\/\/wearevillage.org\/shop\/touch-and-move\/w19-2026\/\"\n                                                          rel=\"nofollow\">\n                                                            Zur Anmeldung                                                        <\/a>\n                                                    <\/p>\n                                                                                            <\/div>\n                                        <\/div>\n                                    <\/div>\n                                                                        <div id=\"event-33159\"\n                                         class=\"wav-fooevents-calendar-list-item fooevents-calendar-list-item\">\n                                        <h3 class=\"fooevents-shortcode-title\"><a\n                                                    href=\"https:\/\/wearevillage.org\/shop\/massage-exchange\/w19-2026\/\">Massage Exchange f\u00fcr GBTQ M\u00e4nner*<\/a>\n                                        <\/h3>\n                                        <span class=\"date\"\n                                              style=\"text-align: left\">05.05.2026 - 20:00<\/span>\n                                        <div class=\"fooevents-row\">\n                                                                                            <a class=\"fooevents-calendar-list-thumb\"\n                                                   href=\"https:\/\/wearevillage.org\/shop\/massage-exchange\/w19-2026\/\"><img decoding=\"async\"\n                                                            src=\"https:\/\/wearevillage.org\/wp-content\/uploads\/2022\/11\/event-waw-massage-exchange-624x624.png\"\/><\/a>\n                                                                                        <div class=\"fooevents-content\">\n                                                                                                    <p class=\"fooevents-calendar-list-desc\"><h5>Dienstags (einmal im Monat)\r\n20:00 - 22:30<\/h5>\r\n<p class=\"p1\"><strong>| <span style=\"color: #ec6c23\">GBTQ men*<\/span>\u00a0|<\/strong><\/p>\r\nMassage Exchange f\u00fcr GBTQ M\u00e4nner* ist ein monatliches Event, das einen sicheren und einladenden Raum bietet, um ganzk\u00f6rperliche Ber\u00fchrung und Massagetechniken (unter Verwendung von Massageliegen) zu praktizieren und zu erleben.<\/p>\n                                                                                                                                                    <p><a class=\"button\" href=\"https:\/\/wearevillage.org\/shop\/massage-exchange\/w19-2026\/\"\n                                                          rel=\"nofollow\">\n                                                            Anmelden                                                        <\/a>\n                                                    <\/p>\n                                                                                            <\/div>\n                                        <\/div>\n                                    <\/div>\n                                                                        <div id=\"event-42017\"\n                                         class=\"wav-fooevents-calendar-list-item fooevents-calendar-list-item\">\n                                        <h3 class=\"fooevents-shortcode-title\"><a\n                                                    href=\"https:\/\/wearevillage.org\/shop\/book-club\/w19-2026\/\">Buchklub<\/a>\n                                        <\/h3>\n                                        <span class=\"date\"\n                                              style=\"text-align: left\">05.05.2026 - 20:00<\/span>\n                                        <div class=\"fooevents-row\">\n                                                                                            <a class=\"fooevents-calendar-list-thumb\"\n                                                   href=\"https:\/\/wearevillage.org\/shop\/book-club\/w19-2026\/\"><img decoding=\"async\"\n                                                            src=\"https:\/\/wearevillage.org\/wp-content\/uploads\/2026\/03\/20260505-buchklub-624x624.png\"\/><\/a>\n                                                                                        <div class=\"fooevents-content\">\n                                                                                                    <p class=\"fooevents-calendar-list-desc\"><h5>Dienstag (jeden zweiten Monat)\r\n20:00 - 22:30\r\nkostenlos\r\nAuf Deutsch<\/h5>\r\n<p class=\"p1\"><strong>| <span style=\"color: #ec6c23\">LGBTQIA+<\/span>\u00a0|<\/strong><\/p>\r\n\r\n<h5>Kleinstadtnovelle (1980) \u2013 von Ronald M. Schernikau<\/h5>\r\nEin literarischer Abend mit kleinstadtnovelle von Ronald M. Schernikau: Eine poetische Erz\u00e4hlung \u00fcber Begehren, Sprache und das Erwachsenwerden in der Enge der Provinz.\r\nGemeinsam lesen, diskutieren und die leisen Spannungen dieses besonderen Textes entdecken.<\/p>\n                                                                                                                                                    <p><a class=\"button\" href=\"https:\/\/wearevillage.org\/shop\/book-club\/w19-2026\/\"\n                                                          rel=\"nofollow\">\n                                                            Zur Anmeldung                                                        <\/a>\n                                                    <\/p>\n                                                                                            <\/div>\n                                        <\/div>\n                                    <\/div>\n                                                                        <div id=\"event-41394\"\n                                         class=\"wav-fooevents-calendar-list-item fooevents-calendar-list-item\">\n                                        <h3 class=\"fooevents-shortcode-title\"><a\n                                                    href=\"https:\/\/wearevillage.org\/shop\/meditation\/w19-2026\/\">*Meditation<\/a>\n                                        <\/h3>\n                                        <span class=\"date\"\n                                              style=\"text-align: left\">06.05.2026 - 18:30<\/span>\n                                        <div class=\"fooevents-row\">\n                                                                                            <a class=\"fooevents-calendar-list-thumb\"\n                                                   href=\"https:\/\/wearevillage.org\/shop\/meditation\/w19-2026\/\"><img decoding=\"async\"\n                                                            src=\"https:\/\/wearevillage.org\/wp-content\/uploads\/2023\/09\/template-yellow-meditation-waw-624x624.png\"\/><\/a>\n                                                                                        <div class=\"fooevents-content\">\n                                                                                                    <p class=\"fooevents-calendar-list-desc\"><h5>Mittwochs\r\n18:30 - 19:30<\/h5>\r\n<strong>| <span style=\"color: #ec6c23\">LGBTQIA+<\/span>\u00a0|<\/strong>\r\n\r\nDie Queer Meditationsgruppe bietet einen sicheren und inklusiven Raum f\u00fcr LGBTQIA+ Personen, um sich durch sanfte K\u00f6rperabstimmung, Atemachtsamkeit und bewusste Sitzpraxis auf einen erkundenden Ansatz zur Meditation einzulassen. Vorherige Meditationserfahrung ist nicht erforderlich.<\/p>\n                                                                                                                                                    <p><a class=\"button\" href=\"https:\/\/wearevillage.org\/shop\/meditation\/w19-2026\/\"\n                                                          rel=\"nofollow\">\n                                                            Zur Anmeldung                                                        <\/a>\n                                                    <\/p>\n                                                                                            <\/div>\n                                        <\/div>\n                                    <\/div>\n                                                                        <div id=\"event-42748\"\n                                         class=\"wav-fooevents-calendar-list-item fooevents-calendar-list-item\">\n                                        <h3 class=\"fooevents-shortcode-title\"><a\n                                                    href=\"https:\/\/wearevillage.org\/shop\/yoga-for-queer-men\/w19-2026-2\/\">*Yoga f\u00fcr queere M\u00e4nner*<\/a>\n                                        <\/h3>\n                                        <span class=\"date\"\n                                              style=\"text-align: left\">06.05.2026 - 20:00<\/span>\n                                        <div class=\"fooevents-row\">\n                                                                                            <a class=\"fooevents-calendar-list-thumb\"\n                                                   href=\"https:\/\/wearevillage.org\/shop\/yoga-for-queer-men\/w19-2026-2\/\"><img decoding=\"async\"\n                                                            src=\"https:\/\/wearevillage.org\/wp-content\/uploads\/2025\/08\/20250731-new-yoga-624x624.png\"\/><\/a>\n                                                                                        <div class=\"fooevents-content\">\n                                                                                                    <p class=\"fooevents-calendar-list-desc\"><h5>Mittwochs\r\n20:00 - 21:30<\/h5>\r\n<p class=\"p1\"><strong>| <span style=\"color: #ec6c23\">GBTQ men*<\/span>\u00a0|<\/strong><\/p>\r\n<p class=\"p1\">Nehm an einem dynamischen und energiegeladenen Kurs teil, der dich durch gemeinsames Atmen und Bewegen Halt gibt und deinen Geist kl\u00e4rt. In einer unterst\u00fctzenden Umgebung, die Vielfalt und Queerness begr\u00fc\u00dft, sind alle Aspekte deiner Pers\u00f6nlichkeit willkommen.<\/p><\/p>\n                                                                                                                                                    <p><a class=\"button\" href=\"https:\/\/wearevillage.org\/shop\/yoga-for-queer-men\/w19-2026-2\/\"\n                                                          rel=\"nofollow\">\n                                                            Zur Anmeldung                                                        <\/a>\n                                                    <\/p>\n                                                                                            <\/div>\n                                        <\/div>\n                                    <\/div>\n                                                                        <div id=\"event-33216\"\n                                         class=\"wav-fooevents-calendar-list-item fooevents-calendar-list-item\">\n                                        <h3 class=\"fooevents-shortcode-title\"><a\n                                                    href=\"https:\/\/wearevillage.org\/shop\/language-cafe\/w19-2026\/\">Queer Sprachcaf\u00e9<\/a>\n                                        <\/h3>\n                                        <span class=\"date\"\n                                              style=\"text-align: left\">07.05.2026 - 18:30<\/span>\n                                        <div class=\"fooevents-row\">\n                                                                                            <a class=\"fooevents-calendar-list-thumb\"\n                                                   href=\"https:\/\/wearevillage.org\/shop\/language-cafe\/w19-2026\/\"><img decoding=\"async\"\n                                                            src=\"https:\/\/wearevillage.org\/wp-content\/uploads\/2025\/07\/20240905-sprache-kaffee-new-624x624.png\"\/><\/a>\n                                                                                        <div class=\"fooevents-content\">\n                                                                                                    <p class=\"fooevents-calendar-list-desc\"><h5>Donnerstags\r\n(zweimal im Monat)\r\n18:30-20:30<\/h5>\r\nkostenlos mit Anmeldung\r\n\r\n<strong> | <span style=\"color: #ec6c23\">LGBTQIA+<\/span> |<\/strong>\r\n\r\nKommt zu unserem Sprachcaf\u00e9, wo ihr euch mit anderen austauschen und an lebhaften Gespr\u00e4chen teilnehmen k\u00f6nnt. Es ist eine gro\u00dfartige Gelegenheit, eure Sprech- und H\u00f6rf\u00e4higkeiten zu verbessern und neue W\u00f6rter zu lernen, w\u00e4hrend ihr in lockerer Umgebung neue Bekanntschaften kn\u00fcpft.<\/p>\n                                                                                                                                                    <p><a class=\"button\" href=\"https:\/\/wearevillage.org\/shop\/language-cafe\/w19-2026\/\"\n                                                          rel=\"nofollow\">\n                                                            Zur Anmeldung                                                        <\/a>\n                                                    <\/p>\n                                                                                            <\/div>\n                                        <\/div>\n                                    <\/div>\n                                                                        <div id=\"event-43618\"\n                                         class=\"wav-fooevents-calendar-list-item fooevents-calendar-list-item\">\n                                        <h3 class=\"fooevents-shortcode-title\"><a\n                                                    href=\"https:\/\/wearevillage.org\/shop\/building-bridges-of-belonging\/w19-2029\/\">Queere Einsamkeit. Queere Gemeinschaft<\/a>\n                                        <\/h3>\n                                        <span class=\"date\"\n                                              style=\"text-align: left\">08.05.2026 - 18:00<\/span>\n                                        <div class=\"fooevents-row\">\n                                                                                            <a class=\"fooevents-calendar-list-thumb\"\n                                                   href=\"https:\/\/wearevillage.org\/shop\/building-bridges-of-belonging\/w19-2029\/\"><img decoding=\"async\"\n                                                            src=\"https:\/\/wearevillage.org\/wp-content\/uploads\/2026\/04\/20260508-book-launch-624x624.png\"\/><\/a>\n                                                                                        <div class=\"fooevents-content\">\n                                                                                                    <p class=\"fooevents-calendar-list-desc\"><h5>Freitag\r\n18:00-20:00<\/h5>\r\nKostenfreier Event\r\nEine Anmeldung ist nicht erforderlich\r\n\r\n<strong style=\"font-size: 16px\">| <span style=\"color: #ec6c23\">LGBTQIA+<\/span>|<\/strong>\r\n\r\nIn seinem Buch \"Queere Einsamkeit. Queere Gemeinschaft\" nimmt Lennart Herberhold dich mit auf eine Reise durch Deutschland. Und erz\u00e4hlt, dass Einsamkeit uns alle angeht. Und dass es Wege aus ihr heraus gibt - auch wenn sie oft nicht einfach sind.<\/p>\n                                                                                                                                            <\/div>\n                                        <\/div>\n                                    <\/div>\n                                                                        <div id=\"event-40333\"\n                                         class=\"wav-fooevents-calendar-list-item fooevents-calendar-list-item\">\n                                        <h3 class=\"fooevents-shortcode-title\"><a\n                                                    href=\"https:\/\/wearevillage.org\/shop\/sex-is-awkward\/w19-2026\/\">Sex ist Peinlich - eine Einladung \/ abgesagt<\/a>\n                                        <\/h3>\n                                        <span class=\"date\"\n                                              style=\"text-align: left\">09.05.2026 - 10:00<\/span>\n                                        <div class=\"fooevents-row\">\n                                                                                            <a class=\"fooevents-calendar-list-thumb\"\n                                                   href=\"https:\/\/wearevillage.org\/shop\/sex-is-awkward\/w19-2026\/\"><img decoding=\"async\"\n                                                            src=\"https:\/\/wearevillage.org\/wp-content\/uploads\/2026\/02\/20260509-raf-624x624.jpg\"\/><\/a>\n                                                                                        <div class=\"fooevents-content\">\n                                                                                                    <p class=\"fooevents-calendar-list-desc\"><h5>Samstag und Sonntag\r\n10:00 - 17:00<\/h5>\r\n<p class=\"p1\"><strong>| <span style=\"color: #ec6c23\">LGBTQIA+<\/span>\u00a0|<\/strong><\/p>\r\nRaf und Jespa nehmen euch mit auf eine Reise durch die Unbeholfenheit, einander mit unseren K\u00f6rpern und all ihren Unterschieden zu begegnen, und durch unsere Annahmen dar\u00fcber, was das f\u00fcr unsere sexuellen Begegnungen bedeutet. Dieser zweit\u00e4gige Workshop basiert auf somatischen und kreativen Methoden, die von Sexological Bodywork, Kink und Performance beeinflusst sind.<\/p>\n                                                                                                                                            <\/div>\n                                        <\/div>\n                                    <\/div>\n                                                                        <div id=\"event-42987\"\n                                         class=\"wav-fooevents-calendar-list-item fooevents-calendar-list-item\">\n                                        <h3 class=\"fooevents-shortcode-title\"><a\n                                                    href=\"https:\/\/wearevillage.org\/shop\/queer-bridges-monday\/w20-2026\/\">Kurdischer Tanz<\/a>\n                                        <\/h3>\n                                        <span class=\"date\"\n                                              style=\"text-align: left\">11.05.2026 - 18:00<\/span>\n                                        <div class=\"fooevents-row\">\n                                                                                            <a class=\"fooevents-calendar-list-thumb\"\n                                                   href=\"https:\/\/wearevillage.org\/shop\/queer-bridges-monday\/w20-2026\/\"><img decoding=\"async\"\n                                                            src=\"https:\/\/wearevillage.org\/wp-content\/uploads\/2026\/04\/20260511-QB-monday-624x624.png\"\/><\/a>\n                                                                                        <div class=\"fooevents-content\">\n                                                                                                    <p class=\"fooevents-calendar-list-desc\"><h5>Montag\r\n18:00-19:30\r\nKostenlos mit Anmeldung<\/h5>\r\n<strong> | <span style=\"color: #ec6c23\"> LGBTQIA+ <\/span> |\u00a0 \u00a0 Queere Migranten<\/strong>\r\n\r\nVerwurzelt in alten Traditionen ist kurdischer Tanz eine kollektive Praxis des Verbindens und gemeinsamen Bewegens. Er begleitet Freude, Trauer und Widerstand und tr\u00e4gt kulturelles Ged\u00e4chtnis; ein Ausdruck von Identit\u00e4t, Geschichte und gelebtem Widerstand.<\/p>\n                                                                                                                                                    <p><a class=\"button\" href=\"https:\/\/wearevillage.org\/shop\/queer-bridges-monday\/w20-2026\/\"\n                                                          rel=\"nofollow\">\n                                                            Zur Anmeldung                                                        <\/a>\n                                                    <\/p>\n                                                                                            <\/div>\n                                        <\/div>\n                                    <\/div>\n                                                                        <div id=\"event-41449\"\n                                         class=\"wav-fooevents-calendar-list-item fooevents-calendar-list-item\">\n                                        <h3 class=\"fooevents-shortcode-title\"><a\n                                                    href=\"https:\/\/wearevillage.org\/shop\/touch-and-move\/w20-2026\/\">*Touch and Move: Kontakt improvisieren, Community schaffen<\/a>\n                                        <\/h3>\n                                        <span class=\"date\"\n                                              style=\"text-align: left\">11.05.2026 - 20:00<\/span>\n                                        <div class=\"fooevents-row\">\n                                                                                            <a class=\"fooevents-calendar-list-thumb\"\n                                                   href=\"https:\/\/wearevillage.org\/shop\/touch-and-move\/w20-2026\/\"><img decoding=\"async\"\n                                                            src=\"https:\/\/wearevillage.org\/wp-content\/uploads\/2025\/12\/event-waw-touch-and-move-624x624.png\"\/><\/a>\n                                                                                        <div class=\"fooevents-content\">\n                                                                                                    <p class=\"fooevents-calendar-list-desc\"><h5>Montags\r\n20:00 - 21:30<\/h5>\r\n<strong>| <span style=\"color: #ec6c23\">GBTQ men*<\/span>\u00a0|<\/strong>\r\n\r\nTanz ist unsere Art, einen Raum f\u00fcr Erkundungen zu schaffen: Was passiert, wenn sich die K\u00f6rper queerer M\u00e4nner* treffen und ohne Erwartungen und Absichten in Ber\u00fchrung kommen? In der Contact Improvisation ist die Ber\u00fchrung der Ursprung, um Tanzbewegungen zu entdecken.<\/p>\n                                                                                                                                                    <p><a class=\"button\" href=\"https:\/\/wearevillage.org\/shop\/touch-and-move\/w20-2026\/\"\n                                                          rel=\"nofollow\">\n                                                            Zur Anmeldung                                                        <\/a>\n                                                    <\/p>\n                                                                                            <\/div>\n                                        <\/div>\n                                    <\/div>\n                                                                        <div id=\"event-43065\"\n                                         class=\"wav-fooevents-calendar-list-item fooevents-calendar-list-item\">\n                                        <h3 class=\"fooevents-shortcode-title\"><a\n                                                    href=\"https:\/\/wearevillage.org\/shop\/buddyprogram-meetup\/w20-2026\/\">Buddy Program Meetup<\/a>\n                                        <\/h3>\n                                        <span class=\"date\"\n                                              style=\"text-align: left\">12.05.2026 - 18:30<\/span>\n                                        <div class=\"fooevents-row\">\n                                                                                            <a class=\"fooevents-calendar-list-thumb\"\n                                                   href=\"https:\/\/wearevillage.org\/shop\/buddyprogram-meetup\/w20-2026\/\"><img decoding=\"async\"\n                                                            src=\"https:\/\/wearevillage.org\/wp-content\/uploads\/2025\/11\/Woocommerce-624x624.png\"\/><\/a>\n                                                                                        <div class=\"fooevents-content\">\n                                                                                                    <p class=\"fooevents-calendar-list-desc\"><h5>18:30-21:00<\/h5>\r\nKostenfrei\r\nAnmeldung erforderlich\r\n\r\n<strong> | <span style=\"color: #ec6c23\">LGBTQIA+<\/span> |<\/strong>\r\n\r\nWillkommen zu unserem \u201ewe are village\u201c Buddy-Programm-Event. Das Buddy-Programm ist ein Gemeinschaftsprojekt, das queeren Menschen in Berlin hilft, eine unterst\u00fctzende Gemeinschaft zu finden, um die Stadt zu erkunden, versteckte Sch\u00e4tze zu entdecken und echte Freundschaften aufzubauen.<\/p>\n                                                                                                                                                    <p><a class=\"button\" href=\"https:\/\/wearevillage.org\/shop\/buddyprogram-meetup\/w20-2026\/\"\n                                                          rel=\"nofollow\">\n                                                            Zur Anmeldung                                                        <\/a>\n                                                    <\/p>\n                                                                                            <\/div>\n                                        <\/div>\n                                    <\/div>\n                                                                        <div id=\"event-41402\"\n                                         class=\"wav-fooevents-calendar-list-item fooevents-calendar-list-item\">\n                                        <h3 class=\"fooevents-shortcode-title\"><a\n                                                    href=\"https:\/\/wearevillage.org\/shop\/meditation\/w20-2026\/\">*Meditation<\/a>\n                                        <\/h3>\n                                        <span class=\"date\"\n                                              style=\"text-align: left\">13.05.2026 - 18:30<\/span>\n                                        <div class=\"fooevents-row\">\n                                                                                            <a class=\"fooevents-calendar-list-thumb\"\n                                                   href=\"https:\/\/wearevillage.org\/shop\/meditation\/w20-2026\/\"><img decoding=\"async\"\n                                                            src=\"https:\/\/wearevillage.org\/wp-content\/uploads\/2023\/09\/template-yellow-meditation-waw-624x624.png\"\/><\/a>\n                                                                                        <div class=\"fooevents-content\">\n                                                                                                    <p class=\"fooevents-calendar-list-desc\"><h5>Mittwochs\r\n18:30 - 19:30<\/h5>\r\n<strong>| <span style=\"color: #ec6c23\">LGBTQIA+<\/span>\u00a0|<\/strong>\r\n\r\nDie Queer Meditationsgruppe bietet einen sicheren und inklusiven Raum f\u00fcr LGBTQIA+ Personen, um sich durch sanfte K\u00f6rperabstimmung, Atemachtsamkeit und bewusste Sitzpraxis auf einen erkundenden Ansatz zur Meditation einzulassen. Vorherige Meditationserfahrung ist nicht erforderlich.<\/p>\n                                                                                                                                                    <p><a class=\"button\" href=\"https:\/\/wearevillage.org\/shop\/meditation\/w20-2026\/\"\n                                                          rel=\"nofollow\">\n                                                            Zur Anmeldung                                                        <\/a>\n                                                    <\/p>\n                                                                                            <\/div>\n                                        <\/div>\n                                    <\/div>\n                                                                        <div id=\"event-42753\"\n                                         class=\"wav-fooevents-calendar-list-item fooevents-calendar-list-item\">\n                                        <h3 class=\"fooevents-shortcode-title\"><a\n                                                    href=\"https:\/\/wearevillage.org\/shop\/yoga-for-queer-men\/w20-2026-2\/\">*Yoga f\u00fcr queere M\u00e4nner*<\/a>\n                                        <\/h3>\n                                        <span class=\"date\"\n                                              style=\"text-align: left\">13.05.2026 - 20:00<\/span>\n                                        <div class=\"fooevents-row\">\n                                                                                            <a class=\"fooevents-calendar-list-thumb\"\n                                                   href=\"https:\/\/wearevillage.org\/shop\/yoga-for-queer-men\/w20-2026-2\/\"><img decoding=\"async\"\n                                                            src=\"https:\/\/wearevillage.org\/wp-content\/uploads\/2025\/08\/20250731-new-yoga-624x624.png\"\/><\/a>\n                                                                                        <div class=\"fooevents-content\">\n                                                                                                    <p class=\"fooevents-calendar-list-desc\"><h5>Mittwochs\r\n20:00 - 21:30<\/h5>\r\n<p class=\"p1\"><strong>| <span style=\"color: #ec6c23\">GBTQ men*<\/span>\u00a0|<\/strong><\/p>\r\n<p class=\"p1\">Nehm an einem dynamischen und energiegeladenen Kurs teil, der dich durch gemeinsames Atmen und Bewegen Halt gibt und deinen Geist kl\u00e4rt. In einer unterst\u00fctzenden Umgebung, die Vielfalt und Queerness begr\u00fc\u00dft, sind alle Aspekte deiner Pers\u00f6nlichkeit willkommen.<\/p><\/p>\n                                                                                                                                                    <p><a class=\"button\" href=\"https:\/\/wearevillage.org\/shop\/yoga-for-queer-men\/w20-2026-2\/\"\n                                                          rel=\"nofollow\">\n                                                            Zur Anmeldung                                                        <\/a>\n                                                    <\/p>\n                                                                                            <\/div>\n                                        <\/div>\n                                    <\/div>\n                                                                        <div id=\"event-43698\"\n                                         class=\"wav-fooevents-calendar-list-item fooevents-calendar-list-item\">\n                                        <h3 class=\"fooevents-shortcode-title\"><a\n                                                    href=\"https:\/\/wearevillage.org\/shop\/playfight-ritual\/w24-2026\/\">*Playfight Queerfight<\/a>\n                                        <\/h3>\n                                        <span class=\"date\"\n                                              style=\"text-align: left\">14.05.2026 - 18:00<\/span>\n                                        <div class=\"fooevents-row\">\n                                                                                            <a class=\"fooevents-calendar-list-thumb\"\n                                                   href=\"https:\/\/wearevillage.org\/shop\/playfight-ritual\/w24-2026\/\"><img decoding=\"async\"\n                                                            src=\"https:\/\/wearevillage.org\/wp-content\/uploads\/2022\/11\/event-waw-playfight-624x624.png\"\/><\/a>\n                                                                                        <div class=\"fooevents-content\">\n                                                                                                    <p class=\"fooevents-calendar-list-desc\"><h5>Sonntags (einmal im Monat)\r\n18:00 \u2013 21:00<\/h5>\r\n<strong>| <span style=\"color: #ec6c23\">GBTQ men*<\/span>\u00a0|<\/strong>\r\n\r\nDas Playfight-Ritual zielt darauf ab, ein sicheres Umfeld zu schaffen, in dem wir uns k\u00f6rperlich miteinander verbinden k\u00f6nnen, indem wir uns einzeln begegnen, wobei die Zeugen einen Kreis um sie herum bilden. W\u00e4hrend dieses Rituals minimieren wir den Gebrauch von Worten und erlauben unseren K\u00f6rpern zu kommunizieren.<\/p>\n                                                                                                                                                    <p><a class=\"button\" href=\"https:\/\/wearevillage.org\/shop\/playfight-ritual\/w24-2026\/\"\n                                                          rel=\"nofollow\">\n                                                            Zur Anmeldung                                                        <\/a>\n                                                    <\/p>\n                                                                                            <\/div>\n                                        <\/div>\n                                    <\/div>\n                                                                            <div id=\"event-37133\"\n                                             class=\"wav-fooevents-calendar-list-item fooevents-calendar-list-item\">\n                                            <h3 class=\"fooevents-shortcode-title\"><a\n                                                        href=\"https:\/\/wearevillage.org\/shop\/einsamkeitserien2\/w20-2026\/\">Community finden: Wege aus der Einsamkeit<\/a>\n                                            <\/h3>\n                                            <span class=\"date\" style=\"text-align: left\">14.05.2026<\/span>\n                                            <div class=\"fooevents-row\">\n                                                                                                    <a class=\"fooevents-calendar-list-thumb\"\n                                                       href=\"https:\/\/wearevillage.org\/shop\/einsamkeitserien2\/w20-2026\/\"><img decoding=\"async\"\n                                                                src=\"https:\/\/wearevillage.org\/wp-content\/uploads\/2025\/12\/template-purple-marco-waw-624x624.png\"\/><\/a>\n                                                                                                <div class=\"fooevents-content\">\n                                                                                                            <p class=\"fooevents-calendar-list-desc\"><h5>6 mal Donnerstags\r\nam 14.\/05 - 28.\/05 - 11.\/06 - 25.\/06 - 09.\/07 and 23.\/07.\r\nkostenlos mit Anmeldung\r\nauf Englisch<\/h5>\r\nBitte melde dich \u00fcber das folgende Formular an >> <strong><a href=\"https:\/\/airtable.com\/appjeCqNKRScMJFFe\/paguinM08gKYadZJG\/form\" target=\"_blank\" rel=\"noopener\">hier anmelden<\/a><\/strong>\r\n\r\n<strong style=\"font-size: 16px\">|<span style=\"color: #ec6c23\"> LGBTQIA+ <\/span>|<\/strong>\r\n\r\nIn unserer Gruppenarbeit entstehen R\u00e4ume, in denen Zugeh\u00f6rigkeit und Austausch direkt erfahrbar werden. Pers\u00f6nliche Themen werden gemeinsam bearbeitet und Erfahrungen geteilt, wodurch neue Wege aus der Isolation erlebbar werden. Moderierte \u00dcbungen, Perspektivwechsel und gemeinsames Reflektieren f\u00f6rdern Verbundenheit, st\u00e4rken soziale Wirksamkeit und schaffen Strategien f\u00fcr tragf\u00e4hige Beziehungen, die \u00fcber die einzelnen Treffen hinaus wirken.<\/p>\n                                                                                                                                                        <\/div>\n                                            <\/div>\n                                        <\/div>\n                                                                            <div id=\"event-43015\"\n                                         class=\"wav-fooevents-calendar-list-item fooevents-calendar-list-item\">\n                                        <h3 class=\"fooevents-shortcode-title\"><a\n                                                    href=\"https:\/\/wearevillage.org\/shop\/sensual-touch\/w20-2026\/\">Luxus & Empowerment: Die Kunst des Empfangens und Gebens verfeinern<\/a>\n                                        <\/h3>\n                                        <span class=\"date\"\n                                              style=\"text-align: left\">15.05.2026 - 20:00<\/span>\n                                        <div class=\"fooevents-row\">\n                                                                                            <a class=\"fooevents-calendar-list-thumb\"\n                                                   href=\"https:\/\/wearevillage.org\/shop\/sensual-touch\/w20-2026\/\"><img decoding=\"async\"\n                                                            src=\"https:\/\/wearevillage.org\/wp-content\/uploads\/2026\/04\/20260515-touch-jorge-624x624.png\"\/><\/a>\n                                                                                        <div class=\"fooevents-content\">\n                                                                                                    <p class=\"fooevents-calendar-list-desc\"><h5>Sensual Touch Lab Series\r\nFreitags (einmal im Monat)\r\n20:00 \u2013 23:00<\/h5>\r\n<p class=\"p1\"><strong>| <span style=\"color: #ec6c23\">GBTQ men*<\/span>\u00a0|<\/strong><\/p>\r\nBist du bereit, deine Skripte \u00fcber Intimit\u00e4t neu zu schreiben? Begib dich mit uns auf eine Entdeckungsreise durch den feinen Tanz zwischen Geben und Nehmen. Indem du lernst, auf die ganz eigenen Signale deines K\u00f6rpers f\u00fcr \u201eJa\u201c und \u201eNein\u201c zu h\u00f6ren, transformierst du alte Gewohnheiten in spielerische neue Rollen. Egal, ob du den \u201eLuxusurlaub\u201c einer perfekten Ber\u00fchrung suchst oder den Nervenkitzel radikaler Gro\u00dfz\u00fcgigkeit \u2013 dieser Workshop bietet dir einen sicheren, konsensbasierten Raum, um deine F\u00e4higkeit f\u00fcr Genuss zu erweitern.<\/p>\n                                                                                                                                                    <p><a class=\"button\" href=\"https:\/\/wearevillage.org\/shop\/sensual-touch\/w20-2026\/\"\n                                                          rel=\"nofollow\">\n                                                            Zur Anmeldung                                                        <\/a>\n                                                    <\/p>\n                                                                                            <\/div>\n                                        <\/div>\n                                    <\/div>\n                                                                        <div id=\"event-43044\"\n                                         class=\"wav-fooevents-calendar-list-item fooevents-calendar-list-item\">\n                                        <h3 class=\"fooevents-shortcode-title\"><a\n                                                    href=\"https:\/\/wearevillage.org\/shop\/queer-bridges-monday\/w21-2026\/\">Kurdischer Tanz<\/a>\n                                        <\/h3>\n                                        <span class=\"date\"\n                                              style=\"text-align: left\">18.05.2026 - 18:00<\/span>\n                                        <div class=\"fooevents-row\">\n                                                                                            <a class=\"fooevents-calendar-list-thumb\"\n                                                   href=\"https:\/\/wearevillage.org\/shop\/queer-bridges-monday\/w21-2026\/\"><img decoding=\"async\"\n                                                            src=\"https:\/\/wearevillage.org\/wp-content\/uploads\/2026\/04\/20260511-QB-monday-624x624.png\"\/><\/a>\n                                                                                        <div class=\"fooevents-content\">\n                                                                                                    <p class=\"fooevents-calendar-list-desc\"><h5>Montag\r\n18:00-19:30\r\nKostenlos mit Anmeldung<\/h5>\r\n<strong> | <span style=\"color: #ec6c23\"> LGBTQIA+ <\/span> |\u00a0 \u00a0 Queere Migranten<\/strong>\r\n\r\nVerwurzelt in alten Traditionen ist kurdischer Tanz eine kollektive Praxis des Verbindens und gemeinsamen Bewegens. Er begleitet Freude, Trauer und Widerstand und tr\u00e4gt kulturelles Ged\u00e4chtnis; ein Ausdruck von Identit\u00e4t, Geschichte und gelebtem Widerstand.<\/p>\n                                                                                                                                                    <p><a class=\"button\" href=\"https:\/\/wearevillage.org\/shop\/queer-bridges-monday\/w21-2026\/\"\n                                                          rel=\"nofollow\">\n                                                            Zur Anmeldung                                                        <\/a>\n                                                    <\/p>\n                                                                                            <\/div>\n                                        <\/div>\n                                    <\/div>\n                                                                        <div id=\"event-41459\"\n                                         class=\"wav-fooevents-calendar-list-item fooevents-calendar-list-item\">\n                                        <h3 class=\"fooevents-shortcode-title\"><a\n                                                    href=\"https:\/\/wearevillage.org\/shop\/touch-and-move\/w21-2026\/\">*Touch and Move: Kontakt improvisieren, Community schaffen<\/a>\n                                        <\/h3>\n                                        <span class=\"date\"\n                                              style=\"text-align: left\">18.05.2026 - 20:00<\/span>\n                                        <div class=\"fooevents-row\">\n                                                                                            <a class=\"fooevents-calendar-list-thumb\"\n                                                   href=\"https:\/\/wearevillage.org\/shop\/touch-and-move\/w21-2026\/\"><img decoding=\"async\"\n                                                            src=\"https:\/\/wearevillage.org\/wp-content\/uploads\/2025\/12\/event-waw-touch-and-move-624x624.png\"\/><\/a>\n                                                                                        <div class=\"fooevents-content\">\n                                                                                                    <p class=\"fooevents-calendar-list-desc\"><h5>Montags\r\n20:00 - 21:30<\/h5>\r\n<strong>| <span style=\"color: #ec6c23\">GBTQ men*<\/span>\u00a0|<\/strong>\r\n\r\nTanz ist unsere Art, einen Raum f\u00fcr Erkundungen zu schaffen: Was passiert, wenn sich die K\u00f6rper queerer M\u00e4nner* treffen und ohne Erwartungen und Absichten in Ber\u00fchrung kommen? In der Contact Improvisation ist die Ber\u00fchrung der Ursprung, um Tanzbewegungen zu entdecken.<\/p>\n                                                                                                                                                    <p><a class=\"button\" href=\"https:\/\/wearevillage.org\/shop\/touch-and-move\/w21-2026\/\"\n                                                          rel=\"nofollow\">\n                                                            Zur Anmeldung                                                        <\/a>\n                                                    <\/p>\n                                                                                            <\/div>\n                                        <\/div>\n                                    <\/div>\n                                                                        <div id=\"event-33380\"\n                                         class=\"wav-fooevents-calendar-list-item fooevents-calendar-list-item\">\n                                        <h3 class=\"fooevents-shortcode-title\"><a\n                                                    href=\"https:\/\/wearevillage.org\/shop\/cuddle-puddle\/w21-2026\/\">*Cuddle Puddle<\/a>\n                                        <\/h3>\n                                        <span class=\"date\"\n                                              style=\"text-align: left\">19.05.2026 - 20:00<\/span>\n                                        <div class=\"fooevents-row\">\n                                                                                            <a class=\"fooevents-calendar-list-thumb\"\n                                                   href=\"https:\/\/wearevillage.org\/shop\/cuddle-puddle\/w21-2026\/\"><img decoding=\"async\"\n                                                            src=\"https:\/\/wearevillage.org\/wp-content\/uploads\/2022\/11\/event-waw-cuddle-624x624.png\"\/><\/a>\n                                                                                        <div class=\"fooevents-content\">\n                                                                                                    <p class=\"fooevents-calendar-list-desc\"><h5>Dienstag (einmal pro Monat)\r\n20:00 - 22:30<\/h5>\r\n<p class=\"p1\"><strong>| <span style=\"color: #ec6c23\">GBTQ men*<\/span>\u00a0|<\/strong><\/p>\r\nEine Cuddle Puddle bietet einen sicheren und einladenden Raum f\u00fcr GBTQ M\u00e4nner*, um nicht-sexuelle Ber\u00fchrungen zu erleben, emotionales Wohlbefinden zu f\u00f6rdern und klare Grenzen zu setzen. Dies tr\u00e4gt positiv zur allgemeinen psychischen Gesundheit und zum Zugeh\u00f6rigkeitsgef\u00fchl zu einer Gemeinschaft bei.<\/p>\n                                                                                                                                                    <p><a class=\"button\" href=\"https:\/\/wearevillage.org\/shop\/cuddle-puddle\/w21-2026\/\"\n                                                          rel=\"nofollow\">\n                                                            Zur Anmeldung                                                        <\/a>\n                                                    <\/p>\n                                                                                            <\/div>\n                                        <\/div>\n                                    <\/div>\n                                                                        <div id=\"event-41410\"\n                                         class=\"wav-fooevents-calendar-list-item fooevents-calendar-list-item\">\n                                        <h3 class=\"fooevents-shortcode-title\"><a\n                                                    href=\"https:\/\/wearevillage.org\/shop\/meditation\/w21-2026\/\">*Meditation<\/a>\n                                        <\/h3>\n                                        <span class=\"date\"\n                                              style=\"text-align: left\">20.05.2026 - 18:30<\/span>\n                                        <div class=\"fooevents-row\">\n                                                                                            <a class=\"fooevents-calendar-list-thumb\"\n                                                   href=\"https:\/\/wearevillage.org\/shop\/meditation\/w21-2026\/\"><img decoding=\"async\"\n                                                            src=\"https:\/\/wearevillage.org\/wp-content\/uploads\/2023\/09\/template-yellow-meditation-waw-624x624.png\"\/><\/a>\n                                                                                        <div class=\"fooevents-content\">\n                                                                                                    <p class=\"fooevents-calendar-list-desc\"><h5>Mittwochs\r\n18:30 - 19:30<\/h5>\r\n<strong>| <span style=\"color: #ec6c23\">LGBTQIA+<\/span>\u00a0|<\/strong>\r\n\r\nDie Queer Meditationsgruppe bietet einen sicheren und inklusiven Raum f\u00fcr LGBTQIA+ Personen, um sich durch sanfte K\u00f6rperabstimmung, Atemachtsamkeit und bewusste Sitzpraxis auf einen erkundenden Ansatz zur Meditation einzulassen. Vorherige Meditationserfahrung ist nicht erforderlich.<\/p>\n                                                                                                                                                    <p><a class=\"button\" href=\"https:\/\/wearevillage.org\/shop\/meditation\/w21-2026\/\"\n                                                          rel=\"nofollow\">\n                                                            Zur Anmeldung                                                        <\/a>\n                                                    <\/p>\n                                                                                            <\/div>\n                                        <\/div>\n                                    <\/div>\n                                                                        <div id=\"event-42763\"\n                                         class=\"wav-fooevents-calendar-list-item fooevents-calendar-list-item\">\n                                        <h3 class=\"fooevents-shortcode-title\"><a\n                                                    href=\"https:\/\/wearevillage.org\/shop\/yoga-for-queer-men\/w21-2026-3\/\">*Yoga f\u00fcr queere M\u00e4nner*<\/a>\n                                        <\/h3>\n                                        <span class=\"date\"\n                                              style=\"text-align: left\">20.05.2026 - 20:00<\/span>\n                                        <div class=\"fooevents-row\">\n                                                                                            <a class=\"fooevents-calendar-list-thumb\"\n                                                   href=\"https:\/\/wearevillage.org\/shop\/yoga-for-queer-men\/w21-2026-3\/\"><img decoding=\"async\"\n                                                            src=\"https:\/\/wearevillage.org\/wp-content\/uploads\/2025\/08\/20250731-new-yoga-624x624.png\"\/><\/a>\n                                                                                        <div class=\"fooevents-content\">\n                                                                                                    <p class=\"fooevents-calendar-list-desc\"><h5>Mittwochs\r\n20:00 - 21:30<\/h5>\r\n<p class=\"p1\"><strong>| <span style=\"color: #ec6c23\">GBTQ men*<\/span>\u00a0|<\/strong><\/p>\r\n<p class=\"p1\">Nehm an einem dynamischen und energiegeladenen Kurs teil, der dich durch gemeinsames Atmen und Bewegen Halt gibt und deinen Geist kl\u00e4rt. In einer unterst\u00fctzenden Umgebung, die Vielfalt und Queerness begr\u00fc\u00dft, sind alle Aspekte deiner Pers\u00f6nlichkeit willkommen.<\/p><\/p>\n                                                                                                                                                    <p><a class=\"button\" href=\"https:\/\/wearevillage.org\/shop\/yoga-for-queer-men\/w21-2026-3\/\"\n                                                          rel=\"nofollow\">\n                                                            Zur Anmeldung                                                        <\/a>\n                                                    <\/p>\n                                                                                            <\/div>\n                                        <\/div>\n                                    <\/div>\n                                                                        <div id=\"event-33218\"\n                                         class=\"wav-fooevents-calendar-list-item fooevents-calendar-list-item\">\n                                        <h3 class=\"fooevents-shortcode-title\"><a\n                                                    href=\"https:\/\/wearevillage.org\/shop\/language-cafe\/w21-2026\/\">Queer Sprachcaf\u00e9<\/a>\n                                        <\/h3>\n                                        <span class=\"date\"\n                                              style=\"text-align: left\">21.05.2026 - 18:30<\/span>\n                                        <div class=\"fooevents-row\">\n                                                                                            <a class=\"fooevents-calendar-list-thumb\"\n                                                   href=\"https:\/\/wearevillage.org\/shop\/language-cafe\/w21-2026\/\"><img decoding=\"async\"\n                                                            src=\"https:\/\/wearevillage.org\/wp-content\/uploads\/2025\/07\/20240905-sprache-kaffee-new-624x624.png\"\/><\/a>\n                                                                                        <div class=\"fooevents-content\">\n                                                                                                    <p class=\"fooevents-calendar-list-desc\"><h5>Donnerstags\r\n(zweimal im Monat)\r\n18:30-20:30<\/h5>\r\nkostenlos mit Anmeldung\r\n\r\n<strong> | <span style=\"color: #ec6c23\">LGBTQIA+<\/span> |<\/strong>\r\n\r\nKommt zu unserem Sprachcaf\u00e9, wo ihr euch mit anderen austauschen und an lebhaften Gespr\u00e4chen teilnehmen k\u00f6nnt. Es ist eine gro\u00dfartige Gelegenheit, eure Sprech- und H\u00f6rf\u00e4higkeiten zu verbessern und neue W\u00f6rter zu lernen, w\u00e4hrend ihr in lockerer Umgebung neue Bekanntschaften kn\u00fcpft.<\/p>\n                                                                                                                                                    <p><a class=\"button\" href=\"https:\/\/wearevillage.org\/shop\/language-cafe\/w21-2026\/\"\n                                                          rel=\"nofollow\">\n                                                            Zur Anmeldung                                                        <\/a>\n                                                    <\/p>\n                                                                                            <\/div>\n                                        <\/div>\n                                    <\/div>\n                                                                        <div id=\"event-35639\"\n                                         class=\"wav-fooevents-calendar-list-item fooevents-calendar-list-item\">\n                                        <h3 class=\"fooevents-shortcode-title\"><a\n                                                    href=\"https:\/\/wearevillage.org\/shop\/heart-circle\/w20-2026\/\">Village Heart Circle<\/a>\n                                        <\/h3>\n                                        <span class=\"date\"\n                                              style=\"text-align: left\">22.05.2026 - 20:00<\/span>\n                                        <div class=\"fooevents-row\">\n                                                                                            <a class=\"fooevents-calendar-list-thumb\"\n                                                   href=\"https:\/\/wearevillage.org\/shop\/heart-circle\/w20-2026\/\"><img decoding=\"async\"\n                                                            src=\"https:\/\/wearevillage.org\/wp-content\/uploads\/2022\/11\/event-waw-heart-circle-624x624.png\"\/><\/a>\n                                                                                        <div class=\"fooevents-content\">\n                                                                                                    <p class=\"fooevents-calendar-list-desc\"><h5>Freitags (einmal pro Monat)\r\n20:00 \u2013 22:30\r\nkostenlos mit Anmeldung<\/h5>\r\n<strong>| <span style=\"color: #ec6c23\">GBTQ men*<\/span>\u00a0|<\/strong>\r\n\r\nHeart Circle ist ein Ort, an dem wir friedlich zusammensitzen, aus dem Herzen sprechen und mit dem Herzen zuh\u00f6ren k\u00f6nnen. Ein Ort, an dem wir die unterschiedlichen Lebensumst\u00e4nde, aus denen wir kommen, respektieren, ohne zu urteilen.<\/p>\n                                                                                                                                                    <p><a class=\"button\" href=\"https:\/\/wearevillage.org\/shop\/heart-circle\/w20-2026\/\"\n                                                          rel=\"nofollow\">\n                                                            Zur Anmeldung                                                        <\/a>\n                                                    <\/p>\n                                                                                            <\/div>\n                                        <\/div>\n                                    <\/div>\n                                                                        <div id=\"event-41861\"\n                                         class=\"wav-fooevents-calendar-list-item fooevents-calendar-list-item\">\n                                        <h3 class=\"fooevents-shortcode-title\"><a\n                                                    href=\"https:\/\/wearevillage.org\/shop\/queer-images\/w21-2026\/\">Life Drawing<\/a>\n                                        <\/h3>\n                                        <span class=\"date\"\n                                              style=\"text-align: left\">23.05.2026 - 13:00<\/span>\n                                        <div class=\"fooevents-row\">\n                                                                                            <a class=\"fooevents-calendar-list-thumb\"\n                                                   href=\"https:\/\/wearevillage.org\/shop\/queer-images\/w21-2026\/\"><img decoding=\"async\"\n                                                            src=\"https:\/\/wearevillage.org\/wp-content\/uploads\/2026\/03\/20260523-drawing-624x624.png\"\/><\/a>\n                                                                                        <div class=\"fooevents-content\">\n                                                                                                    <p class=\"fooevents-calendar-list-desc\"><h5>Samstag\r\n13:00-15:00\r\nkostenlos mit Anmeldung<\/h5>\r\n<strong> | <span style=\"color: #ec6c23\"> LGBTQIA+ <\/span> | <\/strong>\r\n\r\n<strong>Life Drawing mit Sholem Krishtalka\r\n<\/strong>Diese Sitzung bietet den Teilnehmenden einen Raum, um Aktzeichnen nach Modell zu erkunden. Der Workshop folgt einer typischen Aktzeichen-Struktur: kurze einf\u00fchrende Posen zum Aufw\u00e4rmen, gefolgt von zunehmend l\u00e4ngeren und anspruchsvolleren Posen.<\/p>\n                                                                                                                                                    <p><a class=\"button\" href=\"https:\/\/wearevillage.org\/shop\/queer-images\/w21-2026\/\"\n                                                          rel=\"nofollow\">\n                                                            Zur Anmeldung                                                        <\/a>\n                                                    <\/p>\n                                                                                            <\/div>\n                                        <\/div>\n                                    <\/div>\n                                                                        <div id=\"event-33299\"\n                                         class=\"wav-fooevents-calendar-list-item fooevents-calendar-list-item\">\n                                        <h3 class=\"fooevents-shortcode-title\"><a\n                                                    href=\"https:\/\/wearevillage.org\/shop\/naked-yoga\/w20-2026\/\">Nacktyoga f\u00fcr M\u00e4nner*<\/a>\n                                        <\/h3>\n                                        <span class=\"date\"\n                                              style=\"text-align: left\">23.05.2026 - 10:00<\/span>\n                                        <div class=\"fooevents-row\">\n                                                                                            <a class=\"fooevents-calendar-list-thumb\"\n                                                   href=\"https:\/\/wearevillage.org\/shop\/naked-yoga\/w20-2026\/\"><img decoding=\"async\"\n                                                            src=\"https:\/\/wearevillage.org\/wp-content\/uploads\/2023\/12\/event-waw-naked-yoga-1-624x624.png\"\/><\/a>\n                                                                                        <div class=\"fooevents-content\">\n                                                                                                    <p class=\"fooevents-calendar-list-desc\"><h5>Samstags (einmal pro Monat)\r\n10:00 - 12:00<\/h5>\r\n<p class=\"p1\"><strong>| <span style=\"color: #ec6c23\">GBTQ men*<\/span>\u00a0|<\/strong><\/p>\r\nIn dieser Nackt-Yogastunde werden wir unsere eigene Zerbrechlichkeit und Verletzlichkeit erforschen, frei von Bekleidung und in einer sicheren Umgebung. Wie lange dauert es, bis ich mich daran gew\u00f6hnt habe, so zu sein, wie die Natur mich geschaffen hat? Erotik und Sexualit\u00e4t stehen dabei nicht im Vordergrund. Alle Teile und Aspekte unseres K\u00f6rpers werden gleicherma\u00dfen als Teil unseres Lebens betrachtet.<\/p>\n                                                                                                                                                    <p><a class=\"button\" href=\"https:\/\/wearevillage.org\/shop\/naked-yoga\/w20-2026\/\"\n                                                          rel=\"nofollow\">\n                                                            Anmelden                                                        <\/a>\n                                                    <\/p>\n                                                                                            <\/div>\n                                        <\/div>\n                                    <\/div>\n                                                                        <div id=\"event-42026\"\n                                         class=\"wav-fooevents-calendar-list-item fooevents-calendar-list-item\">\n                                        <h3 class=\"fooevents-shortcode-title\"><a\n                                                    href=\"https:\/\/wearevillage.org\/shop\/volunteer\/w21-2026\/\">Volunteer Meeting \/ Together we grow!<\/a>\n                                        <\/h3>\n                                        <span class=\"date\"\n                                              style=\"text-align: left\">23.05.2026 - 17:00<\/span>\n                                        <div class=\"fooevents-row\">\n                                                                                            <a class=\"fooevents-calendar-list-thumb\"\n                                                   href=\"https:\/\/wearevillage.org\/shop\/volunteer\/w21-2026\/\"><img decoding=\"async\"\n                                                            src=\"https:\/\/wearevillage.org\/wp-content\/uploads\/2025\/08\/0_W8xkraMp3wEmu-S4iPwSLLOMZbZaxNWapncDyt70I-624x624.png\"\/><\/a>\n                                                                                        <div class=\"fooevents-content\">\n                                                                                                    <p class=\"fooevents-calendar-list-desc\"><h5>Samstags (einmal pro Monat)\r\n17:00 \u2013 19:30<\/h5>\r\nKostenfrei\r\n\r\n<strong>| LGBTQIA+\u00a0|<\/strong>\r\n\r\nSei dabei beim n\u00e4chsten <strong>Volunteers Gathering<\/strong>! \ud83c\udf08\r\n\r\nEin offener Raum, um sich zu vernetzen, Ideen auszutauschen und gemeinsam neue Wege zu finden, Village mitzugestalten. Ob du schon freiwillig aktiv bist oder einfach neugierig \u2013 hier ist der perfekte Ort, um einzusteigen und inspiriert zu werden. \u2728\r\n\r\nVolunteers sind das Herz von Village \u2013 eure Energie und Kreativit\u00e4t machen alles m\u00f6glich. \ud83d\udc9b<\/p>\n                                                                                                                                                    <p><a class=\"button\" href=\"https:\/\/wearevillage.org\/shop\/volunteer\/w21-2026\/\"\n                                                          rel=\"nofollow\">\n                                                            Zur Anmeldung                                                        <\/a>\n                                                    <\/p>\n                                                                                            <\/div>\n                                        <\/div>\n                                    <\/div>\n                                                                        <div id=\"event-33254\"\n                                         class=\"wav-fooevents-calendar-list-item fooevents-calendar-list-item\">\n                                        <h3 class=\"fooevents-shortcode-title\"><a\n                                                    href=\"https:\/\/wearevillage.org\/shop\/potluck\/w20-2026\/\">Village Potluck<\/a>\n                                        <\/h3>\n                                        <span class=\"date\"\n                                              style=\"text-align: left\">23.05.2026 - 19:30<\/span>\n                                        <div class=\"fooevents-row\">\n                                                                                            <a class=\"fooevents-calendar-list-thumb\"\n                                                   href=\"https:\/\/wearevillage.org\/shop\/potluck\/w20-2026\/\"><img decoding=\"async\"\n                                                            src=\"https:\/\/wearevillage.org\/wp-content\/uploads\/2022\/11\/event-waw-potluck-1-624x624.png\"\/><\/a>\n                                                                                        <div class=\"fooevents-content\">\n                                                                                                    <p class=\"fooevents-calendar-list-desc\"><h5>Samstags (einmal pro Monat)\r\n19:30 \u2013 23:00<\/h5>\r\nKostenfrei\r\n\r\n<strong>| <span style=\"color: #ec6c23\">LGBTQI+ Friends<\/span>\u00a0|<\/strong>\r\n\r\nGemeinsam Zeit verbringen! In diesem Sinne l\u00e4dt dich das Village dazu ein, an diesem kostenlosen Event teilzunehmen, zu genie\u00dfen, zu lachen und neue Freundschaften zu schlie\u00dfen. Bring einfach etwas zu Essen deiner Wahl mit (wenn m\u00f6glich)\u00a0und wir essen & trinken zusammen in gem\u00fctlicher, lockerer Runde.<\/p>\n                                                                                                                                                    <p><a class=\"button\" href=\"https:\/\/wearevillage.org\/shop\/potluck\/w20-2026\/\"\n                                                          rel=\"nofollow\">\n                                                            Zur Anmeldung                                                        <\/a>\n                                                    <\/p>\n                                                                                            <\/div>\n                                        <\/div>\n                                    <\/div>\n                                                                        <div id=\"event-40767\"\n                                         class=\"wav-fooevents-calendar-list-item fooevents-calendar-list-item\">\n                                        <h3 class=\"fooevents-shortcode-title\"><a\n                                                    href=\"https:\/\/wearevillage.org\/shop\/embodied-consent\/w20-2026\/\">Embodied Consent<\/a>\n                                        <\/h3>\n                                        <span class=\"date\"\n                                              style=\"text-align: left\">24.05.2026 - 11:00<\/span>\n                                        <div class=\"fooevents-row\">\n                                                                                            <a class=\"fooevents-calendar-list-thumb\"\n                                                   href=\"https:\/\/wearevillage.org\/shop\/embodied-consent\/w20-2026\/\"><img decoding=\"async\"\n                                                            src=\"https:\/\/wearevillage.org\/wp-content\/uploads\/2023\/10\/event-waw-consent-new-624x624.png\"\/><\/a>\n                                                                                        <div class=\"fooevents-content\">\n                                                                                                    <p class=\"fooevents-calendar-list-desc\"><h5>Sonntags (einmal im Monat)\r\n11:00 \u2013 13:00\r\nkostenlos mit Anmeldung\r\nAuf Deutsch<\/h5>\r\n<p class=\"p1\"><strong>| <span style=\"color: #ec6c23\">LGBTIQA+<\/span>\u00a0|<\/strong><\/p>\r\n<strong>Lernen \u00fcber Grenzen und Kommunikation<\/strong>\r\nWenn Sie noch nicht an einem Workshop zum Thema Consent im Village teilgenommen haben, ist es jetzt an der Zeit! Dieser Workshop ist sehr zu empfehlen f\u00fcr alle, die unser Projekt regelm\u00e4\u00dfig besuchen oder an einem unserer Workshops teilnehmen m\u00f6chten. Diese Erfahrung wird Ihnen nicht nur helfen, sich in der we.are.village-Community zurechtzufinden, sondern sie wird Sie auch dazu bef\u00e4higen, diese Werte in Ihr Leben zu \u00fcbertragen.<\/p>\n                                                                                                                                                    <p><a class=\"button\" href=\"https:\/\/wearevillage.org\/shop\/embodied-consent\/w20-2026\/\"\n                                                          rel=\"nofollow\">\n                                                            Zur Anmeldung                                                        <\/a>\n                                                    <\/p>\n                                                                                            <\/div>\n                                        <\/div>\n                                    <\/div>\n                                                                        <div id=\"event-42033\"\n                                         class=\"wav-fooevents-calendar-list-item fooevents-calendar-list-item\">\n                                        <h3 class=\"fooevents-shortcode-title\"><a\n                                                    href=\"https:\/\/wearevillage.org\/shop\/men50plus\/w21-2026\/\">Men50+ _ Leben in Farbe<\/a>\n                                        <\/h3>\n                                        <span class=\"date\"\n                                              style=\"text-align: left\">24.05.2026 - 14:00<\/span>\n                                        <div class=\"fooevents-row\">\n                                                                                            <a class=\"fooevents-calendar-list-thumb\"\n                                                   href=\"https:\/\/wearevillage.org\/shop\/men50plus\/w21-2026\/\"><img decoding=\"async\"\n                                                            src=\"https:\/\/wearevillage.org\/wp-content\/uploads\/2024\/05\/20240705-CSD-Florian-624x624.png\"\/><\/a>\n                                                                                        <div class=\"fooevents-content\">\n                                                                                                    <p class=\"fooevents-calendar-list-desc\"><h5>Sonntag (einmal pro Monat)\r\n14:00 \u2013 16:00\r\nkostenfrei mit Anmeldung<\/h5>\r\n<strong>| <span style=\"color: #ec6c23\">GBTQ men*<\/span>\u00a0|<\/strong>\r\n\r\nQueere Menschen \u00fcber 50 sehen sich in einer von Jugendlichkeit, k\u00f6rperlicher Attraktivit\u00e4t und Heteronormativit\u00e4t gepr\u00e4gten Gesellschaft mit verschiedenen Problemen konfrontiert. In dieser Gruppe triffst du auf Gleichgesinnte. Gemeinsam wollen wir die Herausforderungen des \u00c4lterwerdens annehmen \u2013 und das Leben in vollen Z\u00fcgen genie\u00dfen!<\/p>\n                                                                                                                                                    <p><a class=\"button\" href=\"https:\/\/wearevillage.org\/shop\/men50plus\/w21-2026\/\"\n                                                          rel=\"nofollow\">\n                                                            Zur Anmeldung                                                        <\/a>\n                                                    <\/p>\n                                                                                            <\/div>\n                                        <\/div>\n                                    <\/div>\n                                                                        <div id=\"event-42989\"\n                                         class=\"wav-fooevents-calendar-list-item fooevents-calendar-list-item\">\n                                        <h3 class=\"fooevents-shortcode-title\"><a\n                                                    href=\"https:\/\/wearevillage.org\/shop\/queer-bridges-monday\/w22-2026\/\">Exile Diary: Die Karten der Erinnerung zeichnen<\/a>\n                                        <\/h3>\n                                        <span class=\"date\"\n                                              style=\"text-align: left\">25.05.2026 - 18:00<\/span>\n                                        <div class=\"fooevents-row\">\n                                                                                            <a class=\"fooevents-calendar-list-thumb\"\n                                                   href=\"https:\/\/wearevillage.org\/shop\/queer-bridges-monday\/w22-2026\/\"><img decoding=\"async\"\n                                                            src=\"https:\/\/wearevillage.org\/wp-content\/uploads\/2026\/04\/20260525-QB-monday-624x624.png\"\/><\/a>\n                                                                                        <div class=\"fooevents-content\">\n                                                                                                    <p class=\"fooevents-calendar-list-desc\"><h5>Montag\r\n18:00-19:30\r\nKostenlos mit Anmeldung<\/h5>\r\n<strong> | <span style=\"color: #ec6c23\"> LGBTQIA+ <\/span> |\u00a0 \u00a0 Queere Migranten<\/strong>\r\n\r\nDieser Workshop l\u00e4dt die Teilnehmenden dazu ein, ein \u201eExile Diary\u201c zu beginnen; eine visuelle Praxis des Erinnerns und Neuerz\u00e4hlens pers\u00f6nlicher Erfahrungen. Durch Zeichnung und einfache dokumentarische Methoden erkunden die Teilnehmenden ihre Erinnerungen, gestalten ein pers\u00f6nliches Notizbuch und entwickeln eine eigene visuelle Sprache mit Worten, Symbolen und Referenzen. Zudem reflektiert der Workshop, wie individuelle Geschichten mit gr\u00f6\u00dferen historischen und politischen Zusammenh\u00e4ngen verbunden sind.<\/p>\n                                                                                                                                                    <p><a class=\"button\" href=\"https:\/\/wearevillage.org\/shop\/queer-bridges-monday\/w22-2026\/\"\n                                                          rel=\"nofollow\">\n                                                            Zur Anmeldung                                                        <\/a>\n                                                    <\/p>\n                                                                                            <\/div>\n                                        <\/div>\n                                    <\/div>\n                                                                        <div id=\"event-41469\"\n                                         class=\"wav-fooevents-calendar-list-item fooevents-calendar-list-item\">\n                                        <h3 class=\"fooevents-shortcode-title\"><a\n                                                    href=\"https:\/\/wearevillage.org\/shop\/touch-and-move\/w22-2026\/\">*Touch and Move: Kontakt improvisieren, Community schaffen<\/a>\n                                        <\/h3>\n                                        <span class=\"date\"\n                                              style=\"text-align: left\">25.05.2026 - 20:00<\/span>\n                                        <div class=\"fooevents-row\">\n                                                                                            <a class=\"fooevents-calendar-list-thumb\"\n                                                   href=\"https:\/\/wearevillage.org\/shop\/touch-and-move\/w22-2026\/\"><img decoding=\"async\"\n                                                            src=\"https:\/\/wearevillage.org\/wp-content\/uploads\/2025\/12\/event-waw-touch-and-move-624x624.png\"\/><\/a>\n                                                                                        <div class=\"fooevents-content\">\n                                                                                                    <p class=\"fooevents-calendar-list-desc\"><h5>Montags\r\n20:00 - 21:30<\/h5>\r\n<strong>| <span style=\"color: #ec6c23\">GBTQ men*<\/span>\u00a0|<\/strong>\r\n\r\nTanz ist unsere Art, einen Raum f\u00fcr Erkundungen zu schaffen: Was passiert, wenn sich die K\u00f6rper queerer M\u00e4nner* treffen und ohne Erwartungen und Absichten in Ber\u00fchrung kommen? In der Contact Improvisation ist die Ber\u00fchrung der Ursprung, um Tanzbewegungen zu entdecken.<\/p>\n                                                                                                                                                    <p><a class=\"button\" href=\"https:\/\/wearevillage.org\/shop\/touch-and-move\/w22-2026\/\"\n                                                          rel=\"nofollow\">\n                                                            Zur Anmeldung                                                        <\/a>\n                                                    <\/p>\n                                                                                            <\/div>\n                                        <\/div>\n                                    <\/div>\n                                                                        <div id=\"event-43077\"\n                                         class=\"wav-fooevents-calendar-list-item fooevents-calendar-list-item\">\n                                        <h3 class=\"fooevents-shortcode-title\"><a\n                                                    href=\"https:\/\/wearevillage.org\/shop\/village-film\/w22-2026\/\">Film Night - Jaripeo Documentary<\/a>\n                                        <\/h3>\n                                        <span class=\"date\"\n                                              style=\"text-align: left\">26.05.2026 - 20:00<\/span>\n                                        <div class=\"fooevents-row\">\n                                                                                            <a class=\"fooevents-calendar-list-thumb\"\n                                                   href=\"https:\/\/wearevillage.org\/shop\/village-film\/w22-2026\/\"><img decoding=\"async\"\n                                                            src=\"https:\/\/wearevillage.org\/wp-content\/uploads\/2026\/04\/20260526-film-624x624.png\"\/><\/a>\n                                                                                        <div class=\"fooevents-content\">\n                                                                                                    <p class=\"fooevents-calendar-list-desc\"><h5>Dienstags (einmal im Monat)\r\n20:00 - 22:30\r\nEintritt frei<\/h5>\r\n<p class=\"p1\"><strong>| <span style=\"color: #ec6c23\">LGBTQIA+<\/span> |<\/strong><\/p>\r\n<strong>Jaripeo\r\n<\/strong>Regie: Efra\u00edn Mojica, Rebecca Zweig\r\n2026 \u2013 70 Min.\r\nAuf Spanisch und Englisch mit englischen Untertiteln\r\nJedes Jahr zu Weihnachten erwacht die Stadt Penjamillo in Michoac\u00e1n mit dem Jaripeo zum Leben \u2014 einem traditionellen Rodeo, das Einheimische und aus den USA zur\u00fcckgekehrte Migranten anzieht, eine Feier der Cowboy-Kultur und der l\u00e4ndlich-mexikanischen M\u00e4nnlichkeit. Unter der Oberfl\u00e4che dieses hypermaskulinen Rituals erbl\u00fcht eine verborgene queere Subkultur.<\/p>\n                                                                                                                                                    <p><a class=\"button\" href=\"https:\/\/wearevillage.org\/shop\/village-film\/w22-2026\/\"\n                                                          rel=\"nofollow\">\n                                                            Zur Anmeldung                                                        <\/a>\n                                                    <\/p>\n                                                                                            <\/div>\n                                        <\/div>\n                                    <\/div>\n                                                                        <div id=\"event-41418\"\n                                         class=\"wav-fooevents-calendar-list-item fooevents-calendar-list-item\">\n                                        <h3 class=\"fooevents-shortcode-title\"><a\n                                                    href=\"https:\/\/wearevillage.org\/shop\/meditation\/w22-2026\/\">*Meditation<\/a>\n                                        <\/h3>\n                                        <span class=\"date\"\n                                              style=\"text-align: left\">27.05.2026 - 18:30<\/span>\n                                        <div class=\"fooevents-row\">\n                                                                                            <a class=\"fooevents-calendar-list-thumb\"\n                                                   href=\"https:\/\/wearevillage.org\/shop\/meditation\/w22-2026\/\"><img decoding=\"async\"\n                                                            src=\"https:\/\/wearevillage.org\/wp-content\/uploads\/2023\/09\/template-yellow-meditation-waw-624x624.png\"\/><\/a>\n                                                                                        <div class=\"fooevents-content\">\n                                                                                                    <p class=\"fooevents-calendar-list-desc\"><h5>Mittwochs\r\n18:30 - 19:30<\/h5>\r\n<strong>| <span style=\"color: #ec6c23\">LGBTQIA+<\/span>\u00a0|<\/strong>\r\n\r\nDie Queer Meditationsgruppe bietet einen sicheren und inklusiven Raum f\u00fcr LGBTQIA+ Personen, um sich durch sanfte K\u00f6rperabstimmung, Atemachtsamkeit und bewusste Sitzpraxis auf einen erkundenden Ansatz zur Meditation einzulassen. Vorherige Meditationserfahrung ist nicht erforderlich.<\/p>\n                                                                                                                                                    <p><a class=\"button\" href=\"https:\/\/wearevillage.org\/shop\/meditation\/w22-2026\/\"\n                                                          rel=\"nofollow\">\n                                                            Zur Anmeldung                                                        <\/a>\n                                                    <\/p>\n                                                                                            <\/div>\n                                        <\/div>\n                                    <\/div>\n                                                                        <div id=\"event-42758\"\n                                         class=\"wav-fooevents-calendar-list-item fooevents-calendar-list-item\">\n                                        <h3 class=\"fooevents-shortcode-title\"><a\n                                                    href=\"https:\/\/wearevillage.org\/shop\/yoga-for-queer-men\/w22-2026-2\/\">*Yoga f\u00fcr queere M\u00e4nner*<\/a>\n                                        <\/h3>\n                                        <span class=\"date\"\n                                              style=\"text-align: left\">27.05.2026 - 20:00<\/span>\n                                        <div class=\"fooevents-row\">\n                                                                                            <a class=\"fooevents-calendar-list-thumb\"\n                                                   href=\"https:\/\/wearevillage.org\/shop\/yoga-for-queer-men\/w22-2026-2\/\"><img decoding=\"async\"\n                                                            src=\"https:\/\/wearevillage.org\/wp-content\/uploads\/2025\/08\/20250731-new-yoga-624x624.png\"\/><\/a>\n                                                                                        <div class=\"fooevents-content\">\n                                                                                                    <p class=\"fooevents-calendar-list-desc\"><h5>Mittwochs\r\n20:00 - 21:30<\/h5>\r\n<p class=\"p1\"><strong>| <span style=\"color: #ec6c23\">GBTQ men*<\/span>\u00a0|<\/strong><\/p>\r\n<p class=\"p1\">Nehm an einem dynamischen und energiegeladenen Kurs teil, der dich durch gemeinsames Atmen und Bewegen Halt gibt und deinen Geist kl\u00e4rt. In einer unterst\u00fctzenden Umgebung, die Vielfalt und Queerness begr\u00fc\u00dft, sind alle Aspekte deiner Pers\u00f6nlichkeit willkommen.<\/p><\/p>\n                                                                                                                                                    <p><a class=\"button\" href=\"https:\/\/wearevillage.org\/shop\/yoga-for-queer-men\/w22-2026-2\/\"\n                                                          rel=\"nofollow\">\n                                                            Zur Anmeldung                                                        <\/a>\n                                                    <\/p>\n                                                                                            <\/div>\n                                        <\/div>\n                                    <\/div>\n                                                                        <div id=\"event-43735\"\n                                         class=\"wav-fooevents-calendar-list-item fooevents-calendar-list-item\">\n                                        <h3 class=\"fooevents-shortcode-title\"><a\n                                                    href=\"https:\/\/wearevillage.org\/shop\/radical-empathy\/w22-2026\/\">Radical Empathy<\/a>\n                                        <\/h3>\n                                        <span class=\"date\"\n                                              style=\"text-align: left\">31.05.2026 - 14:00<\/span>\n                                        <div class=\"fooevents-row\">\n                                                                                            <a class=\"fooevents-calendar-list-thumb\"\n                                                   href=\"https:\/\/wearevillage.org\/shop\/radical-empathy\/w22-2026\/\"><img decoding=\"async\"\n                                                            src=\"https:\/\/wearevillage.org\/wp-content\/uploads\/2026\/04\/20260531-uf64-624x624.png\"\/><\/a>\n                                                                                        <div class=\"fooevents-content\">\n                                                                                                    <p class=\"fooevents-calendar-list-desc\"><h5>Freitag\r\n14:00-17:00\r\nKostenlos mit Anmeldung<\/h5>\r\n<h5><strong> | <span style=\"color: #ec6c23\"> LGBTQIA+ <\/span> | <\/strong><\/h5>\r\nIn diesem Workshop l\u00e4dt die Aktivistin und K\u00fcnstlerin <b data-path-to-node=\"5\" data-index-in-node=\"54\">B\u00e9la Belissima<\/b> zu einer empowernden Auseinandersetzung mit Konfliktdynamiken ein. Gemeinsam werfen wir einen Blick darauf, wie trans-weibliche und queere Lebensrealit\u00e4ten unsere Erfahrungen mit Widerstand, Konfrontation und Selbstbehauptung pr\u00e4gen.<\/p>\n                                                                                                                                                    <p><a class=\"button\" href=\"https:\/\/wearevillage.org\/shop\/radical-empathy\/w22-2026\/\"\n                                                          rel=\"nofollow\">\n                                                            Zur Anmeldung                                                        <\/a>\n                                                    <\/p>\n                                                                                            <\/div>\n                                        <\/div>\n                                    <\/div>\n                                                                        <div id=\"event-43115\"\n                                         class=\"wav-fooevents-calendar-list-item fooevents-calendar-list-item\">\n                                        <h3 class=\"fooevents-shortcode-title\"><a\n                                                    href=\"https:\/\/wearevillage.org\/shop\/village-outdoor\/w22-2026\/\">Outdoor \u2013 Durch Wald und Moor um B\u00f6tz- und F\u00e4ngersee bei Strausberg<\/a>\n                                        <\/h3>\n                                        <span class=\"date\"\n                                              style=\"text-align: left\">31.05.2026 - 11:00<\/span>\n                                        <div class=\"fooevents-row\">\n                                                                                            <a class=\"fooevents-calendar-list-thumb\"\n                                                   href=\"https:\/\/wearevillage.org\/shop\/village-outdoor\/w22-2026\/\"><img decoding=\"async\"\n                                                            src=\"https:\/\/wearevillage.org\/wp-content\/uploads\/2026\/04\/20260531-outdoor-624x624.png\"\/><\/a>\n                                                                                        <div class=\"fooevents-content\">\n                                                                                                    <p class=\"fooevents-calendar-list-desc\"><h5>Sonntags (einmal im Monat)\r\n11:00 - 15:00\r\nKostenlos mit Anmeldung\r\nStart: 11 Uhr, S-Bahnhof Hegerm\u00fchle (S5), Bahnsteig\r\nR\u00fcckfahrt: S-Bahnhof Hegerm\u00fchle (S5)<\/h5>\r\n<strong>| <span style=\"color: #ec6c23\">LGBTQIA+\u00a0<\/span>|<\/strong>\r\n\r\nIm Mai f\u00fchrt uns eine abwechslungsreiche Rundwanderung durch das wundersch\u00f6ne Landschaftsschutzgebiet Strausberger und Blumenthaler Wald- und Seengebiet. Der Weg verl\u00e4uft gr\u00f6\u00dftenteils entlang der Ufer von B\u00f6tzsee und F\u00e4ngersee und bietet immer wieder beeindruckende Ausblicke auf die Natur.\r\nDie ca. 13 km (ca. 5 Std.)<\/p>\n                                                                                                                                                    <p><a class=\"button\" href=\"https:\/\/wearevillage.org\/shop\/village-outdoor\/w22-2026\/\"\n                                                          rel=\"nofollow\">\n                                                            Zur Anmeldung                                                        <\/a>\n                                                    <\/p>\n                                                                                            <\/div>\n                                        <\/div>\n                                    <\/div>\n                                                                        <div id=\"event-33220\"\n                                         class=\"wav-fooevents-calendar-list-item fooevents-calendar-list-item\">\n                                        <h3 class=\"fooevents-shortcode-title\"><a\n                                                    href=\"https:\/\/wearevillage.org\/shop\/language-cafe\/w23-2026\/\">ABGESAGT \/ Queer Sprachcaf\u00e9<\/a>\n                                        <\/h3>\n                                        <span class=\"date\"\n                                              style=\"text-align: left\">04.06.2026 - 18:30<\/span>\n                                        <div class=\"fooevents-row\">\n                                                                                            <a class=\"fooevents-calendar-list-thumb\"\n                                                   href=\"https:\/\/wearevillage.org\/shop\/language-cafe\/w23-2026\/\"><img decoding=\"async\"\n                                                            src=\"https:\/\/wearevillage.org\/wp-content\/uploads\/2025\/07\/20240905-sprache-kaffee-new-624x624.png\"\/><\/a>\n                                                                                        <div class=\"fooevents-content\">\n                                                                                                    <p class=\"fooevents-calendar-list-desc\"><h5>Donnerstags\r\n(zweimal im Monat)\r\n18:30-20:30<\/h5>\r\nkostenlos mit Anmeldung\r\n\r\n<strong> | <span style=\"color: #ec6c23\">LGBTQIA+<\/span> |<\/strong>\r\n\r\nKommt zu unserem Sprachcaf\u00e9, wo ihr euch mit anderen austauschen und an lebhaften Gespr\u00e4chen teilnehmen k\u00f6nnt. Es ist eine gro\u00dfartige Gelegenheit, eure Sprech- und H\u00f6rf\u00e4higkeiten zu verbessern und neue W\u00f6rter zu lernen, w\u00e4hrend ihr in lockerer Umgebung neue Bekanntschaften kn\u00fcpft.<\/p>\n                                                                                                                                            <\/div>\n                                        <\/div>\n                                    <\/div>\n                                                                        <div id=\"event-43274\"\n                                         class=\"wav-fooevents-calendar-list-item fooevents-calendar-list-item\">\n                                        <h3 class=\"fooevents-shortcode-title\"><a\n                                                    href=\"https:\/\/wearevillage.org\/shop\/touch-and-move\/w24-2026\/\">*Touch and Move: Kontakt improvisieren, Community schaffen<\/a>\n                                        <\/h3>\n                                        <span class=\"date\"\n                                              style=\"text-align: left\">08.06.2026 - 20:00<\/span>\n                                        <div class=\"fooevents-row\">\n                                                                                            <a class=\"fooevents-calendar-list-thumb\"\n                                                   href=\"https:\/\/wearevillage.org\/shop\/touch-and-move\/w24-2026\/\"><img decoding=\"async\"\n                                                            src=\"https:\/\/wearevillage.org\/wp-content\/uploads\/2025\/12\/event-waw-touch-and-move-624x624.png\"\/><\/a>\n                                                                                        <div class=\"fooevents-content\">\n                                                                                                    <p class=\"fooevents-calendar-list-desc\"><h5>Montags\r\n20:00 - 21:30<\/h5>\r\n<strong>| <span style=\"color: #ec6c23\">GBTQ men*<\/span>\u00a0|<\/strong>\r\n\r\nTanz ist unsere Art, einen Raum f\u00fcr Erkundungen zu schaffen: Was passiert, wenn sich die K\u00f6rper queerer M\u00e4nner* treffen und ohne Erwartungen und Absichten in Ber\u00fchrung kommen? In der Contact Improvisation ist die Ber\u00fchrung der Ursprung, um Tanzbewegungen zu entdecken.<\/p>\n                                                                                                                                                    <p><a class=\"button\" href=\"https:\/\/wearevillage.org\/shop\/touch-and-move\/w24-2026\/\"\n                                                          rel=\"nofollow\">\n                                                            Zur Anmeldung                                                        <\/a>\n                                                    <\/p>\n                                                                                            <\/div>\n                                        <\/div>\n                                    <\/div>\n                                                                        <div id=\"event-33167\"\n                                         class=\"wav-fooevents-calendar-list-item fooevents-calendar-list-item\">\n                                        <h3 class=\"fooevents-shortcode-title\"><a\n                                                    href=\"https:\/\/wearevillage.org\/shop\/massage-exchange\/w24-2026\/\">Massage Exchange f\u00fcr GBTQ M\u00e4nner*<\/a>\n                                        <\/h3>\n                                        <span class=\"date\"\n                                              style=\"text-align: left\">09.06.2026 - 20:00<\/span>\n                                        <div class=\"fooevents-row\">\n                                                                                            <a class=\"fooevents-calendar-list-thumb\"\n                                                   href=\"https:\/\/wearevillage.org\/shop\/massage-exchange\/w24-2026\/\"><img decoding=\"async\"\n                                                            src=\"https:\/\/wearevillage.org\/wp-content\/uploads\/2022\/11\/event-waw-massage-exchange-624x624.png\"\/><\/a>\n                                                                                        <div class=\"fooevents-content\">\n                                                                                                    <p class=\"fooevents-calendar-list-desc\"><h5>Dienstags (einmal im Monat)\r\n20:00 - 22:30<\/h5>\r\n<p class=\"p1\"><strong>| <span style=\"color: #ec6c23\">GBTQ men*<\/span>\u00a0|<\/strong><\/p>\r\nMassage Exchange f\u00fcr GBTQ M\u00e4nner* ist ein monatliches Event, das einen sicheren und einladenden Raum bietet, um ganzk\u00f6rperliche Ber\u00fchrung und Massagetechniken (unter Verwendung von Massageliegen) zu praktizieren und zu erleben.<\/p>\n                                                                                                                                                    <p><a class=\"button\" href=\"https:\/\/wearevillage.org\/shop\/massage-exchange\/w24-2026\/\"\n                                                          rel=\"nofollow\">\n                                                            Anmelden                                                        <\/a>\n                                                    <\/p>\n                                                                                            <\/div>\n                                        <\/div>\n                                    <\/div>\n                                                                        <div id=\"event-43412\"\n                                         class=\"wav-fooevents-calendar-list-item fooevents-calendar-list-item\">\n                                        <h3 class=\"fooevents-shortcode-title\"><a\n                                                    href=\"https:\/\/wearevillage.org\/shop\/meditation\/w24-2026\/\">*Meditation<\/a>\n                                        <\/h3>\n                                        <span class=\"date\"\n                                              style=\"text-align: left\">10.06.2026 - 18:30<\/span>\n                                        <div class=\"fooevents-row\">\n                                                                                            <a class=\"fooevents-calendar-list-thumb\"\n                                                   href=\"https:\/\/wearevillage.org\/shop\/meditation\/w24-2026\/\"><img decoding=\"async\"\n                                                            src=\"https:\/\/wearevillage.org\/wp-content\/uploads\/2023\/09\/template-yellow-meditation-waw-624x624.png\"\/><\/a>\n                                                                                        <div class=\"fooevents-content\">\n                                                                                                    <p class=\"fooevents-calendar-list-desc\"><h5>Mittwochs\r\n18:30 - 19:30<\/h5>\r\n<strong>| <span style=\"color: #ec6c23\">LGBTQIA+<\/span>\u00a0|<\/strong>\r\n\r\nDie Queer Meditationsgruppe bietet einen sicheren und inklusiven Raum f\u00fcr LGBTQIA+ Personen, um sich durch sanfte K\u00f6rperabstimmung, Atemachtsamkeit und bewusste Sitzpraxis auf einen erkundenden Ansatz zur Meditation einzulassen. Vorherige Meditationserfahrung ist nicht erforderlich.<\/p>\n                                                                                                                                                    <p><a class=\"button\" href=\"https:\/\/wearevillage.org\/shop\/meditation\/w24-2026\/\"\n                                                          rel=\"nofollow\">\n                                                            Zur Anmeldung                                                        <\/a>\n                                                    <\/p>\n                                                                                            <\/div>\n                                        <\/div>\n                                    <\/div>\n                                                                        <div id=\"event-42768\"\n                                         class=\"wav-fooevents-calendar-list-item fooevents-calendar-list-item\">\n                                        <h3 class=\"fooevents-shortcode-title\"><a\n                                                    href=\"https:\/\/wearevillage.org\/shop\/yoga-for-queer-men\/w24-2026\/\">*Yoga f\u00fcr queere M\u00e4nner*<\/a>\n                                        <\/h3>\n                                        <span class=\"date\"\n                                              style=\"text-align: left\">10.06.2026 - 20:00<\/span>\n                                        <div class=\"fooevents-row\">\n                                                                                            <a class=\"fooevents-calendar-list-thumb\"\n                                                   href=\"https:\/\/wearevillage.org\/shop\/yoga-for-queer-men\/w24-2026\/\"><img decoding=\"async\"\n                                                            src=\"https:\/\/wearevillage.org\/wp-content\/uploads\/2025\/08\/20250731-new-yoga-624x624.png\"\/><\/a>\n                                                                                        <div class=\"fooevents-content\">\n                                                                                                    <p class=\"fooevents-calendar-list-desc\"><h5>Mittwochs\r\n20:00 - 21:30<\/h5>\r\n<p class=\"p1\"><strong>| <span style=\"color: #ec6c23\">GBTQ men*<\/span>\u00a0|<\/strong><\/p>\r\n<p class=\"p1\">Nehm an einem dynamischen und energiegeladenen Kurs teil, der dich durch gemeinsames Atmen und Bewegen Halt gibt und deinen Geist kl\u00e4rt. In einer unterst\u00fctzenden Umgebung, die Vielfalt und Queerness begr\u00fc\u00dft, sind alle Aspekte deiner Pers\u00f6nlichkeit willkommen.<\/p><\/p>\n                                                                                                                                                    <p><a class=\"button\" href=\"https:\/\/wearevillage.org\/shop\/yoga-for-queer-men\/w24-2026\/\"\n                                                          rel=\"nofollow\">\n                                                            Zur Anmeldung                                                        <\/a>\n                                                    <\/p>\n                                                                                            <\/div>\n                                        <\/div>\n                                    <\/div>\n                                                                        <div id=\"event-43059\"\n                                         class=\"wav-fooevents-calendar-list-item fooevents-calendar-list-item\">\n                                        <h3 class=\"fooevents-shortcode-title\"><a\n                                                    href=\"https:\/\/wearevillage.org\/shop\/book-club\/w23-2026\/\">Book Club<\/a>\n                                        <\/h3>\n                                        <span class=\"date\"\n                                              style=\"text-align: left\">11.06.2026 - 20:00<\/span>\n                                        <div class=\"fooevents-row\">\n                                                                                            <a class=\"fooevents-calendar-list-thumb\"\n                                                   href=\"https:\/\/wearevillage.org\/shop\/book-club\/w23-2026\/\"><img decoding=\"async\"\n                                                            src=\"https:\/\/wearevillage.org\/wp-content\/uploads\/2026\/04\/20260603-book-624x624.jpg\"\/><\/a>\n                                                                                        <div class=\"fooevents-content\">\n                                                                                                    <p class=\"fooevents-calendar-list-desc\"><h5>Donnerstag (alle 2 Monate)\r\n20:00 - 22:30\r\nkostenlos mit Anmeldung<\/h5>\r\n<p class=\"p1\"><strong>| <span style=\"color: #ec6c23\">LGBTQIA+<\/span>\u00a0|<\/strong><\/p>\r\n<strong>\"The Loves of My Life\" von Edmund White (2025)<\/strong>\r\n\r\nIn diesem sp\u00e4ten Memoir blickt Edmund White auf Jahrzehnte von Begehren, Intimit\u00e4t und queerer Erfahrung zur\u00fcck. Von den repressiven 1950er-Jahren bis ins digitale Zeitalter erz\u00e4hlt er von Begegnungen, Beziehungen und fl\u00fcchtigen Verbindungen, die sein Leben und Schreiben gepr\u00e4gt haben. Das Ergebnis ist ein offenes, witziges und sehr pers\u00f6nliches Portr\u00e4t von Liebe in all ihren Formen.<\/p>\n                                                                                                                                                    <p><a class=\"button\" href=\"https:\/\/wearevillage.org\/shop\/book-club\/w23-2026\/\"\n                                                          rel=\"nofollow\">\n                                                            Zur Anmeldung                                                        <\/a>\n                                                    <\/p>\n                                                                                            <\/div>\n                                        <\/div>\n                                    <\/div>\n                                                                        <div id=\"event-35641\"\n                                         class=\"wav-fooevents-calendar-list-item fooevents-calendar-list-item\">\n                                        <h3 class=\"fooevents-shortcode-title\"><a\n                                                    href=\"https:\/\/wearevillage.org\/shop\/heart-circle\/w24-2026\/\">Village Heart Circle<\/a>\n                                        <\/h3>\n                                        <span class=\"date\"\n                                              style=\"text-align: left\">12.06.2026 - 20:00<\/span>\n                                        <div class=\"fooevents-row\">\n                                                                                            <a class=\"fooevents-calendar-list-thumb\"\n                                                   href=\"https:\/\/wearevillage.org\/shop\/heart-circle\/w24-2026\/\"><img decoding=\"async\"\n                                                            src=\"https:\/\/wearevillage.org\/wp-content\/uploads\/2022\/11\/event-waw-heart-circle-624x624.png\"\/><\/a>\n                                                                                        <div class=\"fooevents-content\">\n                                                                                                    <p class=\"fooevents-calendar-list-desc\"><h5>Freitags (einmal pro Monat)\r\n20:00 \u2013 22:30\r\nkostenlos mit Anmeldung<\/h5>\r\n<strong>| <span style=\"color: #ec6c23\">GBTQ men*<\/span>\u00a0|<\/strong>\r\n\r\nHeart Circle ist ein Ort, an dem wir friedlich zusammensitzen, aus dem Herzen sprechen und mit dem Herzen zuh\u00f6ren k\u00f6nnen. Ein Ort, an dem wir die unterschiedlichen Lebensumst\u00e4nde, aus denen wir kommen, respektieren, ohne zu urteilen.<\/p>\n                                                                                                                                                    <p><a class=\"button\" href=\"https:\/\/wearevillage.org\/shop\/heart-circle\/w24-2026\/\"\n                                                          rel=\"nofollow\">\n                                                            Zur Anmeldung                                                        <\/a>\n                                                    <\/p>\n                                                                                            <\/div>\n                                        <\/div>\n                                    <\/div>\n                                                                        <div id=\"event-33307\"\n                                         class=\"wav-fooevents-calendar-list-item fooevents-calendar-list-item\">\n                                        <h3 class=\"fooevents-shortcode-title\"><a\n                                                    href=\"https:\/\/wearevillage.org\/shop\/naked-yoga\/w24-2026\/\">Nacktyoga f\u00fcr M\u00e4nner*<\/a>\n                                        <\/h3>\n                                        <span class=\"date\"\n                                              style=\"text-align: left\">13.06.2026 - 10:00<\/span>\n                                        <div class=\"fooevents-row\">\n                                                                                            <a class=\"fooevents-calendar-list-thumb\"\n                                                   href=\"https:\/\/wearevillage.org\/shop\/naked-yoga\/w24-2026\/\"><img decoding=\"async\"\n                                                            src=\"https:\/\/wearevillage.org\/wp-content\/uploads\/2023\/12\/event-waw-naked-yoga-1-624x624.png\"\/><\/a>\n                                                                                        <div class=\"fooevents-content\">\n                                                                                                    <p class=\"fooevents-calendar-list-desc\"><h5>Samstags (einmal pro Monat)\r\n10:00 - 12:00<\/h5>\r\n<p class=\"p1\"><strong>| <span style=\"color: #ec6c23\">GBTQ men*<\/span>\u00a0|<\/strong><\/p>\r\nIn dieser Nackt-Yogastunde werden wir unsere eigene Zerbrechlichkeit und Verletzlichkeit erforschen, frei von Bekleidung und in einer sicheren Umgebung. Wie lange dauert es, bis ich mich daran gew\u00f6hnt habe, so zu sein, wie die Natur mich geschaffen hat? Erotik und Sexualit\u00e4t stehen dabei nicht im Vordergrund. Alle Teile und Aspekte unseres K\u00f6rpers werden gleicherma\u00dfen als Teil unseres Lebens betrachtet.<\/p>\n                                                                                                                                                    <p><a class=\"button\" href=\"https:\/\/wearevillage.org\/shop\/naked-yoga\/w24-2026\/\"\n                                                          rel=\"nofollow\">\n                                                            Anmelden                                                        <\/a>\n                                                    <\/p>\n                                                                                            <\/div>\n                                        <\/div>\n                                    <\/div>\n                                                                        <div id=\"event-42717\"\n                                         class=\"wav-fooevents-calendar-list-item fooevents-calendar-list-item\">\n                                        <h3 class=\"fooevents-shortcode-title\"><a\n                                                    href=\"https:\/\/wearevillage.org\/shop\/men50plus\/w24-2026\/\">Men50+ _ Leben in Farbe<\/a>\n                                        <\/h3>\n                                        <span class=\"date\"\n                                              style=\"text-align: left\">13.06.2026 - 14:00<\/span>\n                                        <div class=\"fooevents-row\">\n                                                                                            <a class=\"fooevents-calendar-list-thumb\"\n                                                   href=\"https:\/\/wearevillage.org\/shop\/men50plus\/w24-2026\/\"><img decoding=\"async\"\n                                                            src=\"https:\/\/wearevillage.org\/wp-content\/uploads\/2024\/05\/20240705-CSD-Florian-624x624.png\"\/><\/a>\n                                                                                        <div class=\"fooevents-content\">\n                                                                                                    <p class=\"fooevents-calendar-list-desc\"><h5>Sonntag (einmal pro Monat)\r\n14:00 \u2013 16:00\r\nkostenfrei mit Anmeldung<\/h5>\r\n<strong>| <span style=\"color: #ec6c23\">GBTQ men*<\/span>\u00a0|<\/strong>\r\n\r\nQueere Menschen \u00fcber 50 sehen sich in einer von Jugendlichkeit, k\u00f6rperlicher Attraktivit\u00e4t und Heteronormativit\u00e4t gepr\u00e4gten Gesellschaft mit verschiedenen Problemen konfrontiert. In dieser Gruppe triffst du auf Gleichgesinnte. Gemeinsam wollen wir die Herausforderungen des \u00c4lterwerdens annehmen \u2013 und das Leben in vollen Z\u00fcgen genie\u00dfen!<\/p>\n                                                                                                                                                    <p><a class=\"button\" href=\"https:\/\/wearevillage.org\/shop\/men50plus\/w24-2026\/\"\n                                                          rel=\"nofollow\">\n                                                            Zur Anmeldung                                                        <\/a>\n                                                    <\/p>\n                                                                                            <\/div>\n                                        <\/div>\n                                    <\/div>\n                                                                        <div id=\"event-33256\"\n                                         class=\"wav-fooevents-calendar-list-item fooevents-calendar-list-item\">\n                                        <h3 class=\"fooevents-shortcode-title\"><a\n                                                    href=\"https:\/\/wearevillage.org\/shop\/potluck\/w24-2026\/\">Village Potluck<\/a>\n                                        <\/h3>\n                                        <span class=\"date\"\n                                              style=\"text-align: left\">13.06.2026 - 19:30<\/span>\n                                        <div class=\"fooevents-row\">\n                                                                                            <a class=\"fooevents-calendar-list-thumb\"\n                                                   href=\"https:\/\/wearevillage.org\/shop\/potluck\/w24-2026\/\"><img decoding=\"async\"\n                                                            src=\"https:\/\/wearevillage.org\/wp-content\/uploads\/2022\/11\/event-waw-potluck-1-624x624.png\"\/><\/a>\n                                                                                        <div class=\"fooevents-content\">\n                                                                                                    <p class=\"fooevents-calendar-list-desc\"><h5>Samstags (einmal pro Monat)\r\n19:30 \u2013 23:00<\/h5>\r\nKostenfrei\r\n\r\n<strong>| <span style=\"color: #ec6c23\">LGBTQI+ Friends<\/span>\u00a0|<\/strong>\r\n\r\nGemeinsam Zeit verbringen! In diesem Sinne l\u00e4dt dich das Village dazu ein, an diesem kostenlosen Event teilzunehmen, zu genie\u00dfen, zu lachen und neue Freundschaften zu schlie\u00dfen. Bring einfach etwas zu Essen deiner Wahl mit (wenn m\u00f6glich)\u00a0und wir essen & trinken zusammen in gem\u00fctlicher, lockerer Runde.<\/p>\n                                                                                                                                                    <p><a class=\"button\" href=\"https:\/\/wearevillage.org\/shop\/potluck\/w24-2026\/\"\n                                                          rel=\"nofollow\">\n                                                            Zur Anmeldung                                                        <\/a>\n                                                    <\/p>\n                                                                                            <\/div>\n                                        <\/div>\n                                    <\/div>\n                                                                        <div id=\"event-43746\"\n                                         class=\"wav-fooevents-calendar-list-item fooevents-calendar-list-item\">\n                                        <h3 class=\"fooevents-shortcode-title\"><a\n                                                    href=\"https:\/\/wearevillage.org\/shop\/c10-year-anniversary\/w24-2026\/\">10 Year Anniversary<\/a>\n                                        <\/h3>\n                                        <span class=\"date\"\n                                              style=\"text-align: left\">14.06.2026 - 18:00<\/span>\n                                        <div class=\"fooevents-row\">\n                                                                                            <a class=\"fooevents-calendar-list-thumb\"\n                                                   href=\"https:\/\/wearevillage.org\/shop\/c10-year-anniversary\/w24-2026\/\"><img decoding=\"async\"\n                                                            src=\"https:\/\/wearevillage.org\/wp-content\/uploads\/2026\/04\/10-years-wocommerce-100-624x624.jpg\"\/><\/a>\n                                                                                        <div class=\"fooevents-content\">\n                                                                                                    <p class=\"fooevents-calendar-list-desc\"><h5>Sonntag\r\n16:00 - 22:00\r\nEintritt frei mit Anmeldung<\/h5>\r\n<p class=\"p1\"><strong>| <span style=\"color: #ec6c23\">LGBTQIA+<\/span>|\u00a0<\/strong><\/p>\r\n\r\n<div class=\"page\" title=\"Page 1\">\r\n<div class=\"section\">\r\n<div class=\"layoutArea\">\r\n<div class=\"column\">\r\n\r\nVor zehn Jahren begann <strong>we are village<\/strong> als eine Idee \u2013 mit dem Glauben daran, dass R\u00e4ume entstehen k\u00f6nnen, die von F\u00fcrsorge, Verbindung und gemeinsamer Verantwortung getragen sind. Gewachsen ist dieser Ort durch die Menschen, die ihn betreten haben, die geblieben sind, die weitergezogen sind, die R\u00e4ume gehalten, gestaltet, unterst\u00fctzt, hinterfragt und mit uns gemeinsam getr\u00e4umt haben.\r\n\r\n<strong>Bitte melde dich bis zum 15. Mai <\/strong><a href=\"https:\/\/airtable.com\/appjeCqNKRScMJFFe\/paguVHa6d3DjAeROZ\/form\" target=\"_blank\" rel=\"noopener\"><strong>hier <\/strong><\/a><strong>an!<\/strong>\r\n\r\n<\/div>\r\n<\/div>\r\n<\/div>\r\n<\/div>\n                                                                                                                                            <\/div>\n                                        <\/div>\n                                    <\/div>\n                                                                        <div id=\"event-37077\"\n                                         class=\"wav-fooevents-calendar-list-item fooevents-calendar-list-item\">\n                                        <h3 class=\"fooevents-shortcode-title\"><a\n                                                    href=\"https:\/\/wearevillage.org\/shop\/embodied-consent\/w24-2026\/\">Embodied Consent<\/a>\n                                        <\/h3>\n                                        <span class=\"date\"\n                                              style=\"text-align: left\">14.06.2026 - 11:00<\/span>\n                                        <div class=\"fooevents-row\">\n                                                                                            <a class=\"fooevents-calendar-list-thumb\"\n                                                   href=\"https:\/\/wearevillage.org\/shop\/embodied-consent\/w24-2026\/\"><img decoding=\"async\"\n                                                            src=\"https:\/\/wearevillage.org\/wp-content\/uploads\/2023\/10\/event-waw-consent-new-624x624.png\"\/><\/a>\n                                                                                        <div class=\"fooevents-content\">\n                                                                                                    <p class=\"fooevents-calendar-list-desc\"><h5>Sonntags (einmal im Monat)\r\n11:00 \u2013 13:00\r\nkostenlos mit Anmeldung\r\nAuf Englisch<\/h5>\r\n<p class=\"p1\"><strong>| <span style=\"color: #ec6c23\">LGBTIQA+<\/span>\u00a0|<\/strong><\/p>\r\n<strong>Lernen \u00fcber Grenzen und Kommunikation<\/strong>\r\nWenn Sie noch nicht an einem Workshop zum Thema Consent im Village teilgenommen haben, ist es jetzt an der Zeit! Dieser Workshop ist sehr zu empfehlen f\u00fcr alle, die unser Projekt regelm\u00e4\u00dfig besuchen oder an einem unserer Workshops teilnehmen m\u00f6chten. Diese Erfahrung wird Ihnen nicht nur helfen, sich in der we.are.village-Community zurechtzufinden, sondern sie wird Sie auch dazu bef\u00e4higen, diese Werte in Ihr Leben zu \u00fcbertragen.<\/p>\n                                                                                                                                                    <p><a class=\"button\" href=\"https:\/\/wearevillage.org\/shop\/embodied-consent\/w24-2026\/\"\n                                                          rel=\"nofollow\">\n                                                            Zur Anmeldung                                                        <\/a>\n                                                    <\/p>\n                                                                                            <\/div>\n                                        <\/div>\n                                    <\/div>\n                                                    <\/div>\n                        <\/div>\n    <\/div>\n\n    \n\n\t\t<\/div>\n\t<\/div>\n<\/div><\/div><\/div><\/div><div class=\"vc_row wpb_row vc_row-fluid\"><div class=\"wpb_column vc_column_container vc_col-sm-12\"><div class=\"vc_column-inner\"><div class=\"wpb_wrapper\">\n\t<div class=\"wpb_text_column wpb_content_element\" >\n\t\t<div class=\"wpb_wrapper\">\n\t\t\t<p>F\u00fcr weitere Events nutze die obigen Suchfilter.<\/p>\n\n\t\t<\/div>\n\t<\/div>\n<\/div><\/div><\/div><\/div>\n<\/div>","protected":false},"excerpt":{"rendered":"Upcoming Events Kategorie Alle Online EventRadical empathyQueer Connectvillage*Buddy Programhidenauthentic erosMembershipStretchAuthentic Eros Events f\u00fcr GBTQ+ m\u00e4nner*Community EventsEinmalige EventsFestivalsGemeinsam statt einsamInstinct Kunst & KultureventsKostenloser ZugangMonatliche EventsQueer Bridges\u2026","protected":false},"author":8,"featured_media":0,"parent":0,"menu_order":36,"comment_status":"closed","ping_status":"closed","template":"","meta":{"pmpro_default_level":"","inline_featured_image":false,"footnotes":""},"class_list":["post-22226","page","type-page","status-publish","hentry","pmpro-has-access"],"wpml_current_locale":"de_DE","wpml_translations":{"en_US":{"locale":"en_US","id":22263,"slug":"calendar4app","post_title":"Calendar for App","href":"https:\/\/wearevillage.org\/en\/calendar4app\/"}},"app_access":{"can_access":true,"restrict_message":null},"language":{"code":"de","locale":"","name":"","is_rtl":false},"_links":{"self":[{"href":"https:\/\/wearevillage.org\/wp-json\/wp\/v2\/pages\/22226","targetHints":{"allow":["GET"]}}],"collection":[{"href":"https:\/\/wearevillage.org\/wp-json\/wp\/v2\/pages"}],"about":[{"href":"https:\/\/wearevillage.org\/wp-json\/wp\/v2\/types\/page"}],"author":[{"embeddable":true,"href":"https:\/\/wearevillage.org\/wp-json\/wp\/v2\/users\/8"}],"replies":[{"embeddable":true,"href":"https:\/\/wearevillage.org\/wp-json\/wp\/v2\/comments?post=22226"}],"version-history":[{"count":4,"href":"https:\/\/wearevillage.org\/wp-json\/wp\/v2\/pages\/22226\/revisions"}],"predecessor-version":[{"id":22233,"href":"https:\/\/wearevillage.org\/wp-json\/wp\/v2\/pages\/22226\/revisions\/22233"}],"wp:attachment":[{"href":"https:\/\/wearevillage.org\/wp-json\/wp\/v2\/media?parent=22226"}],"curies":[{"name":"wp","href":"https:\/\/api.w.org\/{rel}","templated":true}]}}