{"id":29383,"date":"2025-09-08T17:48:37","date_gmt":"2025-09-08T15:48:37","guid":{"rendered":"https:\/\/wearevillage.org\/?page_id=29383"},"modified":"2026-03-17T11:02:54","modified_gmt":"2026-03-17T10:02:54","slug":"renting-germain-page","status":"publish","type":"page","link":"https:\/\/wearevillage.org\/rental\/","title":{"rendered":"Renting Page (German)"},"content":{"rendered":"<div class=\"wpb-content-wrapper\"><div class=\"vc_row wpb_row vc_row-fluid\"><div class=\"wpb_column vc_column_container vc_col-sm-12\"><div class=\"vc_column-inner\"><div class=\"wpb_wrapper\"><h1 style=\"color: #000000;text-align: left\" class=\"vc_custom_heading vc_do_custom_heading\" >Veranstalten Sie Ihr n\u00e4chstes Event in Berlin im \u201ewe are village\u201c-Studio.<\/h1><div class=\"vc_empty_space\"   style=\"height: 32px\"><span class=\"vc_empty_space_inner\"><\/span><\/div><div class=\"wpb_images_carousel wpb_content_element vc_clearfix wpb_content_element\"><div class=\"wpb_wrapper\"><div id=\"vc_images-carousel-1-1777683905\" data-ride=\"vc_carousel\" data-wrap=\"false\" style=\"width: 1024px;\" data-interval=\"5000\" data-auto-height=\"yes\" data-mode=\"horizontal\" data-partial=\"false\" data-per-view=\"1\" data-hide-on-end=\"false\" class=\"vc_slide vc_images_carousel\"><ol class=\"vc_carousel-indicators\"><li data-target=\"#vc_images-carousel-1-1777683905\" data-slide-to=\"0\"><\/li><li data-target=\"#vc_images-carousel-1-1777683905\" data-slide-to=\"1\"><\/li><li data-target=\"#vc_images-carousel-1-1777683905\" data-slide-to=\"2\"><\/li><li data-target=\"#vc_images-carousel-1-1777683905\" data-slide-to=\"3\"><\/li><li data-target=\"#vc_images-carousel-1-1777683905\" data-slide-to=\"4\"><\/li><li data-target=\"#vc_images-carousel-1-1777683905\" data-slide-to=\"5\"><\/li><li data-target=\"#vc_images-carousel-1-1777683905\" data-slide-to=\"6\"><\/li><\/ol><div class=\"vc_carousel-inner\"><div class=\"vc_carousel-slideline\"><div class=\"vc_carousel-slideline-inner\"><div class=\"vc_item\"><div class=\"vc_inner\"><a class=\"\" href=\"https:\/\/wearevillage.org\/wp-content\/uploads\/2025\/09\/1village-cc116-1024x686.webp\" data-lightbox=\"lightbox[rel-29383-1934258567]\"><img loading=\"lazy\" decoding=\"async\" width=\"640\" height=\"429\" src=\"https:\/\/wearevillage.org\/wp-content\/uploads\/2025\/09\/1village-cc116-1024x686.webp\" class=\"attachment-large\" alt=\"\" title=\"1village-cc116\" srcset=\"https:\/\/wearevillage.org\/wp-content\/uploads\/2025\/09\/1village-cc116-1024x686.webp 1024w, https:\/\/wearevillage.org\/wp-content\/uploads\/2025\/09\/1village-cc116-300x201.webp 300w, https:\/\/wearevillage.org\/wp-content\/uploads\/2025\/09\/1village-cc116-150x100.webp 150w, https:\/\/wearevillage.org\/wp-content\/uploads\/2025\/09\/1village-cc116-768x514.webp 768w, https:\/\/wearevillage.org\/wp-content\/uploads\/2025\/09\/1village-cc116-624x418.webp 624w, https:\/\/wearevillage.org\/wp-content\/uploads\/2025\/09\/1village-cc116-390x261.webp 390w, https:\/\/wearevillage.org\/wp-content\/uploads\/2025\/09\/1village-cc116-600x402.webp 600w, https:\/\/wearevillage.org\/wp-content\/uploads\/2025\/09\/1village-cc116.webp 1280w\" sizes=\"auto, (max-width: 640px) 100vw, 640px\" \/><\/a><\/div><\/div><div class=\"vc_item\"><div class=\"vc_inner\"><a class=\"\" href=\"https:\/\/wearevillage.org\/wp-content\/uploads\/2025\/09\/2village-cc015-1024x686.webp\" data-lightbox=\"lightbox[rel-29383-1934258567]\"><img loading=\"lazy\" decoding=\"async\" width=\"640\" height=\"429\" src=\"https:\/\/wearevillage.org\/wp-content\/uploads\/2025\/09\/2village-cc015-1024x686.webp\" class=\"attachment-large\" alt=\"\" title=\"2village-cc015\" srcset=\"https:\/\/wearevillage.org\/wp-content\/uploads\/2025\/09\/2village-cc015-1024x686.webp 1024w, https:\/\/wearevillage.org\/wp-content\/uploads\/2025\/09\/2village-cc015-300x201.webp 300w, https:\/\/wearevillage.org\/wp-content\/uploads\/2025\/09\/2village-cc015-150x100.webp 150w, https:\/\/wearevillage.org\/wp-content\/uploads\/2025\/09\/2village-cc015-768x514.webp 768w, https:\/\/wearevillage.org\/wp-content\/uploads\/2025\/09\/2village-cc015-624x418.webp 624w, https:\/\/wearevillage.org\/wp-content\/uploads\/2025\/09\/2village-cc015-390x261.webp 390w, https:\/\/wearevillage.org\/wp-content\/uploads\/2025\/09\/2village-cc015-600x402.webp 600w, https:\/\/wearevillage.org\/wp-content\/uploads\/2025\/09\/2village-cc015.webp 1280w\" sizes=\"auto, (max-width: 640px) 100vw, 640px\" \/><\/a><\/div><\/div><div class=\"vc_item\"><div class=\"vc_inner\"><a class=\"\" href=\"https:\/\/wearevillage.org\/wp-content\/uploads\/2025\/09\/village-cc060-1024x686.webp\" data-lightbox=\"lightbox[rel-29383-1934258567]\"><img loading=\"lazy\" decoding=\"async\" width=\"640\" height=\"429\" src=\"https:\/\/wearevillage.org\/wp-content\/uploads\/2025\/09\/village-cc060-1024x686.webp\" class=\"attachment-large\" alt=\"\" title=\"village-cc060\" srcset=\"https:\/\/wearevillage.org\/wp-content\/uploads\/2025\/09\/village-cc060-1024x686.webp 1024w, https:\/\/wearevillage.org\/wp-content\/uploads\/2025\/09\/village-cc060-300x201.webp 300w, https:\/\/wearevillage.org\/wp-content\/uploads\/2025\/09\/village-cc060-150x100.webp 150w, https:\/\/wearevillage.org\/wp-content\/uploads\/2025\/09\/village-cc060-768x514.webp 768w, https:\/\/wearevillage.org\/wp-content\/uploads\/2025\/09\/village-cc060-624x418.webp 624w, https:\/\/wearevillage.org\/wp-content\/uploads\/2025\/09\/village-cc060-390x261.webp 390w, https:\/\/wearevillage.org\/wp-content\/uploads\/2025\/09\/village-cc060-600x402.webp 600w, https:\/\/wearevillage.org\/wp-content\/uploads\/2025\/09\/village-cc060.webp 1280w\" sizes=\"auto, (max-width: 640px) 100vw, 640px\" \/><\/a><\/div><\/div><div class=\"vc_item\"><div class=\"vc_inner\"><a class=\"\" href=\"https:\/\/wearevillage.org\/wp-content\/uploads\/2025\/09\/17village-cc018-1024x686.webp\" data-lightbox=\"lightbox[rel-29383-1934258567]\"><img loading=\"lazy\" decoding=\"async\" width=\"640\" height=\"429\" src=\"https:\/\/wearevillage.org\/wp-content\/uploads\/2025\/09\/17village-cc018-1024x686.webp\" class=\"attachment-large\" alt=\"\" title=\"17village-cc018\" srcset=\"https:\/\/wearevillage.org\/wp-content\/uploads\/2025\/09\/17village-cc018-1024x686.webp 1024w, https:\/\/wearevillage.org\/wp-content\/uploads\/2025\/09\/17village-cc018-300x201.webp 300w, https:\/\/wearevillage.org\/wp-content\/uploads\/2025\/09\/17village-cc018-150x100.webp 150w, https:\/\/wearevillage.org\/wp-content\/uploads\/2025\/09\/17village-cc018-768x514.webp 768w, https:\/\/wearevillage.org\/wp-content\/uploads\/2025\/09\/17village-cc018-624x418.webp 624w, https:\/\/wearevillage.org\/wp-content\/uploads\/2025\/09\/17village-cc018-390x261.webp 390w, https:\/\/wearevillage.org\/wp-content\/uploads\/2025\/09\/17village-cc018-600x402.webp 600w, https:\/\/wearevillage.org\/wp-content\/uploads\/2025\/09\/17village-cc018.webp 1280w\" sizes=\"auto, (max-width: 640px) 100vw, 640px\" \/><\/a><\/div><\/div><div class=\"vc_item\"><div class=\"vc_inner\"><a class=\"\" href=\"https:\/\/wearevillage.org\/wp-content\/uploads\/2025\/09\/IMG_5048-1-1024x683.jpg\" data-lightbox=\"lightbox[rel-29383-1934258567]\"><img loading=\"lazy\" decoding=\"async\" width=\"640\" height=\"427\" src=\"https:\/\/wearevillage.org\/wp-content\/uploads\/2025\/09\/IMG_5048-1-1024x683.jpg\" class=\"attachment-large\" alt=\"\" title=\"Processed with VSCO with s3 preset\" srcset=\"https:\/\/wearevillage.org\/wp-content\/uploads\/2025\/09\/IMG_5048-1-1024x683.jpg 1024w, https:\/\/wearevillage.org\/wp-content\/uploads\/2025\/09\/IMG_5048-1-300x200.jpg 300w, https:\/\/wearevillage.org\/wp-content\/uploads\/2025\/09\/IMG_5048-1-150x100.jpg 150w, https:\/\/wearevillage.org\/wp-content\/uploads\/2025\/09\/IMG_5048-1-768x512.jpg 768w, https:\/\/wearevillage.org\/wp-content\/uploads\/2025\/09\/IMG_5048-1-1536x1024.jpg 1536w, https:\/\/wearevillage.org\/wp-content\/uploads\/2025\/09\/IMG_5048-1-624x416.jpg 624w, https:\/\/wearevillage.org\/wp-content\/uploads\/2025\/09\/IMG_5048-1-390x260.jpg 390w, https:\/\/wearevillage.org\/wp-content\/uploads\/2025\/09\/IMG_5048-1-600x400.jpg 600w, https:\/\/wearevillage.org\/wp-content\/uploads\/2025\/09\/IMG_5048-1.jpg 1776w\" sizes=\"auto, (max-width: 640px) 100vw, 640px\" \/><\/a><\/div><\/div><div class=\"vc_item\"><div class=\"vc_inner\"><a class=\"\" href=\"https:\/\/wearevillage.org\/wp-content\/uploads\/2025\/09\/IMG_5040-2-1024x683.jpg\" data-lightbox=\"lightbox[rel-29383-1934258567]\"><img loading=\"lazy\" decoding=\"async\" width=\"640\" height=\"427\" src=\"https:\/\/wearevillage.org\/wp-content\/uploads\/2025\/09\/IMG_5040-2-1024x683.jpg\" class=\"attachment-large\" alt=\"\" title=\"Processed with VSCO with s3 preset\" srcset=\"https:\/\/wearevillage.org\/wp-content\/uploads\/2025\/09\/IMG_5040-2-1024x683.jpg 1024w, https:\/\/wearevillage.org\/wp-content\/uploads\/2025\/09\/IMG_5040-2-300x200.jpg 300w, https:\/\/wearevillage.org\/wp-content\/uploads\/2025\/09\/IMG_5040-2-150x100.jpg 150w, https:\/\/wearevillage.org\/wp-content\/uploads\/2025\/09\/IMG_5040-2-768x512.jpg 768w, https:\/\/wearevillage.org\/wp-content\/uploads\/2025\/09\/IMG_5040-2-1536x1024.jpg 1536w, https:\/\/wearevillage.org\/wp-content\/uploads\/2025\/09\/IMG_5040-2-624x416.jpg 624w, https:\/\/wearevillage.org\/wp-content\/uploads\/2025\/09\/IMG_5040-2-390x260.jpg 390w, https:\/\/wearevillage.org\/wp-content\/uploads\/2025\/09\/IMG_5040-2-600x400.jpg 600w, https:\/\/wearevillage.org\/wp-content\/uploads\/2025\/09\/IMG_5040-2.jpg 1776w\" sizes=\"auto, (max-width: 640px) 100vw, 640px\" \/><\/a><\/div><\/div><div class=\"vc_item\"><div class=\"vc_inner\"><a class=\"\" href=\"https:\/\/wearevillage.org\/wp-content\/uploads\/2025\/09\/IMG_5053-1024x683.jpg\" data-lightbox=\"lightbox[rel-29383-1934258567]\"><img loading=\"lazy\" decoding=\"async\" width=\"640\" height=\"427\" src=\"https:\/\/wearevillage.org\/wp-content\/uploads\/2025\/09\/IMG_5053-1024x683.jpg\" class=\"attachment-large\" alt=\"\" title=\"Processed with VSCO with s3 preset\" srcset=\"https:\/\/wearevillage.org\/wp-content\/uploads\/2025\/09\/IMG_5053-1024x683.jpg 1024w, https:\/\/wearevillage.org\/wp-content\/uploads\/2025\/09\/IMG_5053-300x200.jpg 300w, https:\/\/wearevillage.org\/wp-content\/uploads\/2025\/09\/IMG_5053-150x100.jpg 150w, https:\/\/wearevillage.org\/wp-content\/uploads\/2025\/09\/IMG_5053-768x512.jpg 768w, https:\/\/wearevillage.org\/wp-content\/uploads\/2025\/09\/IMG_5053-1536x1024.jpg 1536w, https:\/\/wearevillage.org\/wp-content\/uploads\/2025\/09\/IMG_5053-624x416.jpg 624w, https:\/\/wearevillage.org\/wp-content\/uploads\/2025\/09\/IMG_5053-390x260.jpg 390w, https:\/\/wearevillage.org\/wp-content\/uploads\/2025\/09\/IMG_5053-600x400.jpg 600w, https:\/\/wearevillage.org\/wp-content\/uploads\/2025\/09\/IMG_5053.jpg 1776w\" sizes=\"auto, (max-width: 640px) 100vw, 640px\" \/><\/a><\/div><\/div><\/div><\/div><\/div><a class=\"vc_left vc_carousel-control\" href=\"#vc_images-carousel-1-1777683905\" data-slide=\"prev\"><span class=\"icon-prev\"><\/span><\/a><a class=\"vc_right vc_carousel-control\" href=\"#vc_images-carousel-1-1777683905\" data-slide=\"next\"><span class=\"icon-next\"><\/span><\/a><\/div><\/div><\/div>\n\t<div class=\"wpb_text_column wpb_content_element\" >\n\t\t<div class=\"wpb_wrapper\">\n\t\t\t<p data-start=\"67\" data-end=\"260\"><strong data-start=\"67\" data-end=\"79\">Adresse:<\/strong> Kurf\u00fcrstenstra\u00dfe 31, 10785 Berlin [<a href=\"https:\/\/maps.app.goo.gl\/qVM4ZzxSfesve8NLA\">Google Maps<\/a>]<br data-start=\"132\" data-end=\"135\" \/><strong data-start=\"135\" data-end=\"149\" data-is-only-node=\"\">Kapazit\u00e4t:<\/strong> 270 m\u00b2 | 50 Personen<br data-start=\"171\" data-end=\"174\" \/><strong data-start=\"174\" data-end=\"190\">Ausstattung:<\/strong> H\u00fcbscher Gartenhof | Voll ausgestattete K\u00fcche | Komplette AV-Anlage<\/p>\n\n\t\t<\/div>\n\t<\/div>\n\n\t<div class=\"wpb_raw_code wpb_raw_html wpb_content_element\" >\n\t\t<div class=\"wpb_wrapper\">\n\t\t\t<script type=\"application\/ld+json\">\r\n{\r\n  \"@context\": \"https:\/\/schema.org\",\r\n  \"@type\": \"EventSpace\",\r\n  \"name\": \"We Are Village\",\r\n  \"description\": \"Community- und Veranstaltungsraum in Berlin f\u00fcr Workshops, Team-Events und Gruppenmieten.\",\r\n  \"url\": \"https:\/\/wearevillage.org\/rental\",\r\n  \"email\": \"rental@village.berlin\",\r\n  \"telephone\": \"+4915773824686\",\r\n  \"address\": {\r\n    \"@type\": \"PostalAddress\",\r\n    \"streetAddress\": \" Kurf\u00fcrstenstra\u00dfe 31\",\r\n    \"postalCode\": \"10785\",\r\n    \"addressLocality\": \"Berlin\",\r\n    \"addressCountry\": \"DE\"\r\n  },\r\n  \"image\": \"https:\/\/wearevillage.org\/path-to-main-rental-image.jpg\"\r\n}\r\n<\/script>\r\n\n\t\t<\/div>\n\t<\/div>\n<\/div><\/div><\/div><\/div><div class=\"vc_row wpb_row vc_row-fluid\"><div class=\"wpb_column vc_column_container vc_col-sm-12\"><div class=\"vc_column-inner\"><div class=\"wpb_wrapper\"><div class=\"vc_separator wpb_content_element vc_separator_align_center vc_sep_width_10 vc_sep_border_width_5 vc_sep_pos_align_left vc_separator_no_text wpb_content_element  wpb_content_element\" ><span class=\"vc_sep_holder vc_sep_holder_l\"><span style=\"border-color:#fbd200;\" class=\"vc_sep_line\"><\/span><\/span><span class=\"vc_sep_holder vc_sep_holder_r\"><span style=\"border-color:#fbd200;\" class=\"vc_sep_line\"><\/span><\/span>\n<\/div><h3 style=\"text-align: left\" class=\"vc_custom_heading vc_do_custom_heading vc_custom_1757348094280\" >Informationen zum Raum<\/h3><div class=\"vc_separator wpb_content_element vc_separator_align_center vc_sep_width_10 vc_sep_border_width_5 vc_sep_pos_align_left vc_separator_no_text wpb_content_element  wpb_content_element\" ><span class=\"vc_sep_holder vc_sep_holder_l\"><span style=\"border-color:#fbd200;\" class=\"vc_sep_line\"><\/span><\/span><span class=\"vc_sep_holder vc_sep_holder_r\"><span style=\"border-color:#fbd200;\" class=\"vc_sep_line\"><\/span><\/span>\n<\/div>\n\t<div class=\"wpb_text_column wpb_content_element\" >\n\t\t<div class=\"wpb_wrapper\">\n\t\t\t<p><span style=\"font-weight: 400;\">Unser stilvolles Loft, gelegen im Mitte\/Tiergarten, Berlin in einer ehemaligen Ballonfabrik, bietet den idealen Rahmen f\u00fcr Ihre Workshops und Meetings. Es zeichnet sich durch helle R\u00e4ume aus, die dank gro\u00dfz\u00fcgiger Fensterfronten mit reichlich Tageslicht durchflutet werden. Eine schlichte, aber elegante Einrichtung unterstreicht die Atmosph\u00e4re, w\u00e4hrend eine voll ausgestattete K\u00fcche allen G\u00e4sten ohne zus\u00e4tzliche Kosten zur Verf\u00fcgung steht. Der Hauptraum des Lofts eignet sich ideal als Workshop-Raum, Veranstaltungsort f\u00fcr Firmenmeetings oder Team-Offsite f\u00fcr alle Arten von Veranstaltungen, und die gesamte Fl\u00e4che nach der Buchung exklusiv zur Verf\u00fcgung steht. Der Workshop-Raum bietet Platz f\u00fcr bis zu zu 50 Personen Sitzpl\u00e4tze oder bis zu 130 Personen Stehpl\u00e4tze f\u00fcr gr\u00f6\u00dfere Zusammenk\u00fcnfte.\u00a0<\/span><\/p>\n<p><span style=\"font-weight: 400;\">Im Mietpreis enthalten sind die Nutzung unserer hochwertigen Soundanlage sowie der Zugang zu WLAN. F\u00fcr ein rundum sorgloses Erlebnis bieten wir Ihnen gegen einen kleinen Aufpreis zus\u00e4tzliche Leistungen an, wie etwa Flipcharts, einen Beamer mit Leinwand, eine Auswahl an Getr\u00e4nken sowie Fr\u00fchst\u00fccks- und Snackservice. So haben Ihre G\u00e4ste alles, was sie f\u00fcr eine erfolgreiche Veranstaltung ben\u00f6tigen. Da unser Raum in der Regel f\u00fcr Embodiment- und Self-Care-Workshops genutzt wird, freuen wir uns, Ihrem Team auf Wunsch zus\u00e4tzliche Erlebnisse wie Yogastunden, gef\u00fchrte Meditationen oder Massagepausen gegen Aufpreis anbieten zu k\u00f6nnen.<\/span><\/p>\n<p><span style=\"font-weight: 400;\">Die Lage unseres Workshop-Raums garantiert eine unkomplizierte Anreise, insbesondere dank der hervorragenden Anbindung an den \u00f6ffentlichen Nahverkehr: Die U-Bahn-Linien U1 und U2 sind nur wenige Gehminuten entfernt, in der N\u00e4he des Bahnhofs Gleisdreieck mit seinen Gr\u00fcnfl\u00e4chen. Die zentrale Lage bietet die perfekte Gelegenheit, Berlins kulturelle Highlights zu entdecken oder den Abend in einem der zahlreichen Restaurants der Stadt ausklingen zu lassen. Wenn Sie also eine Veranstaltung in einem ansprechenden und bestens angebundenen Umfeld planen, ist unser Loft die ideale Wahl.<\/span><\/p>\n<p><b>Perfekt geeignet f\u00fcr<\/b><span style=\"font-weight: 400;\">: Kreativmeeting, Offsite-Meeting, Teammeeting, Workshop, Coaching-Session, Produktshooting, Customer Appreciation Event, Teambuilding-Event, Networking-Event, Pressekonferenz, Konferenz, Business Lunch, Kulturevent, Firmenincentive, Ausstellung<\/span><\/p>\n\n\t\t<\/div>\n\t<\/div>\n<div class=\"vc_separator wpb_content_element vc_separator_align_center vc_sep_width_10 vc_sep_border_width_5 vc_sep_pos_align_left vc_separator_no_text wpb_content_element  wpb_content_element\" ><span class=\"vc_sep_holder vc_sep_holder_l\"><span style=\"border-color:#fbd200;\" class=\"vc_sep_line\"><\/span><\/span><span class=\"vc_sep_holder vc_sep_holder_r\"><span style=\"border-color:#fbd200;\" class=\"vc_sep_line\"><\/span><\/span>\n<\/div><\/div><\/div><\/div><\/div><div id=\"2\" class=\"vc_row wpb_row vc_row-fluid\"><div class=\"wpb_column vc_column_container vc_col-sm-12\"><div class=\"vc_column-inner\"><div class=\"wpb_wrapper\"><h3 style=\"text-align: left\" class=\"vc_custom_heading vc_do_custom_heading vc_custom_1757348149313\" >Was andere \u00fcber uns sagen<\/h3><div class=\"vc_separator wpb_content_element vc_separator_align_center vc_sep_width_10 vc_sep_border_width_5 vc_sep_pos_align_left vc_separator_no_text wpb_content_element  wpb_content_element\" ><span class=\"vc_sep_holder vc_sep_holder_l\"><span style=\"border-color:#fbd200;\" class=\"vc_sep_line\"><\/span><\/span><span class=\"vc_sep_holder vc_sep_holder_r\"><span style=\"border-color:#fbd200;\" class=\"vc_sep_line\"><\/span><\/span>\n<\/div><div class=\"vc_row wpb_row vc_inner vc_row-fluid\"><div class=\"wpb_column vc_column_container vc_col-sm-3\"><div class=\"vc_column-inner\"><div class=\"wpb_wrapper\">\n\t<div class=\"wpb_raw_code wpb_raw_html wpb_content_element\" >\n\t\t<div class=\"wpb_wrapper\">\n\t\t\t<div class=\"review\">\n  <div class=\"review-header\">\n    <span class=\"stars\">\u2605\u2605\u2605\u2605\u2605<\/span>\n    <span class=\"reviewer\">\u2013 Alejandro M., 7. Mai 2025<\/span>\n  <\/div>\n  <p class=\"comment\">Alles war gro\u00dfartig: Service, Einrichtung, Dekoration \u2026 Der Raum ist allerdings etwas dunkel.<\/p>\n<\/div>\n\t\t<\/div>\n\t<\/div>\n<\/div><\/div><\/div><div class=\"wpb_column vc_column_container vc_col-sm-3\"><div class=\"vc_column-inner\"><div class=\"wpb_wrapper\">\n\t<div class=\"wpb_raw_code wpb_raw_html wpb_content_element\" >\n\t\t<div class=\"wpb_wrapper\">\n\t\t\t<div class=\"review\">\n  <div class=\"review-header\">\n    <span class=\"stars\">\u2605\u2605\u2605\u2605\u2606<\/span>\n    <span class=\"reviewer\">\u2013 Mirja P., 6. Mai 2025<\/span>\n  <\/div>\n  <p class=\"comment\">Ich w\u00fcrde es wieder buchen!<\/p>\n<\/div>\n\t\t<\/div>\n\t<\/div>\n<\/div><\/div><\/div><div class=\"wpb_column vc_column_container vc_col-sm-3\"><div class=\"vc_column-inner\"><div class=\"wpb_wrapper\">\n\t<div class=\"wpb_raw_code wpb_raw_html wpb_content_element\" >\n\t\t<div class=\"wpb_wrapper\">\n\t\t\t<div class=\"review\">\n  <div class=\"review-header\">\n    <span class=\"stars\">\u2605\u2605\u2605\u2605\u2606<\/span>\n    <span class=\"reviewer\">\u2013 Cleo, 30. April 2025<\/span>\n  <\/div>\n  <p class=\"comment\">Der Raum war in Bezug auf Gr\u00f6\u00dfe, Einrichtung und Atmosph\u00e4re hervorragend. Es war ein Raum, in dem ich mich jeden Tag gerne etwas l\u00e4nger aufgehalten h\u00e4tte und der sich perfekt f\u00fcr Workshops unterschiedlichster Art eignet. Dar\u00fcber hinaus war die Kommunikation sehr offen, herzlich und unkompliziert.<\/p>\n<\/div>\n\t\t<\/div>\n\t<\/div>\n<\/div><\/div><\/div><div class=\"wpb_column vc_column_container vc_col-sm-3\"><div class=\"vc_column-inner\"><div class=\"wpb_wrapper\">\n\t<div class=\"wpb_raw_code wpb_raw_html wpb_content_element\" >\n\t\t<div class=\"wpb_wrapper\">\n\t\t\t<div class=\"review\">\n  <div class=\"review-header\">\n    <span class=\"stars\">\u2605\u2605\u2605\u2605\u2606<\/span>\n    <span class=\"reviewer\">\u2013 Sebastian R., 10. April 2025<\/span>\n  <\/div>\n  <p class=\"comment\">Wir haben uns in dem Raum sehr wohlgef\u00fchlt. Die im Voraus getroffenen Absprachen sowie die Betreuung vor Ort waren gro\u00dfartig. Besonders gefallen hat uns die M\u00f6glichkeit, in kleinen Gruppen in verschiedenen \u201eEcken\u201c des Raumes zu arbeiten. Alles war rundum gelungen!<\/p>\n<\/div>\n\t\t<\/div>\n\t<\/div>\n<\/div><\/div><\/div><\/div><\/div><\/div><\/div><\/div><div class=\"vc_row wpb_row vc_row-fluid\"><div class=\"wpb_column vc_column_container vc_col-sm-12\"><div class=\"vc_column-inner\"><div class=\"wpb_wrapper\"><div class=\"vc_separator wpb_content_element vc_separator_align_center vc_sep_width_10 vc_sep_border_width_5 vc_sep_pos_align_left vc_separator_no_text wpb_content_element  wpb_content_element\" ><span class=\"vc_sep_holder vc_sep_holder_l\"><span style=\"border-color:#fbd200;\" class=\"vc_sep_line\"><\/span><\/span><span class=\"vc_sep_holder vc_sep_holder_r\"><span style=\"border-color:#fbd200;\" class=\"vc_sep_line\"><\/span><\/span>\n<\/div><h3 style=\"text-align: left\" class=\"vc_custom_heading vc_do_custom_heading vc_custom_1757348198430\" >Bereit zur Buchung?<\/h3><div class=\"vc_separator wpb_content_element vc_separator_align_center vc_sep_width_10 vc_sep_border_width_5 vc_sep_pos_align_left vc_separator_no_text wpb_content_element  wpb_content_element\" ><span class=\"vc_sep_holder vc_sep_holder_l\"><span style=\"border-color:#fbd200;\" class=\"vc_sep_line\"><\/span><\/span><span class=\"vc_sep_holder vc_sep_holder_r\"><span style=\"border-color:#fbd200;\" class=\"vc_sep_line\"><\/span><\/span>\n<\/div>\n\t<div class=\"wpb_text_column wpb_content_element\" >\n\t\t<div class=\"wpb_wrapper\">\n\t\t\t<p data-start=\"65\" data-end=\"139\"><strong data-start=\"65\" data-end=\"137\">Wir w\u00fcrden uns sehr freuen, Ihr n\u00e4chstes Event bei uns auszurichten.<\/strong><\/p>\n<p data-start=\"141\" data-end=\"406\">Kontaktieren Sie uns, um zu pr\u00fcfen, ob das Studio an Ihrem Wunschtermin verf\u00fcgbar ist.<br data-start=\"227\" data-end=\"230\" \/>Gerne teilen wir Ihnen auch unsere Preisinformationen sowie unser Angebot an Extras mit \u2013 darunter Food- und Drink-Pakete, technische Ausstattung und Zusatzangebote wie Yoga.<\/p>\n<p data-start=\"408\" data-end=\"469\"><strong data-start=\"408\" data-end=\"439\">Kontaktieren Sie uns unter:<\/strong><br data-start=\"439\" data-end=\"442\" \/>rental@village.berlin<\/p>\n<p data-start=\"471\" data-end=\"508\">Wir freuen uns, von Ihnen zu h\u00f6ren!<\/p>\n\n\t\t<\/div>\n\t<\/div>\n<\/div><\/div><\/div><\/div><div class=\"vc_row wpb_row vc_row-fluid\"><div class=\"wpb_column vc_column_container vc_col-sm-12\"><div class=\"vc_column-inner\"><div class=\"wpb_wrapper\"><\/div><\/div><\/div><\/div>\n<\/div>","protected":false},"excerpt":{"rendered":"Veranstalten Sie Ihr n\u00e4chstes Event in Berlin im \u201ewe are village\u201c-Studio. Adresse: Kurf\u00fcrstenstra\u00dfe 31, 10785 Berlin [Google Maps]Kapazit\u00e4t: 270 m\u00b2 | 50 PersonenAusstattung: H\u00fcbscher Gartenhof\u2026","protected":false},"author":3441,"featured_media":0,"parent":0,"menu_order":0,"comment_status":"closed","ping_status":"closed","template":"","meta":{"pmpro_default_level":"","inline_featured_image":false,"footnotes":""},"class_list":["post-29383","page","type-page","status-publish","hentry","pmpro-has-access"],"wpml_current_locale":"de_DE","wpml_translations":{"en_US":{"locale":"en_US","id":29384,"slug":"rent-the-village-studio-space","post_title":"Rent the village studio space !","href":"https:\/\/wearevillage.org\/en\/rental"}},"app_access":{"can_access":true,"restrict_message":null},"language":{"code":"de","locale":"","name":"","is_rtl":false},"_links":{"self":[{"href":"https:\/\/wearevillage.org\/wp-json\/wp\/v2\/pages\/29383","targetHints":{"allow":["GET"]}}],"collection":[{"href":"https:\/\/wearevillage.org\/wp-json\/wp\/v2\/pages"}],"about":[{"href":"https:\/\/wearevillage.org\/wp-json\/wp\/v2\/types\/page"}],"author":[{"embeddable":true,"href":"https:\/\/wearevillage.org\/wp-json\/wp\/v2\/users\/3441"}],"replies":[{"embeddable":true,"href":"https:\/\/wearevillage.org\/wp-json\/wp\/v2\/comments?post=29383"}],"version-history":[{"count":15,"href":"https:\/\/wearevillage.org\/wp-json\/wp\/v2\/pages\/29383\/revisions"}],"predecessor-version":[{"id":41390,"href":"https:\/\/wearevillage.org\/wp-json\/wp\/v2\/pages\/29383\/revisions\/41390"}],"wp:attachment":[{"href":"https:\/\/wearevillage.org\/wp-json\/wp\/v2\/media?parent=29383"}],"curies":[{"name":"wp","href":"https:\/\/api.w.org\/{rel}","templated":true}]}}