{"id":216,"date":"2022-05-06T16:43:12","date_gmt":"2022-05-06T14:43:12","guid":{"rendered":"https:\/\/wearevillage.menschlabor.info\/?page_id=216"},"modified":"2026-01-23T16:53:20","modified_gmt":"2026-01-23T15:53:20","slug":"team-2","status":"publish","type":"page","link":"https:\/\/wearevillage.org\/team-2\/","title":{"rendered":"Team"},"content":{"rendered":"<div class=\"wpb-content-wrapper\"><div id=\"organisation\" class=\"vc_row wpb_row vc_row-fluid\"><div class=\"wpb_column vc_column_container vc_col-sm-10\"><div class=\"vc_column-inner\"><div class=\"wpb_wrapper\"><h2 style=\"text-align: left\" class=\"vc_custom_heading vc_do_custom_heading\" >Triff das Team der<\/h2><h1 style=\"text-align: left\" class=\"vc_custom_heading vc_do_custom_heading\" >Organisation<\/h1><\/div><\/div><\/div><div class=\"wpb_column vc_column_container vc_col-sm-2\"><div class=\"vc_column-inner\"><div class=\"wpb_wrapper\"><\/div><\/div><\/div><\/div><div class=\"vc_row wpb_row vc_row-fluid team-bios\"><div class=\"team-bio wpb_column vc_column_container vc_col-sm-4\"><div class=\"vc_column-inner\"><div class=\"wpb_wrapper\"><div class=\"ult-content-box-container \" >\t\t<div class=\"ult-content-box\" style=\"box-shadow: px px px px none;-webkit-transition: all 700ms ease;-moz-transition: all 700ms ease;-ms-transition: all 700ms ease;-o-transition: all 700ms ease;transition: all 700ms ease;\"  data-hover_box_shadow=\"none\"    >\n\t<div  class=\"wpb_single_image wpb_content_element vc_align_left wpb_content_element\">\n\t\t\n\t\t<figure class=\"wpb_wrapper vc_figure\">\n\t\t\t<div class=\"vc_single_image-wrapper   vc_box_border_grey\"><img loading=\"lazy\" decoding=\"async\" width=\"700\" height=\"774\" src=\"https:\/\/wearevillage.org\/wp-content\/uploads\/2022\/08\/team-kai-erhardt.jpg\" class=\"vc_single_image-img attachment-full\" alt=\"\" title=\"team-kai-erhardt\" srcset=\"https:\/\/wearevillage.org\/wp-content\/uploads\/2022\/08\/team-kai-erhardt.jpg 700w, https:\/\/wearevillage.org\/wp-content\/uploads\/2022\/08\/team-kai-erhardt-390x431.jpg 390w, https:\/\/wearevillage.org\/wp-content\/uploads\/2022\/08\/team-kai-erhardt-600x663.jpg 600w, https:\/\/wearevillage.org\/wp-content\/uploads\/2022\/08\/team-kai-erhardt-271x300.jpg 271w, https:\/\/wearevillage.org\/wp-content\/uploads\/2022\/08\/team-kai-erhardt-624x690.jpg 624w\" sizes=\"auto, (max-width: 700px) 100vw, 700px\" \/><\/div>\n\t\t<\/figure>\n\t<\/div>\n\n\t<div class=\"wpb_text_column wpb_content_element\" >\n\t\t<div class=\"wpb_wrapper\">\n\t\t\t<p><strong>Kai Ehrhardt | <\/strong>he\/him<br \/>\nGr\u00fcnder, Gesch\u00e4ftsf\u00fchrer,<br \/>\nKurs- & Seminarleiter, Kurator<\/p>\n<p><a style=\"text-decoration-line: none;\" href=\"#\">Mehr anzeigen<\/a><\/p>\n<p>Gr\u00fcndete 2016 Village.Berlin (heute: we are village) und 2012 die Somatische Akademie Berlin, wo er administrativ in der Gesch\u00e4ftsf\u00fchrung t\u00e4tig ist, Veranstaltungen und Aus- sowie Fortbildungen entwickelt, und die STRETCH und BODY IQ Festivals kuratiert und durchf\u00fchrt. Als somatischer P\u00e4dagoge unterrichtet er den <em>Erfahrbarer Atem nach Prof. Middendorf<\/em> und <em>Continuum<\/em> und besitzt die Zulassung zum Heilpraktiker Psychotherapie. Im Jahr 2002 gr\u00fcndete er <em>Authentic Eros<\/em> \u2013 ein Angebot f\u00fcr schwule, bi und trans Gruppenprozesse rund um Intimit\u00e4t und Ber\u00fchrung, Kommunikation und pers\u00f6nliche Entwicklung.<\/p>\n\n\t\t<\/div>\n\t<\/div>\n\t\t<\/div><\/div><\/div><\/div><\/div><div class=\"wpb_column vc_column_container vc_col-sm-4\"><div class=\"vc_column-inner\"><div class=\"wpb_wrapper\"><div class=\"ult-content-box-container \" >\t\t<div class=\"ult-content-box\" style=\"box-shadow: px px px px none;-webkit-transition: all 700ms ease;-moz-transition: all 700ms ease;-ms-transition: all 700ms ease;-o-transition: all 700ms ease;transition: all 700ms ease;\"  data-hover_box_shadow=\"none\"    >\n\t<div  class=\"wpb_single_image wpb_content_element vc_align_left wpb_content_element\">\n\t\t\n\t\t<figure class=\"wpb_wrapper vc_figure\">\n\t\t\t<div class=\"vc_single_image-wrapper   vc_box_border_grey\"><img loading=\"lazy\" decoding=\"async\" width=\"700\" height=\"774\" src=\"https:\/\/wearevillage.org\/wp-content\/uploads\/2022\/08\/team-ericlerouge.jpg\" class=\"vc_single_image-img attachment-full\" alt=\"\" title=\"team-ericlerouge\" srcset=\"https:\/\/wearevillage.org\/wp-content\/uploads\/2022\/08\/team-ericlerouge.jpg 700w, https:\/\/wearevillage.org\/wp-content\/uploads\/2022\/08\/team-ericlerouge-390x431.jpg 390w, https:\/\/wearevillage.org\/wp-content\/uploads\/2022\/08\/team-ericlerouge-600x663.jpg 600w, https:\/\/wearevillage.org\/wp-content\/uploads\/2022\/08\/team-ericlerouge-271x300.jpg 271w, https:\/\/wearevillage.org\/wp-content\/uploads\/2022\/08\/team-ericlerouge-624x690.jpg 624w\" sizes=\"auto, (max-width: 700px) 100vw, 700px\" \/><\/div>\n\t\t<\/figure>\n\t<\/div>\n\n\t<div class=\"wpb_text_column wpb_content_element\" >\n\t\t<div class=\"wpb_wrapper\">\n\t\t\t<p><strong>Eric LeRouge | <\/strong>he\/him<br \/>\nFounder\/Director of Instinct Art Berlin & Co-Founder of we are village<\/p>\n<p><a style=\"text-decoration-line: none;\" href=\"#\">Mehr anzeigen<\/a><\/p>\n<p>Eric Galassi, alias Eric LeRouge, ist ein franz\u00f6sischer freischaffender Kurator und Aktivist. Er lebt seit 2003 in Berlin.<\/p>\n<p>Eric LeRouge ist einer der Mitbegr\u00fcnder von we are village und Direktor von Instinct Berlin \u2013 einem Kunstprojekt, das sich auf lokale und internationale queere K\u00fcnstler*innen konzentriert und seit 2015 K\u00fcnstler*innen-Residenzen anbietet. LeRouge, der fr\u00fcher in der Mode- und Marketingbranche kreativ t\u00e4tig war, engagiert sich seit den 1990er Jahren f\u00fcr soziale Belange im Zusammenhang mit der AIDS-Epidemie und den Rechten von Schwulen und Lesben. Derzeit pr\u00e4gt seine organisatorische Arbeit beim Stretch Festival, Village und seine kuratorische Praxis bei Instinct die zeitgen\u00f6ssische queere Kultur in Berlin.<\/p>\n\n\t\t<\/div>\n\t<\/div>\n\t\t<\/div><\/div><\/div><\/div><\/div><div class=\"wpb_column vc_column_container vc_col-sm-4\"><div class=\"vc_column-inner\"><div class=\"wpb_wrapper\"><div class=\"ult-content-box-container \" >\t\t<div class=\"ult-content-box\" style=\"box-shadow: px px px px none;-webkit-transition: all 700ms ease;-moz-transition: all 700ms ease;-ms-transition: all 700ms ease;-o-transition: all 700ms ease;transition: all 700ms ease;\"  data-hover_box_shadow=\"none\"    >\n\t<div  class=\"wpb_single_image wpb_content_element vc_align_left wpb_content_element\">\n\t\t\n\t\t<figure class=\"wpb_wrapper vc_figure\">\n\t\t\t<div class=\"vc_single_image-wrapper   vc_box_border_grey\"><img loading=\"lazy\" decoding=\"async\" width=\"900\" height=\"1000\" src=\"https:\/\/wearevillage.org\/wp-content\/uploads\/2023\/11\/wav-team-Perttu-Ratilainen.png\" class=\"vc_single_image-img attachment-full\" alt=\"\" title=\"wav-team-Perttu Ratilainen\" srcset=\"https:\/\/wearevillage.org\/wp-content\/uploads\/2023\/11\/wav-team-Perttu-Ratilainen.png 900w, https:\/\/wearevillage.org\/wp-content\/uploads\/2023\/11\/wav-team-Perttu-Ratilainen-270x300.png 270w, https:\/\/wearevillage.org\/wp-content\/uploads\/2023\/11\/wav-team-Perttu-Ratilainen-135x150.png 135w, https:\/\/wearevillage.org\/wp-content\/uploads\/2023\/11\/wav-team-Perttu-Ratilainen-768x853.png 768w, https:\/\/wearevillage.org\/wp-content\/uploads\/2023\/11\/wav-team-Perttu-Ratilainen-624x693.png 624w, https:\/\/wearevillage.org\/wp-content\/uploads\/2023\/11\/wav-team-Perttu-Ratilainen-390x433.png 390w, https:\/\/wearevillage.org\/wp-content\/uploads\/2023\/11\/wav-team-Perttu-Ratilainen-600x667.png 600w\" sizes=\"auto, (max-width: 900px) 100vw, 900px\" \/><\/div>\n\t\t<\/figure>\n\t<\/div>\n\n\t<div class=\"wpb_text_column wpb_content_element\" >\n\t\t<div class=\"wpb_wrapper\">\n\t\t\t<p><strong>Perttu Ratilainen | <\/strong>he\/they\/keine Pronomen<br \/>\nFundraising, Strategie<\/p>\n<p><a style=\"text-decoration-line: none;\" href=\"#\">Mehr anzeigen<\/a><\/p>\n<p>Perttu arbeitete mehr als ein Jahrzehnt lang f\u00fcr ein gro\u00dfes internationales Unternehmen in verschiedenen Abteilungen und L\u00e4ndern. Die dort erworbenen F\u00e4higkeiten setzt Perttu nun bei Nachhaltigkeits- und Sozialprojekten in Berlin in den Bereichen Projektmanagement, Fundraising und Kommunikation ein.<\/p>\n\n\t\t<\/div>\n\t<\/div>\n\t\t<\/div><\/div><\/div><\/div><\/div><\/div><div class=\"vc_row wpb_row vc_row-fluid team-bios\"><div class=\"wpb_column vc_column_container vc_col-sm-4\"><div class=\"vc_column-inner\"><div class=\"wpb_wrapper\"><div class=\"ult-content-box-container \" >\t\t<div class=\"ult-content-box\" style=\"box-shadow: px px px px none;-webkit-transition: all 700ms ease;-moz-transition: all 700ms ease;-ms-transition: all 700ms ease;-o-transition: all 700ms ease;transition: all 700ms ease;\"  data-hover_box_shadow=\"none\"    >\n\t<div  class=\"wpb_single_image wpb_content_element vc_align_left wpb_content_element\">\n\t\t\n\t\t<figure class=\"wpb_wrapper vc_figure\">\n\t\t\t<div class=\"vc_single_image-wrapper   vc_box_border_grey\"><img loading=\"lazy\" decoding=\"async\" width=\"900\" height=\"1000\" src=\"https:\/\/wearevillage.org\/wp-content\/uploads\/2023\/11\/wav-team-Lucy-Alice-Thomas.png\" class=\"vc_single_image-img attachment-full\" alt=\"\" title=\"wav-team-Lucy Alice Thomas\" srcset=\"https:\/\/wearevillage.org\/wp-content\/uploads\/2023\/11\/wav-team-Lucy-Alice-Thomas.png 900w, https:\/\/wearevillage.org\/wp-content\/uploads\/2023\/11\/wav-team-Lucy-Alice-Thomas-270x300.png 270w, https:\/\/wearevillage.org\/wp-content\/uploads\/2023\/11\/wav-team-Lucy-Alice-Thomas-135x150.png 135w, https:\/\/wearevillage.org\/wp-content\/uploads\/2023\/11\/wav-team-Lucy-Alice-Thomas-768x853.png 768w, https:\/\/wearevillage.org\/wp-content\/uploads\/2023\/11\/wav-team-Lucy-Alice-Thomas-624x693.png 624w, https:\/\/wearevillage.org\/wp-content\/uploads\/2023\/11\/wav-team-Lucy-Alice-Thomas-390x433.png 390w, https:\/\/wearevillage.org\/wp-content\/uploads\/2023\/11\/wav-team-Lucy-Alice-Thomas-600x667.png 600w\" sizes=\"auto, (max-width: 900px) 100vw, 900px\" \/><\/div>\n\t\t<\/figure>\n\t<\/div>\n\n\t<div class=\"wpb_text_column wpb_content_element\" >\n\t\t<div class=\"wpb_wrapper\">\n\t\t\t<p><strong>Lucy Alice Thomas | <\/strong>sie\/ihr<br \/>\nCommunity Consultant, Lecturer<\/p>\n<p><a style=\"text-decoration-line: none;\" href=\"#\">Mehr anzeigen<\/a><\/p>\n<p>Lucy ist Organisations- und F\u00f6rdermittelberaterin f\u00fcr gemeinn\u00fctzige Vereine und NGOs. Davor war sie 8 Jahre lang (bis 2021) co-gr\u00fcndende Gesch\u00e4ftsleitung der Organisation \u201eGive Something Back to Berlin\u201c, welche sich u.a. f\u00fcr den Aufbau einer offeneren und inklusiven Gesellschaft engagiert. Als Musikerin und sozialpolitische Aktivistin (Antidiskriminierung, Flucht, LGBTQIA+, Kinder- & Jugendrechte) unterst\u00fctzt Lucy zudem soziale Musikprojekte, verschiedene Arbeitsgruppen und ist im Vorstand des Loom e.V., der sich mit Themen wie Antidiskriminierung, Antirassismus und Intersektionalit\u00e4t auseinandersetzt und Angebote konzipiert. Zus\u00e4tzlich gibt sie Workshops und Beratung zu einer Vielzahl angrenzender Themen.<\/p>\n\n\t\t<\/div>\n\t<\/div>\n\t\t<\/div><\/div><\/div><\/div><\/div><div class=\"wpb_column vc_column_container vc_col-sm-4\"><div class=\"vc_column-inner\"><div class=\"wpb_wrapper\"><div class=\"ult-content-box-container \" >\t\t<div class=\"ult-content-box\" style=\"box-shadow: px px px px none;-webkit-transition: all 700ms ease;-moz-transition: all 700ms ease;-ms-transition: all 700ms ease;-o-transition: all 700ms ease;transition: all 700ms ease;\"  data-hover_box_shadow=\"none\"    >\n\t<div  class=\"wpb_single_image wpb_content_element vc_align_left wpb_content_element\">\n\t\t\n\t\t<figure class=\"wpb_wrapper vc_figure\">\n\t\t\t<div class=\"vc_single_image-wrapper   vc_box_border_grey\"><img loading=\"lazy\" decoding=\"async\" width=\"900\" height=\"1000\" src=\"https:\/\/wearevillage.org\/wp-content\/uploads\/2026\/01\/wav-team-Melina-Gerstemann.png\" class=\"vc_single_image-img attachment-full\" alt=\"\" title=\"wav-team-Melina Gerstemann\" srcset=\"https:\/\/wearevillage.org\/wp-content\/uploads\/2026\/01\/wav-team-Melina-Gerstemann.png 900w, https:\/\/wearevillage.org\/wp-content\/uploads\/2026\/01\/wav-team-Melina-Gerstemann-270x300.png 270w, https:\/\/wearevillage.org\/wp-content\/uploads\/2026\/01\/wav-team-Melina-Gerstemann-135x150.png 135w, https:\/\/wearevillage.org\/wp-content\/uploads\/2026\/01\/wav-team-Melina-Gerstemann-768x853.png 768w, https:\/\/wearevillage.org\/wp-content\/uploads\/2026\/01\/wav-team-Melina-Gerstemann-624x693.png 624w, https:\/\/wearevillage.org\/wp-content\/uploads\/2026\/01\/wav-team-Melina-Gerstemann-390x433.png 390w, https:\/\/wearevillage.org\/wp-content\/uploads\/2026\/01\/wav-team-Melina-Gerstemann-600x667.png 600w\" sizes=\"auto, (max-width: 900px) 100vw, 900px\" \/><\/div>\n\t\t<\/figure>\n\t<\/div>\n\n\t<div class=\"wpb_text_column wpb_content_element\" >\n\t\t<div class=\"wpb_wrapper\">\n\t\t\t<p><strong>Melina Gerstemann |<\/strong> sie<br \/>\nFinanzen & Administration<\/p>\n<div id=\"message-list_1760694103.406039\" class=\"c-virtual_list__item\" tabindex=\"0\" role=\"listitem\" aria-setsize=\"-1\" data-qa=\"virtual-list-item\" data-item-key=\"1760694103.406039\">\n<div class=\"c-message_kit__background c-message_kit__background--hovered p-message_pane_message__message c-message_kit__message\" role=\"presentation\" data-qa=\"message_container\" data-qa-unprocessed=\"false\" data-qa-placeholder=\"false\">\n<div class=\"c-message_kit__hover c-message_kit__hover--hovered\" role=\"document\" aria-roledescription=\"message\" data-qa-hover=\"true\">\n<div class=\"c-message_kit__actions c-message_kit__actions--default\">\n<div class=\"c-message_actions__container c-message__actions\" role=\"group\">\n<div class=\"c-message_actions__group\" role=\"group\" aria-label=\"Message actions\" data-qa=\"message-actions\"><a style=\"text-decoration-line: none;\" href=\"#\">Mehr anzeigen<\/a><\/div>\n<\/div>\n<\/div>\n<\/div>\n<\/div>\n<\/div>\n<p>Mit \u00fcber 20 Jahren Erfahrung als Kulturproduzentin in der Freien Szene und als Expertin f\u00fcr F\u00f6rdermittelverwaltung unterst\u00fctzt Melina seit Mitte 2024 das Village im Punkto Finanzen und Administration. Melina ist in Kreuzberg geboren und aufgewachsen und hat in Leipzig ihren MA in Kulturwissenschaften absolviert.<\/p>\n\n\t\t<\/div>\n\t<\/div>\n\t\t<\/div><\/div><\/div><\/div><\/div><div class=\"wpb_column vc_column_container vc_col-sm-4\"><div class=\"vc_column-inner\"><div class=\"wpb_wrapper\"><div class=\"ult-content-box-container \" >\t\t<div class=\"ult-content-box\" style=\"box-shadow: px px px px none;-webkit-transition: all 700ms ease;-moz-transition: all 700ms ease;-ms-transition: all 700ms ease;-o-transition: all 700ms ease;transition: all 700ms ease;\"  data-hover_box_shadow=\"none\"    >\n\t<div  class=\"wpb_single_image wpb_content_element vc_align_left wpb_content_element\">\n\t\t\n\t\t<figure class=\"wpb_wrapper vc_figure\">\n\t\t\t<div class=\"vc_single_image-wrapper   vc_box_border_grey\"><img loading=\"lazy\" decoding=\"async\" width=\"900\" height=\"1000\" src=\"https:\/\/wearevillage.org\/wp-content\/uploads\/2024\/08\/wav-team-David-Bitter.png\" class=\"vc_single_image-img attachment-full\" alt=\"\" title=\"wav-team-David Bitter\" srcset=\"https:\/\/wearevillage.org\/wp-content\/uploads\/2024\/08\/wav-team-David-Bitter.png 900w, https:\/\/wearevillage.org\/wp-content\/uploads\/2024\/08\/wav-team-David-Bitter-270x300.png 270w, https:\/\/wearevillage.org\/wp-content\/uploads\/2024\/08\/wav-team-David-Bitter-135x150.png 135w, https:\/\/wearevillage.org\/wp-content\/uploads\/2024\/08\/wav-team-David-Bitter-768x853.png 768w, https:\/\/wearevillage.org\/wp-content\/uploads\/2024\/08\/wav-team-David-Bitter-624x693.png 624w, https:\/\/wearevillage.org\/wp-content\/uploads\/2024\/08\/wav-team-David-Bitter-390x433.png 390w, https:\/\/wearevillage.org\/wp-content\/uploads\/2024\/08\/wav-team-David-Bitter-600x667.png 600w\" sizes=\"auto, (max-width: 900px) 100vw, 900px\" \/><\/div>\n\t\t<\/figure>\n\t<\/div>\n\n\t<div class=\"wpb_text_column wpb_content_element\" >\n\t\t<div class=\"wpb_wrapper\">\n\t\t\t<p><strong>David Bitter |<\/strong> he\/they<br \/>\nKommunikationsmanager<\/p>\n<p><a style=\"text-decoration-line: none;\" href=\"#\">Mehr anzeigen<\/a><\/p>\n<p>Als Kommunikationsmanager f\u00fcr we are village ist David seit August 2024 f\u00fcr den Bereich Kommunikation zust\u00e4ndig. Mit seiner langj\u00e4hrigen Erfahrung in verschiedenen Agenturen und Unternehmen bringt er die Expertise f\u00fcr aussagekr\u00e4ftige Inhalte und \u00d6ffentlichkeitsarbeit mit. Er studierte Kommunikationsdesign und Medienpsychologie.<br \/>\nNebenbei ist David ehrenamtlich als Medienpsychologe t\u00e4tig und untersucht Medien auf ihre Wirkung auf Kinder und Jugendliche.<\/p>\n\n\t\t<\/div>\n\t<\/div>\n\t\t<\/div><\/div><\/div><\/div><\/div><\/div><div id=\"queermatters\" class=\"vc_row wpb_row vc_row-fluid team-bios\"><div class=\"wpb_column vc_column_container vc_col-sm-4\"><div class=\"vc_column-inner\"><div class=\"wpb_wrapper\"><div class=\"ult-content-box-container \" >\t\t<div class=\"ult-content-box\" style=\"box-shadow: px px px px none;-webkit-transition: all 700ms ease;-moz-transition: all 700ms ease;-ms-transition: all 700ms ease;-o-transition: all 700ms ease;transition: all 700ms ease;\"  data-hover_box_shadow=\"none\"    >\n\t<div  class=\"wpb_single_image wpb_content_element vc_align_left wpb_content_element\">\n\t\t\n\t\t<figure class=\"wpb_wrapper vc_figure\">\n\t\t\t<div class=\"vc_single_image-wrapper   vc_box_border_grey\"><img loading=\"lazy\" decoding=\"async\" width=\"900\" height=\"1000\" src=\"https:\/\/wearevillage.org\/wp-content\/uploads\/2025\/10\/wav-team-nicolas.png\" class=\"vc_single_image-img attachment-full\" alt=\"\" title=\"wav-team-nicolas\" srcset=\"https:\/\/wearevillage.org\/wp-content\/uploads\/2025\/10\/wav-team-nicolas.png 900w, https:\/\/wearevillage.org\/wp-content\/uploads\/2025\/10\/wav-team-nicolas-270x300.png 270w, https:\/\/wearevillage.org\/wp-content\/uploads\/2025\/10\/wav-team-nicolas-135x150.png 135w, https:\/\/wearevillage.org\/wp-content\/uploads\/2025\/10\/wav-team-nicolas-768x853.png 768w, https:\/\/wearevillage.org\/wp-content\/uploads\/2025\/10\/wav-team-nicolas-624x693.png 624w, https:\/\/wearevillage.org\/wp-content\/uploads\/2025\/10\/wav-team-nicolas-390x433.png 390w, https:\/\/wearevillage.org\/wp-content\/uploads\/2025\/10\/wav-team-nicolas-600x667.png 600w\" sizes=\"auto, (max-width: 900px) 100vw, 900px\" \/><\/div>\n\t\t<\/figure>\n\t<\/div>\n\n\t<div class=\"wpb_text_column wpb_content_element\" >\n\t\t<div class=\"wpb_wrapper\">\n\t\t\t<p><strong>Nicolas Picard |<\/strong> he\/they<br \/>\nDigital Community & Growth Initiatives<\/p>\n<div id=\"message-list_1760694103.406039\" class=\"c-virtual_list__item\" tabindex=\"0\" role=\"listitem\" aria-setsize=\"-1\" data-qa=\"virtual-list-item\" data-item-key=\"1760694103.406039\">\n<div class=\"c-message_kit__background c-message_kit__background--hovered p-message_pane_message__message c-message_kit__message\" role=\"presentation\" data-qa=\"message_container\" data-qa-unprocessed=\"false\" data-qa-placeholder=\"false\">\n<div class=\"c-message_kit__hover c-message_kit__hover--hovered\" role=\"document\" aria-roledescription=\"message\" data-qa-hover=\"true\">\n<div class=\"c-message_kit__actions c-message_kit__actions--default\">\n<div class=\"c-message_actions__container c-message__actions\" role=\"group\">\n<div class=\"c-message_actions__group\" role=\"group\" aria-label=\"Message actions\" data-qa=\"message-actions\"><a style=\"text-decoration-line: none;\" href=\"#\">Mehr anzeigen<\/a><\/div>\n<\/div>\n<\/div>\n<\/div>\n<\/div>\n<\/div>\n<p>Nicolas ist ein Community Builder und Stratege f\u00fcr digitale Produkte. Geboren in Frankreich, aufgewachsen in den Vereinigten Staaten und ausgebildet in Kanada, bringt er eine globale, humanistische Perspektive und eine Leidenschaft f\u00fcr soziale Auswirkungen in jedes Projekt ein. Er begann seine Karriere im Non-Profit-Sektor \u2013 er entwarf und leitete Programme in ganz Asien, um die wirtschaftliche Entwicklung zu f\u00f6rdern und Unternehmerinnen neue M\u00f6glichkeiten zu er\u00f6ffnen \u2013 und entwickelte dann sein technisches Fachwissen bei Klima-Tech-Unternehmen, wo er digitale L\u00f6sungen f\u00fcr eine nachhaltigere Welt skalierte.<\/p>\n\n\t\t<\/div>\n\t<\/div>\n\t\t<\/div><\/div><\/div><\/div><\/div><div class=\"wpb_column vc_column_container vc_col-sm-4\"><div class=\"vc_column-inner\"><div class=\"wpb_wrapper\"><div class=\"ult-content-box-container \" >\t\t<div class=\"ult-content-box\" style=\"box-shadow: px px px px none;-webkit-transition: all 700ms ease;-moz-transition: all 700ms ease;-ms-transition: all 700ms ease;-o-transition: all 700ms ease;transition: all 700ms ease;\"  data-hover_box_shadow=\"none\"    >\n\t<div  class=\"wpb_single_image wpb_content_element vc_align_left wpb_content_element\">\n\t\t\n\t\t<figure class=\"wpb_wrapper vc_figure\">\n\t\t\t<div class=\"vc_single_image-wrapper   vc_box_border_grey\"><img loading=\"lazy\" decoding=\"async\" width=\"900\" height=\"1000\" src=\"https:\/\/wearevillage.org\/wp-content\/uploads\/2025\/12\/wav-team-Neo-Seefried.jpg\" class=\"vc_single_image-img attachment-full\" alt=\"\" title=\"wav-team-Neo-Seefried\" srcset=\"https:\/\/wearevillage.org\/wp-content\/uploads\/2025\/12\/wav-team-Neo-Seefried.jpg 900w, https:\/\/wearevillage.org\/wp-content\/uploads\/2025\/12\/wav-team-Neo-Seefried-270x300.jpg 270w, https:\/\/wearevillage.org\/wp-content\/uploads\/2025\/12\/wav-team-Neo-Seefried-135x150.jpg 135w, https:\/\/wearevillage.org\/wp-content\/uploads\/2025\/12\/wav-team-Neo-Seefried-768x853.jpg 768w, https:\/\/wearevillage.org\/wp-content\/uploads\/2025\/12\/wav-team-Neo-Seefried-624x693.jpg 624w, https:\/\/wearevillage.org\/wp-content\/uploads\/2025\/12\/wav-team-Neo-Seefried-390x433.jpg 390w, https:\/\/wearevillage.org\/wp-content\/uploads\/2025\/12\/wav-team-Neo-Seefried-600x667.jpg 600w\" sizes=\"auto, (max-width: 900px) 100vw, 900px\" \/><\/div>\n\t\t<\/figure>\n\t<\/div>\n\n\t<div class=\"wpb_text_column wpb_content_element\" >\n\t\t<div class=\"wpb_wrapper\">\n\t\t\t<p><strong>Neo Seefried |<\/strong> they\/them, none, she\/her, he\/him<br \/>\nProjektmanagement Queer Connect<\/p>\n<p><a style=\"text-decoration-line: none;\" href=\"#\">Mehr anzeigen<\/a><\/p>\n<p>neo seefried (*1995) ist freischaffende Kulturvermittler*in, Kuratorin, K\u00fcnstler und Autor mit Schwerpunkt auf queere Lebensrealit\u00e4ten, Clubkultur und gesellschaftliche Teilhabe. In Berlin lebend und t\u00e4tig, verbindet neo Bildungsformate wie Workshops, Podcasts und Ausstellungen mit einer aktivistischen, intersektionalen Praxis. Neo studierte Kunstp\u00e4dagogik (Universit\u00e4t Leipzig) und Curatorial Studies (ZHdK) und arbeitete u.a. f\u00fcr das Schwule Museum, Schloss Biesdorf, Kunstmuseum Basel, Universit\u00e4t der K\u00fcnste Berlin, TU Berlin, HFBK Hamburg, Haus f\u00fcr Poesie Berlin, Tanzquartier Wien sowie unabh\u00e4ngige Kunstr\u00e4ume wie Parat, Clubb\u00fcro, Baby Angel und Last Tango in Z\u00fcrich.<\/p>\n\n\t\t<\/div>\n\t<\/div>\n\t\t<\/div><\/div><\/div><\/div><\/div><div class=\"wpb_column vc_column_container vc_col-sm-4\"><div class=\"vc_column-inner\"><div class=\"wpb_wrapper\"><div class=\"ult-content-box-container \" >\t\t<div class=\"ult-content-box\" style=\"box-shadow: px px px px none;-webkit-transition: all 700ms ease;-moz-transition: all 700ms ease;-ms-transition: all 700ms ease;-o-transition: all 700ms ease;transition: all 700ms ease;\"  data-hover_box_shadow=\"none\"    >\n\t<div  class=\"wpb_single_image wpb_content_element vc_align_left wpb_content_element\">\n\t\t\n\t\t<figure class=\"wpb_wrapper vc_figure\">\n\t\t\t<div class=\"vc_single_image-wrapper   vc_box_border_grey\"><img loading=\"lazy\" decoding=\"async\" width=\"900\" height=\"1000\" src=\"https:\/\/wearevillage.org\/wp-content\/uploads\/2025\/12\/wav-team-aurelia.png\" class=\"vc_single_image-img attachment-full\" alt=\"\" title=\"wav-team-aurelia\" srcset=\"https:\/\/wearevillage.org\/wp-content\/uploads\/2025\/12\/wav-team-aurelia.png 900w, https:\/\/wearevillage.org\/wp-content\/uploads\/2025\/12\/wav-team-aurelia-270x300.png 270w, https:\/\/wearevillage.org\/wp-content\/uploads\/2025\/12\/wav-team-aurelia-135x150.png 135w, https:\/\/wearevillage.org\/wp-content\/uploads\/2025\/12\/wav-team-aurelia-768x853.png 768w, https:\/\/wearevillage.org\/wp-content\/uploads\/2025\/12\/wav-team-aurelia-624x693.png 624w, https:\/\/wearevillage.org\/wp-content\/uploads\/2025\/12\/wav-team-aurelia-390x433.png 390w, https:\/\/wearevillage.org\/wp-content\/uploads\/2025\/12\/wav-team-aurelia-600x667.png 600w\" sizes=\"auto, (max-width: 900px) 100vw, 900px\" \/><\/div>\n\t\t<\/figure>\n\t<\/div>\n\n\t<div class=\"wpb_text_column wpb_content_element\" >\n\t\t<div class=\"wpb_wrapper\">\n\t\t\t<p><strong>Aur\u00e9lia Garnier |<\/strong> she\/her<br \/>\nSenior Product Manager<\/p>\n<p><a style=\"text-decoration-line: none;\" href=\"#\">Mehr anzeigen<\/a><\/p>\n<p>Franz\u00f6sisch und fabelhaft, ist sie eine feministische Mutter, die eine Katze, ein Kind und eine Karriere als Produktmanagerin f\u00fcr die Website und App jongliert. Als Technikbegeisterte tr\u00e4umt sie von mehr Vielfalt in der digitalen Welt. Leidenschaftlich h\u00f6rt sie auf die Nutzer, um digitale Produkte zu entwickeln, die echten Bed\u00fcrfnissen entsprechen. Wenn sie nicht tanzt oder schief singt, findet man sie mit einem Buch in der Hand. Das Leben ist eine Sinfonie, und sie lebt es in ihrem eigenen einzigartigen Rhythmus!<\/p>\n\n\t\t<\/div>\n\t<\/div>\n\t\t<\/div><\/div><\/div><\/div><\/div><\/div><div class=\"vc_row wpb_row vc_row-fluid team-bios\"><div class=\"wpb_column vc_column_container vc_col-sm-4\"><div class=\"vc_column-inner\"><div class=\"wpb_wrapper\"><div class=\"ult-content-box-container \" >\t\t<div class=\"ult-content-box\" style=\"box-shadow: px px px px none;-webkit-transition: all 700ms ease;-moz-transition: all 700ms ease;-ms-transition: all 700ms ease;-o-transition: all 700ms ease;transition: all 700ms ease;\"  data-hover_box_shadow=\"none\"    >\n\t<div  class=\"wpb_single_image wpb_content_element vc_align_left wpb_content_element\">\n\t\t\n\t\t<figure class=\"wpb_wrapper vc_figure\">\n\t\t\t<div class=\"vc_single_image-wrapper   vc_box_border_grey\"><img loading=\"lazy\" decoding=\"async\" width=\"900\" height=\"1000\" src=\"https:\/\/wearevillage.org\/wp-content\/uploads\/2025\/10\/wav-team-Roby.png\" class=\"vc_single_image-img attachment-full\" alt=\"\" title=\"wav-team-Roby\" srcset=\"https:\/\/wearevillage.org\/wp-content\/uploads\/2025\/10\/wav-team-Roby.png 900w, https:\/\/wearevillage.org\/wp-content\/uploads\/2025\/10\/wav-team-Roby-270x300.png 270w, https:\/\/wearevillage.org\/wp-content\/uploads\/2025\/10\/wav-team-Roby-135x150.png 135w, https:\/\/wearevillage.org\/wp-content\/uploads\/2025\/10\/wav-team-Roby-768x853.png 768w, https:\/\/wearevillage.org\/wp-content\/uploads\/2025\/10\/wav-team-Roby-624x693.png 624w, https:\/\/wearevillage.org\/wp-content\/uploads\/2025\/10\/wav-team-Roby-390x433.png 390w, https:\/\/wearevillage.org\/wp-content\/uploads\/2025\/10\/wav-team-Roby-600x667.png 600w\" sizes=\"auto, (max-width: 900px) 100vw, 900px\" \/><\/div>\n\t\t<\/figure>\n\t<\/div>\n\n\t<div class=\"wpb_text_column wpb_content_element\" >\n\t\t<div class=\"wpb_wrapper\">\n\t\t\t<p><strong>Roby | <\/strong>they\/them<br \/>\nEvent and Volunteers Koordination<\/p>\n<p><a style=\"text-decoration-line: none;\" href=\"#\">Mehr anzeigen<\/a><\/p>\n<p>Roby ist eine freundliche und leidenschaftliche Ver\u00e4nderungsgestalterin aus Chile mit \u00fcber 8 Jahren Erfahrung in den Bereichen Innovation, Wohlbefinden und Community-Building. Als Reiki-Meisterin, Yogalehrer*in und Two-Spirit-Seele bringt Roby Herz, Kreativit\u00e4t und Sinn in jedes Projekt ein. Tief verwurzelt in alten Traditionen und seit f\u00fcnf Jahren in Berlin zu Hause, arbeitet Roby mit gro\u00dfer Freude mit queeren und diversen Communities, um inklusive, freudvolle und bedeutungsvolle R\u00e4ume zu schaffen, in denen sich alle gesehen, gesch\u00e4tzt und inspiriert f\u00fchlen.<\/p>\n\n\t\t<\/div>\n\t<\/div>\n\t\t<\/div><\/div><\/div><\/div><\/div><div class=\"wpb_column vc_column_container vc_col-sm-4\"><div class=\"vc_column-inner\"><div class=\"wpb_wrapper\"><div class=\"ult-content-box-container \" >\t\t<div class=\"ult-content-box\" style=\"box-shadow: px px px px none;-webkit-transition: all 700ms ease;-moz-transition: all 700ms ease;-ms-transition: all 700ms ease;-o-transition: all 700ms ease;transition: all 700ms ease;\"  data-hover_box_shadow=\"none\"    >\n\t<div  class=\"wpb_single_image wpb_content_element vc_align_left wpb_content_element\">\n\t\t\n\t\t<figure class=\"wpb_wrapper vc_figure\">\n\t\t\t<div class=\"vc_single_image-wrapper   vc_box_border_grey\"><img loading=\"lazy\" decoding=\"async\" width=\"900\" height=\"1000\" src=\"https:\/\/wearevillage.org\/wp-content\/uploads\/2025\/03\/wav-team-Sebastian-Arcos.png\" class=\"vc_single_image-img attachment-full\" alt=\"\" title=\"wav-team-Sebastian Arcos\" srcset=\"https:\/\/wearevillage.org\/wp-content\/uploads\/2025\/03\/wav-team-Sebastian-Arcos.png 900w, https:\/\/wearevillage.org\/wp-content\/uploads\/2025\/03\/wav-team-Sebastian-Arcos-270x300.png 270w, https:\/\/wearevillage.org\/wp-content\/uploads\/2025\/03\/wav-team-Sebastian-Arcos-135x150.png 135w, https:\/\/wearevillage.org\/wp-content\/uploads\/2025\/03\/wav-team-Sebastian-Arcos-768x853.png 768w, https:\/\/wearevillage.org\/wp-content\/uploads\/2025\/03\/wav-team-Sebastian-Arcos-624x693.png 624w, https:\/\/wearevillage.org\/wp-content\/uploads\/2025\/03\/wav-team-Sebastian-Arcos-390x433.png 390w, https:\/\/wearevillage.org\/wp-content\/uploads\/2025\/03\/wav-team-Sebastian-Arcos-600x667.png 600w\" sizes=\"auto, (max-width: 900px) 100vw, 900px\" \/><\/div>\n\t\t<\/figure>\n\t<\/div>\n\n\t<div class=\"wpb_text_column wpb_content_element\" >\n\t\t<div class=\"wpb_wrapper\">\n\t\t\t<p><strong>Sebasti\u00e1n Arcos |<\/strong> they\/them<br \/>\nKommunikations- und Marketingsmanager f\u00fcr die Digitale Community<\/p>\n<p><a style=\"text-decoration-line: none;\" href=\"#\">Mehr anzeigen<\/a><\/p>\n<p>Sebasti\u00e1n Arcos ist eine multidisziplin\u00e4re, kolumbianische, kreative Person mit Sitz in Berlin, welche sich mit der Verkn\u00fcpfung von Design, Kuratierung und Kulturproduktion besch\u00e4ftigt. Mit mehr als acht Jahren Erfahrung in Grafikdesign, Branding und redaktionellen Projekten hat xier mit globalen Marken zusammengearbeitet und Projekte geleitet, bei denen die strategische Planung mit der k\u00fcnstlerischen Leitung verbunden wurde. Als Mitbegr\u00fcndungsmitglied von Maricafest!, einem Kulturfestival in Kolumbien, das die Stimmen von LGBTIQ+ feiert, bringt xier in die Arbeit eine lateinamerikanische Queer-Perspektive ein. Sebasti\u00e1n widmet sich der Auswahl von Filmen, die verschiedene Erz\u00e4hlungen anregen, inspirieren und zelebrieren.<\/p>\n<p><em>\u00a0<\/em><\/p>\n\n\t\t<\/div>\n\t<\/div>\n\t\t<\/div><\/div><\/div><\/div><\/div><div class=\"wpb_column vc_column_container vc_col-sm-4\"><div class=\"vc_column-inner\"><div class=\"wpb_wrapper\"><div class=\"ult-content-box-container \" >\t\t<div class=\"ult-content-box\" style=\"box-shadow: px px px px none;-webkit-transition: all 700ms ease;-moz-transition: all 700ms ease;-ms-transition: all 700ms ease;-o-transition: all 700ms ease;transition: all 700ms ease;\"  data-hover_box_shadow=\"none\"    >\n\t<div  class=\"wpb_single_image wpb_content_element vc_align_left wpb_content_element\">\n\t\t\n\t\t<figure class=\"wpb_wrapper vc_figure\">\n\t\t\t<div class=\"vc_single_image-wrapper   vc_box_border_grey\"><img loading=\"lazy\" decoding=\"async\" width=\"900\" height=\"1000\" src=\"https:\/\/wearevillage.org\/wp-content\/uploads\/2025\/08\/wav-team-Munir-Arreola.png\" class=\"vc_single_image-img attachment-full\" alt=\"\" title=\"wav-team-Munir Arreola\" srcset=\"https:\/\/wearevillage.org\/wp-content\/uploads\/2025\/08\/wav-team-Munir-Arreola.png 900w, https:\/\/wearevillage.org\/wp-content\/uploads\/2025\/08\/wav-team-Munir-Arreola-270x300.png 270w, https:\/\/wearevillage.org\/wp-content\/uploads\/2025\/08\/wav-team-Munir-Arreola-135x150.png 135w, https:\/\/wearevillage.org\/wp-content\/uploads\/2025\/08\/wav-team-Munir-Arreola-768x853.png 768w, https:\/\/wearevillage.org\/wp-content\/uploads\/2025\/08\/wav-team-Munir-Arreola-624x693.png 624w, https:\/\/wearevillage.org\/wp-content\/uploads\/2025\/08\/wav-team-Munir-Arreola-390x433.png 390w, https:\/\/wearevillage.org\/wp-content\/uploads\/2025\/08\/wav-team-Munir-Arreola-600x667.png 600w\" sizes=\"auto, (max-width: 900px) 100vw, 900px\" \/><\/div>\n\t\t<\/figure>\n\t<\/div>\n\n\t<div class=\"wpb_text_column wpb_content_element\" >\n\t\t<div class=\"wpb_wrapper\">\n\t\t\t<p><strong>Munir Arreola|<\/strong> he\/him | they\/them<br \/>\nProjektmanagement | Queer Bridge<\/p>\n<p><a style=\"text-decoration-line: none;\" href=\"#\">Mehr anzeigen<\/a><\/p>\n<p>Munir ist ein in Berlin lebender Tanzk\u00fcnstler, der sich mit Themen wie Identit\u00e4t, Queerness und Migration auseinandersetzt. Verwurzelt in seinem lateinamerikanisch\u2013nordafrikanischen Erbe sch\u00f6pft seine Arbeit aus seinem mexikanisch-marokkanischen Hintergrund und verbindet unterschiedliche Tanzsprachen mit interdisziplin\u00e4ren Praktiken. Derzeit leitet er seine eigenen Tanzprojekte Umi no Hikari und Azahar Anthology und ist als Tanzdirektor f\u00fcr \u201ePuticlub Berlin\u201c sowie das \u201eQueer Arab Collective\u201c t\u00e4tig.<\/p>\n<p>Munir bringt seine Expertise und vielf\u00e4ltigen Erfahrungen in unser Team ein und st\u00e4rkt damit Inklusion und Kreativit\u00e4t innerhalb des Projekts Village Projektes Queer Bridges. Diese Initiative hat das Ziel, Verbindungen zu schaffen und Ressourcen f\u00fcr LGBTQIA+-Personen mit Migrationserfahrungen bereitzustellen und Community sowie Vielfalt durch inklusive Programme zu feiern.<\/p>\n<p><em>\u00a0<\/em><\/p>\n\n\t\t<\/div>\n\t<\/div>\n\t\t<\/div><\/div><\/div><\/div><\/div><\/div><div class=\"vc_row wpb_row vc_row-fluid team-bios\"><div class=\"wpb_column vc_column_container vc_col-sm-4\"><div class=\"vc_column-inner\"><div class=\"wpb_wrapper\"><div class=\"ult-content-box-container \" >\t\t<div class=\"ult-content-box\" style=\"box-shadow: px px px px none;-webkit-transition: all 700ms ease;-moz-transition: all 700ms ease;-ms-transition: all 700ms ease;-o-transition: all 700ms ease;transition: all 700ms ease;\"  data-hover_box_shadow=\"none\"    >\n\t<div  class=\"wpb_single_image wpb_content_element vc_align_left wpb_content_element\">\n\t\t\n\t\t<figure class=\"wpb_wrapper vc_figure\">\n\t\t\t<div class=\"vc_single_image-wrapper   vc_box_border_grey\"><img loading=\"lazy\" decoding=\"async\" width=\"700\" height=\"774\" src=\"https:\/\/wearevillage.org\/wp-content\/uploads\/2022\/08\/Florian-Filtzinger.jpg\" class=\"vc_single_image-img attachment-full\" alt=\"\" title=\"Florian-Filtzinger\" srcset=\"https:\/\/wearevillage.org\/wp-content\/uploads\/2022\/08\/Florian-Filtzinger.jpg 700w, https:\/\/wearevillage.org\/wp-content\/uploads\/2022\/08\/Florian-Filtzinger-390x431.jpg 390w, https:\/\/wearevillage.org\/wp-content\/uploads\/2022\/08\/Florian-Filtzinger-600x663.jpg 600w, https:\/\/wearevillage.org\/wp-content\/uploads\/2022\/08\/Florian-Filtzinger-271x300.jpg 271w, https:\/\/wearevillage.org\/wp-content\/uploads\/2022\/08\/Florian-Filtzinger-624x690.jpg 624w\" sizes=\"auto, (max-width: 700px) 100vw, 700px\" \/><\/div>\n\t\t<\/figure>\n\t<\/div>\n\n\t<div class=\"wpb_text_column wpb_content_element\" >\n\t\t<div class=\"wpb_wrapper\">\n\t\t\t<p><strong>Florian Filtzinger |<\/strong> he\/him<br \/>\nRental Coordination<\/p>\n<p><a style=\"text-decoration-line: none;\" href=\"#\">Mehr anzeigen<\/a><\/p>\n<p>Florian studierte Anthropologie und Kommunikationswissenschaft und arbeitete seit 2013 in vielf\u00e4ltigen Projekten des queeren Berlins. W\u00e4hrend seiner gesamten Erfahrung erlebte er, wie unsere K\u00f6rper meistens von Nutzen sein mussten oder Reparatur bedurften, wenn sie krank waren oder nicht gut genug funktionierten. 2017 besch\u00e4ftigte er sich mit dem Studium der Somatik an der Somatischen Akademie Berlin und bietet nun Kurse an, um den K\u00f6rper als wahre Ressource f\u00fcr Weisheit, Freude und Tiefe in unserem Leben zu erheben.<\/p>\n\n\t\t<\/div>\n\t<\/div>\n\t\t<\/div><\/div><\/div><\/div><\/div><div class=\"wpb_column vc_column_container vc_col-sm-4\"><div class=\"vc_column-inner\"><div class=\"wpb_wrapper\"><div class=\"ult-content-box-container \" >\t\t<div class=\"ult-content-box\" style=\"box-shadow: px px px px none;-webkit-transition: all 700ms ease;-moz-transition: all 700ms ease;-ms-transition: all 700ms ease;-o-transition: all 700ms ease;transition: all 700ms ease;\"  data-hover_box_shadow=\"none\"    >\n\t<div  class=\"wpb_single_image wpb_content_element vc_align_left wpb_content_element\">\n\t\t\n\t\t<figure class=\"wpb_wrapper vc_figure\">\n\t\t\t<div class=\"vc_single_image-wrapper   vc_box_border_grey\"><img loading=\"lazy\" decoding=\"async\" width=\"900\" height=\"1000\" src=\"https:\/\/wearevillage.org\/wp-content\/uploads\/2025\/12\/wav-team-Marco-Obermuller-2.png\" class=\"vc_single_image-img attachment-full\" alt=\"\" title=\"wav-team-Marco Obermu\u0308ller 2\" srcset=\"https:\/\/wearevillage.org\/wp-content\/uploads\/2025\/12\/wav-team-Marco-Obermuller-2.png 900w, https:\/\/wearevillage.org\/wp-content\/uploads\/2025\/12\/wav-team-Marco-Obermuller-2-270x300.png 270w, https:\/\/wearevillage.org\/wp-content\/uploads\/2025\/12\/wav-team-Marco-Obermuller-2-135x150.png 135w, https:\/\/wearevillage.org\/wp-content\/uploads\/2025\/12\/wav-team-Marco-Obermuller-2-768x853.png 768w, https:\/\/wearevillage.org\/wp-content\/uploads\/2025\/12\/wav-team-Marco-Obermuller-2-624x693.png 624w, https:\/\/wearevillage.org\/wp-content\/uploads\/2025\/12\/wav-team-Marco-Obermuller-2-390x433.png 390w, https:\/\/wearevillage.org\/wp-content\/uploads\/2025\/12\/wav-team-Marco-Obermuller-2-600x667.png 600w\" sizes=\"auto, (max-width: 900px) 100vw, 900px\" \/><\/div>\n\t\t<\/figure>\n\t<\/div>\n\n\t<div class=\"wpb_text_column wpb_content_element\" >\n\t\t<div class=\"wpb_wrapper\">\n\t\t\t<p><strong>Marco Oberm\u00fcller |<\/strong> he\/him<br \/>\nKonfliktbearbeitung<\/p>\n<p><a style=\"text-decoration-line: none;\" href=\"#\">Mehr anzeigen<\/a><\/p>\n<p>Mit einem Hintergrund in Islamwissenschaften und Stadtplanung war Marco 20 Jahre lang als F\u00fchrungskraft in NGOs und Regierungsberatung t\u00e4tig, mit Schwerpunkt auf internationaler Zusammenarbeit in Konfliktgebieten wie Afghanistan, Pakistan und Sudan. Er lehrte zu den Themen Konflikt und Fragilit\u00e4t an der RMIT und der Universit\u00e4t St. Gallen. Als systemischer Coach am Artop-Institut der Humboldt-Universit\u00e4t ausgebildet, integriert Marco somatische Praktiken wie K\u00f6rperarbeit und Atemtechniken in seine Arbeit. Derzeit vertieft er seine F\u00e4higkeiten in Gestalttherapie am IGG Berlin. In seiner Freizeit tanzt und improvisiert Marco gerne.<br \/>\n<em><br \/>\n<\/em><\/p>\n\n\t\t<\/div>\n\t<\/div>\n\t\t<\/div><\/div><\/div><\/div><\/div><div class=\"wpb_column vc_column_container vc_col-sm-4\"><div class=\"vc_column-inner\"><div class=\"wpb_wrapper\"><\/div><\/div><\/div><\/div><div class=\"vc_row wpb_row vc_row-fluid\"><div class=\"wpb_column vc_column_container vc_col-sm-12\"><div class=\"vc_column-inner\"><div class=\"wpb_wrapper\"><div class=\"vc_empty_space\"   style=\"height: 40px\"><span class=\"vc_empty_space_inner\"><\/span><\/div><\/div><\/div><\/div><\/div><div id=\"kursundevent\" class=\"vc_row wpb_row vc_row-fluid\"><div class=\"wpb_column vc_column_container vc_col-sm-10\"><div class=\"vc_column-inner\"><div class=\"wpb_wrapper\"><h2 style=\"text-align: left\" class=\"vc_custom_heading vc_do_custom_heading\" >Triff das Team der<\/h2><h1 style=\"text-align: left\" class=\"vc_custom_heading vc_do_custom_heading\" >Kurs- und Eventleitenden<\/h1><\/div><\/div><\/div><div class=\"wpb_column vc_column_container vc_col-sm-2\"><div class=\"vc_column-inner\"><div class=\"wpb_wrapper\"><\/div><\/div><\/div><\/div><div class=\"vc_row wpb_row vc_row-fluid\"><div class=\"wpb_column vc_column_container vc_col-sm-12\"><div class=\"vc_column-inner\"><div class=\"wpb_wrapper\"><div class=\"vc_empty_space\"   style=\"height: 40px\"><span class=\"vc_empty_space_inner\"><\/span><\/div><\/div><\/div><\/div><\/div><div class=\"vc_row wpb_row vc_row-fluid team-bios\"><div class=\"wpb_column vc_column_container vc_col-sm-4\"><div class=\"vc_column-inner\"><div class=\"wpb_wrapper\"><div class=\"ult-content-box-container \" >\t\t<div class=\"ult-content-box\" style=\"box-shadow: px px px px none;-webkit-transition: all 700ms ease;-moz-transition: all 700ms ease;-ms-transition: all 700ms ease;-o-transition: all 700ms ease;transition: all 700ms ease;\"  data-hover_box_shadow=\"none\"    >\n\t<div  class=\"wpb_single_image wpb_content_element vc_align_left wpb_content_element\">\n\t\t\n\t\t<figure class=\"wpb_wrapper vc_figure\">\n\t\t\t<div class=\"vc_single_image-wrapper   vc_box_border_grey\"><img loading=\"lazy\" decoding=\"async\" width=\"900\" height=\"1000\" src=\"https:\/\/wearevillage.org\/wp-content\/uploads\/2024\/05\/wav-team-Alan-Lessik.png\" class=\"vc_single_image-img attachment-full\" alt=\"\" title=\"wav-team-Alan Lessik\" srcset=\"https:\/\/wearevillage.org\/wp-content\/uploads\/2024\/05\/wav-team-Alan-Lessik.png 900w, https:\/\/wearevillage.org\/wp-content\/uploads\/2024\/05\/wav-team-Alan-Lessik-270x300.png 270w, https:\/\/wearevillage.org\/wp-content\/uploads\/2024\/05\/wav-team-Alan-Lessik-135x150.png 135w, https:\/\/wearevillage.org\/wp-content\/uploads\/2024\/05\/wav-team-Alan-Lessik-768x853.png 768w, https:\/\/wearevillage.org\/wp-content\/uploads\/2024\/05\/wav-team-Alan-Lessik-624x693.png 624w, https:\/\/wearevillage.org\/wp-content\/uploads\/2024\/05\/wav-team-Alan-Lessik-390x433.png 390w, https:\/\/wearevillage.org\/wp-content\/uploads\/2024\/05\/wav-team-Alan-Lessik-600x667.png 600w\" sizes=\"auto, (max-width: 900px) 100vw, 900px\" \/><\/div>\n\t\t<\/figure>\n\t<\/div>\n\n\t<div class=\"wpb_text_column wpb_content_element\" >\n\t\t<div class=\"wpb_wrapper\">\n\t\t\t<p><strong>Alan Lessik | <\/strong>he\/him<br \/>\nMeditation<\/p>\n<p><a style=\"text-decoration-line: none;\" href=\"#\">Mehr anzeigen<\/a><\/p>\n<p>Alan Lessik ist Romanautor, Queer-Aktivist und Zen-Praktizierender. Er lehrte Meditation bei Queer Dharma im San Francisco Zen Center und war Gastlehrer bei der SF LGBTQ Sangha.<\/p>\n\n\t\t<\/div>\n\t<\/div>\n\t\t<\/div><\/div><\/div><\/div><\/div><div class=\"wpb_column vc_column_container vc_col-sm-4\"><div class=\"vc_column-inner\"><div class=\"wpb_wrapper\"><div class=\"ult-content-box-container \" >\t\t<div class=\"ult-content-box\" style=\"box-shadow: px px px px none;-webkit-transition: all 700ms ease;-moz-transition: all 700ms ease;-ms-transition: all 700ms ease;-o-transition: all 700ms ease;transition: all 700ms ease;\"  data-hover_box_shadow=\"none\"    >\n\t<div  class=\"wpb_single_image wpb_content_element vc_align_left wpb_content_element\">\n\t\t\n\t\t<figure class=\"wpb_wrapper vc_figure\">\n\t\t\t<div class=\"vc_single_image-wrapper   vc_box_border_grey\"><img loading=\"lazy\" decoding=\"async\" width=\"700\" height=\"774\" src=\"https:\/\/wearevillage.org\/wp-content\/uploads\/2022\/08\/Axel-Pedersen-Nielsen.jpg\" class=\"vc_single_image-img attachment-full\" alt=\"\" title=\"Axel-Pedersen-Nielsen\" srcset=\"https:\/\/wearevillage.org\/wp-content\/uploads\/2022\/08\/Axel-Pedersen-Nielsen.jpg 700w, https:\/\/wearevillage.org\/wp-content\/uploads\/2022\/08\/Axel-Pedersen-Nielsen-390x431.jpg 390w, https:\/\/wearevillage.org\/wp-content\/uploads\/2022\/08\/Axel-Pedersen-Nielsen-600x663.jpg 600w, https:\/\/wearevillage.org\/wp-content\/uploads\/2022\/08\/Axel-Pedersen-Nielsen-271x300.jpg 271w, https:\/\/wearevillage.org\/wp-content\/uploads\/2022\/08\/Axel-Pedersen-Nielsen-624x690.jpg 624w\" sizes=\"auto, (max-width: 700px) 100vw, 700px\" \/><\/div>\n\t\t<\/figure>\n\t<\/div>\n\n\t<div class=\"wpb_text_column wpb_content_element\" >\n\t\t<div class=\"wpb_wrapper\">\n\t\t\t<p><strong>Axel Pedersen-Nielsen | <\/strong>he\/him<br \/>\nFacilitator, Bodyworker<\/p>\n<p><a style=\"text-decoration-line: none;\" href=\"#\">Mehr anzeigen<\/a><\/p>\n<p>Axel lebt in Berlin und macht K\u00f6rperarbeit nach dem Pantarei-Ansatz und Embodied Counseling. Er hat Wurzeln in der linken\/trans\/queeren Aktivistenszene in Kopenhagen und interessiert sich f\u00fcr die Verbindung von sozialer Gerechtigkeit und Verk\u00f6rperung. Seine Arbeit konzentriert sich darauf, Gruppen und Menschen auf ihrem Weg zu einem Leben voller Kraft, Mitgef\u00fchl und Resilienz zu begleiten.<\/p>\n\n\t\t<\/div>\n\t<\/div>\n\t\t<\/div><\/div><\/div><\/div><\/div><div class=\"wpb_column vc_column_container vc_col-sm-4\"><div class=\"vc_column-inner\"><div class=\"wpb_wrapper\"><div class=\"ult-content-box-container \" >\t\t<div class=\"ult-content-box\" style=\"box-shadow: px px px px none;-webkit-transition: all 700ms ease;-moz-transition: all 700ms ease;-ms-transition: all 700ms ease;-o-transition: all 700ms ease;transition: all 700ms ease;\"  data-hover_box_shadow=\"none\"    >\n\t<div  class=\"wpb_single_image wpb_content_element vc_align_left wpb_content_element\">\n\t\t\n\t\t<figure class=\"wpb_wrapper vc_figure\">\n\t\t\t<div class=\"vc_single_image-wrapper   vc_box_border_grey\"><img loading=\"lazy\" decoding=\"async\" width=\"900\" height=\"1000\" src=\"https:\/\/wearevillage.org\/wp-content\/uploads\/2024\/05\/wav-team-Benjamin-Block-1.png\" class=\"vc_single_image-img attachment-full\" alt=\"\" title=\"wav-team-Benjamin Block\" srcset=\"https:\/\/wearevillage.org\/wp-content\/uploads\/2024\/05\/wav-team-Benjamin-Block-1.png 900w, https:\/\/wearevillage.org\/wp-content\/uploads\/2024\/05\/wav-team-Benjamin-Block-1-270x300.png 270w, https:\/\/wearevillage.org\/wp-content\/uploads\/2024\/05\/wav-team-Benjamin-Block-1-135x150.png 135w, https:\/\/wearevillage.org\/wp-content\/uploads\/2024\/05\/wav-team-Benjamin-Block-1-768x853.png 768w, https:\/\/wearevillage.org\/wp-content\/uploads\/2024\/05\/wav-team-Benjamin-Block-1-624x693.png 624w, https:\/\/wearevillage.org\/wp-content\/uploads\/2024\/05\/wav-team-Benjamin-Block-1-390x433.png 390w, https:\/\/wearevillage.org\/wp-content\/uploads\/2024\/05\/wav-team-Benjamin-Block-1-600x667.png 600w\" sizes=\"auto, (max-width: 900px) 100vw, 900px\" \/><\/div>\n\t\t<\/figure>\n\t<\/div>\n\n\t<div class=\"wpb_text_column wpb_content_element\" >\n\t\t<div class=\"wpb_wrapper\">\n\t\t\t<p><strong>Benjamin Block | <\/strong>he\/they<br \/>\nEmbodied Consent<\/p>\n<p><a style=\"text-decoration-line: none;\" href=\"#\">Mehr anzeigen<\/a><\/p>\n<p>Geboren und aufgewachsen in Berlin, hat Benjamin einen Master in Tanz. Als Trainer f\u00fcr Aufmerksamkeit und Experte f\u00fcr ganzheitliche K\u00f6rperarbeit ist er leidenschaftlich \u00fcber seine lebenslange Forschung f\u00fcr Embodiment, Gesundheit und pers\u00f6nliches Wachstum. Er liebt es, Menschen zu bef\u00e4higen, sich wieder mit der Weisheit und dem Potential ihres K\u00f6rpers zu verbinden \u2013 individuell als auch kollektiv. Er ist Mitinhaber des \u201eStudio for BodyAttention & Transformation\u201c in Berlin, wo er in Sessions als auch in verschiedenen Workshop-Formaten unterrichtet.<br \/>\n<a class=\"text-blue underline focus-visible\" contenteditable=\"plaintext-only\" href=\"http:\/\/www.benjaminblock.de\/\" target=\"_blank\" rel=\"noreferrer noopener\">www.benjaminblock.de<\/a><br \/>\nInstagramm @benjaminblock.bodywork<\/p>\n\n\t\t<\/div>\n\t<\/div>\n\t\t<\/div><\/div><\/div><\/div><\/div><\/div><div class=\"vc_row wpb_row vc_row-fluid team-bios\"><div class=\"wpb_column vc_column_container vc_col-sm-4\"><div class=\"vc_column-inner\"><div class=\"wpb_wrapper\"><div class=\"ult-content-box-container \" >\t\t<div class=\"ult-content-box\" style=\"box-shadow: px px px px none;-webkit-transition: all 700ms ease;-moz-transition: all 700ms ease;-ms-transition: all 700ms ease;-o-transition: all 700ms ease;transition: all 700ms ease;\"  data-hover_box_shadow=\"none\"    >\n\t<div  class=\"wpb_single_image wpb_content_element vc_align_left wpb_content_element\">\n\t\t\n\t\t<figure class=\"wpb_wrapper vc_figure\">\n\t\t\t<div class=\"vc_single_image-wrapper   vc_box_border_grey\"><img loading=\"lazy\" decoding=\"async\" width=\"700\" height=\"774\" src=\"https:\/\/wearevillage.org\/wp-content\/uploads\/2022\/08\/coral-short.jpg\" class=\"vc_single_image-img attachment-full\" alt=\"\" title=\"coral-short\" srcset=\"https:\/\/wearevillage.org\/wp-content\/uploads\/2022\/08\/coral-short.jpg 700w, https:\/\/wearevillage.org\/wp-content\/uploads\/2022\/08\/coral-short-390x431.jpg 390w, https:\/\/wearevillage.org\/wp-content\/uploads\/2022\/08\/coral-short-600x663.jpg 600w, https:\/\/wearevillage.org\/wp-content\/uploads\/2022\/08\/coral-short-271x300.jpg 271w, https:\/\/wearevillage.org\/wp-content\/uploads\/2022\/08\/coral-short-624x690.jpg 624w\" sizes=\"auto, (max-width: 700px) 100vw, 700px\" \/><\/div>\n\t\t<\/figure>\n\t<\/div>\n\n\t<div class=\"wpb_text_column wpb_content_element\" >\n\t\t<div class=\"wpb_wrapper\">\n\t\t\t<p><strong>Coral Short | <\/strong>they<br \/>\nFacilitator, Activist, Anti-Racism as a Daily Practice<\/p>\n<p><a style=\"text-decoration-line: none;\" href=\"#\">Mehr anzeigen<\/a><\/p>\n<p>Coral Short ist eine wei\u00dfe Siedlerin, die im unbestrittenen Ansiedlungsort der Kanien\u2019keh\u00e1:ka, Anishinabe und Haudenosaunee lebt \u2013 der Insel Tiohti\u00e0:ke in Turtle Island, kolonial bekannt als Montr\u00e9al, Qu\u00e9bec, Kanada. Coral hat ein irisches Erbe, aber auch walisische, romanische, deutsche und schottische Wurzeln. Sie verlernen aktiv ihren Rassismus, indem sie Workshops besuchen, antirassistische B\u00fcchergruppen organisieren und sich in antirassistischem Aktivismus, Lernen und Lehren engagieren. Derzeit arbeiten sie als K\u00fcnstlerin und professionelle G\u00e4rtnerin. Sie befinden sich in der Ausbildung zur Lehrenden f\u00fcr True North Insight und Somatic Experiencing.<\/p>\n\n\t\t<\/div>\n\t<\/div>\n\t\t<\/div><\/div><\/div><\/div><\/div><div class=\"wpb_column vc_column_container vc_col-sm-4\"><div class=\"vc_column-inner\"><div class=\"wpb_wrapper\"><div class=\"ult-content-box-container \" >\t\t<div class=\"ult-content-box\" style=\"box-shadow: px px px px none;-webkit-transition: all 700ms ease;-moz-transition: all 700ms ease;-ms-transition: all 700ms ease;-o-transition: all 700ms ease;transition: all 700ms ease;\"  data-hover_box_shadow=\"none\"    >\n\t<div  class=\"wpb_single_image wpb_content_element vc_align_left wpb_content_element\">\n\t\t\n\t\t<figure class=\"wpb_wrapper vc_figure\">\n\t\t\t<div class=\"vc_single_image-wrapper   vc_box_border_grey\"><img loading=\"lazy\" decoding=\"async\" width=\"900\" height=\"1000\" src=\"https:\/\/wearevillage.org\/wp-content\/uploads\/2024\/04\/wav-team-Harms-Wulf.png\" class=\"vc_single_image-img attachment-full\" alt=\"\" title=\"wav-team-Harms Wulf\" srcset=\"https:\/\/wearevillage.org\/wp-content\/uploads\/2024\/04\/wav-team-Harms-Wulf.png 900w, https:\/\/wearevillage.org\/wp-content\/uploads\/2024\/04\/wav-team-Harms-Wulf-270x300.png 270w, https:\/\/wearevillage.org\/wp-content\/uploads\/2024\/04\/wav-team-Harms-Wulf-135x150.png 135w, https:\/\/wearevillage.org\/wp-content\/uploads\/2024\/04\/wav-team-Harms-Wulf-768x853.png 768w, https:\/\/wearevillage.org\/wp-content\/uploads\/2024\/04\/wav-team-Harms-Wulf-624x693.png 624w, https:\/\/wearevillage.org\/wp-content\/uploads\/2024\/04\/wav-team-Harms-Wulf-390x433.png 390w, https:\/\/wearevillage.org\/wp-content\/uploads\/2024\/04\/wav-team-Harms-Wulf-600x667.png 600w\" sizes=\"auto, (max-width: 900px) 100vw, 900px\" \/><\/div>\n\t\t<\/figure>\n\t<\/div>\n\n\t<div class=\"wpb_text_column wpb_content_element\" >\n\t\t<div class=\"wpb_wrapper\">\n\t\t\t<p><strong>Harms Wulf | <\/strong>he\/him<br \/>\nOutdoor Events<\/p>\n<p><a style=\"text-decoration-line: none;\" href=\"#\">Mehr anzeigen<\/a><\/p>\n<p>Harms kennt Berlin bereits aus den Zeiten der Teilung. Seitdem hat er die Stadt- und Naturr\u00e4ume Berlins und seiner Umgebung beruflich und privat erkundet.<\/p>\n<p>Im Village engagiert er sich mit f\u00fcr das Programm der Outdoorevents.<\/p>\n\n\t\t<\/div>\n\t<\/div>\n\t\t<\/div><\/div><\/div><\/div><\/div><div class=\"wpb_column vc_column_container vc_col-sm-4\"><div class=\"vc_column-inner\"><div class=\"wpb_wrapper\"><div class=\"ult-content-box-container \" >\t\t<div class=\"ult-content-box\" style=\"box-shadow: px px px px none;-webkit-transition: all 700ms ease;-moz-transition: all 700ms ease;-ms-transition: all 700ms ease;-o-transition: all 700ms ease;transition: all 700ms ease;\"  data-hover_box_shadow=\"none\"    >\n\t<div  class=\"wpb_single_image wpb_content_element vc_align_left wpb_content_element\">\n\t\t\n\t\t<figure class=\"wpb_wrapper vc_figure\">\n\t\t\t<div class=\"vc_single_image-wrapper   vc_box_border_grey\"><img loading=\"lazy\" decoding=\"async\" width=\"900\" height=\"1000\" src=\"https:\/\/wearevillage.org\/wp-content\/uploads\/2023\/11\/wav-team-Jan-Henry-Grosser.jpg\" class=\"vc_single_image-img attachment-full\" alt=\"\" title=\"wav-team-Jan-Henry-Grosser\" srcset=\"https:\/\/wearevillage.org\/wp-content\/uploads\/2023\/11\/wav-team-Jan-Henry-Grosser.jpg 900w, https:\/\/wearevillage.org\/wp-content\/uploads\/2023\/11\/wav-team-Jan-Henry-Grosser-270x300.jpg 270w, https:\/\/wearevillage.org\/wp-content\/uploads\/2023\/11\/wav-team-Jan-Henry-Grosser-135x150.jpg 135w, https:\/\/wearevillage.org\/wp-content\/uploads\/2023\/11\/wav-team-Jan-Henry-Grosser-768x853.jpg 768w, https:\/\/wearevillage.org\/wp-content\/uploads\/2023\/11\/wav-team-Jan-Henry-Grosser-624x693.jpg 624w, https:\/\/wearevillage.org\/wp-content\/uploads\/2023\/11\/wav-team-Jan-Henry-Grosser-390x433.jpg 390w, https:\/\/wearevillage.org\/wp-content\/uploads\/2023\/11\/wav-team-Jan-Henry-Grosser-600x667.jpg 600w\" sizes=\"auto, (max-width: 900px) 100vw, 900px\" \/><\/div>\n\t\t<\/figure>\n\t<\/div>\n\n\t<div class=\"wpb_text_column wpb_content_element\" >\n\t\t<div class=\"wpb_wrapper\">\n\t\t\t<p><strong>Jan Henry Gro\u00dfer |<\/strong><br \/>\nPsychiater und Psychotherapeut, Seminare, Workshops, Vortr\u00e4ge<\/p>\n<p><a style=\"text-decoration-line: none;\" href=\"#\">Mehr anzeigen<\/a><\/p>\n<p>Jan Gro\u00dfer (*1963), FA f\u00fcr Psychiatrie und Psychotherapie mit T\u00e4tigkeiten in der Sexualtherapie, Suchtpsychiatrie und Psychotherapie. F\u00fcnfj\u00e4hrige ehrenamtliche Mitarbeit in der psychologischen Beratung der Schwulenberatung Berlin. Mein Ziel ist die F\u00f6rderung von k\u00f6rperlicher und mentaler Gesundheit durch Psychoedukation, lebensnahe Interventionstechniken und Konfliktl\u00f6sungsstrategien im Umgang mit Erkrankung, Sexualit\u00e4t, Substanzkonsum, Scham und Stigmatisierungserfahrungen. Ich bin mit all diesen Themen sowohl als Arzt und Therapeut vertraut als auch als schwuler Mann mit HIV direkt betroffen.<\/p>\n\n\t\t<\/div>\n\t<\/div>\n\t\t<\/div><\/div><\/div><\/div><\/div><\/div><div class=\"vc_row wpb_row vc_row-fluid team-bios\"><div class=\"wpb_column vc_column_container vc_col-sm-4\"><div class=\"vc_column-inner\"><div class=\"wpb_wrapper\"><div class=\"ult-content-box-container \" >\t\t<div class=\"ult-content-box\" style=\"box-shadow: px px px px none;-webkit-transition: all 700ms ease;-moz-transition: all 700ms ease;-ms-transition: all 700ms ease;-o-transition: all 700ms ease;transition: all 700ms ease;\"  data-hover_box_shadow=\"none\"    >\n\t<div  class=\"wpb_single_image wpb_content_element vc_align_left wpb_content_element\">\n\t\t\n\t\t<figure class=\"wpb_wrapper vc_figure\">\n\t\t\t<div class=\"vc_single_image-wrapper   vc_box_border_grey\"><img loading=\"lazy\" decoding=\"async\" width=\"900\" height=\"1000\" src=\"https:\/\/wearevillage.org\/wp-content\/uploads\/2024\/05\/wav-team-Jan-Suren.png\" class=\"vc_single_image-img attachment-full\" alt=\"\" title=\"wav-team-Jan Suren\" srcset=\"https:\/\/wearevillage.org\/wp-content\/uploads\/2024\/05\/wav-team-Jan-Suren.png 900w, https:\/\/wearevillage.org\/wp-content\/uploads\/2024\/05\/wav-team-Jan-Suren-270x300.png 270w, https:\/\/wearevillage.org\/wp-content\/uploads\/2024\/05\/wav-team-Jan-Suren-135x150.png 135w, https:\/\/wearevillage.org\/wp-content\/uploads\/2024\/05\/wav-team-Jan-Suren-768x853.png 768w, https:\/\/wearevillage.org\/wp-content\/uploads\/2024\/05\/wav-team-Jan-Suren-624x693.png 624w, https:\/\/wearevillage.org\/wp-content\/uploads\/2024\/05\/wav-team-Jan-Suren-390x433.png 390w, https:\/\/wearevillage.org\/wp-content\/uploads\/2024\/05\/wav-team-Jan-Suren-600x667.png 600w\" sizes=\"auto, (max-width: 900px) 100vw, 900px\" \/><\/div>\n\t\t<\/figure>\n\t<\/div>\n\n\t<div class=\"wpb_text_column wpb_content_element\" >\n\t\t<div class=\"wpb_wrapper\">\n\t\t\t<p><strong>Jan Suren | <\/strong>he\/him<br \/>\nPlayfight Queerfight<\/p>\n<p><a style=\"text-decoration-line: none;\" href=\"#\">Mehr anzeigen<\/a><\/p>\n<p>Su ist kultureller Anthropologe, Bestatter und ehemaliger Boxer und Rugby Spieler.<\/p>\n\n\t\t<\/div>\n\t<\/div>\n\t\t<\/div><\/div><\/div><\/div><\/div><div class=\"wpb_column vc_column_container vc_col-sm-4\"><div class=\"vc_column-inner\"><div class=\"wpb_wrapper\"><div class=\"ult-content-box-container \" >\t\t<div class=\"ult-content-box\" style=\"box-shadow: px px px px none;-webkit-transition: all 700ms ease;-moz-transition: all 700ms ease;-ms-transition: all 700ms ease;-o-transition: all 700ms ease;transition: all 700ms ease;\"  data-hover_box_shadow=\"none\"    >\n\t<div  class=\"wpb_single_image wpb_content_element vc_align_left wpb_content_element\">\n\t\t\n\t\t<figure class=\"wpb_wrapper vc_figure\">\n\t\t\t<div class=\"vc_single_image-wrapper   vc_box_border_grey\"><img loading=\"lazy\" decoding=\"async\" width=\"700\" height=\"774\" src=\"https:\/\/wearevillage.org\/wp-content\/uploads\/2022\/08\/jens-dube.jpg\" class=\"vc_single_image-img attachment-full\" alt=\"\" title=\"jens-dube\" srcset=\"https:\/\/wearevillage.org\/wp-content\/uploads\/2022\/08\/jens-dube.jpg 700w, https:\/\/wearevillage.org\/wp-content\/uploads\/2022\/08\/jens-dube-390x431.jpg 390w, https:\/\/wearevillage.org\/wp-content\/uploads\/2022\/08\/jens-dube-600x663.jpg 600w, https:\/\/wearevillage.org\/wp-content\/uploads\/2022\/08\/jens-dube-271x300.jpg 271w, https:\/\/wearevillage.org\/wp-content\/uploads\/2022\/08\/jens-dube-624x690.jpg 624w\" sizes=\"auto, (max-width: 700px) 100vw, 700px\" \/><\/div>\n\t\t<\/figure>\n\t<\/div>\n\n\t<div class=\"wpb_text_column wpb_content_element\" >\n\t\t<div class=\"wpb_wrapper\">\n\t\t\t<p><strong>Jens Dube | <\/strong>he\/him<br \/>\nAcroyoga<\/p>\n<p><a style=\"text-decoration-line: none;\" href=\"#\">Mehr anzeigen<\/a><\/p>\n<p>Jens Dube ist Physiotherapeut, Thaimassage- & Acroyoga-Lehrer und therapeutic flying practioner. Als Acroyoga-Lehrer seit mehr als 10 Jahren empfindet er Acroyoga als eine gro\u00dfartige Gelegenheit f\u00fcr Menschen, sich zu verbinden und etwas potenziell Wunderbares zu erleben, w\u00e4hrend sie spielerisch \u00c4ngste und Grenzen erkunden.<\/p>\n\n\t\t<\/div>\n\t<\/div>\n\t\t<\/div><\/div><\/div><\/div><\/div><div class=\"wpb_column vc_column_container vc_col-sm-4\"><div class=\"vc_column-inner\"><div class=\"wpb_wrapper\"><div class=\"ult-content-box-container \" >\t\t<div class=\"ult-content-box\" style=\"box-shadow: px px px px none;-webkit-transition: all 700ms ease;-moz-transition: all 700ms ease;-ms-transition: all 700ms ease;-o-transition: all 700ms ease;transition: all 700ms ease;\"  data-hover_box_shadow=\"none\"    >\n\t<div  class=\"wpb_single_image wpb_content_element vc_align_left wpb_content_element\">\n\t\t\n\t\t<figure class=\"wpb_wrapper vc_figure\">\n\t\t\t<div class=\"vc_single_image-wrapper   vc_box_border_grey\"><img loading=\"lazy\" decoding=\"async\" width=\"700\" height=\"774\" src=\"https:\/\/wearevillage.org\/wp-content\/uploads\/2022\/08\/Jochen-Kleres.jpg\" class=\"vc_single_image-img attachment-full\" alt=\"\" title=\"Jochen-Kleres\" srcset=\"https:\/\/wearevillage.org\/wp-content\/uploads\/2022\/08\/Jochen-Kleres.jpg 700w, https:\/\/wearevillage.org\/wp-content\/uploads\/2022\/08\/Jochen-Kleres-390x431.jpg 390w, https:\/\/wearevillage.org\/wp-content\/uploads\/2022\/08\/Jochen-Kleres-600x663.jpg 600w, https:\/\/wearevillage.org\/wp-content\/uploads\/2022\/08\/Jochen-Kleres-271x300.jpg 271w, https:\/\/wearevillage.org\/wp-content\/uploads\/2022\/08\/Jochen-Kleres-624x690.jpg 624w\" sizes=\"auto, (max-width: 700px) 100vw, 700px\" \/><\/div>\n\t\t<\/figure>\n\t<\/div>\n\n\t<div class=\"wpb_text_column wpb_content_element\" >\n\t\t<div class=\"wpb_wrapper\">\n\t\t\t<p><strong>Jochen Kleres | <\/strong>any pronoun<br \/>\nFacilitator, Queer Contact Improv Laboratory<\/p>\n<p><a style=\"text-decoration-line: none;\" href=\"#\">Mehr anzeigen<\/a><\/p>\n<p>Jochen ist Soziologe, macht eine Ausbildung zum Tanztherapeuten und ist Heilpraktiker f\u00fcr Psychotherapie. Er macht leidenschaftlich Improvisationstanz (Contact Improvisation, Instant Composition, Gaga) und spielt Fagott. Im Village engagiert er sich als einer der Facilitators des Queer Contact Improvisation Lab & Jam\/DisTanz.<\/p>\n\n\t\t<\/div>\n\t<\/div>\n\t\t<\/div><\/div><\/div><\/div><\/div><\/div><div class=\"vc_row wpb_row vc_row-fluid team-bios\"><div class=\"wpb_column vc_column_container vc_col-sm-4\"><div class=\"vc_column-inner\"><div class=\"wpb_wrapper\"><div class=\"ult-content-box-container \" >\t\t<div class=\"ult-content-box\" style=\"box-shadow: px px px px none;-webkit-transition: all 700ms ease;-moz-transition: all 700ms ease;-ms-transition: all 700ms ease;-o-transition: all 700ms ease;transition: all 700ms ease;\"  data-hover_box_shadow=\"none\"    >\n\t<div  class=\"wpb_single_image wpb_content_element vc_align_left wpb_content_element\">\n\t\t\n\t\t<figure class=\"wpb_wrapper vc_figure\">\n\t\t\t<div class=\"vc_single_image-wrapper   vc_box_border_grey\"><img loading=\"lazy\" decoding=\"async\" width=\"900\" height=\"1000\" src=\"https:\/\/wearevillage.org\/wp-content\/uploads\/2025\/12\/wav-team-Karl-Henrik-Sahlen3.png\" class=\"vc_single_image-img attachment-full\" alt=\"\" title=\"wav-team-Karl-Henrik Sahlen3\" srcset=\"https:\/\/wearevillage.org\/wp-content\/uploads\/2025\/12\/wav-team-Karl-Henrik-Sahlen3.png 900w, https:\/\/wearevillage.org\/wp-content\/uploads\/2025\/12\/wav-team-Karl-Henrik-Sahlen3-270x300.png 270w, https:\/\/wearevillage.org\/wp-content\/uploads\/2025\/12\/wav-team-Karl-Henrik-Sahlen3-135x150.png 135w, https:\/\/wearevillage.org\/wp-content\/uploads\/2025\/12\/wav-team-Karl-Henrik-Sahlen3-768x853.png 768w, https:\/\/wearevillage.org\/wp-content\/uploads\/2025\/12\/wav-team-Karl-Henrik-Sahlen3-624x693.png 624w, https:\/\/wearevillage.org\/wp-content\/uploads\/2025\/12\/wav-team-Karl-Henrik-Sahlen3-390x433.png 390w, https:\/\/wearevillage.org\/wp-content\/uploads\/2025\/12\/wav-team-Karl-Henrik-Sahlen3-600x667.png 600w\" sizes=\"auto, (max-width: 900px) 100vw, 900px\" \/><\/div>\n\t\t<\/figure>\n\t<\/div>\n\n\t<div class=\"wpb_text_column wpb_content_element\" >\n\t\t<div class=\"wpb_wrapper\">\n\t\t\t<p><strong>Karl-Henrik Sahl\u00e9n |<\/strong> they\/them<br \/>\nQueer Authentic Dating<\/p>\n<p><a style=\"text-decoration-line: none;\" href=\"#\">Mehr anzeigen<\/a><\/p>\n<p>Karl Henrik hat einen Bachelor-Abschluss in Internationaler Psychologie, ist akkreditiert f\u00fcr Life Purpose Coaching und ein zertifizierter Hatha- und Chakra-Yogalehrer. Er konzentriert sich kontinuierlich auf die Erforschung und Integration neuer Praktiken in den Bereichen Psychologie, Spiritualit\u00e4t und Bewegung. In letzter Zeit hat er auch Erfahrungen in den Bereichen Bioenergetik, Feldenkrais, Katonah & Jivamukti Yoga sowie Mixed Martial Arts gesammelt, die er mit seiner Coaching- und Energieheilungsarbeit verbindet. Zus\u00e4tzlich zu seiner 1-1-Praxis leitet Karl Henrik eine Reihe von regelm\u00e4\u00dfigen Sitzungen und Workshops zu diesen Themen. Mit Ehrlichkeit, Freude und Freundlichkeit setzt er sich daf\u00fcr ein, Raum zu schaffen und zu halten f\u00fcr alles, was auftaucht. Seine Pr\u00e4senz, Entschlossenheit und mitf\u00fchlende Einsicht in die Selbsterforschung machen ihn zu einem sehr kraftvollen Begleiter, der R\u00e4ume der Introspektion, der Bewegung und des reinen Seins erm\u00f6glicht.<\/p>\n\n\t\t<\/div>\n\t<\/div>\n\t\t<\/div><\/div><\/div><\/div><\/div><div class=\"wpb_column vc_column_container vc_col-sm-4\"><div class=\"vc_column-inner\"><div class=\"wpb_wrapper\"><div class=\"ult-content-box-container \" >\t\t<div class=\"ult-content-box\" style=\"box-shadow: px px px px none;-webkit-transition: all 700ms ease;-moz-transition: all 700ms ease;-ms-transition: all 700ms ease;-o-transition: all 700ms ease;transition: all 700ms ease;\"  data-hover_box_shadow=\"none\"    >\n\t<div  class=\"wpb_single_image wpb_content_element vc_align_left wpb_content_element\">\n\t\t\n\t\t<figure class=\"wpb_wrapper vc_figure\">\n\t\t\t<div class=\"vc_single_image-wrapper   vc_box_border_grey\"><img loading=\"lazy\" decoding=\"async\" width=\"900\" height=\"1000\" src=\"https:\/\/wearevillage.org\/wp-content\/uploads\/2024\/04\/wav-team-Lana-Loeser.png\" class=\"vc_single_image-img attachment-full\" alt=\"\" title=\"wav-team-Lana Loeser\" srcset=\"https:\/\/wearevillage.org\/wp-content\/uploads\/2024\/04\/wav-team-Lana-Loeser.png 900w, https:\/\/wearevillage.org\/wp-content\/uploads\/2024\/04\/wav-team-Lana-Loeser-270x300.png 270w, https:\/\/wearevillage.org\/wp-content\/uploads\/2024\/04\/wav-team-Lana-Loeser-135x150.png 135w, https:\/\/wearevillage.org\/wp-content\/uploads\/2024\/04\/wav-team-Lana-Loeser-768x853.png 768w, https:\/\/wearevillage.org\/wp-content\/uploads\/2024\/04\/wav-team-Lana-Loeser-624x693.png 624w, https:\/\/wearevillage.org\/wp-content\/uploads\/2024\/04\/wav-team-Lana-Loeser-390x433.png 390w, https:\/\/wearevillage.org\/wp-content\/uploads\/2024\/04\/wav-team-Lana-Loeser-600x667.png 600w\" sizes=\"auto, (max-width: 900px) 100vw, 900px\" \/><\/div>\n\t\t<\/figure>\n\t<\/div>\n\n\t<div class=\"wpb_text_column wpb_content_element\" >\n\t\t<div class=\"wpb_wrapper\">\n\t\t\t<p><strong>Lana Loeser | <\/strong>Keine oder Lana<br \/>\nQueere Erfahrungen mit Isolation und Einsamkeit<\/p>\n<p><a style=\"text-decoration-line: none;\" href=\"#\">Mehr anzeigen<\/a><\/p>\n<p>Lana ist eine*r nicht-bin\u00e4re*r approbierte*r Psychotherapeut*in und steht Menschen mit psychischen Herausforderungen einf\u00fchlsam und professionell zur Seite. Mit einem klaren Fokus auf individuelle Unterst\u00fctzung setzt sich Lana daf\u00fcr ein, queer, trans* und nicht-bin\u00e4re Personen auf ihrem Weg der Selbstentdeckung, Kreativit\u00e4t und Heilung zu begleiten.<\/p>\n\n\t\t<\/div>\n\t<\/div>\n\t\t<\/div><\/div><\/div><\/div><\/div><div class=\"wpb_column vc_column_container vc_col-sm-4\"><div class=\"vc_column-inner\"><div class=\"wpb_wrapper\"><div class=\"ult-content-box-container \" >\t\t<div class=\"ult-content-box\" style=\"box-shadow: px px px px none;-webkit-transition: all 700ms ease;-moz-transition: all 700ms ease;-ms-transition: all 700ms ease;-o-transition: all 700ms ease;transition: all 700ms ease;\"  data-hover_box_shadow=\"none\"    >\n\t<div  class=\"wpb_single_image wpb_content_element vc_align_left wpb_content_element\">\n\t\t\n\t\t<figure class=\"wpb_wrapper vc_figure\">\n\t\t\t<div class=\"vc_single_image-wrapper   vc_box_border_grey\"><img loading=\"lazy\" decoding=\"async\" width=\"700\" height=\"774\" src=\"https:\/\/wearevillage.org\/wp-content\/uploads\/2022\/08\/steffen-taubert.jpg\" class=\"vc_single_image-img attachment-full\" alt=\"\" title=\"steffen-taubert\" srcset=\"https:\/\/wearevillage.org\/wp-content\/uploads\/2022\/08\/steffen-taubert.jpg 700w, https:\/\/wearevillage.org\/wp-content\/uploads\/2022\/08\/steffen-taubert-390x431.jpg 390w, https:\/\/wearevillage.org\/wp-content\/uploads\/2022\/08\/steffen-taubert-600x663.jpg 600w, https:\/\/wearevillage.org\/wp-content\/uploads\/2022\/08\/steffen-taubert-271x300.jpg 271w, https:\/\/wearevillage.org\/wp-content\/uploads\/2022\/08\/steffen-taubert-624x690.jpg 624w\" sizes=\"auto, (max-width: 700px) 100vw, 700px\" \/><\/div>\n\t\t<\/figure>\n\t<\/div>\n\n\t<div class=\"wpb_text_column wpb_content_element\" >\n\t\t<div class=\"wpb_wrapper\">\n\t\t\t<p><strong>Leon Taubert | <\/strong>he\/him<br \/>\nBody-Centered Meditation<\/p>\n<p><a style=\"text-decoration-line: none;\" href=\"#\">Mehr anzeigen<\/a><\/p>\n<p>Leon Taubert, Dipl.-Psychologe, Ausbildung in integrativer, k\u00f6rperorientierter Psychotherapie, (nach Heilpraktikergesetz), Weiterbildung in \u201eStressbew\u00e4ltigung nach Kaluza\u201c, Autogenes Training, Hatha-Yoga (zertifiziert durch gesetzliche Krankenkassen nach \u00a720 SGB V). Verschiede Meditationsretreats in S\u00fcdostasien und Deutschland, vor allem in Tradition des Theravada-Buddhismus. Seit 2005 zun\u00e4chst Wissenschaftlicher Projektleiter, jetzt Leiter des Fachbereichs Beratung bei der Deutschen Aidshilfe.<\/p>\n\n\t\t<\/div>\n\t<\/div>\n\t\t<\/div><\/div><\/div><\/div><\/div><\/div><div class=\"vc_row wpb_row vc_row-fluid team-bios\"><div class=\"wpb_column vc_column_container vc_col-sm-4\"><div class=\"vc_column-inner\"><div class=\"wpb_wrapper\"><div class=\"ult-content-box-container \" >\t\t<div class=\"ult-content-box\" style=\"box-shadow: px px px px none;-webkit-transition: all 700ms ease;-moz-transition: all 700ms ease;-ms-transition: all 700ms ease;-o-transition: all 700ms ease;transition: all 700ms ease;\"  data-hover_box_shadow=\"none\"    >\n\t<div  class=\"wpb_single_image wpb_content_element vc_align_left wpb_content_element\">\n\t\t\n\t\t<figure class=\"wpb_wrapper vc_figure\">\n\t\t\t<div class=\"vc_single_image-wrapper   vc_box_border_grey\"><img loading=\"lazy\" decoding=\"async\" width=\"900\" height=\"1000\" src=\"https:\/\/wearevillage.org\/wp-content\/uploads\/2025\/12\/wav-team-lux.png\" class=\"vc_single_image-img attachment-full\" alt=\"\" title=\"wav-team-lux\" srcset=\"https:\/\/wearevillage.org\/wp-content\/uploads\/2025\/12\/wav-team-lux.png 900w, https:\/\/wearevillage.org\/wp-content\/uploads\/2025\/12\/wav-team-lux-270x300.png 270w, https:\/\/wearevillage.org\/wp-content\/uploads\/2025\/12\/wav-team-lux-135x150.png 135w, https:\/\/wearevillage.org\/wp-content\/uploads\/2025\/12\/wav-team-lux-768x853.png 768w, https:\/\/wearevillage.org\/wp-content\/uploads\/2025\/12\/wav-team-lux-624x693.png 624w, https:\/\/wearevillage.org\/wp-content\/uploads\/2025\/12\/wav-team-lux-390x433.png 390w, https:\/\/wearevillage.org\/wp-content\/uploads\/2025\/12\/wav-team-lux-600x667.png 600w\" sizes=\"auto, (max-width: 900px) 100vw, 900px\" \/><\/div>\n\t\t<\/figure>\n\t<\/div>\n\n\t<div class=\"wpb_text_column wpb_content_element\" >\n\t\t<div class=\"wpb_wrapper\">\n\t\t\t<p><strong>Lux |<\/strong> she\/it<br \/>\nQueer\u2019d Up Yoga, Naked Yoga<\/p>\n<p><a style=\"text-decoration-line: none;\" href=\"#\">Mehr anzeigen<\/a><\/p>\n<p>Lux, auch bekannt als Luxifera, ist eine trans-femme, gender-nonkonforme italienische K\u00fcnstlerin mit Sitz in Berlin. Sie arbeitet als Bewegungs-Facilitatorin, Bodyworkerin, DJ und Performerin und verbindet Somatik, Klang, Politik und Gender. Mit einem Hintergrund in Tanz, Performance und verk\u00f6rperten Praktiken entwickelt Lux Methoden, die sich auf k\u00f6rperliche Selbstbestimmung, Ber\u00fchrungs-Kompetenz und Raumwahrnehmung konzentrieren. Ihre Arbeit ist gepr\u00e4gt vom Erleben von Transsein in k\u00fcnstlerischen und therapeutischen R\u00e4umen und schafft inklusive, nicht-hierarchische Umgebungen, in denen Menschen sich mit ihrem K\u00f6rper neu verbinden k\u00f6nnen.<\/p>\n\n\t\t<\/div>\n\t<\/div>\n\t\t<\/div><\/div><\/div><\/div><\/div><div class=\"wpb_column vc_column_container vc_col-sm-4\"><div class=\"vc_column-inner\"><div class=\"wpb_wrapper\"><div class=\"ult-content-box-container \" >\t\t<div class=\"ult-content-box\" style=\"box-shadow: px px px px none;-webkit-transition: all 700ms ease;-moz-transition: all 700ms ease;-ms-transition: all 700ms ease;-o-transition: all 700ms ease;transition: all 700ms ease;\"  data-hover_box_shadow=\"none\"    >\n\t<div  class=\"wpb_single_image wpb_content_element vc_align_left wpb_content_element\">\n\t\t\n\t\t<figure class=\"wpb_wrapper vc_figure\">\n\t\t\t<div class=\"vc_single_image-wrapper   vc_box_border_grey\"><img loading=\"lazy\" decoding=\"async\" width=\"900\" height=\"1000\" src=\"https:\/\/wearevillage.org\/wp-content\/uploads\/2024\/12\/wav-team-Maevon-Canter.png\" class=\"vc_single_image-img attachment-full\" alt=\"\" title=\"wav-team-Maevon Canter\" srcset=\"https:\/\/wearevillage.org\/wp-content\/uploads\/2024\/12\/wav-team-Maevon-Canter.png 900w, https:\/\/wearevillage.org\/wp-content\/uploads\/2024\/12\/wav-team-Maevon-Canter-270x300.png 270w, https:\/\/wearevillage.org\/wp-content\/uploads\/2024\/12\/wav-team-Maevon-Canter-135x150.png 135w, https:\/\/wearevillage.org\/wp-content\/uploads\/2024\/12\/wav-team-Maevon-Canter-768x853.png 768w, https:\/\/wearevillage.org\/wp-content\/uploads\/2024\/12\/wav-team-Maevon-Canter-624x693.png 624w, https:\/\/wearevillage.org\/wp-content\/uploads\/2024\/12\/wav-team-Maevon-Canter-390x433.png 390w, https:\/\/wearevillage.org\/wp-content\/uploads\/2024\/12\/wav-team-Maevon-Canter-600x667.png 600w\" sizes=\"auto, (max-width: 900px) 100vw, 900px\" \/><\/div>\n\t\t<\/figure>\n\t<\/div>\n\n\t<div class=\"wpb_text_column wpb_content_element\" >\n\t\t<div class=\"wpb_wrapper\">\n\t\t\t<p><strong>Maevon Canter<\/strong><br \/>\nBodyflow Massage, Soul of Skin Training<\/p>\n<p><a style=\"text-decoration-line: none;\" href=\"#\">Mehr anzeigen<\/a><\/p>\n<p>Maevon erforscht Spiritualit\u00e4t und Bewegung seit \u00fcber 30 Jahren. Im Jahr 2009 begann er mit dem Studium somatischer Praktiken bei Authentic Eros und wurde als Sacred Intimate in der Body Electric Tradition zertifiziert. Derzeit unterrichtet er BodyFlow-Massage im Rahmen des Village\u2019s Soul of Skin-Programms und tr\u00e4gt zum Stretch Festival bei.<\/p>\n\n\t\t<\/div>\n\t<\/div>\n\t\t<\/div><\/div><\/div><\/div><\/div><div class=\"wpb_column vc_column_container vc_col-sm-4\"><div class=\"vc_column-inner\"><div class=\"wpb_wrapper\"><div class=\"ult-content-box-container \" >\t\t<div class=\"ult-content-box\" style=\"box-shadow: px px px px none;-webkit-transition: all 700ms ease;-moz-transition: all 700ms ease;-ms-transition: all 700ms ease;-o-transition: all 700ms ease;transition: all 700ms ease;\"  data-hover_box_shadow=\"none\"    >\n\t<div  class=\"wpb_single_image wpb_content_element vc_align_left wpb_content_element\">\n\t\t\n\t\t<figure class=\"wpb_wrapper vc_figure\">\n\t\t\t<div class=\"vc_single_image-wrapper   vc_box_border_grey\"><img loading=\"lazy\" decoding=\"async\" width=\"900\" height=\"1000\" src=\"https:\/\/wearevillage.org\/wp-content\/uploads\/2023\/06\/wav-team-Marc-Buscha.png\" class=\"vc_single_image-img attachment-full\" alt=\"\" title=\"wav-team-Marc Buscha\" srcset=\"https:\/\/wearevillage.org\/wp-content\/uploads\/2023\/06\/wav-team-Marc-Buscha.png 900w, https:\/\/wearevillage.org\/wp-content\/uploads\/2023\/06\/wav-team-Marc-Buscha-270x300.png 270w, https:\/\/wearevillage.org\/wp-content\/uploads\/2023\/06\/wav-team-Marc-Buscha-135x150.png 135w, https:\/\/wearevillage.org\/wp-content\/uploads\/2023\/06\/wav-team-Marc-Buscha-768x853.png 768w, https:\/\/wearevillage.org\/wp-content\/uploads\/2023\/06\/wav-team-Marc-Buscha-624x693.png 624w, https:\/\/wearevillage.org\/wp-content\/uploads\/2023\/06\/wav-team-Marc-Buscha-390x433.png 390w, https:\/\/wearevillage.org\/wp-content\/uploads\/2023\/06\/wav-team-Marc-Buscha-600x667.png 600w\" sizes=\"auto, (max-width: 900px) 100vw, 900px\" \/><\/div>\n\t\t<\/figure>\n\t<\/div>\n\n\t<div class=\"wpb_text_column wpb_content_element\" >\n\t\t<div class=\"wpb_wrapper\">\n\t\t\t<p><strong>Marc Buscha | <\/strong>he\/him<br \/>\nTouch & Massage Training<\/p>\n<p><a style=\"text-decoration-line: none;\" href=\"#\">Mehr anzeigen<\/a><\/p>\n<p>Seit mehr als einer Dekade arbeitet er erfolgreich als Massage-Therapeut in eigener Praxis. Die Schwerpunkte sind Tiefengewebsmassage, Rebalancing, Californische Ganzk\u00f6rpermassage\u00a9 und Fu\u00dfreflexzonenmassage. Fundierte Erfahrungen sowie das Vertrauen in die eigene Intuition und Kraft schaffen einen gesch\u00fctzten Raum, der Heilung erm\u00f6glichen kann. Seine bewusste, klare und geerdete Art holt Jeden genau da ab, wo er gerade im Leben steht! In der Praxis hat er auch seiner Leidenschaft zur Kunst einen festen Platz gegeben, regelm\u00e4\u00dfig wechselnde Ausstellungen bieten eine Plattform f\u00fcr internationale K\u00fcnstler der queeren Szene.<\/p>\n\n\t\t<\/div>\n\t<\/div>\n\t\t<\/div><\/div><\/div><\/div><\/div><\/div><div class=\"vc_row wpb_row vc_row-fluid team-bios\"><div class=\"wpb_column vc_column_container vc_col-sm-4\"><div class=\"vc_column-inner\"><div class=\"wpb_wrapper\"><div class=\"ult-content-box-container \" >\t\t<div class=\"ult-content-box\" style=\"box-shadow: px px px px none;-webkit-transition: all 700ms ease;-moz-transition: all 700ms ease;-ms-transition: all 700ms ease;-o-transition: all 700ms ease;transition: all 700ms ease;\"  data-hover_box_shadow=\"none\"    >\n\t<div  class=\"wpb_single_image wpb_content_element vc_align_left wpb_content_element\">\n\t\t\n\t\t<figure class=\"wpb_wrapper vc_figure\">\n\t\t\t<div class=\"vc_single_image-wrapper   vc_box_border_grey\"><img loading=\"lazy\" decoding=\"async\" width=\"700\" height=\"774\" src=\"https:\/\/wearevillage.org\/wp-content\/uploads\/2022\/08\/Marcelo-Alves.jpg\" class=\"vc_single_image-img attachment-full\" alt=\"\" title=\"Marcelo-Alves\" srcset=\"https:\/\/wearevillage.org\/wp-content\/uploads\/2022\/08\/Marcelo-Alves.jpg 700w, https:\/\/wearevillage.org\/wp-content\/uploads\/2022\/08\/Marcelo-Alves-390x431.jpg 390w, https:\/\/wearevillage.org\/wp-content\/uploads\/2022\/08\/Marcelo-Alves-600x663.jpg 600w, https:\/\/wearevillage.org\/wp-content\/uploads\/2022\/08\/Marcelo-Alves-271x300.jpg 271w, https:\/\/wearevillage.org\/wp-content\/uploads\/2022\/08\/Marcelo-Alves-624x690.jpg 624w\" sizes=\"auto, (max-width: 700px) 100vw, 700px\" \/><\/div>\n\t\t<\/figure>\n\t<\/div>\n\n\t<div class=\"wpb_text_column wpb_content_element\" >\n\t\t<div class=\"wpb_wrapper\">\n\t\t\t<p><strong>Marcelo Alves | <\/strong>any pronoun<br \/>\nVillage Film Night, Village Anti-Racism Committee<\/p>\n<p><a style=\"text-decoration-line: none;\" href=\"#\">Mehr anzeigen<\/a><\/p>\n<p>Nachdem ich 20 Jahre lang in New York gelebt habe, bin ich nach Berlin gezogen, um in Babelsberg Produktionsdesign zu studieren und jetzt in diesem Bereich zu arbeiten. Da ich das Leben als queere, dritt-kulturelle POC betrachte, engagiere ich mich in Community-Organisationen wie GMHC, Friends in Deed, Berliner AIDS Hilfe und dem Berliner Chem-Sex Netzwerk. Seit dem ersten Stretch Festival habe ich mich bei Village.Berlin engagiert. Heute bin ich Teil einer Anti-Rassismus- und Inklusionsinitiative und kann meine Leidenschaft teilen, indem ich den monatlichen Filmabend organisiere.<\/p>\n\n\t\t<\/div>\n\t<\/div>\n\t\t<\/div><\/div><\/div><\/div><\/div><div class=\"wpb_column vc_column_container vc_col-sm-4\"><div class=\"vc_column-inner\"><div class=\"wpb_wrapper\"><div class=\"ult-content-box-container \" >\t\t<div class=\"ult-content-box\" style=\"box-shadow: px px px px none;-webkit-transition: all 700ms ease;-moz-transition: all 700ms ease;-ms-transition: all 700ms ease;-o-transition: all 700ms ease;transition: all 700ms ease;\"  data-hover_box_shadow=\"none\"    >\n\t<div  class=\"wpb_single_image wpb_content_element vc_align_left wpb_content_element\">\n\t\t\n\t\t<figure class=\"wpb_wrapper vc_figure\">\n\t\t\t<div class=\"vc_single_image-wrapper   vc_box_border_grey\"><img loading=\"lazy\" decoding=\"async\" width=\"900\" height=\"1000\" src=\"https:\/\/wearevillage.org\/wp-content\/uploads\/2025\/10\/wav-team-Marco.png\" class=\"vc_single_image-img attachment-full\" alt=\"\" title=\"wav-team-Marco\" srcset=\"https:\/\/wearevillage.org\/wp-content\/uploads\/2025\/10\/wav-team-Marco.png 900w, https:\/\/wearevillage.org\/wp-content\/uploads\/2025\/10\/wav-team-Marco-270x300.png 270w, https:\/\/wearevillage.org\/wp-content\/uploads\/2025\/10\/wav-team-Marco-135x150.png 135w, https:\/\/wearevillage.org\/wp-content\/uploads\/2025\/10\/wav-team-Marco-768x853.png 768w, https:\/\/wearevillage.org\/wp-content\/uploads\/2025\/10\/wav-team-Marco-624x693.png 624w, https:\/\/wearevillage.org\/wp-content\/uploads\/2025\/10\/wav-team-Marco-390x433.png 390w, https:\/\/wearevillage.org\/wp-content\/uploads\/2025\/10\/wav-team-Marco-600x667.png 600w\" sizes=\"auto, (max-width: 900px) 100vw, 900px\" \/><\/div>\n\t\t<\/figure>\n\t<\/div>\n\n\t<div class=\"wpb_text_column wpb_content_element\" >\n\t\t<div class=\"wpb_wrapper\">\n\t\t\t<p><strong>Marco Astolfi | <\/strong>he\/him<br \/>\nVillage Heart Circle, Book Club, Writers Group<\/p>\n<p><a style=\"text-decoration-line: none;\" href=\"#\">Mehr anzeigen<\/a><\/p>\n<p>Marco Astolfi ist Literatur\u00fcbersetzer, Schriftsteller und Fee aus Italien. Er lebt in Berlin, ist Mitveranstalter des Village Heart Circle f\u00fcr GBTQ-M\u00e4nner und leitet alle zwei Monate den Book Club-Abend. Er ist Stammgast beim Creative Writing und kann gelegentlich als Model f\u00fcr die Life Drawing Unterrichte vorgefunden werden. Er besuchte das One Year Training im 2018 und leitete die Workshops Cock O\u2019Clock beim Easter Stretch Festival 2019 und Privates Talk beim Stretch Imagina 2020.<\/p>\n\n\t\t<\/div>\n\t<\/div>\n\t\t<\/div><\/div><\/div><\/div><\/div><div class=\"wpb_column vc_column_container vc_col-sm-4\"><div class=\"vc_column-inner\"><div class=\"wpb_wrapper\"><div class=\"ult-content-box-container \" >\t\t<div class=\"ult-content-box\" style=\"box-shadow: px px px px none;-webkit-transition: all 700ms ease;-moz-transition: all 700ms ease;-ms-transition: all 700ms ease;-o-transition: all 700ms ease;transition: all 700ms ease;\"  data-hover_box_shadow=\"none\"    >\n\t<div  class=\"wpb_single_image wpb_content_element vc_align_left wpb_content_element\">\n\t\t\n\t\t<figure class=\"wpb_wrapper vc_figure\">\n\t\t\t<div class=\"vc_single_image-wrapper   vc_box_border_grey\"><img loading=\"lazy\" decoding=\"async\" width=\"700\" height=\"774\" src=\"https:\/\/wearevillage.org\/wp-content\/uploads\/2022\/08\/Markus-Kaufmann.jpg\" class=\"vc_single_image-img attachment-full\" alt=\"\" title=\"Markus-Kaufmann\" srcset=\"https:\/\/wearevillage.org\/wp-content\/uploads\/2022\/08\/Markus-Kaufmann.jpg 700w, https:\/\/wearevillage.org\/wp-content\/uploads\/2022\/08\/Markus-Kaufmann-390x431.jpg 390w, https:\/\/wearevillage.org\/wp-content\/uploads\/2022\/08\/Markus-Kaufmann-600x663.jpg 600w, https:\/\/wearevillage.org\/wp-content\/uploads\/2022\/08\/Markus-Kaufmann-271x300.jpg 271w, https:\/\/wearevillage.org\/wp-content\/uploads\/2022\/08\/Markus-Kaufmann-624x690.jpg 624w\" sizes=\"auto, (max-width: 700px) 100vw, 700px\" \/><\/div>\n\t\t<\/figure>\n\t<\/div>\n\n\t<div class=\"wpb_text_column wpb_content_element\" >\n\t\t<div class=\"wpb_wrapper\">\n\t\t\t<p><strong>Markus Kaufmann |<\/strong> he\/him, they\/them<br \/>\nMassage Exchange<\/p>\n<p><a style=\"text-decoration-line: none;\" href=\"#\">Mehr anzeigen<\/a><\/p>\n<p>In seiner T\u00e4tigkeit als Gesundheitscoach unterst\u00fctzt Markus chronisch kranke Menschen bei ihrer Alltagsbew\u00e4ltigung. Die Arbeit, die Markus anbietet, l\u00e4sst sich am besten als Raum beschreiben, in dem Psychologie auf Spiritualit\u00e4t trifft. Markus ist ausgebildeter systemischer Coach, Heilpraktiker Psychotherapie, Yogatherapeut sowie Energiearbeiter.<\/p>\n\n\t\t<\/div>\n\t<\/div>\n\t\t<\/div><\/div><\/div><\/div><\/div><\/div><div class=\"vc_row wpb_row vc_row-fluid team-bios\"><div class=\"wpb_column vc_column_container vc_col-sm-4\"><div class=\"vc_column-inner\"><div class=\"wpb_wrapper\"><div class=\"ult-content-box-container \" >\t\t<div class=\"ult-content-box\" style=\"box-shadow: px px px px none;-webkit-transition: all 700ms ease;-moz-transition: all 700ms ease;-ms-transition: all 700ms ease;-o-transition: all 700ms ease;transition: all 700ms ease;\"  data-hover_box_shadow=\"none\"    >\n\t<div  class=\"wpb_single_image wpb_content_element vc_align_left wpb_content_element\">\n\t\t\n\t\t<figure class=\"wpb_wrapper vc_figure\">\n\t\t\t<div class=\"vc_single_image-wrapper   vc_box_border_grey\"><img loading=\"lazy\" decoding=\"async\" width=\"900\" height=\"1000\" src=\"https:\/\/wearevillage.org\/wp-content\/uploads\/2024\/05\/wav-team-Max-Wenzlaff.png\" class=\"vc_single_image-img attachment-full\" alt=\"\" title=\"wav-team-Max Wenzlaff\" srcset=\"https:\/\/wearevillage.org\/wp-content\/uploads\/2024\/05\/wav-team-Max-Wenzlaff.png 900w, https:\/\/wearevillage.org\/wp-content\/uploads\/2024\/05\/wav-team-Max-Wenzlaff-270x300.png 270w, https:\/\/wearevillage.org\/wp-content\/uploads\/2024\/05\/wav-team-Max-Wenzlaff-135x150.png 135w, https:\/\/wearevillage.org\/wp-content\/uploads\/2024\/05\/wav-team-Max-Wenzlaff-768x853.png 768w, https:\/\/wearevillage.org\/wp-content\/uploads\/2024\/05\/wav-team-Max-Wenzlaff-624x693.png 624w, https:\/\/wearevillage.org\/wp-content\/uploads\/2024\/05\/wav-team-Max-Wenzlaff-390x433.png 390w, https:\/\/wearevillage.org\/wp-content\/uploads\/2024\/05\/wav-team-Max-Wenzlaff-600x667.png 600w\" sizes=\"auto, (max-width: 900px) 100vw, 900px\" \/><\/div>\n\t\t<\/figure>\n\t<\/div>\n\n\t<div class=\"wpb_text_column wpb_content_element\" >\n\t\t<div class=\"wpb_wrapper\">\n\t\t\t<p><strong>Max Wenzlaff |<\/strong> he\/him<br \/>\nCuddle Puddle<\/p>\n<p><a style=\"text-decoration-line: none;\" href=\"#\">Mehr anzeigen<\/a><\/p>\n<p>Als schwuler Cis-Mann, mit Ost-Kindheit im Schatten des Mauerstreifens entdecke ich bis heute, was Verbundenheit wirklich bedeutet. Mich fasziniert wie Kommunikation, Empathie, K\u00f6rperlichkeit, Sexualit\u00e4t und emotionale Bed\u00fcrfnisse in Einklang kommen.<\/p>\n<p>Ich bin \u00fcberzeugt, dass Z\u00e4rtlichkeit, Ber\u00fchrungen und K\u00f6rperkontakt unglaublich wichtige Ressourcen in der Interaktion sind, mit anderen wie auch mit sich selbst. Auch im Berufsleben schaffe ich Schnittstellen zwischen Menschen und Prozessen.<\/p>\n\n\t\t<\/div>\n\t<\/div>\n\t\t<\/div><\/div><\/div><\/div><\/div><div class=\"wpb_column vc_column_container vc_col-sm-4\"><div class=\"vc_column-inner\"><div class=\"wpb_wrapper\"><div class=\"ult-content-box-container \" >\t\t<div class=\"ult-content-box\" style=\"box-shadow: px px px px none;-webkit-transition: all 700ms ease;-moz-transition: all 700ms ease;-ms-transition: all 700ms ease;-o-transition: all 700ms ease;transition: all 700ms ease;\"  data-hover_box_shadow=\"none\"    >\n\t<div  class=\"wpb_single_image wpb_content_element vc_align_left wpb_content_element\">\n\t\t\n\t\t<figure class=\"wpb_wrapper vc_figure\">\n\t\t\t<div class=\"vc_single_image-wrapper   vc_box_border_grey\"><img loading=\"lazy\" decoding=\"async\" width=\"900\" height=\"1000\" src=\"https:\/\/wearevillage.org\/wp-content\/uploads\/2024\/08\/wav-team-Merdan-Akbayir2.png\" class=\"vc_single_image-img attachment-full\" alt=\"\" title=\"wav-team-Merdan Akbayir2\" srcset=\"https:\/\/wearevillage.org\/wp-content\/uploads\/2024\/08\/wav-team-Merdan-Akbayir2.png 900w, https:\/\/wearevillage.org\/wp-content\/uploads\/2024\/08\/wav-team-Merdan-Akbayir2-270x300.png 270w, https:\/\/wearevillage.org\/wp-content\/uploads\/2024\/08\/wav-team-Merdan-Akbayir2-135x150.png 135w, https:\/\/wearevillage.org\/wp-content\/uploads\/2024\/08\/wav-team-Merdan-Akbayir2-768x853.png 768w, https:\/\/wearevillage.org\/wp-content\/uploads\/2024\/08\/wav-team-Merdan-Akbayir2-624x693.png 624w, https:\/\/wearevillage.org\/wp-content\/uploads\/2024\/08\/wav-team-Merdan-Akbayir2-390x433.png 390w, https:\/\/wearevillage.org\/wp-content\/uploads\/2024\/08\/wav-team-Merdan-Akbayir2-600x667.png 600w\" sizes=\"auto, (max-width: 900px) 100vw, 900px\" \/><\/div>\n\t\t<\/figure>\n\t<\/div>\n\n\t<div class=\"wpb_text_column wpb_content_element\" >\n\t\t<div class=\"wpb_wrapper\">\n\t\t\t<p><strong>Merdan Akbayir |<\/strong> he\/him<\/p>\n<p><a style=\"text-decoration-line: none;\" href=\"#\">Mehr anzeigen<\/a><\/p>\n<p>Merdan Akbayir arbeitet seit mehr als 10 Jahren im Bereich Yoga, Massage und K\u00f6rperarbeit, zun\u00e4chst in Amsterdam und jetzt in Berlin. Er hat verschiedene Therapiemethoden studiert und arbeitet intuitiv und aus dem Herzen heraus. Sein akademischer Hintergrund liegt in Biologie und Tanz, die er gerne in seine Praktiken integriert. Er ist Co-Lehrer in einer Yoga-Lehrer Ausbildung und leitet Workshops und Retreats. Wenn er nicht gerade unterrichtet oder massiert, ist er als Tourguide im Naturkundemuseum Berlin anzutreffen.<\/p>\n\n\t\t<\/div>\n\t<\/div>\n\t\t<\/div><\/div><\/div><\/div><\/div><div class=\"wpb_column vc_column_container vc_col-sm-4\"><div class=\"vc_column-inner\"><div class=\"wpb_wrapper\"><div class=\"ult-content-box-container \" >\t\t<div class=\"ult-content-box\" style=\"box-shadow: px px px px none;-webkit-transition: all 700ms ease;-moz-transition: all 700ms ease;-ms-transition: all 700ms ease;-o-transition: all 700ms ease;transition: all 700ms ease;\"  data-hover_box_shadow=\"none\"    >\n\t<div  class=\"wpb_single_image wpb_content_element vc_align_left wpb_content_element\">\n\t\t\n\t\t<figure class=\"wpb_wrapper vc_figure\">\n\t\t\t<div class=\"vc_single_image-wrapper   vc_box_border_grey\"><img loading=\"lazy\" decoding=\"async\" width=\"700\" height=\"774\" src=\"https:\/\/wearevillage.org\/wp-content\/uploads\/2022\/08\/Michael-Rolnick.jpg\" class=\"vc_single_image-img attachment-full\" alt=\"\" title=\"Michael-Rolnick\" srcset=\"https:\/\/wearevillage.org\/wp-content\/uploads\/2022\/08\/Michael-Rolnick.jpg 700w, https:\/\/wearevillage.org\/wp-content\/uploads\/2022\/08\/Michael-Rolnick-390x431.jpg 390w, https:\/\/wearevillage.org\/wp-content\/uploads\/2022\/08\/Michael-Rolnick-600x663.jpg 600w, https:\/\/wearevillage.org\/wp-content\/uploads\/2022\/08\/Michael-Rolnick-271x300.jpg 271w, https:\/\/wearevillage.org\/wp-content\/uploads\/2022\/08\/Michael-Rolnick-624x690.jpg 624w\" sizes=\"auto, (max-width: 700px) 100vw, 700px\" \/><\/div>\n\t\t<\/figure>\n\t<\/div>\n\n\t<div class=\"wpb_text_column wpb_content_element\" >\n\t\t<div class=\"wpb_wrapper\">\n\t\t\t<p><strong>Michael Rolnick |<\/strong> he\/him<br \/>\nFacilitator, One Year Training, Life Drawing, New Years Retreat<\/p>\n<p><a style=\"text-decoration-line: none;\" href=\"#\">Mehr anzeigen<\/a><\/p>\n<p>Michael wurde an der Royal Ballet School in London ausgebildet bevor er eine breit gef\u00e4cherte Karriere in Tanz, Theater und Oper begann. Seine somatische Ausbildung umfasst Tanz, Gyrotonik\u00ae\/Gyrokinesis\u00ae und Pilates sowie therapeutisches Bodywork (biodynamische Craniosacraltherapie und Thai Yoga Massage). Momentan bietet Michael 1:1 Bodywork-Sitzungen an und ist sowohl in den performativen als auch den visuellen K\u00fcnsten t\u00e4tig.<\/p>\n\n\t\t<\/div>\n\t<\/div>\n\t\t<\/div><\/div><\/div><\/div><\/div><\/div><div class=\"vc_row wpb_row vc_row-fluid team-bios\"><div class=\"wpb_column vc_column_container vc_col-sm-4\"><div class=\"vc_column-inner\"><div class=\"wpb_wrapper\"><div class=\"ult-content-box-container \" >\t\t<div class=\"ult-content-box\" style=\"box-shadow: px px px px none;-webkit-transition: all 700ms ease;-moz-transition: all 700ms ease;-ms-transition: all 700ms ease;-o-transition: all 700ms ease;transition: all 700ms ease;\"  data-hover_box_shadow=\"none\"    >\n\t<div  class=\"wpb_single_image wpb_content_element vc_align_left wpb_content_element\">\n\t\t\n\t\t<figure class=\"wpb_wrapper vc_figure\">\n\t\t\t<div class=\"vc_single_image-wrapper   vc_box_border_grey\"><img loading=\"lazy\" decoding=\"async\" width=\"900\" height=\"1000\" src=\"https:\/\/wearevillage.org\/wp-content\/uploads\/2023\/06\/wav-team-Mischa-van-Dullemen.png\" class=\"vc_single_image-img attachment-full\" alt=\"\" title=\"wav-team-Mischa van Dullemen\" srcset=\"https:\/\/wearevillage.org\/wp-content\/uploads\/2023\/06\/wav-team-Mischa-van-Dullemen.png 900w, https:\/\/wearevillage.org\/wp-content\/uploads\/2023\/06\/wav-team-Mischa-van-Dullemen-270x300.png 270w, https:\/\/wearevillage.org\/wp-content\/uploads\/2023\/06\/wav-team-Mischa-van-Dullemen-135x150.png 135w, https:\/\/wearevillage.org\/wp-content\/uploads\/2023\/06\/wav-team-Mischa-van-Dullemen-768x853.png 768w, https:\/\/wearevillage.org\/wp-content\/uploads\/2023\/06\/wav-team-Mischa-van-Dullemen-624x693.png 624w, https:\/\/wearevillage.org\/wp-content\/uploads\/2023\/06\/wav-team-Mischa-van-Dullemen-390x433.png 390w, https:\/\/wearevillage.org\/wp-content\/uploads\/2023\/06\/wav-team-Mischa-van-Dullemen-600x667.png 600w\" sizes=\"auto, (max-width: 900px) 100vw, 900px\" \/><\/div>\n\t\t<\/figure>\n\t<\/div>\n\n\t<div class=\"wpb_text_column wpb_content_element\" >\n\t\t<div class=\"wpb_wrapper\">\n\t\t\t<p><strong>Mischa van Dullemen |<\/strong> he\/him<\/p>\n<p><a style=\"text-decoration-line: none;\" href=\"#\">Mehr anzeigen<\/a><\/p>\n<p>Mischa unterrichtet (Partner-)Yoga, Kontaktimprovisation und Thai Yoga Massage.<\/p>\n<p>Er war viele Jahre lang T\u00e4nzer und unterrichtet seit 1990 Tanz und Yoga.<\/p>\n<p>Partneryoga ist eine spielerische und intime Form des Yogas, bei der man die Posen gemeinsam auf verschiedene Weise erkundet, z.B. indem man sich ineinander hineinbeugt oder voneinander wegstreckt, den Partner unterst\u00fctzt oder sogar auf verschiedene Weise aufeinander klettert. Gemeinsam dehnen und kr\u00e4ftigen Sie sich, w\u00e4hrend Sie lernen, sich auf Ihren eigenen K\u00f6rper und den des anderen* einzustimmen. Sie kommunizieren verbal und k\u00f6rperlich \u00fcber Bed\u00fcrfnisse und Grenzen, schwitzen und lachen.<\/p>\n\n\t\t<\/div>\n\t<\/div>\n\t\t<\/div><\/div><\/div><\/div><\/div><div class=\"wpb_column vc_column_container vc_col-sm-4\"><div class=\"vc_column-inner\"><div class=\"wpb_wrapper\"><div class=\"ult-content-box-container \" >\t\t<div class=\"ult-content-box\" style=\"box-shadow: px px px px none;-webkit-transition: all 700ms ease;-moz-transition: all 700ms ease;-ms-transition: all 700ms ease;-o-transition: all 700ms ease;transition: all 700ms ease;\"  data-hover_box_shadow=\"none\"    >\n\t<div  class=\"wpb_single_image wpb_content_element vc_align_left wpb_content_element\">\n\t\t\n\t\t<figure class=\"wpb_wrapper vc_figure\">\n\t\t\t<div class=\"vc_single_image-wrapper   vc_box_border_grey\"><img loading=\"lazy\" decoding=\"async\" width=\"900\" height=\"1000\" src=\"https:\/\/wearevillage.org\/wp-content\/uploads\/2024\/08\/wav-team-Nils-Philipp2.png\" class=\"vc_single_image-img attachment-full\" alt=\"\" title=\"wav-team-Nils Philipp2\" srcset=\"https:\/\/wearevillage.org\/wp-content\/uploads\/2024\/08\/wav-team-Nils-Philipp2.png 900w, https:\/\/wearevillage.org\/wp-content\/uploads\/2024\/08\/wav-team-Nils-Philipp2-270x300.png 270w, https:\/\/wearevillage.org\/wp-content\/uploads\/2024\/08\/wav-team-Nils-Philipp2-135x150.png 135w, https:\/\/wearevillage.org\/wp-content\/uploads\/2024\/08\/wav-team-Nils-Philipp2-768x853.png 768w, https:\/\/wearevillage.org\/wp-content\/uploads\/2024\/08\/wav-team-Nils-Philipp2-624x693.png 624w, https:\/\/wearevillage.org\/wp-content\/uploads\/2024\/08\/wav-team-Nils-Philipp2-390x433.png 390w, https:\/\/wearevillage.org\/wp-content\/uploads\/2024\/08\/wav-team-Nils-Philipp2-600x667.png 600w\" sizes=\"auto, (max-width: 900px) 100vw, 900px\" \/><\/div>\n\t\t<\/figure>\n\t<\/div>\n\n\t<div class=\"wpb_text_column wpb_content_element\" >\n\t\t<div class=\"wpb_wrapper\">\n\t\t\t<p><strong>Nils Philipp | <\/strong>he\/him<br \/>\nBook Club<\/p>\n<p><a style=\"text-decoration-line: none;\" href=\"#\">Mehr anzeigen<\/a><\/p>\n<p>Nils Philipp ist Kunst- und Architekturvermittler und bet\u00e4tigt sich zudem als Dichter, Fotograf und Dekofee. Nach Erfahrungen als Hausmeister, Feinkostverk\u00e4ufer und Bademeister arbeitet er u.a. als Buchh\u00e4ndler. W\u00e4hrend er auf seinen Durchbruch wahlweise als Schriftsteller oder Dekorateur wartet, liest er viel und gerne.<\/p>\n\n\t\t<\/div>\n\t<\/div>\n\t\t<\/div><\/div><\/div><\/div><\/div><div class=\"wpb_column vc_column_container vc_col-sm-4\"><div class=\"vc_column-inner\"><div class=\"wpb_wrapper\"><div class=\"ult-content-box-container \" >\t\t<div class=\"ult-content-box\" style=\"box-shadow: px px px px none;-webkit-transition: all 700ms ease;-moz-transition: all 700ms ease;-ms-transition: all 700ms ease;-o-transition: all 700ms ease;transition: all 700ms ease;\"  data-hover_box_shadow=\"none\"    >\n\t<div  class=\"wpb_single_image wpb_content_element vc_align_left wpb_content_element\">\n\t\t\n\t\t<figure class=\"wpb_wrapper vc_figure\">\n\t\t\t<div class=\"vc_single_image-wrapper   vc_box_border_grey\"><img loading=\"lazy\" decoding=\"async\" width=\"700\" height=\"774\" src=\"https:\/\/wearevillage.org\/wp-content\/uploads\/2022\/08\/Peter-Pleyer.jpg\" class=\"vc_single_image-img attachment-full\" alt=\"\" title=\"Peter-Pleyer\" srcset=\"https:\/\/wearevillage.org\/wp-content\/uploads\/2022\/08\/Peter-Pleyer.jpg 700w, https:\/\/wearevillage.org\/wp-content\/uploads\/2022\/08\/Peter-Pleyer-390x431.jpg 390w, https:\/\/wearevillage.org\/wp-content\/uploads\/2022\/08\/Peter-Pleyer-600x663.jpg 600w, https:\/\/wearevillage.org\/wp-content\/uploads\/2022\/08\/Peter-Pleyer-271x300.jpg 271w, https:\/\/wearevillage.org\/wp-content\/uploads\/2022\/08\/Peter-Pleyer-624x690.jpg 624w\" sizes=\"auto, (max-width: 700px) 100vw, 700px\" \/><\/div>\n\t\t<\/figure>\n\t<\/div>\n\n\t<div class=\"wpb_text_column wpb_content_element\" >\n\t\t<div class=\"wpb_wrapper\">\n\t\t\t<p><strong>Peter Pleyer | <\/strong>he\/him<br \/>\nQueer Contact Improv Laboratory<\/p>\n<p><a style=\"text-decoration-line: none;\" href=\"#\">Mehr anzeigen<\/a><\/p>\n<p>Peter ist ein Choreograph und Lehrer f\u00fcr zeitgen\u00f6ssische Tanz und K\u00f6rper-Techniken in Berlin. Seit dem ersten Stretch Festival vermittelt Peter regelm\u00e4ssig einen spielerischen t\u00e4nzerischen Umgang mit dem eigenen und fremden K\u00f6rpern. Contact Improvisation, Trio-Hands-On-Bodywork, Trio-Fake-Healing, Male Breast-Feeding und Slow-Raving sind Beispiele von Gruppen-Scores, die er f\u00fcr Stretch-Village in den letzten Jahren unterrichtet hat.<\/p>\n\n\t\t<\/div>\n\t<\/div>\n\t\t<\/div><\/div><\/div><\/div><\/div><\/div><div class=\"vc_row wpb_row vc_row-fluid team-bios\"><div class=\"wpb_column vc_column_container vc_col-sm-4\"><div class=\"vc_column-inner\"><div class=\"wpb_wrapper\"><div class=\"ult-content-box-container \" >\t\t<div class=\"ult-content-box\" style=\"box-shadow: px px px px none;-webkit-transition: all 700ms ease;-moz-transition: all 700ms ease;-ms-transition: all 700ms ease;-o-transition: all 700ms ease;transition: all 700ms ease;\"  data-hover_box_shadow=\"none\"    >\n\t<div  class=\"wpb_single_image wpb_content_element vc_align_left wpb_content_element\">\n\t\t\n\t\t<figure class=\"wpb_wrapper vc_figure\">\n\t\t\t<div class=\"vc_single_image-wrapper   vc_box_border_grey\"><img loading=\"lazy\" decoding=\"async\" width=\"900\" height=\"1000\" src=\"https:\/\/wearevillage.org\/wp-content\/uploads\/2023\/06\/wav-team-Roman-Soellner.png\" class=\"vc_single_image-img attachment-full\" alt=\"\" title=\"wav-team-Roman Soellner\" srcset=\"https:\/\/wearevillage.org\/wp-content\/uploads\/2023\/06\/wav-team-Roman-Soellner.png 900w, https:\/\/wearevillage.org\/wp-content\/uploads\/2023\/06\/wav-team-Roman-Soellner-270x300.png 270w, https:\/\/wearevillage.org\/wp-content\/uploads\/2023\/06\/wav-team-Roman-Soellner-135x150.png 135w, https:\/\/wearevillage.org\/wp-content\/uploads\/2023\/06\/wav-team-Roman-Soellner-768x853.png 768w, https:\/\/wearevillage.org\/wp-content\/uploads\/2023\/06\/wav-team-Roman-Soellner-624x693.png 624w, https:\/\/wearevillage.org\/wp-content\/uploads\/2023\/06\/wav-team-Roman-Soellner-390x433.png 390w, https:\/\/wearevillage.org\/wp-content\/uploads\/2023\/06\/wav-team-Roman-Soellner-600x667.png 600w\" sizes=\"auto, (max-width: 900px) 100vw, 900px\" \/><\/div>\n\t\t<\/figure>\n\t<\/div>\n\n\t<div class=\"wpb_text_column wpb_content_element\" >\n\t\t<div class=\"wpb_wrapper\">\n\t\t\t<p><strong>Roman S\u00f6llner |<\/strong> he\/him<br \/>\nBodyworker<\/p>\n<p><a style=\"text-decoration-line: none;\" href=\"#\">Mehr anzeigen<\/a><\/p>\n<p>Roman begann seine Karriere als moderner T\u00e4nzer in New York. Verletzungen zwangen ihn, das T\u00e4nzerleben aufzugeben, und brachten ihn dazu, Massagetherapeut und Bodyworker zu werden, ausgebildet in vielen Massagetechniken. Es folgten zahlreiche Ausbildungen in Lomi-Massage auf Hawaii, die ihm eine neue Welt er\u00f6ffneten, in der heilende Ber\u00fchrung, Tanz und Spiritualit\u00e4t zu einer Einheit wurden. Im Laufe der Jahre hat Roman viele Ausbildungen in Lomi Lomi gegeben. Seit 16 Jahren sind die Liebe und der Respekt f\u00fcr die \u201eK\u00f6nigin der Massagen\u201c ein wesentlicher Bestandteil seines Lebens. Neben Bodywork in seiner Privatpraxis in N\u00fcrnberg ist Roman auch Schriftsteller, S\u00e4nger, Ritualist und h\u00e4lt Vortr\u00e4ge \u00fcber Mythen und M\u00e4rchen.<\/p>\n\n\t\t<\/div>\n\t<\/div>\n\t\t<\/div><\/div><\/div><\/div><\/div><div class=\"wpb_column vc_column_container vc_col-sm-4\"><div class=\"vc_column-inner\"><div class=\"wpb_wrapper\"><div class=\"ult-content-box-container \" >\t\t<div class=\"ult-content-box\" style=\"box-shadow: px px px px none;-webkit-transition: all 700ms ease;-moz-transition: all 700ms ease;-ms-transition: all 700ms ease;-o-transition: all 700ms ease;transition: all 700ms ease;\"  data-hover_box_shadow=\"none\"    >\n\t<div  class=\"wpb_single_image wpb_content_element vc_align_left wpb_content_element\">\n\t\t\n\t\t<figure class=\"wpb_wrapper vc_figure\">\n\t\t\t<div class=\"vc_single_image-wrapper   vc_box_border_grey\"><img loading=\"lazy\" decoding=\"async\" width=\"700\" height=\"774\" src=\"https:\/\/wearevillage.org\/wp-content\/uploads\/2022\/08\/Torsten-Bless.jpg\" class=\"vc_single_image-img attachment-full\" alt=\"\" title=\"Torsten-Bless\" srcset=\"https:\/\/wearevillage.org\/wp-content\/uploads\/2022\/08\/Torsten-Bless.jpg 700w, https:\/\/wearevillage.org\/wp-content\/uploads\/2022\/08\/Torsten-Bless-390x431.jpg 390w, https:\/\/wearevillage.org\/wp-content\/uploads\/2022\/08\/Torsten-Bless-600x663.jpg 600w, https:\/\/wearevillage.org\/wp-content\/uploads\/2022\/08\/Torsten-Bless-271x300.jpg 271w, https:\/\/wearevillage.org\/wp-content\/uploads\/2022\/08\/Torsten-Bless-624x690.jpg 624w\" sizes=\"auto, (max-width: 700px) 100vw, 700px\" \/><\/div>\n\t\t<\/figure>\n\t<\/div>\n\n\t<div class=\"wpb_text_column wpb_content_element\" >\n\t\t<div class=\"wpb_wrapper\">\n\t\t\t<p><strong>Torsten Bless | <\/strong>he\/him<br \/>\nVillage Heart Circle<\/p>\n<p><a style=\"text-decoration-line: none;\" href=\"#\">Mehr anzeigen<\/a><\/p>\n<p>Torsten Bless lebt in Berlin und arbeitet als Redakteur und Texter. Er hat beim East Stretch Festival 2015 seinen Weg zur Authentic Eros\/Village-Community gefunden, das One-Year Training 2016 absolviert und ist seit Sommer 2017 Co-Gastgeber des Village Heart Circle.<\/p>\n\n\t\t<\/div>\n\t<\/div>\n\t\t<\/div><\/div><\/div><\/div><\/div><div class=\"wpb_column vc_column_container vc_col-sm-4\"><div class=\"vc_column-inner\"><div class=\"wpb_wrapper\"><div class=\"ult-content-box-container \" >\t\t<div class=\"ult-content-box\" style=\"box-shadow: px px px px none;-webkit-transition: all 700ms ease;-moz-transition: all 700ms ease;-ms-transition: all 700ms ease;-o-transition: all 700ms ease;transition: all 700ms ease;\"  data-hover_box_shadow=\"none\"    >\n\t<div  class=\"wpb_single_image wpb_content_element vc_align_left wpb_content_element\">\n\t\t\n\t\t<figure class=\"wpb_wrapper vc_figure\">\n\t\t\t<div class=\"vc_single_image-wrapper   vc_box_border_grey\"><img loading=\"lazy\" decoding=\"async\" width=\"900\" height=\"1000\" src=\"https:\/\/wearevillage.org\/wp-content\/uploads\/2022\/12\/Yin-Haolong.png\" class=\"vc_single_image-img attachment-full\" alt=\"\" title=\"Yin Haolong\" srcset=\"https:\/\/wearevillage.org\/wp-content\/uploads\/2022\/12\/Yin-Haolong.png 900w, https:\/\/wearevillage.org\/wp-content\/uploads\/2022\/12\/Yin-Haolong-270x300.png 270w, https:\/\/wearevillage.org\/wp-content\/uploads\/2022\/12\/Yin-Haolong-135x150.png 135w, https:\/\/wearevillage.org\/wp-content\/uploads\/2022\/12\/Yin-Haolong-768x853.png 768w, https:\/\/wearevillage.org\/wp-content\/uploads\/2022\/12\/Yin-Haolong-624x693.png 624w, https:\/\/wearevillage.org\/wp-content\/uploads\/2022\/12\/Yin-Haolong-390x433.png 390w, https:\/\/wearevillage.org\/wp-content\/uploads\/2022\/12\/Yin-Haolong-600x667.png 600w\" sizes=\"auto, (max-width: 900px) 100vw, 900px\" \/><\/div>\n\t\t<\/figure>\n\t<\/div>\n\n\t<div class=\"wpb_text_column wpb_content_element\" >\n\t\t<div class=\"wpb_wrapper\">\n\t\t\t<p><strong>Yin Haolong | <\/strong>he\/him<br \/>\nFacilitator, Queer Contact Improv Laboratory<\/p>\n<p><a style=\"text-decoration-line: none;\" href=\"#\">Mehr anzeigen<\/a><\/p>\n<p>Yin Haolong ist ein in Berlin lebender Tanzk\u00fcnstler und somatischer Bodyworker. Er stellt Fragen und arbeitet mit Bodyminds und Improvisation als Werkzeuge, um die Schichten und Tiefen des Seins in Beziehung und in der Welt zu erforschen. Er unterrichtet Kontaktimprovisation und Yoga an Universit\u00e4ten, auf Festivals und in Workshops.<\/p>\n\n\t\t<\/div>\n\t<\/div>\n\t\t<\/div><\/div><\/div><\/div><\/div><\/div><div class=\"vc_row wpb_row vc_row-fluid\"><div class=\"wpb_column vc_column_container vc_col-sm-12\"><div class=\"vc_column-inner\"><div class=\"wpb_wrapper\"><div class=\"vc_empty_space\"   style=\"height: 100px\"><span class=\"vc_empty_space_inner\"><\/span><\/div><\/div><\/div><\/div><\/div><div id=\"instinct\" class=\"vc_row wpb_row vc_row-fluid\"><div class=\"wpb_column vc_column_container vc_col-sm-10\"><div class=\"vc_column-inner\"><div class=\"wpb_wrapper\"><h2 style=\"text-align: left\" class=\"vc_custom_heading vc_do_custom_heading\" >Triff das Team von<\/h2><h1 style=\"text-align: left\" class=\"vc_custom_heading vc_do_custom_heading\" >Instinct Art | Kunst und Kultur<\/h1><\/div><\/div><\/div><div class=\"wpb_column vc_column_container vc_col-sm-2\"><div class=\"vc_column-inner\"><div class=\"wpb_wrapper\"><\/div><\/div><\/div><\/div><div class=\"vc_row wpb_row vc_row-fluid team-bios\"><div class=\"wpb_column vc_column_container vc_col-sm-4\"><div class=\"vc_column-inner\"><div class=\"wpb_wrapper\"><div class=\"ult-content-box-container \" >\t\t<div class=\"ult-content-box\" style=\"box-shadow: px px px px none;-webkit-transition: all 700ms ease;-moz-transition: all 700ms ease;-ms-transition: all 700ms ease;-o-transition: all 700ms ease;transition: all 700ms ease;\"  data-hover_box_shadow=\"none\"    >\n\t<div  class=\"wpb_single_image wpb_content_element vc_align_left wpb_content_element\">\n\t\t\n\t\t<figure class=\"wpb_wrapper vc_figure\">\n\t\t\t<div class=\"vc_single_image-wrapper   vc_box_border_grey\"><img loading=\"lazy\" decoding=\"async\" width=\"700\" height=\"774\" src=\"https:\/\/wearevillage.org\/wp-content\/uploads\/2022\/08\/team-ericlerouge.jpg\" class=\"vc_single_image-img attachment-full\" alt=\"\" title=\"team-ericlerouge\" srcset=\"https:\/\/wearevillage.org\/wp-content\/uploads\/2022\/08\/team-ericlerouge.jpg 700w, https:\/\/wearevillage.org\/wp-content\/uploads\/2022\/08\/team-ericlerouge-390x431.jpg 390w, https:\/\/wearevillage.org\/wp-content\/uploads\/2022\/08\/team-ericlerouge-600x663.jpg 600w, https:\/\/wearevillage.org\/wp-content\/uploads\/2022\/08\/team-ericlerouge-271x300.jpg 271w, https:\/\/wearevillage.org\/wp-content\/uploads\/2022\/08\/team-ericlerouge-624x690.jpg 624w\" sizes=\"auto, (max-width: 700px) 100vw, 700px\" \/><\/div>\n\t\t<\/figure>\n\t<\/div>\n\n\t<div class=\"wpb_text_column wpb_content_element\" >\n\t\t<div class=\"wpb_wrapper\">\n\t\t\t<p><strong>Eric LeRouge | <\/strong>he\/him<\/p>\n<p><a style=\"text-decoration-line: none;\" href=\"#\">Mehr anzeigen<\/a><\/p>\n<p>Eric LeRouge is one of the co-founders of we are village. He is also the director of Instinct Berlin, an artistic project focused on local and international queer artists, as well as providing an artist residency since 2015. Formerly being involved with creative works in the fashion and marketing industry, Eric has taken an active role in social causes related to the AIDS epidemic and queer and gay rights as well as the feminist movement since the 1990s. Currently, his organisational work at the Stretch Festival and we are village and his curatorial practice at Instinct is making an impact on the contemporary queer culture of Berlin.<\/p>\n\n\t\t<\/div>\n\t<\/div>\n\t\t<\/div><\/div><\/div><\/div><\/div><div class=\"wpb_column vc_column_container vc_col-sm-4\"><div class=\"vc_column-inner\"><div class=\"wpb_wrapper\"><div class=\"ult-content-box-container \" >\t\t<div class=\"ult-content-box\" style=\"box-shadow: px px px px none;-webkit-transition: all 700ms ease;-moz-transition: all 700ms ease;-ms-transition: all 700ms ease;-o-transition: all 700ms ease;transition: all 700ms ease;\"  data-hover_box_shadow=\"none\"    >\n\t<div  class=\"wpb_single_image wpb_content_element vc_align_left wpb_content_element\">\n\t\t\n\t\t<figure class=\"wpb_wrapper vc_figure\">\n\t\t\t<div class=\"vc_single_image-wrapper   vc_box_border_grey\"><img loading=\"lazy\" decoding=\"async\" width=\"700\" height=\"774\" src=\"https:\/\/wearevillage.org\/wp-content\/uploads\/2022\/12\/Pierre_Emoe.jpg\" class=\"vc_single_image-img attachment-full\" alt=\"\" title=\"Pierre_Emo\u0308\" srcset=\"https:\/\/wearevillage.org\/wp-content\/uploads\/2022\/12\/Pierre_Emoe.jpg 700w, https:\/\/wearevillage.org\/wp-content\/uploads\/2022\/12\/Pierre_Emoe-271x300.jpg 271w, https:\/\/wearevillage.org\/wp-content\/uploads\/2022\/12\/Pierre_Emoe-136x150.jpg 136w, https:\/\/wearevillage.org\/wp-content\/uploads\/2022\/12\/Pierre_Emoe-624x690.jpg 624w, https:\/\/wearevillage.org\/wp-content\/uploads\/2022\/12\/Pierre_Emoe-390x431.jpg 390w, https:\/\/wearevillage.org\/wp-content\/uploads\/2022\/12\/Pierre_Emoe-600x663.jpg 600w\" sizes=\"auto, (max-width: 700px) 100vw, 700px\" \/><\/div>\n\t\t<\/figure>\n\t<\/div>\n\n\t<div class=\"wpb_text_column wpb_content_element\" >\n\t\t<div class=\"wpb_wrapper\">\n\t\t\t<p><strong>Pierre Em\u00f6 | <\/strong>he\/him<\/p>\n<p><a style=\"text-decoration-line: none;\" href=\"#\">Mehr anzeigen<\/a><\/p>\n<p>Pierre Em\u00f6 kommt urspr\u00fcnglich aus Frankreich und lebt derzeit in Berlin, wo er die M\u00f6glichkeiten von Film, Theater, Performance und Modeling aussch\u00f6pft. Seine Kinoauftritte umfassen unter anderem f\u00fcr Yann Gonzalez in KNIFE + HEART, f\u00fcr Bruce La Bruce in IT IS NOT THE PORNOGRAPHER THAT IS PERVERSE\u2026 und zuletzt in Henrika Kulls Film BLISS. Auf der B\u00fchne performte er mit der Gruppe Nilsson Eicke in DECAMERON und THE VALKYRIE. Er war Teil der Ausstellung FENSTER ZUM KLO: PUBLIC TOILETS & PRIVATE AFFAIRS von Marc Martin im Schwulen Museum in Berlin. Derzeit tourt er mit der Performance THE ETHICS von Matthieu Hocquemiller. Au\u00dferdem ist er Teil des Kollektivs Pornceptual und Mitglied des Kuratorenteams rund um Instinct.<\/p>\n\n\t\t<\/div>\n\t<\/div>\n\t\t<\/div><\/div><\/div><\/div><\/div><div class=\"wpb_column vc_column_container vc_col-sm-4\"><div class=\"vc_column-inner\"><div class=\"wpb_wrapper\"><div class=\"ult-content-box-container \" >\t\t<div class=\"ult-content-box\" style=\"box-shadow: px px px px none;-webkit-transition: all 700ms ease;-moz-transition: all 700ms ease;-ms-transition: all 700ms ease;-o-transition: all 700ms ease;transition: all 700ms ease;\"  data-hover_box_shadow=\"none\"    >\n\t<div  class=\"wpb_single_image wpb_content_element vc_align_left wpb_content_element\">\n\t\t\n\t\t<figure class=\"wpb_wrapper vc_figure\">\n\t\t\t<div class=\"vc_single_image-wrapper   vc_box_border_grey\"><img loading=\"lazy\" decoding=\"async\" width=\"700\" height=\"774\" src=\"https:\/\/wearevillage.org\/wp-content\/uploads\/2022\/08\/Marco-Astolfi.jpg\" class=\"vc_single_image-img attachment-full\" alt=\"\" title=\"Marco-Astolfi\" srcset=\"https:\/\/wearevillage.org\/wp-content\/uploads\/2022\/08\/Marco-Astolfi.jpg 700w, https:\/\/wearevillage.org\/wp-content\/uploads\/2022\/08\/Marco-Astolfi-390x431.jpg 390w, https:\/\/wearevillage.org\/wp-content\/uploads\/2022\/08\/Marco-Astolfi-600x663.jpg 600w, https:\/\/wearevillage.org\/wp-content\/uploads\/2022\/08\/Marco-Astolfi-271x300.jpg 271w, https:\/\/wearevillage.org\/wp-content\/uploads\/2022\/08\/Marco-Astolfi-624x690.jpg 624w\" sizes=\"auto, (max-width: 700px) 100vw, 700px\" \/><\/div>\n\t\t<\/figure>\n\t<\/div>\n\n\t<div class=\"wpb_text_column wpb_content_element\" >\n\t\t<div class=\"wpb_wrapper\">\n\t\t\t<p><strong>Marco Astolfi | <\/strong>he\/him<\/p>\n<p><a style=\"text-decoration-line: none;\" href=\"#\">Mehr anzeigen<\/a><\/p>\n<p>Marco Astolfi ist Literatur\u00fcbersetzer, Schriftsteller und Fee aus Italien. Er lebt in Berlin, ist Mitveranstalter des Village Heart Circle f\u00fcr GBTQ-M\u00e4nner und leitet alle zwei Monate den Book Club-Abend. Er ist Stammgast beim Creative Writing und kann gelegentlich als Model f\u00fcr die Life Drawing Unterrichte vorgefunden werden. Er besuchte das One Year Training im 2018 und leitete die Workshops Cock O\u2019Clock beim Easter Stretch Festival 2019 und Privates Talk beim Stretch Imagina 2020.<\/p>\n\n\t\t<\/div>\n\t<\/div>\n\t\t<\/div><\/div><\/div><\/div><\/div><\/div><div class=\"vc_row wpb_row vc_row-fluid team-bios\"><div class=\"wpb_column vc_column_container vc_col-sm-4\"><div class=\"vc_column-inner\"><div class=\"wpb_wrapper\"><div class=\"ult-content-box-container \" >\t\t<div class=\"ult-content-box\" style=\"box-shadow: px px px px none;-webkit-transition: all 700ms ease;-moz-transition: all 700ms ease;-ms-transition: all 700ms ease;-o-transition: all 700ms ease;transition: all 700ms ease;\"  data-hover_box_shadow=\"none\"    >\n\t<div  class=\"wpb_single_image wpb_content_element vc_align_left wpb_content_element\">\n\t\t\n\t\t<figure class=\"wpb_wrapper vc_figure\">\n\t\t\t<div class=\"vc_single_image-wrapper   vc_box_border_grey\"><img loading=\"lazy\" decoding=\"async\" width=\"900\" height=\"1000\" src=\"https:\/\/wearevillage.org\/wp-content\/uploads\/2023\/11\/wav-team-Nicky-miller.png\" class=\"vc_single_image-img attachment-full\" alt=\"\" title=\"wav-team-Nicky miller\" srcset=\"https:\/\/wearevillage.org\/wp-content\/uploads\/2023\/11\/wav-team-Nicky-miller.png 900w, https:\/\/wearevillage.org\/wp-content\/uploads\/2023\/11\/wav-team-Nicky-miller-270x300.png 270w, https:\/\/wearevillage.org\/wp-content\/uploads\/2023\/11\/wav-team-Nicky-miller-135x150.png 135w, https:\/\/wearevillage.org\/wp-content\/uploads\/2023\/11\/wav-team-Nicky-miller-768x853.png 768w, https:\/\/wearevillage.org\/wp-content\/uploads\/2023\/11\/wav-team-Nicky-miller-624x693.png 624w, https:\/\/wearevillage.org\/wp-content\/uploads\/2023\/11\/wav-team-Nicky-miller-390x433.png 390w, https:\/\/wearevillage.org\/wp-content\/uploads\/2023\/11\/wav-team-Nicky-miller-600x667.png 600w\" sizes=\"auto, (max-width: 900px) 100vw, 900px\" \/><\/div>\n\t\t<\/figure>\n\t<\/div>\n\n\t<div class=\"wpb_text_column wpb_content_element\" >\n\t\t<div class=\"wpb_wrapper\">\n\t\t\t<p><strong>Nicky Miller | <\/strong>they<\/p>\n<p><a style=\"text-decoration-line: none;\" href=\"#\">Mehr anzeigen<\/a><\/p>\n<p>Nicky Miller ist eine in Berlin lebende interdisziplin\u00e4re genderqueere K\u00fcnstlerin-Personality, und hat sich auf Filme, Performance und kreatives Schreiben spezialisiert. Urspr\u00fcnglich in St. Brice-sous-Foret in der N\u00e4he von Paris, Frankreich, geboren und vietnamesischer Herkunft, hat Nicky auch viel in New York City und Br\u00fcssel gelebt und gearbeitet. LGBTQ+ Sexualit\u00e4ten und Identit\u00e4ten stehen im Mittelpunkt von Nickys Arbeit. Nickys Arbeit definiert die gesellschaftliche Wahrnehmung von queeren Identit\u00e4ten neu. Zu Nickys preisgekr\u00f6nten und auf vielen internationalen Queer-Filmfestivals gezeigten Kurzfilmen geh\u00f6ren Arbeiten wie: Twisted Distinction, Levres Roses, Fisherman, Lemon Taste.<\/p>\n\n\t\t<\/div>\n\t<\/div>\n\t\t<\/div><\/div><\/div><\/div><\/div><div class=\"wpb_column vc_column_container vc_col-sm-4\"><div class=\"vc_column-inner\"><div class=\"wpb_wrapper\"><div class=\"ult-content-box-container \" >\t\t<div class=\"ult-content-box\" style=\"box-shadow: px px px px none;-webkit-transition: all 700ms ease;-moz-transition: all 700ms ease;-ms-transition: all 700ms ease;-o-transition: all 700ms ease;transition: all 700ms ease;\"  data-hover_box_shadow=\"none\"    >\n\t<div  class=\"wpb_single_image wpb_content_element vc_align_left wpb_content_element\">\n\t\t\n\t\t<figure class=\"wpb_wrapper vc_figure\">\n\t\t\t<div class=\"vc_single_image-wrapper   vc_box_border_grey\"><img loading=\"lazy\" decoding=\"async\" width=\"700\" height=\"774\" src=\"https:\/\/wearevillage.org\/wp-content\/uploads\/2022\/08\/Marcelo-Alves.jpg\" class=\"vc_single_image-img attachment-full\" alt=\"\" title=\"Marcelo-Alves\" srcset=\"https:\/\/wearevillage.org\/wp-content\/uploads\/2022\/08\/Marcelo-Alves.jpg 700w, https:\/\/wearevillage.org\/wp-content\/uploads\/2022\/08\/Marcelo-Alves-390x431.jpg 390w, https:\/\/wearevillage.org\/wp-content\/uploads\/2022\/08\/Marcelo-Alves-600x663.jpg 600w, https:\/\/wearevillage.org\/wp-content\/uploads\/2022\/08\/Marcelo-Alves-271x300.jpg 271w, https:\/\/wearevillage.org\/wp-content\/uploads\/2022\/08\/Marcelo-Alves-624x690.jpg 624w\" sizes=\"auto, (max-width: 700px) 100vw, 700px\" \/><\/div>\n\t\t<\/figure>\n\t<\/div>\n\n\t<div class=\"wpb_text_column wpb_content_element\" >\n\t\t<div class=\"wpb_wrapper\">\n\t\t\t<p><strong>Marcelo Alves | <\/strong>any pronoun<\/p>\n<p><a style=\"text-decoration-line: none;\" href=\"#\">Mehr anzeigen<\/a><\/p>\n<p>Nachdem ich 20 Jahre lang in New York gelebt habe, bin ich nach Berlin gezogen, um in Babelsberg Produktionsdesign zu studieren und jetzt in diesem Bereich zu arbeiten. Da ich das Leben als queere, dritt-kulturelle POC betrachte, engagiere ich mich in Community-Organisationen wie GMHC, Friends in Deed, Berliner AIDS Hilfe und dem Berliner Chem-Sex Netzwerk. Seit dem ersten Stretch Festival habe ich mich bei Village.Berlin engagiert. Heute bin ich Teil einer Anti-Rassismus- und Inklusionsinitiative und kann meine Leidenschaft teilen, indem ich den monatlichen Filmabend organisiere.<\/p>\n\n\t\t<\/div>\n\t<\/div>\n\t\t<\/div><\/div><\/div><\/div><\/div><div class=\"wpb_column vc_column_container vc_col-sm-4\"><div class=\"vc_column-inner\"><div class=\"wpb_wrapper\"><div class=\"ult-content-box-container \" >\t\t<div class=\"ult-content-box\" style=\"box-shadow: px px px px none;-webkit-transition: all 700ms ease;-moz-transition: all 700ms ease;-ms-transition: all 700ms ease;-o-transition: all 700ms ease;transition: all 700ms ease;\"  data-hover_box_shadow=\"none\"    >\n\t<div  class=\"wpb_single_image wpb_content_element vc_align_left wpb_content_element\">\n\t\t\n\t\t<figure class=\"wpb_wrapper vc_figure\">\n\t\t\t<div class=\"vc_single_image-wrapper   vc_box_border_grey\"><img loading=\"lazy\" decoding=\"async\" width=\"900\" height=\"1000\" src=\"https:\/\/wearevillage.org\/wp-content\/uploads\/2024\/08\/wav-team-Nils-Philipp2.png\" class=\"vc_single_image-img attachment-full\" alt=\"\" title=\"wav-team-Nils Philipp2\" srcset=\"https:\/\/wearevillage.org\/wp-content\/uploads\/2024\/08\/wav-team-Nils-Philipp2.png 900w, https:\/\/wearevillage.org\/wp-content\/uploads\/2024\/08\/wav-team-Nils-Philipp2-270x300.png 270w, https:\/\/wearevillage.org\/wp-content\/uploads\/2024\/08\/wav-team-Nils-Philipp2-135x150.png 135w, https:\/\/wearevillage.org\/wp-content\/uploads\/2024\/08\/wav-team-Nils-Philipp2-768x853.png 768w, https:\/\/wearevillage.org\/wp-content\/uploads\/2024\/08\/wav-team-Nils-Philipp2-624x693.png 624w, https:\/\/wearevillage.org\/wp-content\/uploads\/2024\/08\/wav-team-Nils-Philipp2-390x433.png 390w, https:\/\/wearevillage.org\/wp-content\/uploads\/2024\/08\/wav-team-Nils-Philipp2-600x667.png 600w\" sizes=\"auto, (max-width: 900px) 100vw, 900px\" \/><\/div>\n\t\t<\/figure>\n\t<\/div>\n\n\t<div class=\"wpb_text_column wpb_content_element\" >\n\t\t<div class=\"wpb_wrapper\">\n\t\t\t<p><strong>Nils Philipp | <\/strong>he\/him<br \/>\nBook Club<\/p>\n<p><a style=\"text-decoration-line: none;\" href=\"#\">Mehr anzeigen<\/a><\/p>\n<p>Nils Philipp ist Kunst- und Architekturvermittler und bet\u00e4tigt sich zudem als Dichter, Fotograf und Dekofee. Nach Erfahrungen als Hausmeister, Feinkostverk\u00e4ufer und Bademeister arbeitet er u.a. als Buchh\u00e4ndler. W\u00e4hrend er auf seinen Durchbruch wahlweise als Schriftsteller oder Dekorateur wartet, liest er viel und gerne.<\/p>\n\n\t\t<\/div>\n\t<\/div>\n\t\t<\/div><\/div><\/div><\/div><\/div><\/div><div class=\"vc_row wpb_row vc_row-fluid team-bios\"><div class=\"wpb_column vc_column_container vc_col-sm-4\"><div class=\"vc_column-inner\"><div class=\"wpb_wrapper\"><\/div><\/div><\/div><div class=\"wpb_column vc_column_container vc_col-sm-4\"><div class=\"vc_column-inner\"><div class=\"wpb_wrapper\"><\/div><\/div><\/div><div class=\"wpb_column vc_column_container vc_col-sm-4\"><div class=\"vc_column-inner\"><div class=\"wpb_wrapper\"><\/div><\/div><\/div><\/div><div class=\"vc_row wpb_row vc_row-fluid\"><div class=\"wpb_column vc_column_container vc_col-sm-12\"><div class=\"vc_column-inner\"><div class=\"wpb_wrapper\"><div class=\"vc_empty_space\"   style=\"height: 100px\"><span class=\"vc_empty_space_inner\"><\/span><\/div><\/div><\/div><\/div><\/div><div id=\"volunteers\" class=\"vc_row wpb_row vc_row-fluid\"><div class=\"wpb_column vc_column_container vc_col-sm-10\"><div class=\"vc_column-inner\"><div class=\"wpb_wrapper\"><h2 style=\"text-align: left\" class=\"vc_custom_heading vc_do_custom_heading\" >Triff das Team der<\/h2><h1 style=\"text-align: left\" class=\"vc_custom_heading vc_do_custom_heading\" >Volunteers<\/h1><\/div><\/div><\/div><div class=\"wpb_column vc_column_container vc_col-sm-2\"><div class=\"vc_column-inner\"><div class=\"wpb_wrapper\"><\/div><\/div><\/div><\/div><div class=\"vc_row wpb_row vc_row-fluid team-bios\"><div class=\"wpb_column vc_column_container vc_col-sm-4\"><div class=\"vc_column-inner\"><div class=\"wpb_wrapper\"><div class=\"ult-content-box-container \" >\t\t<div class=\"ult-content-box\" style=\"box-shadow: px px px px none;-webkit-transition: all 700ms ease;-moz-transition: all 700ms ease;-ms-transition: all 700ms ease;-o-transition: all 700ms ease;transition: all 700ms ease;\"  data-hover_box_shadow=\"none\"    >\n\t<div  class=\"wpb_single_image wpb_content_element vc_align_left wpb_content_element\">\n\t\t\n\t\t<figure class=\"wpb_wrapper vc_figure\">\n\t\t\t<div class=\"vc_single_image-wrapper   vc_box_border_grey\"><img loading=\"lazy\" decoding=\"async\" width=\"700\" height=\"774\" src=\"https:\/\/wearevillage.org\/wp-content\/uploads\/2022\/08\/Alexey-Bragin.jpg\" class=\"vc_single_image-img attachment-full\" alt=\"\" title=\"Alexey-Bragin\" srcset=\"https:\/\/wearevillage.org\/wp-content\/uploads\/2022\/08\/Alexey-Bragin.jpg 700w, https:\/\/wearevillage.org\/wp-content\/uploads\/2022\/08\/Alexey-Bragin-390x431.jpg 390w, https:\/\/wearevillage.org\/wp-content\/uploads\/2022\/08\/Alexey-Bragin-600x663.jpg 600w, https:\/\/wearevillage.org\/wp-content\/uploads\/2022\/08\/Alexey-Bragin-271x300.jpg 271w, https:\/\/wearevillage.org\/wp-content\/uploads\/2022\/08\/Alexey-Bragin-624x690.jpg 624w\" sizes=\"auto, (max-width: 700px) 100vw, 700px\" \/><\/div>\n\t\t<\/figure>\n\t<\/div>\n\n\t<div class=\"wpb_text_column wpb_content_element\" >\n\t\t<div class=\"wpb_wrapper\">\n\t\t\t<p><strong>Alexey Bragin |<\/strong> he\/him<br \/>\nStudio Caretaker, Volunteer Team, Green-thumb Garden fairy<\/p>\n<p><a style=\"text-decoration-line: none;\" href=\"#\">Mehr anzeigen<\/a><\/p>\n<p>1954 bis jetzt: geboren, Schule, Uni, Uni. Pskov, Sankt-Petersburg, Berlin. Mathematik, Hydrogeologie, Leben. Kind, Sch\u00fcler, Student, Stra\u00dfenreiniger, Wissenschaftler-Forscher, \u00dcbersetzer, Geschirrsp\u00fcler, Barchef, Barbesitzer, Volonteer, Putzkraft, Denker, Rentner.<\/p>\n\n\t\t<\/div>\n\t<\/div>\n\t\t<\/div><\/div><\/div><\/div><\/div><div class=\"wpb_column vc_column_container vc_col-sm-4\"><div class=\"vc_column-inner\"><div class=\"wpb_wrapper\"><div class=\"ult-content-box-container \" >\t\t<div class=\"ult-content-box\" style=\"box-shadow: px px px px none;-webkit-transition: all 700ms ease;-moz-transition: all 700ms ease;-ms-transition: all 700ms ease;-o-transition: all 700ms ease;transition: all 700ms ease;\"  data-hover_box_shadow=\"none\"    >\n\t<div  class=\"wpb_single_image wpb_content_element vc_align_left wpb_content_element\">\n\t\t\n\t\t<figure class=\"wpb_wrapper vc_figure\">\n\t\t\t<div class=\"vc_single_image-wrapper   vc_box_border_grey\"><img loading=\"lazy\" decoding=\"async\" width=\"700\" height=\"774\" src=\"https:\/\/wearevillage.org\/wp-content\/uploads\/2022\/08\/Markus-Kaufmann.jpg\" class=\"vc_single_image-img attachment-full\" alt=\"\" title=\"Markus-Kaufmann\" srcset=\"https:\/\/wearevillage.org\/wp-content\/uploads\/2022\/08\/Markus-Kaufmann.jpg 700w, https:\/\/wearevillage.org\/wp-content\/uploads\/2022\/08\/Markus-Kaufmann-390x431.jpg 390w, https:\/\/wearevillage.org\/wp-content\/uploads\/2022\/08\/Markus-Kaufmann-600x663.jpg 600w, https:\/\/wearevillage.org\/wp-content\/uploads\/2022\/08\/Markus-Kaufmann-271x300.jpg 271w, https:\/\/wearevillage.org\/wp-content\/uploads\/2022\/08\/Markus-Kaufmann-624x690.jpg 624w\" sizes=\"auto, (max-width: 700px) 100vw, 700px\" \/><\/div>\n\t\t<\/figure>\n\t<\/div>\n\n\t<div class=\"wpb_text_column wpb_content_element\" >\n\t\t<div class=\"wpb_wrapper\">\n\t\t\t<p><strong>Markus Kaufmann |<\/strong> he\/him, they\/them<br \/>\nMassage Exchange<\/p>\n<p><a style=\"text-decoration-line: none;\" href=\"#\">Mehr anzeigen<\/a><\/p>\n<p>In seiner T\u00e4tigkeit als Gesundheitscoach unterst\u00fctzt Markus chronisch kranke Menschen bei ihrer Alltagsbew\u00e4ltigung. Die Arbeit, die Markus anbietet, l\u00e4sst sich am besten als Raum beschreiben, in dem Psychologie auf Spiritualit\u00e4t trifft. Markus ist ausgebildeter systemischer Coach, Heilpraktiker Psychotherapie, Yogatherapeut sowie Energiearbeiter.<\/p>\n\n\t\t<\/div>\n\t<\/div>\n\t\t<\/div><\/div><\/div><\/div><\/div><div class=\"wpb_column vc_column_container vc_col-sm-4\"><div class=\"vc_column-inner\"><div class=\"wpb_wrapper\"><div class=\"ult-content-box-container \" >\t\t<div class=\"ult-content-box\" style=\"box-shadow: px px px px none;-webkit-transition: all 700ms ease;-moz-transition: all 700ms ease;-ms-transition: all 700ms ease;-o-transition: all 700ms ease;transition: all 700ms ease;\"  data-hover_box_shadow=\"none\"    >\n\t<div  class=\"wpb_single_image wpb_content_element vc_align_left wpb_content_element\">\n\t\t\n\t\t<figure class=\"wpb_wrapper vc_figure\">\n\t\t\t<div class=\"vc_single_image-wrapper   vc_box_border_grey\"><img loading=\"lazy\" decoding=\"async\" width=\"700\" height=\"774\" src=\"https:\/\/wearevillage.org\/wp-content\/uploads\/2022\/08\/Fabian-Fleckenstein.jpg\" class=\"vc_single_image-img attachment-full\" alt=\"\" title=\"Fabian-Fleckenstein\" srcset=\"https:\/\/wearevillage.org\/wp-content\/uploads\/2022\/08\/Fabian-Fleckenstein.jpg 700w, https:\/\/wearevillage.org\/wp-content\/uploads\/2022\/08\/Fabian-Fleckenstein-390x431.jpg 390w, https:\/\/wearevillage.org\/wp-content\/uploads\/2022\/08\/Fabian-Fleckenstein-600x663.jpg 600w, https:\/\/wearevillage.org\/wp-content\/uploads\/2022\/08\/Fabian-Fleckenstein-271x300.jpg 271w, https:\/\/wearevillage.org\/wp-content\/uploads\/2022\/08\/Fabian-Fleckenstein-624x690.jpg 624w\" sizes=\"auto, (max-width: 700px) 100vw, 700px\" \/><\/div>\n\t\t<\/figure>\n\t<\/div>\n\n\t<div class=\"wpb_text_column wpb_content_element\" >\n\t\t<div class=\"wpb_wrapper\">\n\t\t\t<p><strong>Fabian Fleckenstein | <\/strong>he\/him<br \/>\nVolunteer Coordination, Village Potluck<\/p>\n<p><a style=\"text-decoration-line: none;\" href=\"#\">Mehr anzeigen<\/a><\/p>\n<p>\u201eFabian ist ein wunderbarer Mensch aus Berlin, der es liebt, Menschen<br \/>\nzusammenzubringen!\u201c<\/p>\n\n\t\t<\/div>\n\t<\/div>\n\t\t<\/div><\/div><\/div><\/div><\/div><\/div><div class=\"vc_row wpb_row vc_row-fluid\"><div class=\"wpb_column vc_column_container vc_col-sm-12\"><div class=\"vc_column-inner\"><div class=\"wpb_wrapper\"><div class=\"vc_empty_space\"   style=\"height: 100px\"><span class=\"vc_empty_space_inner\"><\/span><\/div><\/div><\/div><\/div><\/div>\n<\/div>","protected":false},"excerpt":{"rendered":"Triff das Team derOrganisation Kai Ehrhardt | he\/him Gr\u00fcnder, Gesch\u00e4ftsf\u00fchrer, Kurs- & Seminarleiter, Kurator Mehr anzeigen Gr\u00fcndete 2016 Village.Berlin (heute: we are village) und 2012\u2026","protected":false},"author":1,"featured_media":0,"parent":0,"menu_order":37,"comment_status":"closed","ping_status":"closed","template":"","meta":{"pmpro_default_level":"","inline_featured_image":false,"footnotes":""},"class_list":["post-216","page","type-page","status-publish","hentry","pmpro-has-access"],"wpml_current_locale":"de_DE","wpml_translations":{"en_US":{"locale":"en_US","id":3429,"slug":"team","post_title":"Team","href":"https:\/\/wearevillage.org\/en\/team\/"}},"app_access":{"can_access":true,"restrict_message":null},"language":{"code":"de","locale":"","name":"","is_rtl":false},"_links":{"self":[{"href":"https:\/\/wearevillage.org\/wp-json\/wp\/v2\/pages\/216","targetHints":{"allow":["GET"]}}],"collection":[{"href":"https:\/\/wearevillage.org\/wp-json\/wp\/v2\/pages"}],"about":[{"href":"https:\/\/wearevillage.org\/wp-json\/wp\/v2\/types\/page"}],"author":[{"embeddable":true,"href":"https:\/\/wearevillage.org\/wp-json\/wp\/v2\/users\/1"}],"replies":[{"embeddable":true,"href":"https:\/\/wearevillage.org\/wp-json\/wp\/v2\/comments?post=216"}],"version-history":[{"count":151,"href":"https:\/\/wearevillage.org\/wp-json\/wp\/v2\/pages\/216\/revisions"}],"predecessor-version":[{"id":43644,"href":"https:\/\/wearevillage.org\/wp-json\/wp\/v2\/pages\/216\/revisions\/43644"}],"wp:attachment":[{"href":"https:\/\/wearevillage.org\/wp-json\/wp\/v2\/media?parent=216"}],"curies":[{"name":"wp","href":"https:\/\/api.w.org\/{rel}","templated":true}]}}