{"id":8073,"date":"2023-08-01T14:22:31","date_gmt":"2023-08-01T12:22:31","guid":{"rendered":"https:\/\/wearevillage.org\/?page_id=8073"},"modified":"2026-03-20T09:16:48","modified_gmt":"2026-03-20T08:16:48","slug":"we-are-queer-matters-2","status":"publish","type":"page","link":"https:\/\/wearevillage.org\/village-quartiere\/addressing-queer-lonliness\/","title":{"rendered":"gemeinsam statt einsam"},"content":{"rendered":"<div class=\"wpb-content-wrapper\"><div data-vc-full-width=\"true\" data-vc-full-width-temp=\"true\" data-vc-full-width-init=\"false\" class=\"vc_row wpb_row vc_row-fluid vc_custom_1771577887852 vc_row-has-fill vc_row-o-equal-height vc_row-o-content-middle vc_row-flex\"><div class=\"wpb_column vc_column_container vc_col-sm-10\"><div class=\"vc_column-inner\"><div class=\"wpb_wrapper\"><div class=\"vc_empty_space\"   style=\"height: 30px\"><span class=\"vc_empty_space_inner\"><\/span><\/div><h1 style=\"color: #000000;text-align: left\" class=\"vc_custom_heading vc_do_custom_heading\" >gemeinsam statt einsam<\/h1><div class=\"vc_empty_space\"   style=\"height: 30px\"><span class=\"vc_empty_space_inner\"><\/span><\/div><\/div><\/div><\/div><div class=\"wpb_column vc_column_container vc_col-sm-2 vc_hidden-sm vc_hidden-xs\"><div class=\"vc_column-inner\"><div class=\"wpb_wrapper\">\n\t<div  class=\"wpb_single_image wpb_content_element vc_align_left wpb_content_element\">\n\t\t\n\t\t<figure class=\"wpb_wrapper vc_figure\">\n\t\t\t<div class=\"vc_single_image-wrapper   vc_box_border_grey\"><img loading=\"lazy\" decoding=\"async\" width=\"300\" height=\"300\" src=\"https:\/\/wearevillage.org\/wp-content\/uploads\/2024\/12\/we-are-village-black-square-300x300.png\" class=\"vc_single_image-img attachment-medium\" alt=\"\" title=\"we-are-village-black square\" srcset=\"https:\/\/wearevillage.org\/wp-content\/uploads\/2024\/12\/we-are-village-black-square-300x300.png 300w, https:\/\/wearevillage.org\/wp-content\/uploads\/2024\/12\/we-are-village-black-square-150x150.png 150w, https:\/\/wearevillage.org\/wp-content\/uploads\/2024\/12\/we-are-village-black-square-100x100.png 100w, https:\/\/wearevillage.org\/wp-content\/uploads\/2024\/12\/we-are-village-black-square.png 349w\" sizes=\"auto, (max-width: 300px) 100vw, 300px\" \/><\/div>\n\t\t<\/figure>\n\t<\/div>\n<\/div><\/div><\/div><\/div><div class=\"vc_row-full-width vc_clearfix\"><\/div><div data-vc-full-width=\"true\" data-vc-full-width-temp=\"true\" data-vc-full-width-init=\"false\" data-vc-stretch-content=\"true\" class=\"vc_row wpb_row vc_row-fluid vc_row-no-padding\"><div class=\"wpb_column vc_column_container vc_col-sm-4 vc_hidden-sm vc_hidden-xs\"><div class=\"vc_column-inner\"><div class=\"wpb_wrapper\">\n\t<div  class=\"wpb_single_image wpb_content_element vc_align_left wpb_content_element\">\n\t\t\n\t\t<figure class=\"wpb_wrapper vc_figure\">\n\t\t\t<div class=\"vc_single_image-wrapper   vc_box_border_grey\"><img loading=\"lazy\" decoding=\"async\" width=\"2043\" height=\"1027\" src=\"https:\/\/wearevillage.org\/wp-content\/uploads\/2026\/01\/belonging-versus-loneliness-3.png\" class=\"vc_single_image-img attachment-full\" alt=\"\" title=\"belonging versus loneliness (3)\" srcset=\"https:\/\/wearevillage.org\/wp-content\/uploads\/2026\/01\/belonging-versus-loneliness-3.png 2043w, https:\/\/wearevillage.org\/wp-content\/uploads\/2026\/01\/belonging-versus-loneliness-3-300x151.png 300w, https:\/\/wearevillage.org\/wp-content\/uploads\/2026\/01\/belonging-versus-loneliness-3-1024x515.png 1024w, https:\/\/wearevillage.org\/wp-content\/uploads\/2026\/01\/belonging-versus-loneliness-3-150x75.png 150w, https:\/\/wearevillage.org\/wp-content\/uploads\/2026\/01\/belonging-versus-loneliness-3-768x386.png 768w, https:\/\/wearevillage.org\/wp-content\/uploads\/2026\/01\/belonging-versus-loneliness-3-1536x772.png 1536w, https:\/\/wearevillage.org\/wp-content\/uploads\/2026\/01\/belonging-versus-loneliness-3-624x314.png 624w, https:\/\/wearevillage.org\/wp-content\/uploads\/2026\/01\/belonging-versus-loneliness-3-390x196.png 390w, https:\/\/wearevillage.org\/wp-content\/uploads\/2026\/01\/belonging-versus-loneliness-3-600x302.png 600w\" sizes=\"auto, (max-width: 2043px) 100vw, 2043px\" \/><\/div>\n\t\t<\/figure>\n\t<\/div>\n<\/div><\/div><\/div><div class=\"wpb_column vc_column_container vc_col-sm-4 vc_hidden-sm vc_hidden-xs\"><div class=\"vc_column-inner\"><div class=\"wpb_wrapper\">\n\t<div  class=\"wpb_single_image wpb_content_element vc_align_left wpb_content_element\">\n\t\t\n\t\t<figure class=\"wpb_wrapper vc_figure\">\n\t\t\t<div class=\"vc_single_image-wrapper   vc_box_border_grey\"><img loading=\"lazy\" decoding=\"async\" width=\"2043\" height=\"1027\" src=\"https:\/\/wearevillage.org\/wp-content\/uploads\/2026\/01\/belonging-versus-loneliness.png\" class=\"vc_single_image-img attachment-full\" alt=\"\" title=\"belonging versus loneliness\" srcset=\"https:\/\/wearevillage.org\/wp-content\/uploads\/2026\/01\/belonging-versus-loneliness.png 2043w, https:\/\/wearevillage.org\/wp-content\/uploads\/2026\/01\/belonging-versus-loneliness-300x151.png 300w, https:\/\/wearevillage.org\/wp-content\/uploads\/2026\/01\/belonging-versus-loneliness-1024x515.png 1024w, https:\/\/wearevillage.org\/wp-content\/uploads\/2026\/01\/belonging-versus-loneliness-150x75.png 150w, https:\/\/wearevillage.org\/wp-content\/uploads\/2026\/01\/belonging-versus-loneliness-768x386.png 768w, https:\/\/wearevillage.org\/wp-content\/uploads\/2026\/01\/belonging-versus-loneliness-1536x772.png 1536w, https:\/\/wearevillage.org\/wp-content\/uploads\/2026\/01\/belonging-versus-loneliness-624x314.png 624w, https:\/\/wearevillage.org\/wp-content\/uploads\/2026\/01\/belonging-versus-loneliness-390x196.png 390w, https:\/\/wearevillage.org\/wp-content\/uploads\/2026\/01\/belonging-versus-loneliness-600x302.png 600w\" sizes=\"auto, (max-width: 2043px) 100vw, 2043px\" \/><\/div>\n\t\t<\/figure>\n\t<\/div>\n<\/div><\/div><\/div><div class=\"wpb_column vc_column_container vc_col-sm-4 vc_hidden-sm vc_hidden-xs\"><div class=\"vc_column-inner\"><div class=\"wpb_wrapper\">\n\t<div  class=\"wpb_single_image wpb_content_element vc_align_left wpb_content_element\">\n\t\t\n\t\t<figure class=\"wpb_wrapper vc_figure\">\n\t\t\t<div class=\"vc_single_image-wrapper   vc_box_border_grey\"><img loading=\"lazy\" decoding=\"async\" width=\"2043\" height=\"1027\" src=\"https:\/\/wearevillage.org\/wp-content\/uploads\/2026\/01\/belonging-versus-loneliness-2.png\" class=\"vc_single_image-img attachment-full\" alt=\"\" title=\"belonging versus loneliness (2)\" srcset=\"https:\/\/wearevillage.org\/wp-content\/uploads\/2026\/01\/belonging-versus-loneliness-2.png 2043w, https:\/\/wearevillage.org\/wp-content\/uploads\/2026\/01\/belonging-versus-loneliness-2-300x151.png 300w, https:\/\/wearevillage.org\/wp-content\/uploads\/2026\/01\/belonging-versus-loneliness-2-1024x515.png 1024w, https:\/\/wearevillage.org\/wp-content\/uploads\/2026\/01\/belonging-versus-loneliness-2-150x75.png 150w, https:\/\/wearevillage.org\/wp-content\/uploads\/2026\/01\/belonging-versus-loneliness-2-768x386.png 768w, https:\/\/wearevillage.org\/wp-content\/uploads\/2026\/01\/belonging-versus-loneliness-2-1536x772.png 1536w, https:\/\/wearevillage.org\/wp-content\/uploads\/2026\/01\/belonging-versus-loneliness-2-624x314.png 624w, https:\/\/wearevillage.org\/wp-content\/uploads\/2026\/01\/belonging-versus-loneliness-2-390x196.png 390w, https:\/\/wearevillage.org\/wp-content\/uploads\/2026\/01\/belonging-versus-loneliness-2-600x302.png 600w\" sizes=\"auto, (max-width: 2043px) 100vw, 2043px\" \/><\/div>\n\t\t<\/figure>\n\t<\/div>\n<\/div><\/div><\/div><\/div><div class=\"vc_row-full-width vc_clearfix\"><\/div><div class=\"vc_row wpb_row vc_row-fluid\"><div class=\"wpb_column vc_column_container vc_col-sm-12\"><div class=\"vc_column-inner\"><div class=\"wpb_wrapper\"><div class=\"vc_empty_space\"   style=\"height: 100px\"><span class=\"vc_empty_space_inner\"><\/span><\/div><\/div><\/div><\/div><\/div><div id=\"1\" class=\"vc_row wpb_row vc_row-fluid\"><div class=\"wpb_column vc_column_container vc_col-sm-10\"><div class=\"vc_column-inner\"><div class=\"wpb_wrapper\"><h2 style=\"text-align: left\" class=\"vc_custom_heading vc_do_custom_heading\" >Wir alle f\u00fchlen uns manchmal einsam<\/h2><div class=\"vc_empty_space\"   style=\"height: 20px\"><span class=\"vc_empty_space_inner\"><\/span><\/div><div class=\"vc_separator wpb_content_element vc_separator_align_center vc_sep_width_30 vc_sep_border_width_5 vc_sep_pos_align_left vc_separator_no_text wpb_content_element  wpb_content_element\" ><span class=\"vc_sep_holder vc_sep_holder_l\"><span style=\"border-color:#644B90;\" class=\"vc_sep_line\"><\/span><\/span><span class=\"vc_sep_holder vc_sep_holder_r\"><span style=\"border-color:#644B90;\" class=\"vc_sep_line\"><\/span><\/span>\n<\/div><div class=\"vc_empty_space\"   style=\"height: 30px\"><span class=\"vc_empty_space_inner\"><\/span><\/div><h4 style=\"text-align: left\" class=\"vc_custom_heading vc_do_custom_heading\" >*Als Menschen haben wir eine nat\u00fcrliche Sehnsucht nach sozialer Verbindung und Unterst\u00fctzung durch andere<\/h4><div class=\"vc_separator wpb_content_element vc_separator_align_center vc_sep_width_10 vc_sep_border_width_5 vc_sep_pos_align_left vc_separator_no_text wpb_content_element  wpb_content_element\" ><span class=\"vc_sep_holder vc_sep_holder_l\"><span style=\"border-color:#644B90;\" class=\"vc_sep_line\"><\/span><\/span><span class=\"vc_sep_holder vc_sep_holder_r\"><span style=\"border-color:#644B90;\" class=\"vc_sep_line\"><\/span><\/span>\n<\/div><div class=\"vc_empty_space\"   style=\"height: 20px\"><span class=\"vc_empty_space_inner\"><\/span><\/div>\n\t<div class=\"wpb_text_column wpb_content_element\" >\n\t\t<div class=\"wpb_wrapper\">\n\t\t\t<p>Queere Menschen haben aufgrund individueller und struktureller Formen der Diskriminierung ein noch h\u00f6heres Risiko, unter chronischer Einsamkeit zu leiden.<\/p>\n\n\t\t<\/div>\n\t<\/div>\n\n\t<div class=\"wpb_text_column wpb_content_element\" >\n\t\t<div class=\"wpb_wrapper\">\n\t\t\t<p><span style=\"font-weight: 400;\">In Zusammenarbeit mit der Landesstelle f\u00fcr Gleichbehandlung \u2013 gegen Diskriminierung hat we are village | queer matters ein Programm gestartet, das sich mit Einsamkeit in der queeren Community besch\u00e4ftigt. we are village hat sich seither zu einer zentralen Anlaufstelle entwickelt, die Unterst\u00fctzung, Verbindung und Gemeinschaft f\u00fcr queere Menschen erm\u00f6glicht. <\/span><\/p>\n<p><span style=\"font-weight: 400;\">Das Projekt <\/span>Gemeinsam statt einsam<span style=\"font-weight: 400;\"> bietet eine Vielzahl von Initiativen, die darauf abzielen, der Einsamkeit und Isolation queerer Menschen entgegenzuwirken. Die Workshops und Angebote werden von <\/span>Kai Ehrhardt<span style=\"font-weight: 400;\">, Gr\u00fcnder von we are village, kuratiert.<\/span><\/p>\n<p>Wir m\u00f6chten ein besseres Verst\u00e4ndnis daf\u00fcr entwickeln, wie Menschen sich in ihrem sozialen Umfeld f\u00fchlen und haben deshalb eine <a href=\"https:\/\/docs.google.com\/forms\/d\/e\/1FAIpQLSfYaOH2C6ipX90BzbOXkT0cFgXCB-sB2HAw1-7pWV8gt8EveA\/viewform?usp=send_form\">Umfrage<\/a> erstellt.<\/p>\n<p>Deine ehrlichen Antworten helfen uns dabei, Ma\u00dfnahmen und Strategien zu entwickeln, die zur Bew\u00e4ltigung von Einsamkeit beitragen und mehr Zugeh\u00f6rigkeit schaffen.<\/p>\n<p>Bitte antworte so ehrlich wie m\u00f6glich auf die folgenden Fragen. Wir bitten dich, keine pers\u00f6nlichen Informationen anzugeben, die R\u00fcckschl\u00fcsse auf deine Identit\u00e4t zulassen. Deine Antworten werden vertraulich behandelt.<\/p>\n\n\t\t<\/div>\n\t<\/div>\n<div class=\"vc_empty_space\"   style=\"height: 30px\"><span class=\"vc_empty_space_inner\"><\/span><\/div><h4 style=\"text-align: left\" class=\"vc_custom_heading vc_do_custom_heading\" >*Queere Perspektiven auf Konflikt, Resilienz und Verbindung<\/h4><div class=\"vc_separator wpb_content_element vc_separator_align_center vc_sep_width_10 vc_sep_border_width_5 vc_sep_pos_align_left vc_separator_no_text wpb_content_element  wpb_content_element\" ><span class=\"vc_sep_holder vc_sep_holder_l\"><span style=\"border-color:#644B90;\" class=\"vc_sep_line\"><\/span><\/span><span class=\"vc_sep_holder vc_sep_holder_r\"><span style=\"border-color:#644B90;\" class=\"vc_sep_line\"><\/span><\/span>\n<\/div><div class=\"vc_empty_space\"   style=\"height: 20px\"><span class=\"vc_empty_space_inner\"><\/span><\/div>\n\t<div class=\"wpb_text_column wpb_content_element\" >\n\t\t<div class=\"wpb_wrapper\">\n\t\t\t<p data-start=\"239\" data-end=\"547\"><strong>Konflikte sind Teil unseres Lebens \u2013 in uns selbst, in Beziehungen, in der Arbeit, in unseren Communities. Allzu oft werden sie als Scheitern oder Bruch verstanden. Doch wir fragen: Wie k\u00f6nnen wir Konflikte anders leben? Wie lassen sich Spannungen in Kreativit\u00e4t, Verbindung und Solidarit\u00e4t verwandeln? Mit dem Projekt \u201eKonflikte als Ausgangspunkt \u2013 Resilienz als Gemeinschaftserfahrung\u201c wollen wir R\u00e4ume schaffen, in denen Konflikte nicht vermieden, sondern gemeinsam neu gedacht werden.<br \/>\nIm Zentrum stehen vier miteinander verbundene Teilprojekte:<\/strong><\/p>\n\n\t\t<\/div>\n\t<\/div>\n<\/div><\/div><\/div><div class=\"wpb_column vc_column_container vc_col-sm-2\"><div class=\"vc_column-inner\"><div class=\"wpb_wrapper\"><\/div><\/div><\/div><\/div><div class=\"vc_row wpb_row vc_row-fluid\"><div class=\"wpb_column vc_column_container vc_col-sm-3\"><div class=\"vc_column-inner\"><div class=\"wpb_wrapper\"><h5 style=\"color: #FFFFFF;text-align: center\" class=\"vc_custom_heading vc_do_custom_heading vc_custom_1768892821633\" >*Wege aus der Einsamkeit<br \/>\n(DE)<\/h5><div class=\"vc_empty_space\"   style=\"height: 1rem\"><span class=\"vc_empty_space_inner\"><\/span><\/div>\n\t<div  class=\"wpb_single_image wpb_content_element vc_align_center wpb_content_element\">\n\t\t\n\t\t<figure class=\"wpb_wrapper vc_figure\">\n\t\t\t<div class=\"vc_single_image-wrapper   vc_box_border_grey\"><img loading=\"lazy\" decoding=\"async\" width=\"225\" height=\"225\" src=\"https:\/\/wearevillage.org\/wp-content\/uploads\/2026\/01\/vignette_marco.png\" class=\"vc_single_image-img attachment-medium\" alt=\"\" title=\"vignette_marco\" srcset=\"https:\/\/wearevillage.org\/wp-content\/uploads\/2026\/01\/vignette_marco.png 225w, https:\/\/wearevillage.org\/wp-content\/uploads\/2026\/01\/vignette_marco-150x150.png 150w, https:\/\/wearevillage.org\/wp-content\/uploads\/2026\/01\/vignette_marco-100x100.png 100w\" sizes=\"auto, (max-width: 225px) 100vw, 225px\" \/><\/div>\n\t\t<\/figure>\n\t<\/div>\n\n\t<div class=\"wpb_text_column wpb_content_element\" >\n\t\t<div class=\"wpb_wrapper\">\n\t\t\t<p style=\"text-align: center;\"><strong>Verbindungen schaffen | Wege aus der Einsamkeit<br \/>\n<\/strong>In unserer Gruppenarbeit entstehen R\u00e4ume, in denen Zugeh\u00f6rigkeit und Austausch direkt erfahrbar werden. Pers\u00f6nliche Themen werden gemeinsam bearbeitet und Erfahrungen geteilt, wodurch neue Wege aus der Isolation erlebbar werden.<br \/>\n<strong><a class=\"button_link\" style=\"color: #5e239d;\" href=\"https:\/\/wearevillage.org\/shop\/einsamkeitserien1\/w04-2026\/\" target=\"_blank\" rel=\"noopener\" data-trackable=\"true\">*Nimm an der deutschen Sitzung teil<\/a><\/strong><\/p>\n\n\t\t<\/div>\n\t<\/div>\n<\/div><\/div><\/div><div class=\"wpb_column vc_column_container vc_col-sm-3\"><div class=\"vc_column-inner\"><div class=\"wpb_wrapper\"><h5 style=\"color: #FFFFFF;text-align: center\" class=\"vc_custom_heading vc_do_custom_heading vc_custom_1768892816879\" >*F\u00fclle unsere Umfrage zur Einsamkeit aus<\/h5><div class=\"vc_empty_space\"   style=\"height: 1rem\"><span class=\"vc_empty_space_inner\"><\/span><\/div>\n\t<div  class=\"wpb_single_image wpb_content_element vc_align_center wpb_content_element\">\n\t\t\n\t\t<figure class=\"wpb_wrapper vc_figure\">\n\t\t\t<div class=\"vc_single_image-wrapper   vc_box_border_grey\"><img loading=\"lazy\" decoding=\"async\" width=\"225\" height=\"225\" src=\"https:\/\/wearevillage.org\/wp-content\/uploads\/2026\/01\/vignette_survey_loneliness.png\" class=\"vc_single_image-img attachment-medium\" alt=\"\" title=\"vignette_survey_loneliness\" srcset=\"https:\/\/wearevillage.org\/wp-content\/uploads\/2026\/01\/vignette_survey_loneliness.png 225w, https:\/\/wearevillage.org\/wp-content\/uploads\/2026\/01\/vignette_survey_loneliness-150x150.png 150w, https:\/\/wearevillage.org\/wp-content\/uploads\/2026\/01\/vignette_survey_loneliness-100x100.png 100w\" sizes=\"auto, (max-width: 225px) 100vw, 225px\" \/><\/div>\n\t\t<\/figure>\n\t<\/div>\n\n\t<div class=\"wpb_text_column wpb_content_element\" >\n\t\t<div class=\"wpb_wrapper\">\n\t\t\t<p style=\"text-align: center;\"><strong>Einsamkeit in der LSBTQIA+ Community<br \/>\n<\/strong>Wir alle f\u00fchlen uns manchmal einsam. Als Menschen haben wir eine nat\u00fcrliche Sehnsucht nach sozialer Verbindung und Unterst\u00fctzung durch andere.<br \/>\nF\u00fclle hier unsere Umfrage zum Thema Einsamkeit in der LGBTQIA+ Community aus<br \/>\n<strong><a class=\"button_link\" style=\"color: #5e239d;\" href=\"https:\/\/docs.google.com\/forms\/d\/e\/1FAIpQLSfYaOH2C6ipX90BzbOXkT0cFgXCB-sB2HAw1-7pWV8gt8EveA\/viewform\" target=\"_blank\" rel=\"noopener\" data-trackable=\"true\">*F\u00fclle unsere Umfrage aus<\/a><\/strong><\/p>\n\n\t\t<\/div>\n\t<\/div>\n<\/div><\/div><\/div><div class=\"wpb_column vc_column_container vc_col-sm-3\"><div class=\"vc_column-inner\"><div class=\"wpb_wrapper\"><h5 style=\"color: #FFFFFF;text-align: center\" class=\"vc_custom_heading vc_do_custom_heading vc_custom_1768892812161\" >*Tritt dem Buddy-Programm bei<\/h5><div class=\"vc_empty_space\"   style=\"height: 1rem\"><span class=\"vc_empty_space_inner\"><\/span><\/div>\n\t<div  class=\"wpb_single_image wpb_content_element vc_align_center wpb_content_element\">\n\t\t\n\t\t<figure class=\"wpb_wrapper vc_figure\">\n\t\t\t<div class=\"vc_single_image-wrapper   vc_box_border_grey\"><img loading=\"lazy\" decoding=\"async\" width=\"225\" height=\"225\" src=\"https:\/\/wearevillage.org\/wp-content\/uploads\/2026\/01\/vignette_buddy_program.png\" class=\"vc_single_image-img attachment-medium\" alt=\"\" title=\"vignette_buddy_program\" srcset=\"https:\/\/wearevillage.org\/wp-content\/uploads\/2026\/01\/vignette_buddy_program.png 225w, https:\/\/wearevillage.org\/wp-content\/uploads\/2026\/01\/vignette_buddy_program-150x150.png 150w, https:\/\/wearevillage.org\/wp-content\/uploads\/2026\/01\/vignette_buddy_program-100x100.png 100w\" sizes=\"auto, (max-width: 225px) 100vw, 225px\" \/><\/div>\n\t\t<\/figure>\n\t<\/div>\n\n\t<div class=\"wpb_text_column wpb_content_element\" >\n\t\t<div class=\"wpb_wrapper\">\n\t\t\t<p style=\"text-align: center;\"><strong>Tritt dem We Are Village Buddy-Programm bei<br \/>\n<\/strong>Mach mit bei unserem Buddy-Programm und werde Teil einer herzlichen und unterst\u00fctzenden Gemeinschaft, in der wir uns gegenseitig helfen und dauerhafte Freundschaften aufbauen.<br \/>\n<strong><a class=\"button_link\" style=\"color: #5e239d;\" href=\"https:\/\/wearevillage.org\/buddy-program-form-registration\" target=\"_blank\" rel=\"noopener\" data-trackable=\"true\">*Registriere dich<\/a><\/strong><\/p>\n\n\t\t<\/div>\n\t<\/div>\n<\/div><\/div><\/div><div class=\"wpb_column vc_column_container vc_col-sm-3\"><div class=\"vc_column-inner\"><div class=\"wpb_wrapper\"><h5 style=\"color: #FFFFFF;text-align: center\" class=\"vc_custom_heading vc_do_custom_heading vc_custom_1768917554629\" >*Werde Volunteer im Village<\/h5><div class=\"vc_empty_space\"   style=\"height: 1rem\"><span class=\"vc_empty_space_inner\"><\/span><\/div>\n\t<div  class=\"wpb_single_image wpb_content_element vc_align_center wpb_content_element\">\n\t\t\n\t\t<figure class=\"wpb_wrapper vc_figure\">\n\t\t\t<div class=\"vc_single_image-wrapper   vc_box_border_grey\"><img loading=\"lazy\" decoding=\"async\" width=\"225\" height=\"225\" src=\"https:\/\/wearevillage.org\/wp-content\/uploads\/2026\/01\/keep-in-touch.png\" class=\"vc_single_image-img attachment-medium\" alt=\"\" title=\"keep in touch\" srcset=\"https:\/\/wearevillage.org\/wp-content\/uploads\/2026\/01\/keep-in-touch.png 225w, https:\/\/wearevillage.org\/wp-content\/uploads\/2026\/01\/keep-in-touch-150x150.png 150w, https:\/\/wearevillage.org\/wp-content\/uploads\/2026\/01\/keep-in-touch-100x100.png 100w\" sizes=\"auto, (max-width: 225px) 100vw, 225px\" \/><\/div>\n\t\t<\/figure>\n\t<\/div>\n\n\t<div class=\"wpb_text_column wpb_content_element\" >\n\t\t<div class=\"wpb_wrapper\">\n\t\t\t<p style=\"text-align: center;\"><strong>Lerne neue Leute kennen, indem du Freiwilliger wirst<br \/>\n<\/strong>Als Volunteer hast du die M\u00f6glichkeit kostenlos an unseren Events teilzunehmen. Unser Projekt kann nur durch gemeinschaftliches Handeln zum Leben erwachen. Bist du interessiert daran, freiwillige Arbeiten zu \u00fcbernehmen und damit einen au\u00dfergew\u00f6hnlichen Ort f\u00fcr dich und andere mitzugestalten?<br \/>\n<strong><a class=\"button_link\" style=\"color: #5e239d;\" href=\"https:\/\/wearevillage.org\/volunteers-form\/\" target=\"_blank\" rel=\"noopener\" data-trackable=\"true\">*Dann kontaktiere uns!<\/a><\/strong><\/p>\n\n\t\t<\/div>\n\t<\/div>\n<\/div><\/div><\/div><\/div><div class=\"vc_row wpb_row vc_row-fluid myclass\"><div class=\"wpb_column vc_column_container vc_col-sm-10\"><div class=\"vc_column-inner\"><div class=\"wpb_wrapper\"><div class=\"vc_empty_space\"   style=\"height: 30px\"><span class=\"vc_empty_space_inner\"><\/span><\/div><h4 style=\"text-align: left\" class=\"vc_custom_heading vc_do_custom_heading\" >*Village Salons<\/h4><div class=\"vc_separator wpb_content_element vc_separator_align_center vc_sep_width_10 vc_sep_border_width_5 vc_sep_pos_align_left vc_separator_no_text wpb_content_element  wpb_content_element\" ><span class=\"vc_sep_holder vc_sep_holder_l\"><span style=\"border-color:#5E239D;\" class=\"vc_sep_line\"><\/span><\/span><span class=\"vc_sep_holder vc_sep_holder_r\"><span style=\"border-color:#5E239D;\" class=\"vc_sep_line\"><\/span><\/span>\n<\/div>\n\t<div class=\"wpb_text_column wpb_content_element\" >\n\t\t<div class=\"wpb_wrapper\">\n\t\t\t<p><span style=\"font-weight: 400;\">we are village veranstaltet regelm\u00e4\u00dfig Panels und Village Salons zum Thema Einsamkeit in der LGBTQIA+ Community. Die Podiumsdiskussionen schaffen Raum, um strukturelle Ursachen von Einsamkeit in queeren Lebensrealit\u00e4ten sichtbar zu machen und gemeinsame, solidarische Ans\u00e4tze zur St\u00e4rkung von Verbundenheit und Community zu entwickeln.<\/span><\/p>\n\n\t\t<\/div>\n\t<\/div>\n<\/div><\/div><\/div><div class=\"wpb_column vc_column_container vc_col-sm-2\"><div class=\"vc_column-inner\"><div class=\"wpb_wrapper\"><\/div><\/div><\/div><\/div><div class=\"vc_row wpb_row vc_row-fluid\"><div class=\"wpb_column vc_column_container vc_col-sm-4\"><div class=\"vc_column-inner\"><div class=\"wpb_wrapper\"><h6 style=\"color: #FFFFFF;text-align: center\" class=\"vc_custom_heading vc_do_custom_heading vc_custom_1769499646773\" >*R\u00fcckblick Village Salon<br \/>\n17.10.2025<\/h6><div class=\"vc_empty_space\"   style=\"height: 40px\"><span class=\"vc_empty_space_inner\"><\/span><\/div>\n\t<div class=\"wpb_video_widget wpb_content_element vc_clearfix   vc_custom_1768917096239 vc_video-aspect-ratio-169 vc_video-el-width-100 vc_video-align-left\" >\n\t\t<div class=\"wpb_wrapper\">\n\t\t\t\n\t\t\t<div class=\"wpb_video_wrapper\"><iframe loading=\"lazy\" hcb-fetch-image-from=\"https:\/\/www.youtube.com\/watch?v=DfJBtRHZ7Z8\" title=\"Village Salon - Einsamkeit und Gesundheit von LGBTQIA+ 2025\" width=\"500\" height=\"281\" src=\"https:\/\/www.youtube.com\/embed\/DfJBtRHZ7Z8?feature=oembed\" frameborder=\"0\" allow=\"accelerometer; autoplay; clipboard-write; encrypted-media; gyroscope; picture-in-picture; web-share\" referrerpolicy=\"strict-origin-when-cross-origin\" allowfullscreen><\/iframe><\/div>\n\t\t<\/div>\n\t<\/div>\n\n\t<div class=\"wpb_text_column wpb_content_element\" >\n\t\t<div class=\"wpb_wrapper\">\n\t\t\t<p style=\"font-size: 13px;\"><strong>R\u00fcckblick auf unseren Village Salon \u201eEinsamkeit und LGBTQIA+ Gesundheit\u201c am 17. Oktober 2025. Vortrag von Deniz Y\u0131ld\u0131r\u0131m Do\u011fan<\/strong><br \/>\nSollten Sie in einer unserer Aufzeichnungen zu sehen sein und dies nicht w\u00fcnschen, kontaktieren Sie uns bitte direkt.<\/p>\n\n\t\t<\/div>\n\t<\/div>\n<div class=\"vc_empty_space\"   style=\"height: 40px\"><span class=\"vc_empty_space_inner\"><\/span><\/div><\/div><\/div><\/div><div class=\"wpb_column vc_column_container vc_col-sm-4\"><div class=\"vc_column-inner\"><div class=\"wpb_wrapper\"><h6 style=\"color: #FFFFFF;text-align: center\" class=\"vc_custom_heading vc_do_custom_heading vc_custom_1768485581412\" >*R\u00fcckblick Podiumsdiskussion<br \/>\n29.11.2024<\/h6><div class=\"vc_empty_space\"   style=\"height: 40px\"><span class=\"vc_empty_space_inner\"><\/span><\/div>\n\t<div class=\"wpb_video_widget wpb_content_element vc_clearfix   vc_custom_1768917100867 vc_video-aspect-ratio-169 vc_video-el-width-100 vc_video-align-left\" >\n\t\t<div class=\"wpb_wrapper\">\n\t\t\t\n\t\t\t<div class=\"wpb_video_wrapper\"><iframe loading=\"lazy\" hcb-fetch-image-from=\"https:\/\/youtu.be\/96hn_ISz-ts?si=4xPTMIBlzsUB__cH\" title=\"Podiumsdiskussion \"Einsamkeit in der queeren Community\" am 29.11.2024\" width=\"500\" height=\"281\" src=\"https:\/\/www.youtube.com\/embed\/96hn_ISz-ts?feature=oembed\" frameborder=\"0\" allow=\"accelerometer; autoplay; clipboard-write; encrypted-media; gyroscope; picture-in-picture; web-share\" referrerpolicy=\"strict-origin-when-cross-origin\" allowfullscreen><\/iframe><\/div>\n\t\t<\/div>\n\t<\/div>\n\n\t<div class=\"wpb_text_column wpb_content_element\" >\n\t\t<div class=\"wpb_wrapper\">\n\t\t\t<p style=\"font-size: 13px;\"><strong>R\u00fcckblick auf unsere Podiumsdiskussion \u201eEinsamkeit in der queeren Community\u201c mit Prof. Dr. Anna Steigemann, Prof. Dr. Mirjam Fischer, Lilith Reza, Deniz Y\u0131ld\u0131r\u0131m Do\u011fan, Dr. Jochen Kleres und Tomer Einav<\/strong><br \/>\nAufgrund eines technischen Fehlers ist das Bild in der zweiten H\u00e4lfte des Videos leider nicht mehr sichtbar. Der Ton ist jedoch vollst\u00e4ndig erhalten. Wir haben uns dennoch entschieden, das Video zu ver\u00f6ffentlichen, da die Inhalte der Diskussion zu wichtig sind, um sie nicht zug\u00e4nglich zu machen. Vielen Dank f\u00fcr Ihr Verst\u00e4ndnis.<\/p>\n\n\t\t<\/div>\n\t<\/div>\n<div class=\"vc_empty_space\"   style=\"height: 40px\"><span class=\"vc_empty_space_inner\"><\/span><\/div><\/div><\/div><\/div><div class=\"wpb_column vc_column_container vc_col-sm-4\"><div class=\"vc_column-inner\"><div class=\"wpb_wrapper\"><h6 style=\"color: #FFFFFF;text-align: center\" class=\"vc_custom_heading vc_do_custom_heading vc_custom_1768892766379\" >*R\u00fcckblick Panel Queer & Sober<br \/>\n04.06.2024<\/h6><div class=\"vc_empty_space\"   style=\"height: 40px\"><span class=\"vc_empty_space_inner\"><\/span><\/div>\n\t<div class=\"wpb_video_widget wpb_content_element vc_clearfix   vc_custom_1768917114553 vc_video-aspect-ratio-169 vc_video-el-width-100 vc_video-align-left\" >\n\t\t<div class=\"wpb_wrapper\">\n\t\t\t\n\t\t\t<div class=\"wpb_video_wrapper\"><iframe loading=\"lazy\" hcb-fetch-image-from=\"https:\/\/youtu.be\/1BDoPSzHacA\" title=\"Panel: Queer & Sober in Berlin 2024\" width=\"413\" height=\"310\" src=\"https:\/\/www.youtube.com\/embed\/1BDoPSzHacA?feature=oembed\" frameborder=\"0\" allow=\"accelerometer; autoplay; clipboard-write; encrypted-media; gyroscope; picture-in-picture; web-share\" referrerpolicy=\"strict-origin-when-cross-origin\" allowfullscreen><\/iframe><\/div>\n\t\t<\/div>\n\t<\/div>\n\n\t<div class=\"wpb_text_column wpb_content_element\" >\n\t\t<div class=\"wpb_wrapper\">\n\t\t\t<p style=\"font-size: 13px;\"><strong>R\u00fcckblick auf unser Panel \u201eQueer & Sober in Berlin\u201c am 4. Juni 2024 mit Dipl.-Psych. Dr. Gisela Fux Wolf, Sarnt Utamachote und Andre Fau<br \/>\n<\/strong>In Kooperation mit Lemonade Queers<\/p>\n\n\t\t<\/div>\n\t<\/div>\n<div class=\"vc_empty_space\"   style=\"height: 40px\"><span class=\"vc_empty_space_inner\"><\/span><\/div><\/div><\/div><\/div><\/div><div class=\"vc_row wpb_row vc_row-fluid\"><div class=\"wpb_column vc_column_container vc_col-sm-4\"><div class=\"vc_column-inner\"><div class=\"wpb_wrapper\"><h6 style=\"color: #FFFFFF;text-align: center\" class=\"vc_custom_heading vc_do_custom_heading vc_custom_1768485596731\" >*R\u00fcckblick Podiumsdiskussion<br \/>\n30.11.2023<\/h6><div class=\"vc_empty_space\"   style=\"height: 40px\"><span class=\"vc_empty_space_inner\"><\/span><\/div>\n\t<div class=\"wpb_video_widget wpb_content_element vc_clearfix   vc_custom_1768403295879 vc_video-aspect-ratio-169 vc_video-el-width-100 vc_video-align-left\" >\n\t\t<div class=\"wpb_wrapper\">\n\t\t\t\n\t\t\t<div class=\"wpb_video_wrapper\"><iframe loading=\"lazy\" hcb-fetch-image-from=\"https:\/\/www.youtube.com\/watch?v=4jJRUpRI7lc\" title=\"Podiumsdiskussion \"Einsamkeit in der queeren Community\" am 30.11.2023\" width=\"500\" height=\"281\" src=\"https:\/\/www.youtube.com\/embed\/4jJRUpRI7lc?feature=oembed\" frameborder=\"0\" allow=\"accelerometer; autoplay; clipboard-write; encrypted-media; gyroscope; picture-in-picture; web-share\" allowfullscreen><\/iframe><\/div>\n\t\t<\/div>\n\t<\/div>\n\n\t<div class=\"wpb_text_column wpb_content_element\" >\n\t\t<div class=\"wpb_wrapper\">\n\t\t\t<p style=\"font-size: 13px;\"><strong>R\u00fcckblick auf unsere Podiumsdiskussion \u201eEinsamkeit in der queeren Community\u201c mit Prof. Dr. Anna Steigemann, Prof. Dr. Mirjam Fischer, Lilith Reza und Deniz Y\u0131ld\u0131r\u0131m Do\u011fan<\/strong><\/p>\n\n\t\t<\/div>\n\t<\/div>\n<div class=\"vc_empty_space\"   style=\"height: 40px\"><span class=\"vc_empty_space_inner\"><\/span><\/div><\/div><\/div><\/div><div class=\"wpb_column vc_column_container vc_col-sm-4\"><div class=\"vc_column-inner\"><div class=\"wpb_wrapper\"><h6 style=\"color: #FFFFFF;text-align: center\" class=\"vc_custom_heading vc_do_custom_heading vc_custom_1768485601488\" >*R\u00fcckblick Village Salon<br \/>\n27.06.2023<\/h6><div class=\"vc_empty_space\"   style=\"height: 40px\"><span class=\"vc_empty_space_inner\"><\/span><\/div>\n\t<div class=\"wpb_video_widget wpb_content_element vc_clearfix   vc_custom_1768486694123 vc_video-aspect-ratio-169 vc_video-el-width-100 vc_video-align-left\" >\n\t\t<div class=\"wpb_wrapper\">\n\t\t\t\n\t\t\t<div class=\"wpb_video_wrapper\"><iframe loading=\"lazy\" hcb-fetch-image-from=\"https:\/\/youtu.be\/60nEJl1dMZU?si=ecUbsPn3py0BuBjX\" title=\"Village Salon: Building Bridges of Belonging\" width=\"500\" height=\"281\" src=\"https:\/\/www.youtube.com\/embed\/60nEJl1dMZU?feature=oembed\" frameborder=\"0\" allow=\"accelerometer; autoplay; clipboard-write; encrypted-media; gyroscope; picture-in-picture; web-share\" referrerpolicy=\"strict-origin-when-cross-origin\" allowfullscreen><\/iframe><\/div>\n\t\t<\/div>\n\t<\/div>\n\n\t<div class=\"wpb_text_column wpb_content_element\" >\n\t\t<div class=\"wpb_wrapper\">\n\t\t\t<p style=\"font-size: 13px;\"><strong>R\u00fcckblick auf unseren Village Salon \u201eBuilding Bridges of Belonging\u201c am 27. Juni 2023. Vortrag von Dr. Dominique Piber<br \/>\n<\/strong><strong><br \/>\n<\/strong><\/p>\n\n\t\t<\/div>\n\t<\/div>\n<div class=\"vc_empty_space\"   style=\"height: 40px\"><span class=\"vc_empty_space_inner\"><\/span><\/div><\/div><\/div><\/div><\/div><div id=\"2\" class=\"vc_row wpb_row vc_row-fluid myclass\"><div class=\"wpb_column vc_column_container vc_col-sm-10\"><div class=\"vc_column-inner\"><div class=\"wpb_wrapper\"><div class=\"vc_empty_space\"   style=\"height: 30px\"><span class=\"vc_empty_space_inner\"><\/span><\/div><h4 style=\"text-align: left\" class=\"vc_custom_heading vc_do_custom_heading\" >*Zum kostenfreien Programm geh\u00f6ren:<\/h4><div class=\"vc_separator wpb_content_element vc_separator_align_center vc_sep_width_10 vc_sep_border_width_5 vc_sep_pos_align_left vc_separator_no_text wpb_content_element  wpb_content_element\" ><span class=\"vc_sep_holder vc_sep_holder_l\"><span style=\"border-color:#5E239D;\" class=\"vc_sep_line\"><\/span><\/span><span class=\"vc_sep_holder vc_sep_holder_r\"><span style=\"border-color:#5E239D;\" class=\"vc_sep_line\"><\/span><\/span>\n<\/div>\n\t<div class=\"wpb_text_column wpb_content_element\" >\n\t\t<div class=\"wpb_wrapper\">\n\t\t\t<ul>\n<li>Vortr\u00e4ge & Podiumsdiskussionen<\/li>\n<li>Strategieworkshops zum eigenen Umgang mit Einsamkeit<\/li>\n<li>Monatliche gemeinsame Essen<\/li>\n<li>Exkursionen in Berlin und Umgebung<\/li>\n<li>Film- und Buchabende<\/li>\n<li>Storytelling<\/li>\n<li>Gespr\u00e4chsrunden<\/li>\n<li>Gelegenheiten zum k\u00fcnstlerischen Gestalten mit anderen<\/li>\n<li>Embodied-Consent-Kurse<\/li>\n<li>Angebote f\u00fcr achtsames Ber\u00fchren und Kontakt<\/li>\n<\/ul>\n\n\t\t<\/div>\n\t<\/div>\n<\/div><\/div><\/div><div class=\"wpb_column vc_column_container vc_col-sm-2\"><div class=\"vc_column-inner\"><div class=\"wpb_wrapper\"><\/div><\/div><\/div><\/div><div id=\"10\" class=\"vc_row wpb_row vc_row-fluid\"><div class=\"wpb_column vc_column_container vc_col-sm-6\"><div class=\"vc_column-inner\"><div class=\"wpb_wrapper\"><div class=\" ubtn-ctn-center \"><a class=\"ubtn-link ult-adjust-bottom-margin ubtn-center ubtn-block \" href=\"mailto:info@wearevillage.org?subject=we are queer matters Kontakt\" title=\"info@wearevillage.org\" target=\"_blank\" rel=\"noopener\" ><button type=\"button\" id=\"ubtn-8051\"  class=\"ubtn ult-adjust-bottom-margin ult-responsive ubtn-block ubtn-no-hover-bg  none  ubtn-center   tooltip-69f0f9af08270 ubtn-block\"  data-hover=\"#5E239D\" data-border-color=\"#644b90\" data-bg=\"#5E239D\" data-hover-bg=\"#000000\" data-border-hover=\"#644b90\" data-shadow-hover=\"\" data-shadow-click=\"none\" data-shadow=\"\" data-shd-shadow=\"\"  data-ultimate-target='#ubtn-8051'  data-responsive-json-new='{\"font-size\":\"desktop:16px;\",\"line-height\":\"\"}'  style=\"font-family:'Roboto';font-weight:700;border-radius:5px;border-width:1px;border-color:#644b90;border-style:solid;background: #5E239D;color: #ffffff;\"><span class=\"ubtn-data ubtn-icon\"><i class=\"none\" style=\"font-size:px;color:;\"><\/i><\/span><span class=\"ubtn-hover\" style=\"background-color:#000000\"><\/span><span class=\"ubtn-data ubtn-text \" >Du hast weitere Ideen? Kontaktiere uns!<\/span><\/button><\/a><\/div><\/div><\/div><\/div><div class=\"wpb_column vc_column_container vc_col-sm-6\"><div class=\"vc_column-inner\"><div class=\"wpb_wrapper\"><div class=\" ubtn-ctn-center \"><a class=\"ubtn-link ult-adjust-bottom-margin ubtn-center ubtn-block \" href=\"https:\/\/wearevillage.org\/kalender\" title=\"Mitglied werden\" target=\"_blank\" rel=\"noopener\" ><button type=\"button\" id=\"ubtn-8195\"  class=\"ubtn ult-adjust-bottom-margin ult-responsive ubtn-block ubtn-no-hover-bg  none  ubtn-center   tooltip-69f0f9af08317 ubtn-block\"  data-hover=\"#fed700\" data-border-color=\"#fed700\" data-bg=\"#fed700\" data-hover-bg=\"#000000\" data-border-hover=\"#000000\" data-shadow-hover=\"\" data-shadow-click=\"none\" data-shadow=\"\" data-shd-shadow=\"\"  data-ultimate-target='#ubtn-8195'  data-responsive-json-new='{\"font-size\":\"desktop:16px;\",\"line-height\":\"\"}'  style=\"font-family:'Roboto';font-weight:700;border-radius:3px;border-width:1px;border-color:#fed700;border-style:solid;background: #fed700;color: #000000;\"><span class=\"ubtn-data ubtn-icon\"><i class=\"none\" style=\"font-size:px;color:;\"><\/i><\/span><span class=\"ubtn-hover\" style=\"background-color:#000000\"><\/span><span class=\"ubtn-data ubtn-text \" >Zum Kalender<\/span><\/button><\/a><\/div><\/div><\/div><\/div><\/div><div id=\"3\" class=\"vc_row wpb_row vc_row-fluid myclass\"><div class=\"wpb_column vc_column_container vc_col-sm-12\"><div class=\"vc_column-inner\"><div class=\"wpb_wrapper\"><div class=\"vc_empty_space\"   style=\"height: 30px\"><span class=\"vc_empty_space_inner\"><\/span><\/div><h4 style=\"text-align: left\" class=\"vc_custom_heading vc_do_custom_heading\" >*Wir danken dem Berliner Senat f\u00fcr die Unterst\u00fctzung<\/h4><div class=\"vc_separator wpb_content_element vc_separator_align_center vc_sep_width_10 vc_sep_border_width_5 vc_sep_pos_align_left vc_separator_no_text wpb_content_element  wpb_content_element\" ><span class=\"vc_sep_holder vc_sep_holder_l\"><span style=\"border-color:#5E239D;\" class=\"vc_sep_line\"><\/span><\/span><span class=\"vc_sep_holder vc_sep_holder_r\"><span style=\"border-color:#5E239D;\" class=\"vc_sep_line\"><\/span><\/span>\n<\/div><div class=\"vc_empty_space\"   style=\"height: 20px\"><span class=\"vc_empty_space_inner\"><\/span><\/div><\/div><\/div><\/div><\/div><div class=\"vc_row wpb_row vc_row-fluid\"><div class=\"wpb_column vc_column_container vc_col-sm-12\"><div class=\"vc_column-inner\"><div class=\"wpb_wrapper\"><div class=\"vc_empty_space\"   style=\"height: 30px\"><span class=\"vc_empty_space_inner\"><\/span><\/div>\n\t<div class=\"wpb_text_column wpb_content_element\" >\n\t\t<div class=\"wpb_wrapper\">\n\t\t\t<h4 class=\"vc_custom_heading\">*Wir danken dem Berliner Senat f\u00fcr die Unterst\u00fctzung.<\/h4>\n\n\t\t<\/div>\n\t<\/div>\n<div class=\"vc_row wpb_row vc_inner vc_row-fluid\"><div class=\"wpb_column vc_column_container vc_col-sm-4\"><div class=\"vc_column-inner\"><div class=\"wpb_wrapper\">\n\t<div  class=\"wpb_single_image wpb_content_element vc_align_left wpb_content_element\">\n\t\t\n\t\t<figure class=\"wpb_wrapper vc_figure\">\n\t\t\t<div class=\"vc_single_image-wrapper   vc_box_border_grey\"><img loading=\"lazy\" decoding=\"async\" width=\"150\" height=\"100\" src=\"https:\/\/wearevillage.org\/wp-content\/uploads\/2024\/05\/b_sen_kugz_logo_de_v_pw_4c-150x100.png\" class=\"vc_single_image-img attachment-thumbnail\" alt=\"\" title=\"b_sen_kugz_logo_de_v_pw_4c\" srcset=\"https:\/\/wearevillage.org\/wp-content\/uploads\/2024\/05\/b_sen_kugz_logo_de_v_pw_4c-150x100.png 150w, https:\/\/wearevillage.org\/wp-content\/uploads\/2024\/05\/b_sen_kugz_logo_de_v_pw_4c-300x200.png 300w, https:\/\/wearevillage.org\/wp-content\/uploads\/2024\/05\/b_sen_kugz_logo_de_v_pw_4c-1024x683.png 1024w, https:\/\/wearevillage.org\/wp-content\/uploads\/2024\/05\/b_sen_kugz_logo_de_v_pw_4c-768x512.png 768w, https:\/\/wearevillage.org\/wp-content\/uploads\/2024\/05\/b_sen_kugz_logo_de_v_pw_4c-624x416.png 624w, https:\/\/wearevillage.org\/wp-content\/uploads\/2024\/05\/b_sen_kugz_logo_de_v_pw_4c-390x260.png 390w, https:\/\/wearevillage.org\/wp-content\/uploads\/2024\/05\/b_sen_kugz_logo_de_v_pw_4c-600x400.png 600w, https:\/\/wearevillage.org\/wp-content\/uploads\/2024\/05\/b_sen_kugz_logo_de_v_pw_4c.png 1500w\" sizes=\"auto, (max-width: 150px) 100vw, 150px\" \/><\/div>\n\t\t<\/figure>\n\t<\/div>\n<\/div><\/div><\/div><div class=\"wpb_column vc_column_container vc_col-sm-4\"><div class=\"vc_column-inner\"><div class=\"wpb_wrapper\">\n\t<div  class=\"wpb_single_image wpb_content_element vc_align_right wpb_content_element\">\n\t\t\n\t\t<figure class=\"wpb_wrapper vc_figure\">\n\t\t\t<div class=\"vc_single_image-wrapper   vc_box_border_grey\"><img loading=\"lazy\" decoding=\"async\" width=\"242\" height=\"41\" src=\"https:\/\/wearevillage.org\/wp-content\/uploads\/2023\/06\/image001.jpg\" class=\"vc_single_image-img attachment-full\" alt=\"\" title=\"image001\" srcset=\"https:\/\/wearevillage.org\/wp-content\/uploads\/2023\/06\/image001.jpg 242w, https:\/\/wearevillage.org\/wp-content\/uploads\/2023\/06\/image001-150x25.jpg 150w\" sizes=\"auto, (max-width: 242px) 100vw, 242px\" \/><\/div>\n\t\t<\/figure>\n\t<\/div>\n<\/div><\/div><\/div><div class=\"wpb_column vc_column_container vc_col-sm-4\"><div class=\"vc_column-inner\"><div class=\"wpb_wrapper\"><\/div><\/div><\/div><\/div><\/div><\/div><\/div><\/div><div class=\"vc_row wpb_row vc_row-fluid\"><div class=\"wpb_column vc_column_container vc_col-sm-12\"><div class=\"vc_column-inner\"><div class=\"wpb_wrapper\"><div class=\"vc_empty_space\"   style=\"height: 30px\"><span class=\"vc_empty_space_inner\"><\/span><\/div><h4 style=\"text-align: left\" class=\"vc_custom_heading vc_do_custom_heading\" >*Unsere Veranstaltung zur Bek\u00e4mpfung queerer Einsamkeit<\/h4><div class=\"vc_separator wpb_content_element vc_separator_align_center vc_sep_width_10 vc_sep_border_width_5 vc_sep_pos_align_left vc_separator_no_text wpb_content_element  wpb_content_element\" ><span class=\"vc_sep_holder vc_sep_holder_l\"><span style=\"border-color:#5E239D;\" class=\"vc_sep_line\"><\/span><\/span><span class=\"vc_sep_holder vc_sep_holder_r\"><span style=\"border-color:#5E239D;\" class=\"vc_sep_line\"><\/span><\/span>\n<\/div><div class=\"vc_empty_space\"   style=\"height: 40px\"><span class=\"vc_empty_space_inner\"><\/span><\/div><div class=\"woocommerce columns-4 \"><ul class=\"products columns-4\">\n<li class=\"pmpro-has-access product type-product post-40771 status-publish first instock product_cat-monatliche-events product_cat-kostenloser-zugang product_cat-gemeinsam-statt-einsam product_tag-lgbtqiaplus has-post-thumbnail sold-individually purchasable product-type-simple\">\n\t<a href=\"https:\/\/wearevillage.org\/shop\/embodied-consent\/w30-2026\/\" class=\"woocommerce-LoopProduct-link woocommerce-loop-product__link\"><span class=\"acoplw-badge\"><span class=\"acoplw-badge-icon acoplw-bsone acoplwLeftAlign acoplwPosTop acoplw-custom-badge-3878\" style=\"opacity:1;width:140px;font-size:11px;line-height:px;font-weight: 400;height:30px;transform:rotateX(0deg) rotateY(0deg) rotateZ(0deg);border-radius: 3px 3px 3px 3px;top:60px;bottom:auto;background:rgba(237, 108, 35, 1);\"><span class=\"acoplw-blockText\" style=\"color:rgba(255, 255, 255, 1);\">LGBTQIA+<\/span><\/span><img loading=\"lazy\" decoding=\"async\" width=\"390\" height=\"390\" src=\"https:\/\/wearevillage.org\/wp-content\/uploads\/2023\/10\/event-waw-consent-new-390x390.png\" class=\"attachment-woocommerce_thumbnail size-woocommerce_thumbnail\" alt=\"Embodied Consent\" srcset=\"https:\/\/wearevillage.org\/wp-content\/uploads\/2023\/10\/event-waw-consent-new-390x390.png 390w, https:\/\/wearevillage.org\/wp-content\/uploads\/2023\/10\/event-waw-consent-new-300x300.png 300w, https:\/\/wearevillage.org\/wp-content\/uploads\/2023\/10\/event-waw-consent-new-150x150.png 150w, https:\/\/wearevillage.org\/wp-content\/uploads\/2023\/10\/event-waw-consent-new-768x768.png 768w, https:\/\/wearevillage.org\/wp-content\/uploads\/2023\/10\/event-waw-consent-new-624x624.png 624w, https:\/\/wearevillage.org\/wp-content\/uploads\/2023\/10\/event-waw-consent-new-600x600.png 600w, https:\/\/wearevillage.org\/wp-content\/uploads\/2023\/10\/event-waw-consent-new-100x100.png 100w, https:\/\/wearevillage.org\/wp-content\/uploads\/2023\/10\/event-waw-consent-new.png 1000w\" sizes=\"auto, (max-width: 390px) 100vw, 390px\" \/><\/span><h2 class=\"woocommerce-loop-product__title\">Embodied Consent<\/h2>\n    <span class=\"date\">26. July 2026<\/span>\n\n        <span class=\"price\"><span class=\"woocommerce-Price-amount amount\"><bdi>0,00\u00a0<span class=\"woocommerce-Price-currencySymbol\">\u20ac<\/span><\/bdi><\/span><\/span>\n    <br \/>\n\n\n<\/a><a href=\"https:\/\/wearevillage.org\/shop\/embodied-consent\/w30-2026\/\" class=\"button product_type_simple\">Anmelden<\/a>\t<span id=\"woocommerce_loop_add_to_cart_link_describedby_40771\" class=\"screen-reader-text\">\n\t\t\t<\/span>\n<span class=\"gtm4wp_productdata\" style=\"display:none; visibility:hidden;\" data-gtm4wp_product_data=\"{\"internal_id\":40771,\"item_id\":40771,\"item_name\":\"Embodied Consent\",\"sku\":40771,\"price\":0,\"stocklevel\":11,\"stockstatus\":\"instock\",\"google_business_vertical\":\"retail\",\"item_category\":\"Monatliche Events\",\"id\":40771,\"productlink\":\"https:\\\/\\\/wearevillage.org\\\/shop\\\/embodied-consent\\\/w30-2026\\\/\",\"item_list_name\":\"General Product List\",\"index\":1,\"product_type\":\"simple\",\"item_brand\":\"\"}\"><\/span><\/li>\n<li class=\"pmpro-has-access product type-product post-37077 status-publish instock product_cat-monatliche-events product_cat-kostenloser-zugang product_cat-gemeinsam-statt-einsam product_tag-lgbtqiaplus has-post-thumbnail sold-individually purchasable product-type-simple\">\n\t<a href=\"https:\/\/wearevillage.org\/shop\/embodied-consent\/w24-2026\/\" class=\"woocommerce-LoopProduct-link woocommerce-loop-product__link\"><span class=\"acoplw-badge\"><span class=\"acoplw-badge-icon acoplw-bsone acoplwLeftAlign acoplwPosTop acoplw-custom-badge-3878\" style=\"opacity:1;width:140px;font-size:11px;line-height:px;font-weight: 400;height:30px;transform:rotateX(0deg) rotateY(0deg) rotateZ(0deg);border-radius: 3px 3px 3px 3px;top:60px;bottom:auto;background:rgba(237, 108, 35, 1);\"><span class=\"acoplw-blockText\" style=\"color:rgba(255, 255, 255, 1);\">LGBTQIA+<\/span><\/span><img loading=\"lazy\" decoding=\"async\" width=\"390\" height=\"390\" src=\"https:\/\/wearevillage.org\/wp-content\/uploads\/2023\/10\/event-waw-consent-new-390x390.png\" class=\"attachment-woocommerce_thumbnail size-woocommerce_thumbnail\" alt=\"Embodied Consent\" srcset=\"https:\/\/wearevillage.org\/wp-content\/uploads\/2023\/10\/event-waw-consent-new-390x390.png 390w, https:\/\/wearevillage.org\/wp-content\/uploads\/2023\/10\/event-waw-consent-new-300x300.png 300w, https:\/\/wearevillage.org\/wp-content\/uploads\/2023\/10\/event-waw-consent-new-150x150.png 150w, https:\/\/wearevillage.org\/wp-content\/uploads\/2023\/10\/event-waw-consent-new-768x768.png 768w, https:\/\/wearevillage.org\/wp-content\/uploads\/2023\/10\/event-waw-consent-new-624x624.png 624w, https:\/\/wearevillage.org\/wp-content\/uploads\/2023\/10\/event-waw-consent-new-600x600.png 600w, https:\/\/wearevillage.org\/wp-content\/uploads\/2023\/10\/event-waw-consent-new-100x100.png 100w, https:\/\/wearevillage.org\/wp-content\/uploads\/2023\/10\/event-waw-consent-new.png 1000w\" sizes=\"auto, (max-width: 390px) 100vw, 390px\" \/><\/span><h2 class=\"woocommerce-loop-product__title\">Embodied Consent<\/h2>\n    <span class=\"date\">14. June 2026<\/span>\n\n        <span class=\"price\"><span class=\"woocommerce-Price-amount amount\"><bdi>0,00\u00a0<span class=\"woocommerce-Price-currencySymbol\">\u20ac<\/span><\/bdi><\/span><\/span>\n    <br \/>\n\n\n<\/a><a href=\"https:\/\/wearevillage.org\/shop\/embodied-consent\/w24-2026\/\" class=\"button product_type_simple\">Anmelden<\/a>\t<span id=\"woocommerce_loop_add_to_cart_link_describedby_37077\" class=\"screen-reader-text\">\n\t\t\t<\/span>\n<span class=\"gtm4wp_productdata\" style=\"display:none; visibility:hidden;\" data-gtm4wp_product_data=\"{\"internal_id\":37077,\"item_id\":37077,\"item_name\":\"Embodied Consent\",\"sku\":37077,\"price\":0,\"stocklevel\":15,\"stockstatus\":\"instock\",\"google_business_vertical\":\"retail\",\"item_category\":\"Monatliche Events\",\"id\":37077,\"productlink\":\"https:\\\/\\\/wearevillage.org\\\/shop\\\/embodied-consent\\\/w24-2026\\\/\",\"item_list_name\":\"General Product List\",\"index\":2,\"product_type\":\"simple\",\"item_brand\":\"\"}\"><\/span><\/li>\n<li class=\"pmpro-has-access product type-product post-43115 status-publish instock product_cat-community-events product_cat-monatliche-events product_cat-kostenloser-zugang product_cat-gemeinsam-statt-einsam product_tag-lgbtqiaplus has-post-thumbnail sold-individually purchasable product-type-simple\">\n\t<a href=\"https:\/\/wearevillage.org\/shop\/village-outdoor\/w22-2026\/\" class=\"woocommerce-LoopProduct-link woocommerce-loop-product__link\"><span class=\"acoplw-badge\"><span class=\"acoplw-badge-icon acoplw-bsone acoplwLeftAlign acoplwPosTop acoplw-custom-badge-3878\" style=\"opacity:1;width:140px;font-size:11px;line-height:px;font-weight: 400;height:30px;transform:rotateX(0deg) rotateY(0deg) rotateZ(0deg);border-radius: 3px 3px 3px 3px;top:60px;bottom:auto;background:rgba(237, 108, 35, 1);\"><span class=\"acoplw-blockText\" style=\"color:rgba(255, 255, 255, 1);\">LGBTQIA+<\/span><\/span><img loading=\"lazy\" decoding=\"async\" width=\"390\" height=\"292\" src=\"https:\/\/wearevillage.org\/wp-content\/uploads\/2026\/04\/Fangersee-390x292.jpeg\" class=\"attachment-woocommerce_thumbnail size-woocommerce_thumbnail\" alt=\"Outdoor \u2013 Durch Wald und Moor um B\u00f6tz- und F\u00e4ngersee bei Strausberg\" srcset=\"https:\/\/wearevillage.org\/wp-content\/uploads\/2026\/04\/Fangersee-390x292.jpeg 390w, https:\/\/wearevillage.org\/wp-content\/uploads\/2026\/04\/Fangersee-300x224.jpeg 300w, https:\/\/wearevillage.org\/wp-content\/uploads\/2026\/04\/Fangersee-1024x766.jpeg 1024w, https:\/\/wearevillage.org\/wp-content\/uploads\/2026\/04\/Fangersee-150x112.jpeg 150w, https:\/\/wearevillage.org\/wp-content\/uploads\/2026\/04\/Fangersee-768x574.jpeg 768w, https:\/\/wearevillage.org\/wp-content\/uploads\/2026\/04\/Fangersee-1536x1149.jpeg 1536w, https:\/\/wearevillage.org\/wp-content\/uploads\/2026\/04\/Fangersee-624x467.jpeg 624w, https:\/\/wearevillage.org\/wp-content\/uploads\/2026\/04\/Fangersee-600x449.jpeg 600w, https:\/\/wearevillage.org\/wp-content\/uploads\/2026\/04\/Fangersee.jpeg 1920w\" sizes=\"auto, (max-width: 390px) 100vw, 390px\" \/><\/span><h2 class=\"woocommerce-loop-product__title\">Outdoor \u2013 Durch Wald und Moor um B\u00f6tz- und F\u00e4ngersee bei Strausberg<\/h2>\n    <span class=\"date\">31. May 2026<\/span>\n\n        <span class=\"price\"><span class=\"woocommerce-Price-amount amount\"><bdi>0,00\u00a0<span class=\"woocommerce-Price-currencySymbol\">\u20ac<\/span><\/bdi><\/span><\/span>\n    <br \/>\n\n\n<\/a><a href=\"https:\/\/wearevillage.org\/shop\/village-outdoor\/w22-2026\/\" class=\"button product_type_simple\">Anmelden<\/a>\t<span id=\"woocommerce_loop_add_to_cart_link_describedby_43115\" class=\"screen-reader-text\">\n\t\t\t<\/span>\n<span class=\"gtm4wp_productdata\" style=\"display:none; visibility:hidden;\" data-gtm4wp_product_data=\"{\"internal_id\":43115,\"item_id\":43115,\"item_name\":\"Outdoor \\u2013 Durch Wald und Moor um B\\u00f6tz- und F\\u00e4ngersee bei Strausberg\",\"sku\":43115,\"price\":0,\"stocklevel\":8,\"stockstatus\":\"instock\",\"google_business_vertical\":\"retail\",\"item_category\":\"Monatliche Events\",\"id\":43115,\"productlink\":\"https:\\\/\\\/wearevillage.org\\\/shop\\\/village-outdoor\\\/w22-2026\\\/\",\"item_list_name\":\"General Product List\",\"index\":3,\"product_type\":\"simple\",\"item_brand\":\"\"}\"><\/span><\/li>\n<li class=\"pmpro-has-access product type-product post-40767 status-publish last instock product_cat-monatliche-events product_cat-kostenloser-zugang product_cat-gemeinsam-statt-einsam product_tag-lgbtqiaplus has-post-thumbnail sold-individually purchasable product-type-simple\">\n\t<a href=\"https:\/\/wearevillage.org\/shop\/embodied-consent\/w20-2026\/\" class=\"woocommerce-LoopProduct-link woocommerce-loop-product__link\"><span class=\"acoplw-badge\"><span class=\"acoplw-badge-icon acoplw-bsone acoplwLeftAlign acoplwPosTop acoplw-custom-badge-3878\" style=\"opacity:1;width:140px;font-size:11px;line-height:px;font-weight: 400;height:30px;transform:rotateX(0deg) rotateY(0deg) rotateZ(0deg);border-radius: 3px 3px 3px 3px;top:60px;bottom:auto;background:rgba(237, 108, 35, 1);\"><span class=\"acoplw-blockText\" style=\"color:rgba(255, 255, 255, 1);\">LGBTQIA+<\/span><\/span><img loading=\"lazy\" decoding=\"async\" width=\"390\" height=\"390\" src=\"https:\/\/wearevillage.org\/wp-content\/uploads\/2023\/10\/event-waw-consent-new-390x390.png\" class=\"attachment-woocommerce_thumbnail size-woocommerce_thumbnail\" alt=\"Embodied Consent\" srcset=\"https:\/\/wearevillage.org\/wp-content\/uploads\/2023\/10\/event-waw-consent-new-390x390.png 390w, https:\/\/wearevillage.org\/wp-content\/uploads\/2023\/10\/event-waw-consent-new-300x300.png 300w, https:\/\/wearevillage.org\/wp-content\/uploads\/2023\/10\/event-waw-consent-new-150x150.png 150w, https:\/\/wearevillage.org\/wp-content\/uploads\/2023\/10\/event-waw-consent-new-768x768.png 768w, https:\/\/wearevillage.org\/wp-content\/uploads\/2023\/10\/event-waw-consent-new-624x624.png 624w, https:\/\/wearevillage.org\/wp-content\/uploads\/2023\/10\/event-waw-consent-new-600x600.png 600w, https:\/\/wearevillage.org\/wp-content\/uploads\/2023\/10\/event-waw-consent-new-100x100.png 100w, https:\/\/wearevillage.org\/wp-content\/uploads\/2023\/10\/event-waw-consent-new.png 1000w\" sizes=\"auto, (max-width: 390px) 100vw, 390px\" \/><\/span><h2 class=\"woocommerce-loop-product__title\">Embodied Consent<\/h2>\n    <span class=\"date\">24. May 2026<\/span>\n\n        <span class=\"price\"><span class=\"woocommerce-Price-amount amount\"><bdi>0,00\u00a0<span class=\"woocommerce-Price-currencySymbol\">\u20ac<\/span><\/bdi><\/span><\/span>\n    <br \/>\n\n\n<\/a><a href=\"https:\/\/wearevillage.org\/shop\/embodied-consent\/w20-2026\/\" class=\"button product_type_simple\">Anmelden<\/a>\t<span id=\"woocommerce_loop_add_to_cart_link_describedby_40767\" class=\"screen-reader-text\">\n\t\t\t<\/span>\n<span class=\"gtm4wp_productdata\" style=\"display:none; visibility:hidden;\" data-gtm4wp_product_data=\"{\"internal_id\":40767,\"item_id\":40767,\"item_name\":\"Embodied Consent\",\"sku\":40767,\"price\":0,\"stocklevel\":9,\"stockstatus\":\"instock\",\"google_business_vertical\":\"retail\",\"item_category\":\"Monatliche Events\",\"id\":40767,\"productlink\":\"https:\\\/\\\/wearevillage.org\\\/shop\\\/embodied-consent\\\/w20-2026\\\/\",\"item_list_name\":\"General Product List\",\"index\":4,\"product_type\":\"simple\",\"item_brand\":\"\"}\"><\/span><\/li>\n<li class=\"pmpro-has-access product type-product post-41861 status-publish first instock product_cat-kostenloser-zugang product_cat-gemeinsam-statt-einsam product_cat-ausstellung product_cat-community-events product_tag-lgbtqiaplus has-post-thumbnail sold-individually purchasable product-type-simple\">\n\t<a href=\"https:\/\/wearevillage.org\/shop\/queer-images\/w21-2026\/\" class=\"woocommerce-LoopProduct-link woocommerce-loop-product__link\"><span class=\"acoplw-badge\"><span class=\"acoplw-badge-icon acoplw-bsone acoplwLeftAlign acoplwPosTop acoplw-custom-badge-3878\" style=\"opacity:1;width:140px;font-size:11px;line-height:px;font-weight: 400;height:30px;transform:rotateX(0deg) rotateY(0deg) rotateZ(0deg);border-radius: 3px 3px 3px 3px;top:60px;bottom:auto;background:rgba(237, 108, 35, 1);\"><span class=\"acoplw-blockText\" style=\"color:rgba(255, 255, 255, 1);\">LGBTQIA+<\/span><\/span><img loading=\"lazy\" decoding=\"async\" width=\"390\" height=\"390\" src=\"https:\/\/wearevillage.org\/wp-content\/uploads\/2026\/03\/20260523-drawing-390x390.png\" class=\"attachment-woocommerce_thumbnail size-woocommerce_thumbnail\" alt=\"Life Drawing\" srcset=\"https:\/\/wearevillage.org\/wp-content\/uploads\/2026\/03\/20260523-drawing-390x390.png 390w, https:\/\/wearevillage.org\/wp-content\/uploads\/2026\/03\/20260523-drawing-300x300.png 300w, https:\/\/wearevillage.org\/wp-content\/uploads\/2026\/03\/20260523-drawing-150x150.png 150w, https:\/\/wearevillage.org\/wp-content\/uploads\/2026\/03\/20260523-drawing-768x768.png 768w, https:\/\/wearevillage.org\/wp-content\/uploads\/2026\/03\/20260523-drawing-624x624.png 624w, https:\/\/wearevillage.org\/wp-content\/uploads\/2026\/03\/20260523-drawing-600x600.png 600w, https:\/\/wearevillage.org\/wp-content\/uploads\/2026\/03\/20260523-drawing-100x100.png 100w, https:\/\/wearevillage.org\/wp-content\/uploads\/2026\/03\/20260523-drawing.png 800w\" sizes=\"auto, (max-width: 390px) 100vw, 390px\" \/><\/span><h2 class=\"woocommerce-loop-product__title\">Life Drawing<\/h2>\n    <span class=\"date\">23. May 2026<\/span>\n\n        <span class=\"price\"><span class=\"woocommerce-Price-amount amount\"><bdi>0,00\u00a0<span class=\"woocommerce-Price-currencySymbol\">\u20ac<\/span><\/bdi><\/span><\/span>\n    <br \/>\n\n\n<\/a><a href=\"https:\/\/wearevillage.org\/shop\/queer-images\/w21-2026\/\" class=\"button product_type_simple\">Anmelden<\/a>\t<span id=\"woocommerce_loop_add_to_cart_link_describedby_41861\" class=\"screen-reader-text\">\n\t\t\t<\/span>\n<span class=\"gtm4wp_productdata\" style=\"display:none; visibility:hidden;\" data-gtm4wp_product_data=\"{\"internal_id\":41861,\"item_id\":41861,\"item_name\":\"Life Drawing\",\"sku\":41861,\"price\":0,\"stocklevel\":24,\"stockstatus\":\"instock\",\"google_business_vertical\":\"retail\",\"item_category\":\"Kostenloser Zugang\",\"id\":41861,\"productlink\":\"https:\\\/\\\/wearevillage.org\\\/shop\\\/queer-images\\\/w21-2026\\\/\",\"item_list_name\":\"General Product List\",\"index\":5,\"product_type\":\"simple\",\"item_brand\":\"\"}\"><\/span><\/li>\n<li class=\"pmpro-has-access product type-product post-37133 status-publish outofstock product_cat-monatliche-events product_cat-kostenloser-zugang product_cat-gemeinsam-statt-einsam product_tag-lgbtqiaplus has-post-thumbnail sold-individually purchasable product-type-variable\">\n\t<a href=\"https:\/\/wearevillage.org\/shop\/einsamkeitserien2\/w20-2026\/\" class=\"woocommerce-LoopProduct-link woocommerce-loop-product__link\"><span class=\"acoplw-badge\"><span class=\"acoplw-badge-icon acoplw-bsone acoplwLeftAlign acoplwPosTop acoplw-custom-badge-3878\" style=\"opacity:1;width:140px;font-size:11px;line-height:px;font-weight: 400;height:30px;transform:rotateX(0deg) rotateY(0deg) rotateZ(0deg);border-radius: 3px 3px 3px 3px;top:60px;bottom:auto;background:rgba(237, 108, 35, 1);\"><span class=\"acoplw-blockText\" style=\"color:rgba(255, 255, 255, 1);\">LGBTQIA+<\/span><\/span><img loading=\"lazy\" decoding=\"async\" width=\"390\" height=\"390\" src=\"https:\/\/wearevillage.org\/wp-content\/uploads\/2025\/12\/template-purple-marco-waw-390x390.png\" class=\"attachment-woocommerce_thumbnail size-woocommerce_thumbnail\" alt=\"Community finden: Wege aus der Einsamkeit\" srcset=\"https:\/\/wearevillage.org\/wp-content\/uploads\/2025\/12\/template-purple-marco-waw-390x390.png 390w, https:\/\/wearevillage.org\/wp-content\/uploads\/2025\/12\/template-purple-marco-waw-300x300.png 300w, https:\/\/wearevillage.org\/wp-content\/uploads\/2025\/12\/template-purple-marco-waw-150x150.png 150w, https:\/\/wearevillage.org\/wp-content\/uploads\/2025\/12\/template-purple-marco-waw-768x768.png 768w, https:\/\/wearevillage.org\/wp-content\/uploads\/2025\/12\/template-purple-marco-waw-624x624.png 624w, https:\/\/wearevillage.org\/wp-content\/uploads\/2025\/12\/template-purple-marco-waw-600x600.png 600w, https:\/\/wearevillage.org\/wp-content\/uploads\/2025\/12\/template-purple-marco-waw-100x100.png 100w, https:\/\/wearevillage.org\/wp-content\/uploads\/2025\/12\/template-purple-marco-waw.png 1000w\" sizes=\"auto, (max-width: 390px) 100vw, 390px\" \/><\/span><h2 class=\"woocommerce-loop-product__title\">Community finden: Wege aus der Einsamkeit<\/h2>\n    <span class=\"date\">14. May 2026<\/span>\n\n<br \/>\n\n\n<\/a><a href=\"https:\/\/wearevillage.org\/shop\/einsamkeitserien2\/w20-2026\/\" class=\"button product_type_variable\">Anmelden<\/a>\t<span id=\"woocommerce_loop_add_to_cart_link_describedby_37133\" class=\"screen-reader-text\">\n\t\tDieses Produkt weist mehrere Varianten auf. Die Optionen k\u00f6nnen auf der Produktseite gew\u00e4hlt werden\t<\/span>\n<span class=\"gtm4wp_productdata\" style=\"display:none; visibility:hidden;\" data-gtm4wp_product_data=\"{\"internal_id\":37133,\"item_id\":37133,\"item_name\":\"Community finden: Wege aus der Einsamkeit\",\"sku\":37133,\"price\":0,\"stocklevel\":0,\"stockstatus\":\"outofstock\",\"google_business_vertical\":\"retail\",\"item_category\":\"Monatliche Events\",\"id\":37133,\"productlink\":\"https:\\\/\\\/wearevillage.org\\\/shop\\\/einsamkeitserien2\\\/w20-2026\\\/\",\"item_list_name\":\"General Product List\",\"index\":6,\"product_type\":\"variable\",\"item_brand\":\"\"}\"><\/span><\/li>\n<li class=\"pmpro-has-access product type-product post-37894 status-publish instock product_cat-kostenloser-zugang product_cat-gemeinsam-statt-einsam product_cat-community-events product_cat-workshops product_tag-lgbtqiaplus has-post-thumbnail product-type-simple\">\n\t<a href=\"https:\/\/wearevillage.org\/shop\/frei-bewegen\/w17-2026\/\" class=\"woocommerce-LoopProduct-link woocommerce-loop-product__link\"><span class=\"acoplw-badge\"><span class=\"acoplw-badge-icon acoplw-bsone acoplwLeftAlign acoplwPosTop acoplw-custom-badge-3878\" style=\"opacity:1;width:140px;font-size:11px;line-height:px;font-weight: 400;height:30px;transform:rotateX(0deg) rotateY(0deg) rotateZ(0deg);border-radius: 3px 3px 3px 3px;top:60px;bottom:auto;background:rgba(237, 108, 35, 1);\"><span class=\"acoplw-blockText\" style=\"color:rgba(255, 255, 255, 1);\">LGBTQIA+<\/span><\/span><img loading=\"lazy\" decoding=\"async\" width=\"390\" height=\"390\" src=\"https:\/\/wearevillage.org\/wp-content\/uploads\/2024\/05\/20240705-CSD-Florian-390x390.png\" class=\"attachment-woocommerce_thumbnail size-woocommerce_thumbnail\" alt=\"Queere 50+: Bewegung und Gemeinschaft\" srcset=\"https:\/\/wearevillage.org\/wp-content\/uploads\/2024\/05\/20240705-CSD-Florian-390x390.png 390w, https:\/\/wearevillage.org\/wp-content\/uploads\/2024\/05\/20240705-CSD-Florian-300x300.png 300w, https:\/\/wearevillage.org\/wp-content\/uploads\/2024\/05\/20240705-CSD-Florian-150x150.png 150w, https:\/\/wearevillage.org\/wp-content\/uploads\/2024\/05\/20240705-CSD-Florian-768x768.png 768w, https:\/\/wearevillage.org\/wp-content\/uploads\/2024\/05\/20240705-CSD-Florian-624x624.png 624w, https:\/\/wearevillage.org\/wp-content\/uploads\/2024\/05\/20240705-CSD-Florian-600x600.png 600w, https:\/\/wearevillage.org\/wp-content\/uploads\/2024\/05\/20240705-CSD-Florian-100x100.png 100w, https:\/\/wearevillage.org\/wp-content\/uploads\/2024\/05\/20240705-CSD-Florian.png 1000w\" sizes=\"auto, (max-width: 390px) 100vw, 390px\" \/><\/span><h2 class=\"woocommerce-loop-product__title\">Queere 50+: Bewegung und Gemeinschaft<\/h2>\n    <span class=\"date\">26. April 2026<\/span>\n\n        <span class=\"price\"><span class=\"woocommerce-Price-amount amount\"><bdi>0,00\u00a0<span class=\"woocommerce-Price-currencySymbol\">\u20ac<\/span><\/bdi><\/span><\/span>\n    <br \/>\n\n\n<\/a><a href=\"https:\/\/wearevillage.org\/shop\/frei-bewegen\/w17-2026\/\" class=\"button product_type_simple\">Anmelden<\/a>\t<span id=\"woocommerce_loop_add_to_cart_link_describedby_37894\" class=\"screen-reader-text\">\n\t\t\t<\/span>\n<span class=\"gtm4wp_productdata\" style=\"display:none; visibility:hidden;\" data-gtm4wp_product_data=\"{\"internal_id\":37894,\"item_id\":37894,\"item_name\":\"Queere 50+: Bewegung und Gemeinschaft\",\"sku\":37894,\"price\":0,\"stocklevel\":15,\"stockstatus\":\"instock\",\"google_business_vertical\":\"retail\",\"item_category\":\"Workshops\",\"id\":37894,\"productlink\":\"https:\\\/\\\/wearevillage.org\\\/shop\\\/frei-bewegen\\\/w17-2026\\\/\",\"item_list_name\":\"General Product List\",\"index\":7,\"product_type\":\"simple\",\"item_brand\":\"\"}\"><\/span><\/li>\n<li class=\"pmpro-has-access product type-product post-37068 status-publish last instock product_cat-monatliche-events product_cat-kostenloser-zugang product_cat-gemeinsam-statt-einsam product_tag-lgbtqiaplus has-post-thumbnail sold-individually product-type-simple\">\n\t<a href=\"https:\/\/wearevillage.org\/shop\/embodied-consent\/w17-2026-2\/\" class=\"woocommerce-LoopProduct-link woocommerce-loop-product__link\"><span class=\"acoplw-badge\"><span class=\"acoplw-badge-icon acoplw-bsone acoplwLeftAlign acoplwPosTop acoplw-custom-badge-3878\" style=\"opacity:1;width:140px;font-size:11px;line-height:px;font-weight: 400;height:30px;transform:rotateX(0deg) rotateY(0deg) rotateZ(0deg);border-radius: 3px 3px 3px 3px;top:60px;bottom:auto;background:rgba(237, 108, 35, 1);\"><span class=\"acoplw-blockText\" style=\"color:rgba(255, 255, 255, 1);\">LGBTQIA+<\/span><\/span><img loading=\"lazy\" decoding=\"async\" width=\"390\" height=\"390\" src=\"https:\/\/wearevillage.org\/wp-content\/uploads\/2023\/10\/event-waw-consent-new-390x390.png\" class=\"attachment-woocommerce_thumbnail size-woocommerce_thumbnail\" alt=\"Embodied Consent\" srcset=\"https:\/\/wearevillage.org\/wp-content\/uploads\/2023\/10\/event-waw-consent-new-390x390.png 390w, https:\/\/wearevillage.org\/wp-content\/uploads\/2023\/10\/event-waw-consent-new-300x300.png 300w, https:\/\/wearevillage.org\/wp-content\/uploads\/2023\/10\/event-waw-consent-new-150x150.png 150w, https:\/\/wearevillage.org\/wp-content\/uploads\/2023\/10\/event-waw-consent-new-768x768.png 768w, https:\/\/wearevillage.org\/wp-content\/uploads\/2023\/10\/event-waw-consent-new-624x624.png 624w, https:\/\/wearevillage.org\/wp-content\/uploads\/2023\/10\/event-waw-consent-new-600x600.png 600w, https:\/\/wearevillage.org\/wp-content\/uploads\/2023\/10\/event-waw-consent-new-100x100.png 100w, https:\/\/wearevillage.org\/wp-content\/uploads\/2023\/10\/event-waw-consent-new.png 1000w\" sizes=\"auto, (max-width: 390px) 100vw, 390px\" \/><\/span><h2 class=\"woocommerce-loop-product__title\">Embodied Consent<\/h2>\n    <span class=\"date\">26. April 2026<\/span>\n\n        <span class=\"price\"><span class=\"woocommerce-Price-amount amount\"><bdi>0,00\u00a0<span class=\"woocommerce-Price-currencySymbol\">\u20ac<\/span><\/bdi><\/span><\/span>\n    <br \/>\n\n\n<\/a><a href=\"https:\/\/wearevillage.org\/shop\/embodied-consent\/w17-2026-2\/\" class=\"button product_type_simple\">Anmelden<\/a>\t<span id=\"woocommerce_loop_add_to_cart_link_describedby_37068\" class=\"screen-reader-text\">\n\t\t\t<\/span>\n<span class=\"gtm4wp_productdata\" style=\"display:none; visibility:hidden;\" data-gtm4wp_product_data=\"{\"internal_id\":37068,\"item_id\":37068,\"item_name\":\"Embodied Consent\",\"sku\":37068,\"price\":0,\"stocklevel\":2,\"stockstatus\":\"instock\",\"google_business_vertical\":\"retail\",\"item_category\":\"Monatliche Events\",\"id\":37068,\"productlink\":\"https:\\\/\\\/wearevillage.org\\\/shop\\\/embodied-consent\\\/w17-2026-2\\\/\",\"item_list_name\":\"General Product List\",\"index\":8,\"product_type\":\"simple\",\"item_brand\":\"\"}\"><\/span><\/li>\n<li class=\"pmpro-has-access product type-product post-42009 status-publish first instock product_cat-gemeinsam-statt-einsam product_cat-community-events product_cat-monatliche-events product_cat-kostenloser-zugang product_tag-lgbtqiaplus has-post-thumbnail sold-individually product-type-simple\">\n\t<a href=\"https:\/\/wearevillage.org\/shop\/village-outdoor\/w17-2026\/\" class=\"woocommerce-LoopProduct-link woocommerce-loop-product__link\"><span class=\"acoplw-badge\"><span class=\"acoplw-badge-icon acoplw-bsone acoplwLeftAlign acoplwPosTop acoplw-custom-badge-3878\" style=\"opacity:1;width:140px;font-size:11px;line-height:px;font-weight: 400;height:30px;transform:rotateX(0deg) rotateY(0deg) rotateZ(0deg);border-radius: 3px 3px 3px 3px;top:60px;bottom:auto;background:rgba(237, 108, 35, 1);\"><span class=\"acoplw-blockText\" style=\"color:rgba(255, 255, 255, 1);\">LGBTQIA+<\/span><\/span><img loading=\"lazy\" decoding=\"async\" width=\"390\" height=\"390\" src=\"https:\/\/wearevillage.org\/wp-content\/uploads\/2026\/03\/20260426-outdoor-390x390.png\" class=\"attachment-woocommerce_thumbnail size-woocommerce_thumbnail\" alt=\"Outdoor \u2013 Berliner Mauerweg - Abschnitt 14 Von der Gropiusstadt bis Johannisthal\" srcset=\"https:\/\/wearevillage.org\/wp-content\/uploads\/2026\/03\/20260426-outdoor-390x390.png 390w, https:\/\/wearevillage.org\/wp-content\/uploads\/2026\/03\/20260426-outdoor-300x300.png 300w, https:\/\/wearevillage.org\/wp-content\/uploads\/2026\/03\/20260426-outdoor-150x150.png 150w, https:\/\/wearevillage.org\/wp-content\/uploads\/2026\/03\/20260426-outdoor-768x768.png 768w, https:\/\/wearevillage.org\/wp-content\/uploads\/2026\/03\/20260426-outdoor-624x624.png 624w, https:\/\/wearevillage.org\/wp-content\/uploads\/2026\/03\/20260426-outdoor-600x600.png 600w, https:\/\/wearevillage.org\/wp-content\/uploads\/2026\/03\/20260426-outdoor-100x100.png 100w, https:\/\/wearevillage.org\/wp-content\/uploads\/2026\/03\/20260426-outdoor.png 1000w\" sizes=\"auto, (max-width: 390px) 100vw, 390px\" \/><\/span><h2 class=\"woocommerce-loop-product__title\">Outdoor \u2013 Berliner Mauerweg \u2013 Abschnitt 14 Von der Gropiusstadt bis Johannisthal<\/h2>\n    <span class=\"date\">26. April 2026<\/span>\n\n        <span class=\"price\"><span class=\"woocommerce-Price-amount amount\"><bdi>0,00\u00a0<span class=\"woocommerce-Price-currencySymbol\">\u20ac<\/span><\/bdi><\/span><\/span>\n    <br \/>\n\n\n<\/a><a href=\"https:\/\/wearevillage.org\/shop\/village-outdoor\/w17-2026\/\" class=\"button product_type_simple\">Anmelden<\/a>\t<span id=\"woocommerce_loop_add_to_cart_link_describedby_42009\" class=\"screen-reader-text\">\n\t\t\t<\/span>\n<span class=\"gtm4wp_productdata\" style=\"display:none; visibility:hidden;\" data-gtm4wp_product_data=\"{\"internal_id\":42009,\"item_id\":42009,\"item_name\":\"Outdoor \\u2013 Berliner Mauerweg - Abschnitt 14 Von der Gropiusstadt bis Johannisthal\",\"sku\":42009,\"price\":0,\"stocklevel\":5,\"stockstatus\":\"instock\",\"google_business_vertical\":\"retail\",\"item_category\":\"Monatliche Events\",\"id\":42009,\"productlink\":\"https:\\\/\\\/wearevillage.org\\\/shop\\\/village-outdoor\\\/w17-2026\\\/\",\"item_list_name\":\"General Product List\",\"index\":9,\"product_type\":\"simple\",\"item_brand\":\"\"}\"><\/span><\/li>\n<li class=\"pmpro-has-access product type-product post-37702 status-publish instock product_cat-kostenloser-zugang product_cat-gemeinsam-statt-einsam product_cat-community-events product_tag-lgbtqiaplus has-post-thumbnail sold-individually product-type-simple\">\n\t<a href=\"https:\/\/wearevillage.org\/shop\/queer-images\/w17-2026\/\" class=\"woocommerce-LoopProduct-link woocommerce-loop-product__link\"><span class=\"acoplw-badge\"><span class=\"acoplw-badge-icon acoplw-bsone acoplwLeftAlign acoplwPosTop acoplw-custom-badge-3878\" style=\"opacity:1;width:140px;font-size:11px;line-height:px;font-weight: 400;height:30px;transform:rotateX(0deg) rotateY(0deg) rotateZ(0deg);border-radius: 3px 3px 3px 3px;top:60px;bottom:auto;background:rgba(237, 108, 35, 1);\"><span class=\"acoplw-blockText\" style=\"color:rgba(255, 255, 255, 1);\">LGBTQIA+<\/span><\/span><img loading=\"lazy\" decoding=\"async\" width=\"390\" height=\"390\" src=\"https:\/\/wearevillage.org\/wp-content\/uploads\/2025\/10\/20251213-armando-390x390.png\" class=\"attachment-woocommerce_thumbnail size-woocommerce_thumbnail\" alt=\"Vocal Exploration Workshop\" srcset=\"https:\/\/wearevillage.org\/wp-content\/uploads\/2025\/10\/20251213-armando-390x390.png 390w, https:\/\/wearevillage.org\/wp-content\/uploads\/2025\/10\/20251213-armando-300x300.png 300w, https:\/\/wearevillage.org\/wp-content\/uploads\/2025\/10\/20251213-armando-150x150.png 150w, https:\/\/wearevillage.org\/wp-content\/uploads\/2025\/10\/20251213-armando-768x768.png 768w, https:\/\/wearevillage.org\/wp-content\/uploads\/2025\/10\/20251213-armando-624x624.png 624w, https:\/\/wearevillage.org\/wp-content\/uploads\/2025\/10\/20251213-armando-600x600.png 600w, https:\/\/wearevillage.org\/wp-content\/uploads\/2025\/10\/20251213-armando-100x100.png 100w, https:\/\/wearevillage.org\/wp-content\/uploads\/2025\/10\/20251213-armando.png 1000w\" sizes=\"auto, (max-width: 390px) 100vw, 390px\" \/><\/span><h2 class=\"woocommerce-loop-product__title\">Vocal Exploration Workshop<\/h2>\n    <span class=\"date\">25. April 2026<\/span>\n\n        <span class=\"price\"><span class=\"woocommerce-Price-amount amount\"><bdi>0,00\u00a0<span class=\"woocommerce-Price-currencySymbol\">\u20ac<\/span><\/bdi><\/span><\/span>\n    <br \/>\n\n\n<\/a><a href=\"https:\/\/wearevillage.org\/shop\/queer-images\/w17-2026\/\" class=\"button product_type_simple\">Anmelden<\/a>\t<span id=\"woocommerce_loop_add_to_cart_link_describedby_37702\" class=\"screen-reader-text\">\n\t\t\t<\/span>\n<span class=\"gtm4wp_productdata\" style=\"display:none; visibility:hidden;\" data-gtm4wp_product_data=\"{\"internal_id\":37702,\"item_id\":37702,\"item_name\":\"Vocal Exploration Workshop\",\"sku\":37702,\"price\":0,\"stocklevel\":3,\"stockstatus\":\"instock\",\"google_business_vertical\":\"retail\",\"item_category\":\"Kostenloser Zugang\",\"id\":37702,\"productlink\":\"https:\\\/\\\/wearevillage.org\\\/shop\\\/queer-images\\\/w17-2026\\\/\",\"item_list_name\":\"General Product List\",\"index\":10,\"product_type\":\"simple\",\"item_brand\":\"\"}\"><\/span><\/li>\n<li class=\"pmpro-has-access product type-product post-41063 status-publish outofstock product_cat-community-events product_cat-kostenloser-zugang product_cat-gemeinsam-statt-einsam product_tag-lgbtqiaplus has-post-thumbnail product-type-simple\">\n\t<a href=\"https:\/\/wearevillage.org\/shop\/open-house\/w17-2026\/\" class=\"woocommerce-LoopProduct-link woocommerce-loop-product__link\"><span class=\"acoplw-badge\"><span class=\"acoplw-badge-icon acoplw-bsone acoplwLeftAlign acoplwPosTop acoplw-custom-badge-3878\" style=\"opacity:1;width:140px;font-size:11px;line-height:px;font-weight: 400;height:30px;transform:rotateX(0deg) rotateY(0deg) rotateZ(0deg);border-radius: 3px 3px 3px 3px;top:60px;bottom:auto;background:rgba(237, 108, 35, 1);\"><span class=\"acoplw-blockText\" style=\"color:rgba(255, 255, 255, 1);\">LGBTQIA+<\/span><\/span><img loading=\"lazy\" decoding=\"async\" width=\"390\" height=\"390\" src=\"https:\/\/wearevillage.org\/wp-content\/uploads\/2026\/03\/20231114-Jochen-Kleres-390x390.png\" class=\"attachment-woocommerce_thumbnail size-woocommerce_thumbnail\" alt=\"Village Open House\" srcset=\"https:\/\/wearevillage.org\/wp-content\/uploads\/2026\/03\/20231114-Jochen-Kleres-390x390.png 390w, https:\/\/wearevillage.org\/wp-content\/uploads\/2026\/03\/20231114-Jochen-Kleres-300x300.png 300w, https:\/\/wearevillage.org\/wp-content\/uploads\/2026\/03\/20231114-Jochen-Kleres-150x150.png 150w, https:\/\/wearevillage.org\/wp-content\/uploads\/2026\/03\/20231114-Jochen-Kleres-768x768.png 768w, https:\/\/wearevillage.org\/wp-content\/uploads\/2026\/03\/20231114-Jochen-Kleres-624x624.png 624w, https:\/\/wearevillage.org\/wp-content\/uploads\/2026\/03\/20231114-Jochen-Kleres-600x600.png 600w, https:\/\/wearevillage.org\/wp-content\/uploads\/2026\/03\/20231114-Jochen-Kleres-100x100.png 100w, https:\/\/wearevillage.org\/wp-content\/uploads\/2026\/03\/20231114-Jochen-Kleres.png 1000w\" sizes=\"auto, (max-width: 390px) 100vw, 390px\" \/><\/span><h2 class=\"woocommerce-loop-product__title\">Village Open House<\/h2>\n    <span class=\"date\">25. April 2026<\/span>\n\n        <span class=\"price\"><span class=\"woocommerce-Price-amount amount\"><bdi>0,00\u00a0<span class=\"woocommerce-Price-currencySymbol\">\u20ac<\/span><\/bdi><\/span><\/span>\n    <br \/>\n\n\n<\/a><a href=\"https:\/\/wearevillage.org\/shop\/open-house\/w17-2026\/\" class=\"button product_type_simple\">Anmelden<\/a>\t<span id=\"woocommerce_loop_add_to_cart_link_describedby_41063\" class=\"screen-reader-text\">\n\t\t\t<\/span>\n<span class=\"gtm4wp_productdata\" style=\"display:none; visibility:hidden;\" data-gtm4wp_product_data=\"{\"internal_id\":41063,\"item_id\":41063,\"item_name\":\"Village Open House\",\"sku\":41063,\"price\":0,\"stocklevel\":0,\"stockstatus\":\"outofstock\",\"google_business_vertical\":\"retail\",\"item_category\":\"Kostenloser Zugang\",\"id\":41063,\"productlink\":\"https:\\\/\\\/wearevillage.org\\\/shop\\\/open-house\\\/w17-2026\\\/\",\"item_list_name\":\"General Product List\",\"index\":11,\"product_type\":\"simple\",\"item_brand\":\"\"}\"><\/span><\/li>\n<li class=\"pmpro-has-access product type-product post-41595 status-publish last instock product_cat-kostenloser-zugang product_cat-gemeinsam-statt-einsam product_cat-monatliche-events product_tag-lgbtqiaplus has-post-thumbnail product-type-simple\">\n\t<a href=\"https:\/\/wearevillage.org\/shop\/writing-circle\/w12-2026\/\" class=\"woocommerce-LoopProduct-link woocommerce-loop-product__link\"><span class=\"acoplw-badge\"><span class=\"acoplw-badge-icon acoplw-bsone acoplwLeftAlign acoplwPosTop acoplw-custom-badge-3878\" style=\"opacity:1;width:140px;font-size:11px;line-height:px;font-weight: 400;height:30px;transform:rotateX(0deg) rotateY(0deg) rotateZ(0deg);border-radius: 3px 3px 3px 3px;top:60px;bottom:auto;background:rgba(237, 108, 35, 1);\"><span class=\"acoplw-blockText\" style=\"color:rgba(255, 255, 255, 1);\">LGBTQIA+<\/span><\/span><img loading=\"lazy\" decoding=\"async\" width=\"390\" height=\"390\" src=\"https:\/\/wearevillage.org\/wp-content\/uploads\/2026\/03\/20260331-writing-390x390.png\" class=\"attachment-woocommerce_thumbnail size-woocommerce_thumbnail\" alt=\"Open writing circle\" srcset=\"https:\/\/wearevillage.org\/wp-content\/uploads\/2026\/03\/20260331-writing-390x390.png 390w, https:\/\/wearevillage.org\/wp-content\/uploads\/2026\/03\/20260331-writing-300x300.png 300w, https:\/\/wearevillage.org\/wp-content\/uploads\/2026\/03\/20260331-writing-150x150.png 150w, https:\/\/wearevillage.org\/wp-content\/uploads\/2026\/03\/20260331-writing-768x768.png 768w, https:\/\/wearevillage.org\/wp-content\/uploads\/2026\/03\/20260331-writing-624x624.png 624w, https:\/\/wearevillage.org\/wp-content\/uploads\/2026\/03\/20260331-writing-600x600.png 600w, https:\/\/wearevillage.org\/wp-content\/uploads\/2026\/03\/20260331-writing-100x100.png 100w, https:\/\/wearevillage.org\/wp-content\/uploads\/2026\/03\/20260331-writing.png 800w\" sizes=\"auto, (max-width: 390px) 100vw, 390px\" \/><\/span><h2 class=\"woocommerce-loop-product__title\">Open writing circle<\/h2>\n    <span class=\"date\">31. March 2026<\/span>\n\n        <span class=\"price\"><span class=\"woocommerce-Price-amount amount\"><bdi>0,00\u00a0<span class=\"woocommerce-Price-currencySymbol\">\u20ac<\/span><\/bdi><\/span><\/span>\n    <br \/>\n\n\n<\/a><a href=\"https:\/\/wearevillage.org\/shop\/writing-circle\/w12-2026\/\" class=\"button product_type_simple\">Anmelden<\/a>\t<span id=\"woocommerce_loop_add_to_cart_link_describedby_41595\" class=\"screen-reader-text\">\n\t\t\t<\/span>\n<span class=\"gtm4wp_productdata\" style=\"display:none; visibility:hidden;\" data-gtm4wp_product_data=\"{\"internal_id\":41595,\"item_id\":41595,\"item_name\":\"Open writing circle\",\"sku\":41595,\"price\":0,\"stocklevel\":null,\"stockstatus\":\"instock\",\"google_business_vertical\":\"retail\",\"item_category\":\"Monatliche Events\",\"id\":41595,\"productlink\":\"https:\\\/\\\/wearevillage.org\\\/shop\\\/writing-circle\\\/w12-2026\\\/\",\"item_list_name\":\"General Product List\",\"index\":12,\"product_type\":\"simple\",\"item_brand\":\"\"}\"><\/span><\/li>\n<\/ul>\n<\/div><\/div><\/div><\/div><\/div>\n<\/div>","protected":false},"excerpt":{"rendered":"gemeinsam statt einsam Wir alle f\u00fchlen uns manchmal einsam *Als Menschen haben wir eine nat\u00fcrliche Sehnsucht nach sozialer Verbindung und Unterst\u00fctzung durch andere Queere Menschen\u2026","protected":false},"author":8,"featured_media":0,"parent":79,"menu_order":33,"comment_status":"closed","ping_status":"closed","template":"","meta":{"pmpro_default_level":"","inline_featured_image":false,"footnotes":""},"class_list":["post-8073","page","type-page","status-publish","hentry","pmpro-has-access"],"wpml_current_locale":"de_DE","wpml_translations":{"en_US":{"locale":"en_US","id":8074,"slug":"we-are-queer-matters-2","post_title":"belonging versus loneliness","href":"https:\/\/wearevillage.org\/en\/village-quartiere\/addressing-queer-lonliness"}},"app_access":{"can_access":true,"restrict_message":null},"language":{"code":"de","locale":"","name":"","is_rtl":false},"_links":{"self":[{"href":"https:\/\/wearevillage.org\/wp-json\/wp\/v2\/pages\/8073","targetHints":{"allow":["GET"]}}],"collection":[{"href":"https:\/\/wearevillage.org\/wp-json\/wp\/v2\/pages"}],"about":[{"href":"https:\/\/wearevillage.org\/wp-json\/wp\/v2\/types\/page"}],"author":[{"embeddable":true,"href":"https:\/\/wearevillage.org\/wp-json\/wp\/v2\/users\/8"}],"replies":[{"embeddable":true,"href":"https:\/\/wearevillage.org\/wp-json\/wp\/v2\/comments?post=8073"}],"version-history":[{"count":145,"href":"https:\/\/wearevillage.org\/wp-json\/wp\/v2\/pages\/8073\/revisions"}],"predecessor-version":[{"id":41592,"href":"https:\/\/wearevillage.org\/wp-json\/wp\/v2\/pages\/8073\/revisions\/41592"}],"up":[{"embeddable":true,"href":"https:\/\/wearevillage.org\/wp-json\/wp\/v2\/pages\/79"}],"wp:attachment":[{"href":"https:\/\/wearevillage.org\/wp-json\/wp\/v2\/media?parent=8073"}],"curies":[{"name":"wp","href":"https:\/\/api.w.org\/{rel}","templated":true}]}}